{"id":7223,"date":"2025-09-24T08:55:07","date_gmt":"2025-09-24T12:55:07","guid":{"rendered":"https:\/\/cnewa.org\/es\/?post_type=campaigns&#038;p=7223"},"modified":"2025-09-24T08:55:08","modified_gmt":"2025-09-24T12:55:08","slug":"caminemos-con-los-migrantes-y-refugiados-con-energia-y-esperanza","status":"publish","type":"campaigns","link":"https:\/\/cnewa.org\/es\/que-hacemos\/caminemos-con-los-migrantes-y-refugiados-con-energia-y-esperanza\/","title":{"rendered":"Caminemos con los Migrantes y Refugiados con Energ\u00eda y Esperanza"},"content":{"rendered":"\n<h2 class=\"wp-block-heading\" id=\"h-los-migrantes-y-refugiados-tienen-un-coraje-y-una-fe-extraordinarios-le-dan-una-nueva-vitalidad-a-la-iglesia-donde-encuentran-refugio-y-en-algunas-partes-del-mundo-son-el-futuro-mismo-de-la-iglesia\">Los migrantes y refugiados tienen un coraje y una fe extraordinarios. Le dan una nueva vitalidad a la iglesia donde encuentran refugio, y en algunas partes del mundo son el futuro mismo de la iglesia. <\/h2>\n\n\n\n<p>Como nos recuerda el Papa Le\u00f3n, la presencia de estos valientes hombres y mujeres \u201cdebe ser reconocida y apreciada como una verdadera bendici\u00f3n divina, una oportunidad para abrirse a la gracia de Dios, que da nueva energ\u00eda y esperanza a su Iglesia\u201d.<\/p>\n\n\n\n<p>Estos mensajeros de esperanza est\u00e1n reavivando el poder del Evangelio en comunidades donde ha languidecido durante mucho tiempo. Pero no se les debe dejar solos para que hagan este trabajo.&nbsp;<\/p>\n\n\n\n<p>En el Medio Oriente, \u00c1frica, Ucrania y m\u00e1s all\u00e1, los refugiados se enfrentan a enormes obst\u00e1culos para acceder a los refugios seguros que buscan. Hambre. Violencia. Carencia de Vivienda. La lista sigue y sigue. Pero a trav\u00e9s de CNEWA, la iglesia camina con ellos: proporcionando comidas para los ni\u00f1os, agua para las familias y defensa y educaci\u00f3n para ayudar a prevenir la explotaci\u00f3n y la trata.&nbsp;<\/p>\n\n\n\n<p>Este trabajo solo es posible con su ayuda.<\/p>\n\n\n\n<p>Su donaci\u00f3n ofrece protecci\u00f3n y dignidad a las familias desarraigadas. Fortalece a las comunidades que los acogen. Todos somos parte de una familia humana, unidos por valores comunes de amor y dignidad para todos. Debemos unirnos en solidaridad con estos mensajeros de esperanza.&nbsp;<\/p>\n\n\n\n<p><strong>\u00bfCaminar\u00e1 con nosotros como nosotros caminamos con ellos?<\/strong><\/p>\n\n\n  <div class=\"donate-button\" id=\"minor-fund-campaign\">\n    <button class=\"donate-modal-toggle\" data-major-fund='Donde haya m\u00e1s Necesidad ' data-major-fund-code='20'>DONE AHORA<\/button>\n  <\/div>\n  ","protected":false},"featured_media":7222,"template":"","work-category":[101],"class_list":["post-7223","campaigns","type-campaigns","status-publish","has-post-thumbnail","hentry","work-category-respondiendo-a-las-necesidades-humanas"],"acf":[],"yoast_head":"<!-- This site is optimized with the Yoast SEO Premium plugin v27.3 (Yoast SEO v27.3) - https:\/\/yoast.com\/product\/yoast-seo-premium-wordpress\/ -->\n<title>Caminemos con los Migrantes y Refugiados | CNEWA Espa\u00f1ol<\/title>\n<meta name=\"description\" content=\"\u00danase a CNEWA en oraci\u00f3n y acci\u00f3n para apoyar a los migrantes y refugiados vulnerables que enfrentan guerra, violencia y persecuci\u00f3n.\" \/>\n<meta name=\"robots\" content=\"index, follow, max-snippet:-1, max-image-preview:large, max-video-preview:-1\" \/>\n<link rel=\"canonical\" href=\"https:\/\/cnewa.org\/es\/que-hacemos\/caminemos-con-los-migrantes-y-refugiados-con-energia-y-esperanza\/\" \/>\n<meta property=\"og:locale\" content=\"es_ES\" \/>\n<meta property=\"og:type\" content=\"article\" \/>\n<meta property=\"og:title\" content=\"Caminemos con los Migrantes y Refugiados con Energ\u00eda y Esperanza\" \/>\n<meta property=\"og:description\" content=\"\u00danase a CNEWA en oraci\u00f3n y acci\u00f3n para apoyar a los migrantes y refugiados vulnerables que enfrentan guerra, violencia y persecuci\u00f3n.\" \/>\n<meta property=\"og:url\" content=\"https:\/\/cnewa.org\/es\/que-hacemos\/caminemos-con-los-migrantes-y-refugiados-con-energia-y-esperanza\/\" \/>\n<meta property=\"og:site_name\" content=\"CNEWA Espa\u00f1ol\" \/>\n<meta property=\"article:publisher\" content=\"https:\/\/www.facebook.com\/CNEWAenespanol\/\" \/>\n<meta property=\"article:modified_time\" content=\"2025-09-24T12:55:08+00:00\" \/>\n<meta property=\"og:image\" content=\"https:\/\/cnewa.org\/es\/wp-content\/uploads\/sites\/5\/2025\/09\/armenakyan202310_048H.jpg\" \/>\n\t<meta property=\"og:image:width\" content=\"1800\" \/>\n\t<meta property=\"og:image:height\" content=\"1200\" \/>\n\t<meta property=\"og:image:type\" content=\"image\/jpeg\" \/>\n<meta name=\"twitter:card\" content=\"summary_large_image\" \/>\n<meta name=\"twitter:label1\" content=\"Tiempo de lectura\" \/>\n\t<meta name=\"twitter:data1\" content=\"2 minutos\" \/>\n<script type=\"application\/ld+json\" class=\"yoast-schema-graph\">{\"@context\":\"https:\\\/\\\/schema.org\",\"@graph\":[{\"@type\":\"WebPage\",\"@id\":\"https:\\\/\\\/cnewa.org\\\/es\\\/que-hacemos\\\/caminemos-con-los-migrantes-y-refugiados-con-energia-y-esperanza\\\/\",\"url\":\"https:\\\/\\\/cnewa.org\\\/es\\\/que-hacemos\\\/caminemos-con-los-migrantes-y-refugiados-con-energia-y-esperanza\\\/\",\"name\":\"Caminemos con los Migrantes y Refugiados | CNEWA Espa\u00f1ol\",\"isPartOf\":{\"@id\":\"https:\\\/\\\/cnewa.org\\\/es\\\/#website\"},\"primaryImageOfPage\":{\"@id\":\"https:\\\/\\\/cnewa.org\\\/es\\\/que-hacemos\\\/caminemos-con-los-migrantes-y-refugiados-con-energia-y-esperanza\\\/#primaryimage\"},\"image\":{\"@id\":\"https:\\\/\\\/cnewa.org\\\/es\\\/que-hacemos\\\/caminemos-con-los-migrantes-y-refugiados-con-energia-y-esperanza\\\/#primaryimage\"},\"thumbnailUrl\":\"https:\\\/\\\/cnewa.org\\\/es\\\/wp-content\\\/uploads\\\/sites\\\/5\\\/2025\\\/09\\\/armenakyan202310_048H.jpg\",\"datePublished\":\"2025-09-24T12:55:07+00:00\",\"dateModified\":\"2025-09-24T12:55:08+00:00\",\"description\":\"\u00danase a CNEWA en oraci\u00f3n y acci\u00f3n para apoyar a los migrantes y refugiados vulnerables que enfrentan guerra, violencia y persecuci\u00f3n.\",\"breadcrumb\":{\"@id\":\"https:\\\/\\\/cnewa.org\\\/es\\\/que-hacemos\\\/caminemos-con-los-migrantes-y-refugiados-con-energia-y-esperanza\\\/#breadcrumb\"},\"inLanguage\":\"es\",\"potentialAction\":[{\"@type\":\"ReadAction\",\"target\":[\"https:\\\/\\\/cnewa.org\\\/es\\\/que-hacemos\\\/caminemos-con-los-migrantes-y-refugiados-con-energia-y-esperanza\\\/\"]}]},{\"@type\":\"ImageObject\",\"inLanguage\":\"es\",\"@id\":\"https:\\\/\\\/cnewa.org\\\/es\\\/que-hacemos\\\/caminemos-con-los-migrantes-y-refugiados-con-energia-y-esperanza\\\/#primaryimage\",\"url\":\"https:\\\/\\\/cnewa.org\\\/es\\\/wp-content\\\/uploads\\\/sites\\\/5\\\/2025\\\/09\\\/armenakyan202310_048H.jpg\",\"contentUrl\":\"https:\\\/\\\/cnewa.org\\\/es\\\/wp-content\\\/uploads\\\/sites\\\/5\\\/2025\\\/09\\\/armenakyan202310_048H.jpg\",\"width\":1800,\"height\":1200,\"caption\":\"Una madre armenia escapa de su casa en Nagorno-Karabaj de las fuerzas invasoras azerbaiyanas en oto\u00f1o de 2023. (foto: Nazik Armenakyan)\"},{\"@type\":\"BreadcrumbList\",\"@id\":\"https:\\\/\\\/cnewa.org\\\/es\\\/que-hacemos\\\/caminemos-con-los-migrantes-y-refugiados-con-energia-y-esperanza\\\/#breadcrumb\",\"itemListElement\":[{\"@type\":\"ListItem\",\"position\":1,\"name\":\"Inicio\",\"item\":\"https:\\\/\\\/cnewa.org\\\/es\\\/\"},{\"@type\":\"ListItem\",\"position\":2,\"name\":\"Campaigns\",\"item\":\"https:\\\/\\\/cnewa.org\\\/es\\\/que-hacemos\\\/\"},{\"@type\":\"ListItem\",\"position\":3,\"name\":\"Caminemos con los Migrantes y Refugiados con Energ\u00eda y Esperanza\"}]},{\"@type\":\"WebSite\",\"@id\":\"https:\\\/\\\/cnewa.org\\\/es\\\/#website\",\"url\":\"https:\\\/\\\/cnewa.org\\\/es\\\/\",\"name\":\"CNEWA Espa\u00f1ol\",\"description\":\"Asociaci\u00f3n Cat\u00f3lica para el Bienestar del Cercano Oriente\",\"publisher\":{\"@id\":\"https:\\\/\\\/cnewa.org\\\/es\\\/#organization\"},\"potentialAction\":[{\"@type\":\"SearchAction\",\"target\":{\"@type\":\"EntryPoint\",\"urlTemplate\":\"https:\\\/\\\/cnewa.org\\\/es\\\/?s={search_term_string}\"},\"query-input\":{\"@type\":\"PropertyValueSpecification\",\"valueRequired\":true,\"valueName\":\"search_term_string\"}}],\"inLanguage\":\"es\"},{\"@type\":\"Organization\",\"@id\":\"https:\\\/\\\/cnewa.org\\\/es\\\/#organization\",\"name\":\"CNEWA Espa\u00f1ol\",\"alternateName\":\"Asociaci\u00f3n Cat\u00f3lica para el Bienestar del Cercano Oriente\",\"url\":\"https:\\\/\\\/cnewa.org\\\/es\\\/\",\"logo\":{\"@type\":\"ImageObject\",\"inLanguage\":\"es\",\"@id\":\"https:\\\/\\\/cnewa.org\\\/es\\\/#\\\/schema\\\/logo\\\/image\\\/\",\"url\":\"https:\\\/\\\/cnewa.org\\\/es\\\/wp-content\\\/uploads\\\/sites\\\/5\\\/2021\\\/07\\\/CNEWA-brand-logo.png\",\"contentUrl\":\"https:\\\/\\\/cnewa.org\\\/es\\\/wp-content\\\/uploads\\\/sites\\\/5\\\/2021\\\/07\\\/CNEWA-brand-logo.png\",\"width\":1000,\"height\":1000,\"caption\":\"CNEWA Espa\u00f1ol\"},\"image\":{\"@id\":\"https:\\\/\\\/cnewa.org\\\/es\\\/#\\\/schema\\\/logo\\\/image\\\/\"},\"sameAs\":[\"https:\\\/\\\/www.facebook.com\\\/CNEWAenespanol\\\/\",\"https:\\\/\\\/www.instagram.com\\\/cnewa1926\\\/\",\"https:\\\/\\\/www.youtube.com\\\/user\\\/TheCNEWA\"]}]}<\/script>\n<!-- \/ Yoast SEO Premium plugin. -->","yoast_head_json":{"title":"Caminemos con los Migrantes y Refugiados | CNEWA Espa\u00f1ol","description":"\u00danase a CNEWA en oraci\u00f3n y acci\u00f3n para apoyar a los migrantes y refugiados vulnerables que enfrentan guerra, violencia y persecuci\u00f3n.","robots":{"index":"index","follow":"follow","max-snippet":"max-snippet:-1","max-image-preview":"max-image-preview:large","max-video-preview":"max-video-preview:-1"},"canonical":"https:\/\/cnewa.org\/es\/que-hacemos\/caminemos-con-los-migrantes-y-refugiados-con-energia-y-esperanza\/","og_locale":"es_ES","og_type":"article","og_title":"Caminemos con los Migrantes y Refugiados con Energ\u00eda y Esperanza","og_description":"\u00danase a CNEWA en oraci\u00f3n y acci\u00f3n para apoyar a los migrantes y refugiados vulnerables que enfrentan guerra, violencia y persecuci\u00f3n.","og_url":"https:\/\/cnewa.org\/es\/que-hacemos\/caminemos-con-los-migrantes-y-refugiados-con-energia-y-esperanza\/","og_site_name":"CNEWA Espa\u00f1ol","article_publisher":"https:\/\/www.facebook.com\/CNEWAenespanol\/","article_modified_time":"2025-09-24T12:55:08+00:00","og_image":[{"width":1800,"height":1200,"url":"https:\/\/cnewa.org\/es\/wp-content\/uploads\/sites\/5\/2025\/09\/armenakyan202310_048H.jpg","type":"image\/jpeg"}],"twitter_card":"summary_large_image","twitter_misc":{"Tiempo de lectura":"2 minutos"},"schema":{"@context":"https:\/\/schema.org","@graph":[{"@type":"WebPage","@id":"https:\/\/cnewa.org\/es\/que-hacemos\/caminemos-con-los-migrantes-y-refugiados-con-energia-y-esperanza\/","url":"https:\/\/cnewa.org\/es\/que-hacemos\/caminemos-con-los-migrantes-y-refugiados-con-energia-y-esperanza\/","name":"Caminemos con los Migrantes y Refugiados | CNEWA Espa\u00f1ol","isPartOf":{"@id":"https:\/\/cnewa.org\/es\/#website"},"primaryImageOfPage":{"@id":"https:\/\/cnewa.org\/es\/que-hacemos\/caminemos-con-los-migrantes-y-refugiados-con-energia-y-esperanza\/#primaryimage"},"image":{"@id":"https:\/\/cnewa.org\/es\/que-hacemos\/caminemos-con-los-migrantes-y-refugiados-con-energia-y-esperanza\/#primaryimage"},"thumbnailUrl":"https:\/\/cnewa.org\/es\/wp-content\/uploads\/sites\/5\/2025\/09\/armenakyan202310_048H.jpg","datePublished":"2025-09-24T12:55:07+00:00","dateModified":"2025-09-24T12:55:08+00:00","description":"\u00danase a CNEWA en oraci\u00f3n y acci\u00f3n para apoyar a los migrantes y refugiados vulnerables que enfrentan guerra, violencia y persecuci\u00f3n.","breadcrumb":{"@id":"https:\/\/cnewa.org\/es\/que-hacemos\/caminemos-con-los-migrantes-y-refugiados-con-energia-y-esperanza\/#breadcrumb"},"inLanguage":"es","potentialAction":[{"@type":"ReadAction","target":["https:\/\/cnewa.org\/es\/que-hacemos\/caminemos-con-los-migrantes-y-refugiados-con-energia-y-esperanza\/"]}]},{"@type":"ImageObject","inLanguage":"es","@id":"https:\/\/cnewa.org\/es\/que-hacemos\/caminemos-con-los-migrantes-y-refugiados-con-energia-y-esperanza\/#primaryimage","url":"https:\/\/cnewa.org\/es\/wp-content\/uploads\/sites\/5\/2025\/09\/armenakyan202310_048H.jpg","contentUrl":"https:\/\/cnewa.org\/es\/wp-content\/uploads\/sites\/5\/2025\/09\/armenakyan202310_048H.jpg","width":1800,"height":1200,"caption":"Una madre armenia escapa de su casa en Nagorno-Karabaj de las fuerzas invasoras azerbaiyanas en oto\u00f1o de 2023. (foto: Nazik Armenakyan)"},{"@type":"BreadcrumbList","@id":"https:\/\/cnewa.org\/es\/que-hacemos\/caminemos-con-los-migrantes-y-refugiados-con-energia-y-esperanza\/#breadcrumb","itemListElement":[{"@type":"ListItem","position":1,"name":"Inicio","item":"https:\/\/cnewa.org\/es\/"},{"@type":"ListItem","position":2,"name":"Campaigns","item":"https:\/\/cnewa.org\/es\/que-hacemos\/"},{"@type":"ListItem","position":3,"name":"Caminemos con los Migrantes y Refugiados con Energ\u00eda y Esperanza"}]},{"@type":"WebSite","@id":"https:\/\/cnewa.org\/es\/#website","url":"https:\/\/cnewa.org\/es\/","name":"CNEWA Espa\u00f1ol","description":"Asociaci\u00f3n Cat\u00f3lica para el Bienestar del Cercano Oriente","publisher":{"@id":"https:\/\/cnewa.org\/es\/#organization"},"potentialAction":[{"@type":"SearchAction","target":{"@type":"EntryPoint","urlTemplate":"https:\/\/cnewa.org\/es\/?s={search_term_string}"},"query-input":{"@type":"PropertyValueSpecification","valueRequired":true,"valueName":"search_term_string"}}],"inLanguage":"es"},{"@type":"Organization","@id":"https:\/\/cnewa.org\/es\/#organization","name":"CNEWA Espa\u00f1ol","alternateName":"Asociaci\u00f3n Cat\u00f3lica para el Bienestar del Cercano Oriente","url":"https:\/\/cnewa.org\/es\/","logo":{"@type":"ImageObject","inLanguage":"es","@id":"https:\/\/cnewa.org\/es\/#\/schema\/logo\/image\/","url":"https:\/\/cnewa.org\/es\/wp-content\/uploads\/sites\/5\/2021\/07\/CNEWA-brand-logo.png","contentUrl":"https:\/\/cnewa.org\/es\/wp-content\/uploads\/sites\/5\/2021\/07\/CNEWA-brand-logo.png","width":1000,"height":1000,"caption":"CNEWA Espa\u00f1ol"},"image":{"@id":"https:\/\/cnewa.org\/es\/#\/schema\/logo\/image\/"},"sameAs":["https:\/\/www.facebook.com\/CNEWAenespanol\/","https:\/\/www.instagram.com\/cnewa1926\/","https:\/\/www.youtube.com\/user\/TheCNEWA"]}]}},"_links":{"self":[{"href":"https:\/\/cnewa.org\/es\/wp-json\/wp\/v2\/campaigns\/7223","targetHints":{"allow":["GET"]}}],"collection":[{"href":"https:\/\/cnewa.org\/es\/wp-json\/wp\/v2\/campaigns"}],"about":[{"href":"https:\/\/cnewa.org\/es\/wp-json\/wp\/v2\/types\/campaigns"}],"version-history":[{"count":2,"href":"https:\/\/cnewa.org\/es\/wp-json\/wp\/v2\/campaigns\/7223\/revisions"}],"predecessor-version":[{"id":7225,"href":"https:\/\/cnewa.org\/es\/wp-json\/wp\/v2\/campaigns\/7223\/revisions\/7225"}],"wp:featuredmedia":[{"embeddable":true,"href":"https:\/\/cnewa.org\/es\/wp-json\/wp\/v2\/media\/7222"}],"wp:attachment":[{"href":"https:\/\/cnewa.org\/es\/wp-json\/wp\/v2\/media?parent=7223"}],"wp:term":[{"taxonomy":"work-category","embeddable":true,"href":"https:\/\/cnewa.org\/es\/wp-json\/wp\/v2\/work-category?post=7223"}],"curies":[{"name":"wp","href":"https:\/\/api.w.org\/{rel}","templated":true}]}}