{"id":7267,"date":"2025-09-26T10:05:34","date_gmt":"2025-09-26T14:05:34","guid":{"rendered":"https:\/\/cnewa.org\/es\/?post_type=campaigns&#038;p=7267"},"modified":"2026-02-10T12:53:04","modified_gmt":"2026-02-10T17:53:04","slug":"mantente-firme-junto-a-ucrania","status":"publish","type":"campaigns","link":"https:\/\/cnewa.org\/es\/que-hacemos\/mantente-firme-junto-a-ucrania\/","title":{"rendered":"Mantente Firme Junto a Ucrania"},"content":{"rendered":"\n<h2 class=\"wp-block-heading has-large-font-size\" id=\"h-la-campana-de-rusia-de-aterrar-en-el-invierno-que-apunta-a-las-redes-electricas-las-centrales-electricas-y-las-personas-esta-disenada-para-quebrar-a-un-pueblo-agotado-y-agotado-por-la-guerra\">La campa\u00f1a de Rusia de aterrar en el invierno\u2014que apunta a las redes el\u00e9ctricas, las centrales el\u00e9ctricas y las personas\u2014 est\u00e1 dise\u00f1ada para quebrar a un pueblo agotado y agotado por la guerra.<\/h2>\n\n\n\n<p>La invasi\u00f3n a gran escala de Ucrania por parte de Rusia entra en su cuarto a\u00f1o y los ucranianos contin\u00faan afrontado este ataque con dignidad y desaf\u00edo. En esta tierra hermosa pero devastada, las parroquias est\u00e1n dando un paso adelante, no solo como espacios sagrados de fe y espiritualidad, sino como centros de sanaci\u00f3n y esperanza.&nbsp;<\/p>\n\n\n\n<p><strong>La guerra se ha convertido en un catalizador del amor al pr\u00f3jimo<\/strong>: sacerdotes, religiosos y fieles laicos forjan nuevas alianzas, descubriendo formas creativas y llenas de fe para apoyar a los m\u00e1s vulnerables a la miseria del invierno.<\/p>\n\n\n\n<p>CNEWA ha estado presente en Ucrania desde su independencia de la Uni\u00f3n Sovi\u00e9tica, estableciendo relaciones profundas y duraderas con sus iglesias parroquiales y sus diversas actividades, incluyendo seminarios y casas de formaci\u00f3n religiosa, la Universidad Cat\u00f3lica Ucraniana de Le\u00f3polis y los programas parroquiales nacionales de Caritas Ucrania.\u00a0<\/p>\n\n\n  <div class=\"donate-button\" id=\"minor-fund-campaign\">\n    <button class=\"donate-modal-toggle\" data-major-fund='Ayuda de Emergencia' data-major-fund-code='EM'>DONE AHORA<\/button>\n  <\/div>\n  \n\n\n<p>Desde la invasi\u00f3n rusa en febrero de 2022,\u00a0<strong>CNEWA ha enviado ayuda de emergencia con urgencia para apoyar las respuestas humanitarias<\/strong>\u00a0de nuestros socios, quienes proporcionan comida, medicinas, refugio y consuelo \u2014 especialmente asesoramiento psicosocial y espiritual para familias que lloran a sus seres queridos fallecidos y mutilados, y para soldados que regresan, cuyas heridas ocultan su trauma.<\/p>\n\n\n\n<p>Las necesidades siguen siendo urgentes. Cada d\u00eda, drones rusos atacan infraestructuras energ\u00e9ticas en todo el pa\u00eds, atacando pueblos y ciudades as\u00ed como sus ciudades, obligando a los ucranianos a vivir sin calefacci\u00f3n ni electricidad. Millones m\u00e1s han sido obligados a abandonar sus hogares; La vida familiar, destrozada.&nbsp;<\/p>\n\n\n\n<h3 class=\"wp-block-heading\" id=\"h-sin-embargo-incluso-ante-una-violencia-indescriptible-las-iglesias-siguen-respondiendo-con-amor-por-el-bien-comun-de-todos-proporcionando-medios-y-el-espiritu-de-esperanza-y-determinacion-en-tiempos-profundamente-inestables\">Sin embargo, incluso ante una violencia indescriptible, las iglesias siguen respondiendo con amor por el bien com\u00fan de todos, proporcionando medios y el esp\u00edritu de esperanza y determinaci\u00f3n en tiempos profundamente inestables.<\/h3>\n\n\n  <div class=\"donate-button\" id=\"minor-fund-campaign\">\n    <button class=\"donate-modal-toggle\" data-major-fund='Ayuda de Emergencia' data-major-fund-code='EM'>DONE AHORA<\/button>\n  <\/div>\n  ","protected":false},"featured_media":7269,"template":"","work-category":[100],"class_list":["post-7267","campaigns","type-campaigns","status-publish","has-post-thumbnail","hentry","work-category-ayuda-de-emergencia"],"acf":[],"yoast_head":"<!-- This site is optimized with the Yoast SEO Premium plugin v27.3 (Yoast SEO v27.3) - https:\/\/yoast.com\/product\/yoast-seo-premium-wordpress\/ -->\n<title>Mantente Firme Junto a Ucrania | CNEWA Espa\u00f1ol<\/title>\n<meta name=\"description\" content=\"Apoye a Ucrania hoy. Demu\u00e9streles que no se enfrentan solos al odio. Env\u00ede su donativo de emergencia a CNEWA ahora.\" \/>\n<meta name=\"robots\" content=\"index, follow, max-snippet:-1, max-image-preview:large, max-video-preview:-1\" \/>\n<link rel=\"canonical\" href=\"https:\/\/cnewa.org\/es\/que-hacemos\/mantente-firme-junto-a-ucrania\/\" \/>\n<meta property=\"og:locale\" content=\"es_ES\" \/>\n<meta property=\"og:type\" content=\"article\" \/>\n<meta property=\"og:title\" content=\"Mantente Firme Junto a Ucrania\" \/>\n<meta property=\"og:description\" content=\"Apoye a Ucrania hoy. Demu\u00e9streles que no se enfrentan solos al odio. Env\u00ede su donativo de emergencia a CNEWA ahora.\" \/>\n<meta property=\"og:url\" content=\"https:\/\/cnewa.org\/es\/que-hacemos\/mantente-firme-junto-a-ucrania\/\" \/>\n<meta property=\"og:site_name\" content=\"CNEWA Espa\u00f1ol\" \/>\n<meta property=\"article:publisher\" content=\"https:\/\/www.facebook.com\/CNEWAenespanol\/\" \/>\n<meta property=\"article:modified_time\" content=\"2026-02-10T17:53:04+00:00\" \/>\n<meta property=\"og:image\" content=\"https:\/\/cnewa.org\/es\/wp-content\/uploads\/sites\/5\/2025\/09\/chernichkink202401_121H.jpg\" \/>\n\t<meta property=\"og:image:width\" content=\"1800\" \/>\n\t<meta property=\"og:image:height\" content=\"1200\" \/>\n\t<meta property=\"og:image:type\" content=\"image\/jpeg\" \/>\n<meta name=\"twitter:card\" content=\"summary_large_image\" \/>\n<meta name=\"twitter:label1\" content=\"Tiempo de lectura\" \/>\n\t<meta name=\"twitter:data1\" content=\"2 minutos\" \/>\n<script type=\"application\/ld+json\" class=\"yoast-schema-graph\">{\"@context\":\"https:\\\/\\\/schema.org\",\"@graph\":[{\"@type\":\"WebPage\",\"@id\":\"https:\\\/\\\/cnewa.org\\\/es\\\/que-hacemos\\\/mantente-firme-junto-a-ucrania\\\/\",\"url\":\"https:\\\/\\\/cnewa.org\\\/es\\\/que-hacemos\\\/mantente-firme-junto-a-ucrania\\\/\",\"name\":\"Mantente Firme Junto a Ucrania | CNEWA Espa\u00f1ol\",\"isPartOf\":{\"@id\":\"https:\\\/\\\/cnewa.org\\\/es\\\/#website\"},\"primaryImageOfPage\":{\"@id\":\"https:\\\/\\\/cnewa.org\\\/es\\\/que-hacemos\\\/mantente-firme-junto-a-ucrania\\\/#primaryimage\"},\"image\":{\"@id\":\"https:\\\/\\\/cnewa.org\\\/es\\\/que-hacemos\\\/mantente-firme-junto-a-ucrania\\\/#primaryimage\"},\"thumbnailUrl\":\"https:\\\/\\\/cnewa.org\\\/es\\\/wp-content\\\/uploads\\\/sites\\\/5\\\/2025\\\/09\\\/chernichkink202401_121H.jpg\",\"datePublished\":\"2025-09-26T14:05:34+00:00\",\"dateModified\":\"2026-02-10T17:53:04+00:00\",\"description\":\"Apoye a Ucrania hoy. Demu\u00e9streles que no se enfrentan solos al odio. Env\u00ede su donativo de emergencia a CNEWA ahora.\",\"breadcrumb\":{\"@id\":\"https:\\\/\\\/cnewa.org\\\/es\\\/que-hacemos\\\/mantente-firme-junto-a-ucrania\\\/#breadcrumb\"},\"inLanguage\":\"es\",\"potentialAction\":[{\"@type\":\"ReadAction\",\"target\":[\"https:\\\/\\\/cnewa.org\\\/es\\\/que-hacemos\\\/mantente-firme-junto-a-ucrania\\\/\"]}]},{\"@type\":\"ImageObject\",\"inLanguage\":\"es\",\"@id\":\"https:\\\/\\\/cnewa.org\\\/es\\\/que-hacemos\\\/mantente-firme-junto-a-ucrania\\\/#primaryimage\",\"url\":\"https:\\\/\\\/cnewa.org\\\/es\\\/wp-content\\\/uploads\\\/sites\\\/5\\\/2025\\\/09\\\/chernichkink202401_121H.jpg\",\"contentUrl\":\"https:\\\/\\\/cnewa.org\\\/es\\\/wp-content\\\/uploads\\\/sites\\\/5\\\/2025\\\/09\\\/chernichkink202401_121H.jpg\",\"width\":1800,\"height\":1200,\"caption\":\"Ni\u00f1os desplazados participan en una sesi\u00f3n grupal de Caritas en la ciudad de Dnipro, este de Ucrania, en enero 2024. (foto: Konstantin Chernichkin)\"},{\"@type\":\"BreadcrumbList\",\"@id\":\"https:\\\/\\\/cnewa.org\\\/es\\\/que-hacemos\\\/mantente-firme-junto-a-ucrania\\\/#breadcrumb\",\"itemListElement\":[{\"@type\":\"ListItem\",\"position\":1,\"name\":\"Inicio\",\"item\":\"https:\\\/\\\/cnewa.org\\\/es\\\/\"},{\"@type\":\"ListItem\",\"position\":2,\"name\":\"Campaigns\",\"item\":\"https:\\\/\\\/cnewa.org\\\/es\\\/que-hacemos\\\/\"},{\"@type\":\"ListItem\",\"position\":3,\"name\":\"Mantente Firme Junto a Ucrania\"}]},{\"@type\":\"WebSite\",\"@id\":\"https:\\\/\\\/cnewa.org\\\/es\\\/#website\",\"url\":\"https:\\\/\\\/cnewa.org\\\/es\\\/\",\"name\":\"CNEWA Espa\u00f1ol\",\"description\":\"Asociaci\u00f3n Cat\u00f3lica para el Bienestar del Cercano Oriente\",\"publisher\":{\"@id\":\"https:\\\/\\\/cnewa.org\\\/es\\\/#organization\"},\"potentialAction\":[{\"@type\":\"SearchAction\",\"target\":{\"@type\":\"EntryPoint\",\"urlTemplate\":\"https:\\\/\\\/cnewa.org\\\/es\\\/?s={search_term_string}\"},\"query-input\":{\"@type\":\"PropertyValueSpecification\",\"valueRequired\":true,\"valueName\":\"search_term_string\"}}],\"inLanguage\":\"es\"},{\"@type\":\"Organization\",\"@id\":\"https:\\\/\\\/cnewa.org\\\/es\\\/#organization\",\"name\":\"CNEWA Espa\u00f1ol\",\"alternateName\":\"Asociaci\u00f3n Cat\u00f3lica para el Bienestar del Cercano Oriente\",\"url\":\"https:\\\/\\\/cnewa.org\\\/es\\\/\",\"logo\":{\"@type\":\"ImageObject\",\"inLanguage\":\"es\",\"@id\":\"https:\\\/\\\/cnewa.org\\\/es\\\/#\\\/schema\\\/logo\\\/image\\\/\",\"url\":\"https:\\\/\\\/cnewa.org\\\/es\\\/wp-content\\\/uploads\\\/sites\\\/5\\\/2021\\\/07\\\/CNEWA-brand-logo.png\",\"contentUrl\":\"https:\\\/\\\/cnewa.org\\\/es\\\/wp-content\\\/uploads\\\/sites\\\/5\\\/2021\\\/07\\\/CNEWA-brand-logo.png\",\"width\":1000,\"height\":1000,\"caption\":\"CNEWA Espa\u00f1ol\"},\"image\":{\"@id\":\"https:\\\/\\\/cnewa.org\\\/es\\\/#\\\/schema\\\/logo\\\/image\\\/\"},\"sameAs\":[\"https:\\\/\\\/www.facebook.com\\\/CNEWAenespanol\\\/\",\"https:\\\/\\\/www.instagram.com\\\/cnewa1926\\\/\",\"https:\\\/\\\/www.youtube.com\\\/user\\\/TheCNEWA\"]}]}<\/script>\n<!-- \/ Yoast SEO Premium plugin. -->","yoast_head_json":{"title":"Mantente Firme Junto a Ucrania | CNEWA Espa\u00f1ol","description":"Apoye a Ucrania hoy. Demu\u00e9streles que no se enfrentan solos al odio. Env\u00ede su donativo de emergencia a CNEWA ahora.","robots":{"index":"index","follow":"follow","max-snippet":"max-snippet:-1","max-image-preview":"max-image-preview:large","max-video-preview":"max-video-preview:-1"},"canonical":"https:\/\/cnewa.org\/es\/que-hacemos\/mantente-firme-junto-a-ucrania\/","og_locale":"es_ES","og_type":"article","og_title":"Mantente Firme Junto a Ucrania","og_description":"Apoye a Ucrania hoy. Demu\u00e9streles que no se enfrentan solos al odio. Env\u00ede su donativo de emergencia a CNEWA ahora.","og_url":"https:\/\/cnewa.org\/es\/que-hacemos\/mantente-firme-junto-a-ucrania\/","og_site_name":"CNEWA Espa\u00f1ol","article_publisher":"https:\/\/www.facebook.com\/CNEWAenespanol\/","article_modified_time":"2026-02-10T17:53:04+00:00","og_image":[{"width":1800,"height":1200,"url":"https:\/\/cnewa.org\/es\/wp-content\/uploads\/sites\/5\/2025\/09\/chernichkink202401_121H.jpg","type":"image\/jpeg"}],"twitter_card":"summary_large_image","twitter_misc":{"Tiempo de lectura":"2 minutos"},"schema":{"@context":"https:\/\/schema.org","@graph":[{"@type":"WebPage","@id":"https:\/\/cnewa.org\/es\/que-hacemos\/mantente-firme-junto-a-ucrania\/","url":"https:\/\/cnewa.org\/es\/que-hacemos\/mantente-firme-junto-a-ucrania\/","name":"Mantente Firme Junto a Ucrania | CNEWA Espa\u00f1ol","isPartOf":{"@id":"https:\/\/cnewa.org\/es\/#website"},"primaryImageOfPage":{"@id":"https:\/\/cnewa.org\/es\/que-hacemos\/mantente-firme-junto-a-ucrania\/#primaryimage"},"image":{"@id":"https:\/\/cnewa.org\/es\/que-hacemos\/mantente-firme-junto-a-ucrania\/#primaryimage"},"thumbnailUrl":"https:\/\/cnewa.org\/es\/wp-content\/uploads\/sites\/5\/2025\/09\/chernichkink202401_121H.jpg","datePublished":"2025-09-26T14:05:34+00:00","dateModified":"2026-02-10T17:53:04+00:00","description":"Apoye a Ucrania hoy. Demu\u00e9streles que no se enfrentan solos al odio. Env\u00ede su donativo de emergencia a CNEWA ahora.","breadcrumb":{"@id":"https:\/\/cnewa.org\/es\/que-hacemos\/mantente-firme-junto-a-ucrania\/#breadcrumb"},"inLanguage":"es","potentialAction":[{"@type":"ReadAction","target":["https:\/\/cnewa.org\/es\/que-hacemos\/mantente-firme-junto-a-ucrania\/"]}]},{"@type":"ImageObject","inLanguage":"es","@id":"https:\/\/cnewa.org\/es\/que-hacemos\/mantente-firme-junto-a-ucrania\/#primaryimage","url":"https:\/\/cnewa.org\/es\/wp-content\/uploads\/sites\/5\/2025\/09\/chernichkink202401_121H.jpg","contentUrl":"https:\/\/cnewa.org\/es\/wp-content\/uploads\/sites\/5\/2025\/09\/chernichkink202401_121H.jpg","width":1800,"height":1200,"caption":"Ni\u00f1os desplazados participan en una sesi\u00f3n grupal de Caritas en la ciudad de Dnipro, este de Ucrania, en enero 2024. (foto: Konstantin Chernichkin)"},{"@type":"BreadcrumbList","@id":"https:\/\/cnewa.org\/es\/que-hacemos\/mantente-firme-junto-a-ucrania\/#breadcrumb","itemListElement":[{"@type":"ListItem","position":1,"name":"Inicio","item":"https:\/\/cnewa.org\/es\/"},{"@type":"ListItem","position":2,"name":"Campaigns","item":"https:\/\/cnewa.org\/es\/que-hacemos\/"},{"@type":"ListItem","position":3,"name":"Mantente Firme Junto a Ucrania"}]},{"@type":"WebSite","@id":"https:\/\/cnewa.org\/es\/#website","url":"https:\/\/cnewa.org\/es\/","name":"CNEWA Espa\u00f1ol","description":"Asociaci\u00f3n Cat\u00f3lica para el Bienestar del Cercano Oriente","publisher":{"@id":"https:\/\/cnewa.org\/es\/#organization"},"potentialAction":[{"@type":"SearchAction","target":{"@type":"EntryPoint","urlTemplate":"https:\/\/cnewa.org\/es\/?s={search_term_string}"},"query-input":{"@type":"PropertyValueSpecification","valueRequired":true,"valueName":"search_term_string"}}],"inLanguage":"es"},{"@type":"Organization","@id":"https:\/\/cnewa.org\/es\/#organization","name":"CNEWA Espa\u00f1ol","alternateName":"Asociaci\u00f3n Cat\u00f3lica para el Bienestar del Cercano Oriente","url":"https:\/\/cnewa.org\/es\/","logo":{"@type":"ImageObject","inLanguage":"es","@id":"https:\/\/cnewa.org\/es\/#\/schema\/logo\/image\/","url":"https:\/\/cnewa.org\/es\/wp-content\/uploads\/sites\/5\/2021\/07\/CNEWA-brand-logo.png","contentUrl":"https:\/\/cnewa.org\/es\/wp-content\/uploads\/sites\/5\/2021\/07\/CNEWA-brand-logo.png","width":1000,"height":1000,"caption":"CNEWA Espa\u00f1ol"},"image":{"@id":"https:\/\/cnewa.org\/es\/#\/schema\/logo\/image\/"},"sameAs":["https:\/\/www.facebook.com\/CNEWAenespanol\/","https:\/\/www.instagram.com\/cnewa1926\/","https:\/\/www.youtube.com\/user\/TheCNEWA"]}]}},"_links":{"self":[{"href":"https:\/\/cnewa.org\/es\/wp-json\/wp\/v2\/campaigns\/7267","targetHints":{"allow":["GET"]}}],"collection":[{"href":"https:\/\/cnewa.org\/es\/wp-json\/wp\/v2\/campaigns"}],"about":[{"href":"https:\/\/cnewa.org\/es\/wp-json\/wp\/v2\/types\/campaigns"}],"version-history":[{"count":3,"href":"https:\/\/cnewa.org\/es\/wp-json\/wp\/v2\/campaigns\/7267\/revisions"}],"predecessor-version":[{"id":7817,"href":"https:\/\/cnewa.org\/es\/wp-json\/wp\/v2\/campaigns\/7267\/revisions\/7817"}],"wp:featuredmedia":[{"embeddable":true,"href":"https:\/\/cnewa.org\/es\/wp-json\/wp\/v2\/media\/7269"}],"wp:attachment":[{"href":"https:\/\/cnewa.org\/es\/wp-json\/wp\/v2\/media?parent=7267"}],"wp:term":[{"taxonomy":"work-category","embeddable":true,"href":"https:\/\/cnewa.org\/es\/wp-json\/wp\/v2\/work-category?post=7267"}],"curies":[{"name":"wp","href":"https:\/\/api.w.org\/{rel}","templated":true}]}}