{"id":7846,"date":"2026-03-03T11:14:07","date_gmt":"2026-03-03T16:14:07","guid":{"rendered":"https:\/\/cnewa.org\/es\/?post_type=campaigns&#038;p=7846"},"modified":"2026-03-13T09:38:18","modified_gmt":"2026-03-13T13:38:18","slug":"emergencia-medio-oriente-en-llamas","status":"publish","type":"campaigns","link":"https:\/\/cnewa.org\/es\/que-hacemos\/emergencia-medio-oriente-en-llamas\/","title":{"rendered":"Emergencia: Medio Oriente en Llamas"},"content":{"rendered":"\n<h2 class=\"wp-block-heading\" id=\"h-las-imagenes-son-al-instante-imborrables-drones-armados-misiles-explosiones-llamas-escombros-mochilas-salpicadas-de-sangre-independientemente-de-la-politica-de-la-coordinacion-israeli-estadounidense-los-ataques-aereos-sobre-iran-y-la-respuesta-de-iran-incontables-vidas-inocentes-han-cambiado-para-siempre-nbsp\">Las im\u00e1genes son, al instante, imborrables. Drones armados. Misiles. Explosiones. Llamas. Escombros. Mochilas salpicadas de sangre. Independientemente de la pol\u00edtica de la coordinaci\u00f3n israel\u00ed-estadounidense, los ataques a\u00e9reos sobre Ir\u00e1n y la respuesta de Ir\u00e1n, incontables vidas inocentes han cambiado para siempre.&nbsp;<\/h2>\n\n\n\n<p>Muchos temen que esta renovada violencia en el Medio Oriente sea un punto de inflexi\u00f3n:&nbsp;<\/p>\n\n\n\n<p>\u201cLa estabilidad y la paz no se construyen con amenazas mutuas, ni con armas, que siembran destrucci\u00f3n, dolor y muerte, sino solo a trav\u00e9s de un di\u00e1logo razonable, aut\u00e9ntico y responsable\u201d, dijo el Papa Le\u00f3n XIV tras el \u00c1ngelus el domingo 1 de marzo.<\/p>\n\n\n\n<p>\u201cAnte la posibilidad de una tragedia de enormes proporciones, hago un llamamiento encarecido a las partes implicadas para que asuman la responsabilidad moral de detener la espiral de violencia antes de que se convierta en un abismo irreparable\u201d.&nbsp;<\/p>\n\n\n\n<h3 class=\"wp-block-heading\" id=\"h-que-la-diplomacia-recupere-su-papel-y-se-promueva-el-bien-de-los-pueblos-que-anhelan-una-convivencia-pacifica-basada-en-la-justicia-y-continuemos-rezando-por-la-paz\">\u201cQue la diplomacia recupere su papel y se promueva el bien de los pueblos, que anhelan una convivencia pac\u00edfica, basada en la justicia. Y continuemos rezando por la paz\u201d.<\/h3>\n\n\n\n<p>Se desconoce cu\u00e1ndo terminar\u00e1 esta carnicer\u00eda. Pero hay algo claro: cuando se disipe la niebla de la guerra, el impacto se habr\u00e1 sentido con mayor fuerza en civiles, familias, ni\u00f1os, ancianos \u2014 los m\u00e1s vulnerables y marginados de estas comunidades ya maltratadas.<\/p>\n\n\n\n<p>CNEWA contin\u00faa sirviendo a estas comunidades a trav\u00e9s de las numerosas obras de las din\u00e1micas iglesias orientales en todo el Medio Oriente. En Jerusal\u00e9n, en Gaza, en Jordania, en Siria y en L\u00edbano, seguimos ministrando a quienes est\u00e1n en gran necesidad, ofreciendo ayuda de emergencia: comida y agua, medicinas, ropa, refugio y o\u00eddos, mentes y corazones abiertos.&nbsp;<\/p>\n\n\n  <div class=\"donate-button\" id=\"minor-fund-campaign\">\n    <button class=\"donate-modal-toggle\" data-major-fund='Ayuda de Emergencia' data-major-fund-code='EM'>DONE AHORA<\/button>\n  <\/div>\n  \n\n\n<p>\u201cNuestros equipos en toda la regi\u00f3n trabajan largas horas en nombre de las iglesias y pueblos a los que estamos comprometidos a servir\u201d, dijo Monse\u00f1or Peter I. Vaccari, presidente de CNEWA y de la Misi\u00f3n Pontificia para Palestina. \u201c\u00a1Sus vidas y horarios son la traducci\u00f3n viva de la pregunta evang\u00e9lica \u2018\u00bfQui\u00e9n es mi pr\u00f3jimo?\u2019, \u00a1ya que est\u00e1n ah\u00ed para todos!\u201d<\/p>\n\n\n\n<h3 class=\"wp-block-heading\" id=\"h-los-hombres-y-mujeres-de-la-cnewa-sobre-el-terreno-ya-sea-en-el-medio-oriente-el-noreste-de-africa-india-o-europa-del-este-son-nuestros-heroes-sobre-el-terreno-y-ahora-tambien-necesitan-nuestra-ayuda\">Los hombres y mujeres de la CNEWA sobre el terreno, ya sea en el Medio Oriente, el noreste de \u00c1frica, India o Europa del Este, son nuestros h\u00e9roes sobre el terreno. Y ahora tambi\u00e9n necesitan nuestra ayuda.<\/h3>\n\n\n\n<p>Por favor, env\u00ede su donaci\u00f3n para apoyar el trabajo de emergencia de CNEWA, ayud\u00e1ndonos a responder de forma segura y eficiente a las crisis que se desarrollan a lo largo de un arco de terror, que se extiende desde el Cuerno de \u00c1frica, a trav\u00e9s del Medio Oriente, y hasta el C\u00e1ucaso y Ucrania.<\/p>\n\n\n\n<p>Y por favor, oremos por un retorno al di\u00e1logo, la diplomacia, la justicia y una paz duradera.<\/p>\n\n\n  <div class=\"donate-button\" id=\"minor-fund-campaign\">\n    <button class=\"donate-modal-toggle\" data-major-fund='Ayuda de Emergencia' data-major-fund-code='EM'>DONE AHORA<\/button>\n  <\/div>\n  ","protected":false},"featured_media":7861,"template":"","work-category":[100],"class_list":["post-7846","campaigns","type-campaigns","status-publish","has-post-thumbnail","hentry","work-category-ayuda-de-emergencia"],"acf":[],"yoast_head":"<!-- This site is optimized with the Yoast SEO Premium plugin v27.3 (Yoast SEO v27.3) - https:\/\/yoast.com\/product\/yoast-seo-premium-wordpress\/ -->\n<title>Emergencia: Medio Oriente en Llamas | CNEWA Espa\u00f1ol<\/title>\n<meta name=\"description\" content=\"Apoye el trabajo de emergencia de CNEWA, ayud\u00e1ndonos a responder a las crisis en el Cuerno de \u00c1frica, el MedioOriente, el C\u00e1ucaso y Ucrania.\" \/>\n<meta name=\"robots\" content=\"index, follow, max-snippet:-1, max-image-preview:large, max-video-preview:-1\" \/>\n<link rel=\"canonical\" href=\"https:\/\/cnewa.org\/es\/que-hacemos\/emergencia-medio-oriente-en-llamas\/\" \/>\n<meta property=\"og:locale\" content=\"es_ES\" \/>\n<meta property=\"og:type\" content=\"article\" \/>\n<meta property=\"og:title\" content=\"Emergencia: Medio Oriente en Llamas\" \/>\n<meta property=\"og:description\" content=\"Apoye el trabajo de emergencia de CNEWA, ayud\u00e1ndonos a responder a las crisis en el Cuerno de \u00c1frica, el MedioOriente, el C\u00e1ucaso y Ucrania.\" \/>\n<meta property=\"og:url\" content=\"https:\/\/cnewa.org\/es\/que-hacemos\/emergencia-medio-oriente-en-llamas\/\" \/>\n<meta property=\"og:site_name\" content=\"CNEWA Espa\u00f1ol\" \/>\n<meta property=\"article:publisher\" content=\"https:\/\/www.facebook.com\/CNEWAenespanol\/\" \/>\n<meta property=\"article:modified_time\" content=\"2026-03-13T13:38:18+00:00\" \/>\n<meta property=\"og:image\" content=\"https:\/\/cnewa.org\/es\/wp-content\/uploads\/sites\/5\/2026\/03\/skaff202603_043H-scaled-1.jpg\" \/>\n\t<meta property=\"og:image:width\" content=\"2560\" \/>\n\t<meta property=\"og:image:height\" content=\"1707\" \/>\n\t<meta property=\"og:image:type\" content=\"image\/jpeg\" \/>\n<meta name=\"twitter:card\" content=\"summary_large_image\" \/>\n<meta name=\"twitter:label1\" content=\"Tiempo de lectura\" \/>\n\t<meta name=\"twitter:data1\" content=\"3 minutos\" \/>\n<script type=\"application\/ld+json\" class=\"yoast-schema-graph\">{\"@context\":\"https:\\\/\\\/schema.org\",\"@graph\":[{\"@type\":\"WebPage\",\"@id\":\"https:\\\/\\\/cnewa.org\\\/es\\\/que-hacemos\\\/emergencia-medio-oriente-en-llamas\\\/\",\"url\":\"https:\\\/\\\/cnewa.org\\\/es\\\/que-hacemos\\\/emergencia-medio-oriente-en-llamas\\\/\",\"name\":\"Emergencia: Medio Oriente en Llamas | CNEWA Espa\u00f1ol\",\"isPartOf\":{\"@id\":\"https:\\\/\\\/cnewa.org\\\/es\\\/#website\"},\"primaryImageOfPage\":{\"@id\":\"https:\\\/\\\/cnewa.org\\\/es\\\/que-hacemos\\\/emergencia-medio-oriente-en-llamas\\\/#primaryimage\"},\"image\":{\"@id\":\"https:\\\/\\\/cnewa.org\\\/es\\\/que-hacemos\\\/emergencia-medio-oriente-en-llamas\\\/#primaryimage\"},\"thumbnailUrl\":\"https:\\\/\\\/cnewa.org\\\/es\\\/wp-content\\\/uploads\\\/sites\\\/5\\\/2026\\\/03\\\/skaff202603_043H-scaled-1.jpg\",\"datePublished\":\"2026-03-03T16:14:07+00:00\",\"dateModified\":\"2026-03-13T13:38:18+00:00\",\"description\":\"Apoye el trabajo de emergencia de CNEWA, ayud\u00e1ndonos a responder a las crisis en el Cuerno de \u00c1frica, el MedioOriente, el C\u00e1ucaso y Ucrania.\",\"breadcrumb\":{\"@id\":\"https:\\\/\\\/cnewa.org\\\/es\\\/que-hacemos\\\/emergencia-medio-oriente-en-llamas\\\/#breadcrumb\"},\"inLanguage\":\"es\",\"potentialAction\":[{\"@type\":\"ReadAction\",\"target\":[\"https:\\\/\\\/cnewa.org\\\/es\\\/que-hacemos\\\/emergencia-medio-oriente-en-llamas\\\/\"]}]},{\"@type\":\"ImageObject\",\"inLanguage\":\"es\",\"@id\":\"https:\\\/\\\/cnewa.org\\\/es\\\/que-hacemos\\\/emergencia-medio-oriente-en-llamas\\\/#primaryimage\",\"url\":\"https:\\\/\\\/cnewa.org\\\/es\\\/wp-content\\\/uploads\\\/sites\\\/5\\\/2026\\\/03\\\/skaff202603_043H-scaled-1.jpg\",\"contentUrl\":\"https:\\\/\\\/cnewa.org\\\/es\\\/wp-content\\\/uploads\\\/sites\\\/5\\\/2026\\\/03\\\/skaff202603_043H-scaled-1.jpg\",\"width\":2560,\"height\":1707,\"caption\":\"Un ni\u00f1o desplazado se calienta en la Plaza de los M\u00e1rtires de Beirut. (Foto: Raghida Skaff)\"},{\"@type\":\"BreadcrumbList\",\"@id\":\"https:\\\/\\\/cnewa.org\\\/es\\\/que-hacemos\\\/emergencia-medio-oriente-en-llamas\\\/#breadcrumb\",\"itemListElement\":[{\"@type\":\"ListItem\",\"position\":1,\"name\":\"Inicio\",\"item\":\"https:\\\/\\\/cnewa.org\\\/es\\\/\"},{\"@type\":\"ListItem\",\"position\":2,\"name\":\"Campaigns\",\"item\":\"https:\\\/\\\/cnewa.org\\\/es\\\/que-hacemos\\\/\"},{\"@type\":\"ListItem\",\"position\":3,\"name\":\"Emergencia: Medio Oriente en Llamas\"}]},{\"@type\":\"WebSite\",\"@id\":\"https:\\\/\\\/cnewa.org\\\/es\\\/#website\",\"url\":\"https:\\\/\\\/cnewa.org\\\/es\\\/\",\"name\":\"CNEWA Espa\u00f1ol\",\"description\":\"Asociaci\u00f3n Cat\u00f3lica para el Bienestar del Cercano Oriente\",\"publisher\":{\"@id\":\"https:\\\/\\\/cnewa.org\\\/es\\\/#organization\"},\"potentialAction\":[{\"@type\":\"SearchAction\",\"target\":{\"@type\":\"EntryPoint\",\"urlTemplate\":\"https:\\\/\\\/cnewa.org\\\/es\\\/?s={search_term_string}\"},\"query-input\":{\"@type\":\"PropertyValueSpecification\",\"valueRequired\":true,\"valueName\":\"search_term_string\"}}],\"inLanguage\":\"es\"},{\"@type\":\"Organization\",\"@id\":\"https:\\\/\\\/cnewa.org\\\/es\\\/#organization\",\"name\":\"CNEWA Espa\u00f1ol\",\"alternateName\":\"Asociaci\u00f3n Cat\u00f3lica para el Bienestar del Cercano Oriente\",\"url\":\"https:\\\/\\\/cnewa.org\\\/es\\\/\",\"logo\":{\"@type\":\"ImageObject\",\"inLanguage\":\"es\",\"@id\":\"https:\\\/\\\/cnewa.org\\\/es\\\/#\\\/schema\\\/logo\\\/image\\\/\",\"url\":\"https:\\\/\\\/cnewa.org\\\/es\\\/wp-content\\\/uploads\\\/sites\\\/5\\\/2021\\\/07\\\/CNEWA-brand-logo.png\",\"contentUrl\":\"https:\\\/\\\/cnewa.org\\\/es\\\/wp-content\\\/uploads\\\/sites\\\/5\\\/2021\\\/07\\\/CNEWA-brand-logo.png\",\"width\":1000,\"height\":1000,\"caption\":\"CNEWA Espa\u00f1ol\"},\"image\":{\"@id\":\"https:\\\/\\\/cnewa.org\\\/es\\\/#\\\/schema\\\/logo\\\/image\\\/\"},\"sameAs\":[\"https:\\\/\\\/www.facebook.com\\\/CNEWAenespanol\\\/\",\"https:\\\/\\\/www.instagram.com\\\/cnewa1926\\\/\",\"https:\\\/\\\/www.youtube.com\\\/user\\\/TheCNEWA\"]}]}<\/script>\n<!-- \/ Yoast SEO Premium plugin. -->","yoast_head_json":{"title":"Emergencia: Medio Oriente en Llamas | CNEWA Espa\u00f1ol","description":"Apoye el trabajo de emergencia de CNEWA, ayud\u00e1ndonos a responder a las crisis en el Cuerno de \u00c1frica, el MedioOriente, el C\u00e1ucaso y Ucrania.","robots":{"index":"index","follow":"follow","max-snippet":"max-snippet:-1","max-image-preview":"max-image-preview:large","max-video-preview":"max-video-preview:-1"},"canonical":"https:\/\/cnewa.org\/es\/que-hacemos\/emergencia-medio-oriente-en-llamas\/","og_locale":"es_ES","og_type":"article","og_title":"Emergencia: Medio Oriente en Llamas","og_description":"Apoye el trabajo de emergencia de CNEWA, ayud\u00e1ndonos a responder a las crisis en el Cuerno de \u00c1frica, el MedioOriente, el C\u00e1ucaso y Ucrania.","og_url":"https:\/\/cnewa.org\/es\/que-hacemos\/emergencia-medio-oriente-en-llamas\/","og_site_name":"CNEWA Espa\u00f1ol","article_publisher":"https:\/\/www.facebook.com\/CNEWAenespanol\/","article_modified_time":"2026-03-13T13:38:18+00:00","og_image":[{"width":2560,"height":1707,"url":"https:\/\/cnewa.org\/es\/wp-content\/uploads\/sites\/5\/2026\/03\/skaff202603_043H-scaled-1.jpg","type":"image\/jpeg"}],"twitter_card":"summary_large_image","twitter_misc":{"Tiempo de lectura":"3 minutos"},"schema":{"@context":"https:\/\/schema.org","@graph":[{"@type":"WebPage","@id":"https:\/\/cnewa.org\/es\/que-hacemos\/emergencia-medio-oriente-en-llamas\/","url":"https:\/\/cnewa.org\/es\/que-hacemos\/emergencia-medio-oriente-en-llamas\/","name":"Emergencia: Medio Oriente en Llamas | CNEWA Espa\u00f1ol","isPartOf":{"@id":"https:\/\/cnewa.org\/es\/#website"},"primaryImageOfPage":{"@id":"https:\/\/cnewa.org\/es\/que-hacemos\/emergencia-medio-oriente-en-llamas\/#primaryimage"},"image":{"@id":"https:\/\/cnewa.org\/es\/que-hacemos\/emergencia-medio-oriente-en-llamas\/#primaryimage"},"thumbnailUrl":"https:\/\/cnewa.org\/es\/wp-content\/uploads\/sites\/5\/2026\/03\/skaff202603_043H-scaled-1.jpg","datePublished":"2026-03-03T16:14:07+00:00","dateModified":"2026-03-13T13:38:18+00:00","description":"Apoye el trabajo de emergencia de CNEWA, ayud\u00e1ndonos a responder a las crisis en el Cuerno de \u00c1frica, el MedioOriente, el C\u00e1ucaso y Ucrania.","breadcrumb":{"@id":"https:\/\/cnewa.org\/es\/que-hacemos\/emergencia-medio-oriente-en-llamas\/#breadcrumb"},"inLanguage":"es","potentialAction":[{"@type":"ReadAction","target":["https:\/\/cnewa.org\/es\/que-hacemos\/emergencia-medio-oriente-en-llamas\/"]}]},{"@type":"ImageObject","inLanguage":"es","@id":"https:\/\/cnewa.org\/es\/que-hacemos\/emergencia-medio-oriente-en-llamas\/#primaryimage","url":"https:\/\/cnewa.org\/es\/wp-content\/uploads\/sites\/5\/2026\/03\/skaff202603_043H-scaled-1.jpg","contentUrl":"https:\/\/cnewa.org\/es\/wp-content\/uploads\/sites\/5\/2026\/03\/skaff202603_043H-scaled-1.jpg","width":2560,"height":1707,"caption":"Un ni\u00f1o desplazado se calienta en la Plaza de los M\u00e1rtires de Beirut. (Foto: Raghida Skaff)"},{"@type":"BreadcrumbList","@id":"https:\/\/cnewa.org\/es\/que-hacemos\/emergencia-medio-oriente-en-llamas\/#breadcrumb","itemListElement":[{"@type":"ListItem","position":1,"name":"Inicio","item":"https:\/\/cnewa.org\/es\/"},{"@type":"ListItem","position":2,"name":"Campaigns","item":"https:\/\/cnewa.org\/es\/que-hacemos\/"},{"@type":"ListItem","position":3,"name":"Emergencia: Medio Oriente en Llamas"}]},{"@type":"WebSite","@id":"https:\/\/cnewa.org\/es\/#website","url":"https:\/\/cnewa.org\/es\/","name":"CNEWA Espa\u00f1ol","description":"Asociaci\u00f3n Cat\u00f3lica para el Bienestar del Cercano Oriente","publisher":{"@id":"https:\/\/cnewa.org\/es\/#organization"},"potentialAction":[{"@type":"SearchAction","target":{"@type":"EntryPoint","urlTemplate":"https:\/\/cnewa.org\/es\/?s={search_term_string}"},"query-input":{"@type":"PropertyValueSpecification","valueRequired":true,"valueName":"search_term_string"}}],"inLanguage":"es"},{"@type":"Organization","@id":"https:\/\/cnewa.org\/es\/#organization","name":"CNEWA Espa\u00f1ol","alternateName":"Asociaci\u00f3n Cat\u00f3lica para el Bienestar del Cercano Oriente","url":"https:\/\/cnewa.org\/es\/","logo":{"@type":"ImageObject","inLanguage":"es","@id":"https:\/\/cnewa.org\/es\/#\/schema\/logo\/image\/","url":"https:\/\/cnewa.org\/es\/wp-content\/uploads\/sites\/5\/2021\/07\/CNEWA-brand-logo.png","contentUrl":"https:\/\/cnewa.org\/es\/wp-content\/uploads\/sites\/5\/2021\/07\/CNEWA-brand-logo.png","width":1000,"height":1000,"caption":"CNEWA Espa\u00f1ol"},"image":{"@id":"https:\/\/cnewa.org\/es\/#\/schema\/logo\/image\/"},"sameAs":["https:\/\/www.facebook.com\/CNEWAenespanol\/","https:\/\/www.instagram.com\/cnewa1926\/","https:\/\/www.youtube.com\/user\/TheCNEWA"]}]}},"_links":{"self":[{"href":"https:\/\/cnewa.org\/es\/wp-json\/wp\/v2\/campaigns\/7846","targetHints":{"allow":["GET"]}}],"collection":[{"href":"https:\/\/cnewa.org\/es\/wp-json\/wp\/v2\/campaigns"}],"about":[{"href":"https:\/\/cnewa.org\/es\/wp-json\/wp\/v2\/types\/campaigns"}],"version-history":[{"count":1,"href":"https:\/\/cnewa.org\/es\/wp-json\/wp\/v2\/campaigns\/7846\/revisions"}],"predecessor-version":[{"id":7847,"href":"https:\/\/cnewa.org\/es\/wp-json\/wp\/v2\/campaigns\/7846\/revisions\/7847"}],"wp:featuredmedia":[{"embeddable":true,"href":"https:\/\/cnewa.org\/es\/wp-json\/wp\/v2\/media\/7861"}],"wp:attachment":[{"href":"https:\/\/cnewa.org\/es\/wp-json\/wp\/v2\/media?parent=7846"}],"wp:term":[{"taxonomy":"work-category","embeddable":true,"href":"https:\/\/cnewa.org\/es\/wp-json\/wp\/v2\/work-category?post=7846"}],"curies":[{"name":"wp","href":"https:\/\/api.w.org\/{rel}","templated":true}]}}