{"id":4451,"date":"2024-01-10T12:07:58","date_gmt":"2024-01-10T17:07:58","guid":{"rendered":"https:\/\/cnewa.org\/es\/?post_type=magazine&#038;p=4451"},"modified":"2025-02-25T15:31:11","modified_gmt":"2025-02-25T20:31:11","slug":"firmemente-plantados","status":"publish","type":"magazine","link":"https:\/\/cnewa.org\/es\/revista\/firmemente-plantados\/","title":{"rendered":"Firmemente Plantados"},"content":{"rendered":"\n<p class=\"has-drop-cap\">El \u00e9xodo de cientos de miles de cristianos de Siria en la \u00faltima d\u00e9cada no ha afectado el compromiso de los hombres y mujeres religiosos de permanecer y servir a los que se quedaron.<\/p>\n\n\n\n<p>\u201cLos que se quedaron son los pobres\u201d, dice el Padre Georges Fattal, S.D.B., de los Salesianos de Don Bosco de la peque\u00f1a comunidad cristiana de Alepo, la ciudad m\u00e1s grande de Siria. La congregaci\u00f3n de sacerdotes y hermanos religiosos, fundada en Italia por San Juan Bosco en 1869 para atender a los j\u00f3venes y a los pobres, cumple este a\u00f1o 75 a\u00f1os de ministerio en Alepo.<\/p>\n\n\n\n<p>\u201cA pesar de los riesgos, la guerra y la muerte, nunca saldremos [de Siria] porque hemos elegido servir a la juventud\u201d, afirma. \u201cDondequiera que haya j\u00f3venes, a pesar del cansancio, el dolor y la guerra, estaremos junto a ellos para compartir sus vidas\u201d.<\/p>\n\n\n\n<p>Un importante apostolado salesiano en Alepo es el Centro Georges y Matilde Salem, que atiende a unos 850 j\u00f3venes con 120 voluntarios. Incluso en las horas m\u00e1s oscuras de la guerra civil, de 2011 a 2021, el centro no cerr\u00f3 sus puertas. Estaba \u201cfuera de discusi\u00f3n\u201d abandonar a los ni\u00f1os al miedo, dice el padre Fattal, cuya comunidad se moviliz\u00f3 para crear una apariencia de normalidad para los ni\u00f1os.<\/p>\n\n\n\n<figure class=\"wp-block-embed is-type-video is-provider-youtube wp-block-embed-youtube wp-embed-aspect-16-9 wp-has-aspect-ratio\"><div class=\"wp-block-embed__wrapper\">\n<iframe loading=\"lazy\" title=\"Firmemente Plantados\" width=\"500\" height=\"281\" src=\"https:\/\/www.youtube.com\/embed\/mDgawE_28qo?list=PL_pDlqw1fwPb9u6CudbGmOBPcW2CxRr9x\" frameborder=\"0\" allow=\"accelerometer; autoplay; clipboard-write; encrypted-media; gyroscope; picture-in-picture; web-share\" referrerpolicy=\"strict-origin-when-cross-origin\" allowfullscreen><\/iframe>\n<\/div><\/figure>\n\n\n\n<figure class=\"wp-block-pullquote\"><blockquote><p>\u201cDondequiera que haya j\u00f3venes, a pesar del cansancio, el dolor y la guerra, estaremos junto a ellos para compartir sus vidas\u201d.<\/p><\/blockquote><\/figure>\n\n\n\n<p>\u201cFuimos alcanzados por una bomba de racimo [en 2014]\u201d, explica. \u201cSe rompieron vidrios, pero reparamos todo inmediatamente y, por la tarde, continuamos las actividades con los ni\u00f1os\u201d.<\/p>\n\n\n\n<p>El centro ofreci\u00f3 ayuda humanitaria durante la guerra civil, distribuyendo alimentos y medicinas a todas las personas necesitadas sin distinci\u00f3n. En febrero 2023, cuando un terremoto de magnitud 7,8 sacudi\u00f3 la ciudad, derribando casas y edificios, unas 800 personas se refugiaron en el centro, algunas de ellas hasta por cinco semanas.<\/p>\n\n\n\n<p>El sacerdote de 73 a\u00f1os recuerda c\u00f3mo \u201cla providencia\u2026 se encarg\u00f3 de todo\u201d. Con el apoyo de CNEWA, el centro proporcion\u00f3 tres comidas diarias, medicamentos y otras necesidades b\u00e1sicas.<\/p>\n\n\n\n<p>Muchas donaciones provinieron de exalumnos antes de que huyeran de Alepo, una se\u00f1al de su aprecio por el trabajo de los Salesianos.<\/p>\n\n\n\n<p>Srour Ibrahim, 24, ense\u00f1a catecismo en el centro y dirige una fraternidad infantil. Srour, reci\u00e9n graduado de la escuela de odontolog\u00eda, no tiene expectativas de trabajar como dentista en Alepo. En cambio, es uno de los muchos voluntarios que asistieron al centro cuando era ni\u00f1o y ahora ayuda a llevar a cabo sus programas.<\/p>\n\n\n\n<figure class=\"wp-block-image size-large\"><img loading=\"lazy\" decoding=\"async\" width=\"1024\" height=\"683\" src=\"https:\/\/cnewa.org\/es\/wp-content\/uploads\/sites\/5\/2024\/01\/skaff202310_068H-1024x683.jpg\" alt=\"\" class=\"wp-image-4439\" srcset=\"https:\/\/cnewa.org\/es\/wp-content\/uploads\/sites\/5\/2024\/01\/skaff202310_068H-1024x683.jpg 1024w, https:\/\/cnewa.org\/es\/wp-content\/uploads\/sites\/5\/2024\/01\/skaff202310_068H-300x200.jpg 300w, https:\/\/cnewa.org\/es\/wp-content\/uploads\/sites\/5\/2024\/01\/skaff202310_068H-768x512.jpg 768w, https:\/\/cnewa.org\/es\/wp-content\/uploads\/sites\/5\/2024\/01\/skaff202310_068H-1600x1067.jpg 1600w, https:\/\/cnewa.org\/es\/wp-content\/uploads\/sites\/5\/2024\/01\/skaff202310_068H-1536x1024.jpg 1536w, https:\/\/cnewa.org\/es\/wp-content\/uploads\/sites\/5\/2024\/01\/skaff202310_068H.jpg 1800w\" sizes=\"auto, (max-width: 1024px) 100vw, 1024px\" \/><figcaption class=\"wp-element-caption\">Los padres salesianos Pierre Jabloyan, centro, y Georges Fattal, extremo derecho, hablan con los j\u00f3venes en el centro juvenil salesiano de Alepo. (foto: Raghida Skaff)<\/figcaption><\/figure>\n\n\n\n<p>\u201cSi no fuera por el centro, hace tiempo nos hubi\u00e9ramos ido\u201d, afirma. \u201cEs el \u00fanico lugar donde podemos sentirnos f\u00edsica y psicol\u00f3gicamente seguros mientras todo lo que nos rodea se desmorona. Para m\u00ed es como estar en casa\u201d.<\/p>\n\n\n\n<p>Johnny Azar, 31, tambi\u00e9n es catequista y dirige las actividades juveniles y los esfuerzos de ayuda del centro. Entre su grupo de 35 miembros que asistieron al centro cuando eran ni\u00f1os, s\u00f3lo \u00e9l y otra persona contin\u00faan viviendo en Siria. Y s\u00f3lo dos personas de los dos siguientes grupos viven aqu\u00ed, se\u00f1ala.<\/p>\n\n\n\n<p>\u201cTodo el mundo se ha ido\u201d, dice.<\/p>\n\n\n\n<p>Muchos j\u00f3venes se han ido para evitar el servicio militar obligatorio de Siria, a\u00f1ade. Johnny, como hijo \u00fanico, ejerci\u00f3 su derecho legal de no participar.<\/p>\n\n\n\n<p class=\"has-drop-cap\">El n\u00famero de cristianos en Siria, que ten\u00eda una poblaci\u00f3n de unos 23 millones a mediados de 2023, ha disminuido significativamente en los \u00faltimos a\u00f1os. Aunque no hay acuerdo sobre las cifras exactas, los estimados indican que la poblaci\u00f3n cristiana ha ca\u00eddo de m\u00e1s de 2 millones a entre 450.000 y 603.000. La \u00faltima cifra la reporta Open Doors, una organizaci\u00f3n sin fines de lucro dedicada a rastrear la persecuci\u00f3n cristiana en el mundo. Este a\u00f1o, Siria ocup\u00f3 el puesto 12 entre los 50 pa\u00edses donde los cristianos sufren la mayor persecuci\u00f3n por su fe.<\/p>\n\n\n\n<p>En Alepo, aunque no hay cifras oficiales, grupos cristianos sin fines de lucro, incluidos los Maristas Azules, estiman que el n\u00famero de cristianos es de 30.000, lo que representa menos del 2% de la poblaci\u00f3n de la ciudad de unos 2 millones. Los cristianos eran 150.000, o el 10%, de la poblaci\u00f3n de Alepo antes de 2011.<\/p>\n\n\n\n<p>El Banco Mundial informa que la situaci\u00f3n econ\u00f3mica en Siria est\u00e1 en una espiral continua. Seg\u00fan el Instituto del Medio Oriente, la moneda siria alcanz\u00f3 un m\u00ednimo hist\u00f3rico en agosto de 15.500 libras por d\u00f3lar estadounidense y la inflaci\u00f3n segu\u00eda en aumento. Adem\u00e1s, el salario estatal mensual en Siria en agosto equival\u00eda a 13 d\u00f3lares, y el costo de una cesta de alimentos mensual era de 81 d\u00f3lares, seg\u00fan el Programa Mundial de Alimentos.<\/p>\n\n\n\n<figure class=\"wp-block-image size-large\"><img loading=\"lazy\" decoding=\"async\" width=\"1024\" height=\"683\" src=\"https:\/\/cnewa.org\/es\/wp-content\/uploads\/sites\/5\/2024\/01\/skaff202310_015H-1024x683.jpg\" alt=\"Monaguillos vestidos de blanco participan en procesi\u00f3n.\" class=\"wp-image-4442\" srcset=\"https:\/\/cnewa.org\/es\/wp-content\/uploads\/sites\/5\/2024\/01\/skaff202310_015H-1024x683.jpg 1024w, https:\/\/cnewa.org\/es\/wp-content\/uploads\/sites\/5\/2024\/01\/skaff202310_015H-300x200.jpg 300w, https:\/\/cnewa.org\/es\/wp-content\/uploads\/sites\/5\/2024\/01\/skaff202310_015H-768x512.jpg 768w, https:\/\/cnewa.org\/es\/wp-content\/uploads\/sites\/5\/2024\/01\/skaff202310_015H-1600x1067.jpg 1600w, https:\/\/cnewa.org\/es\/wp-content\/uploads\/sites\/5\/2024\/01\/skaff202310_015H-1536x1024.jpg 1536w, https:\/\/cnewa.org\/es\/wp-content\/uploads\/sites\/5\/2024\/01\/skaff202310_015H.jpg 1800w\" sizes=\"auto, (max-width: 1024px) 100vw, 1024px\" \/><figcaption class=\"wp-element-caption\">Monaguillos en la Catedral Maronita de San El\u00edas. (foto: Raghida Skaff)<\/figcaption><\/figure>\n\n\n\n<p>\u201cEl futuro de los cristianos en Alepo est\u00e1 en manos de Dios\u201d, afirma el padre Fattal.<\/p>\n\n\n\n<p>\u201cNuestro pueblo carece de todo; luchan por satisfacer hasta sus necesidades m\u00e1s b\u00e1sicas\u201d, afirma. \u201cHacemos todo lo posible para ayudarlos a quedarse, pero s\u00f3lo Dios sabe si lo har\u00e1n\u201d.<\/p>\n\n\n\n<p>\u201cCreo que no importa lo que pase, siempre quedar\u00e1 alguien aqu\u00ed porque somos la levadura con la que se fermenta la masa. Si los cristianos se fueran de este lugar, no ser\u00eda lo mismo\u201d, afirma. \u201cQue Dios nos d\u00e9 la fuerza para perseverar y permanecer en esta tierra\u201d.<\/p>\n\n\n\n<figure class=\"wp-block-pullquote\"><blockquote><p>\u201cSi los cristianos se fueron de este lugar, no ser\u00eda lo mismo\u201d.<\/p><\/blockquote><\/figure>\n\n\n\n<p>El Padre Pierre Jabloyan, S.D.B., superior de la comunidad salesiana de Alepo, se muestra optimista sobre el futuro de los cristianos de la ciudad.<\/p>\n\n\n\n<p>\u201cTengo mucha fe, porque debemos tener esperanza, incluso cuando no la hay\u201d, afirma. \u201cDe lo contrario, nuestra misi\u00f3n aqu\u00ed no tendr\u00eda sentido\u201d.<\/p>\n\n\n\n<p class=\"has-drop-cap\">La Hermana Siham Zgheib, F.M.M., dice que su comunidad tambi\u00e9n busca ser \u201cun signo de esperanza y apoyo para quienes se han quedado, haciendo todo lo posible para servir con amor\u201d.<\/p>\n\n\n\n<p>Las Franciscanas Misioneras de Mar\u00eda est\u00e1n presentes en Alepo desde 1914. Su convento estaba equipado para recibir a las hermanas ancianas de la provincia. Antes que comenzara la guerra civil en 2011, hab\u00eda 23 hermanas. Pero, la mayor\u00eda se fue y s\u00f3lo quedan cuatro hermanas.<\/p>\n\n\n\n<p>La Hermana Bernadette D\u2019Hauteville, F.M.M., de Francia, ha vivido en varios lugares del Medio Oriente durante m\u00e1s de 50 a\u00f1os. Regres\u00f3 a Alepo en 2014.<\/p>\n\n\n\n<p>\u201cDurante la guerra, recuerdo que ten\u00edamos un papel muy importante que desempe\u00f1ar en la acogida de todos: con los refugiados, con la cocina de emergencia y con los grupos que fueron enviados aqu\u00ed por diferentes organizaciones\u201d, dice.<\/p>\n\n\n\n<p>Como el \u00e1rea alrededor del convento era relativamente segura, las hermanas recibieron a muchos desplazados internos de regiones m\u00e1s afectadas por la guerra. De 2012 a 2018, trabajaron con el Servicio Jesuita a Refugiados para proporcionar alrededor de 18.000 comidas al d\u00eda.<\/p>\n\n\n\n<p>La hermana Bernadette fue, y sigue siendo, la encargada de acoger a diferentes grupos, adultos y ni\u00f1os, a quienes se les ofrece apoyo psicosocial y actividades sociales.<\/p>\n\n\n\n<p>\u201cDurante la guerra, tuvimos un papel muy importante: escuchar a esta gente destrozada y ansiosa, buscarle sentido a todo esto, mientras las bombas segu\u00edan cayendo sobre nosotros\u201d, dice.<\/p>\n\n\n\n<p>Dado que la mayor\u00eda de los desplazados eran musulmanes, pudimos conocer mejor al \u201cotro\u201d, a\u00f1ade. La hermana Siham tambi\u00e9n considera esta oportunidad \u201cun regalo y una bendici\u00f3n\u201d de la guerra.<\/p>\n\n\n\n<p>\u201cDespu\u00e9s de que cerraron la cocina de emergencia, nos dimos cuenta de c\u00f3mo hab\u00eda cambiado su visi\u00f3n de nosotros\u201d, dice la hermana Siham. \u201cRealmente apreciaron que les abri\u00e9ramos nuestro convento\u201d.<\/p>\n\n\n\n<p>Las hermanas organizaron grupos de apoyo que acogieron a musulmanas desplazadas. Tambi\u00e9n iniciaron un taller de costura, con maquinaria, telas e insumos, donde las mujeres aprendieron a confeccionar prendas y accesorios. Luego, las hermanas llevaron los art\u00edculos al mercado. En el punto \u00e1lgido de la crisis de desplazamiento en Alepo, el taller empleaba a m\u00e1s de 60 mujeres. La primavera pasada, s\u00f3lo hab\u00eda unas 30.<\/p>\n\n\n\n<figure class=\"wp-block-image size-large\"><img loading=\"lazy\" decoding=\"async\" width=\"1024\" height=\"683\" src=\"https:\/\/cnewa.org\/es\/wp-content\/uploads\/sites\/5\/2024\/01\/skaff202310_017H-1024x683.jpg\" alt=\"Una mujer revisa una prenda hecha por costurera sentada en m\u00e1quina de coser.\" class=\"wp-image-4441\" srcset=\"https:\/\/cnewa.org\/es\/wp-content\/uploads\/sites\/5\/2024\/01\/skaff202310_017H-1024x683.jpg 1024w, https:\/\/cnewa.org\/es\/wp-content\/uploads\/sites\/5\/2024\/01\/skaff202310_017H-300x200.jpg 300w, https:\/\/cnewa.org\/es\/wp-content\/uploads\/sites\/5\/2024\/01\/skaff202310_017H-768x512.jpg 768w, https:\/\/cnewa.org\/es\/wp-content\/uploads\/sites\/5\/2024\/01\/skaff202310_017H-1600x1067.jpg 1600w, https:\/\/cnewa.org\/es\/wp-content\/uploads\/sites\/5\/2024\/01\/skaff202310_017H-1536x1024.jpg 1536w, https:\/\/cnewa.org\/es\/wp-content\/uploads\/sites\/5\/2024\/01\/skaff202310_017H.jpg 1800w\" sizes=\"auto, (max-width: 1024px) 100vw, 1024px\" \/><figcaption class=\"wp-element-caption\">La Hermana Antoinette Battikh supervisa un taller de costura que emplea mujeres. (foto: Raghida Skaff)<\/figcaption><\/figure>\n\n\n\n<p>El taller ayud\u00f3 a construir puentes entre las comunidades religiosas, dice la Hermana Antoinette Battikh, F.M.M., quien supervisa el taller desde 2015.<\/p>\n\n\n\n<p>\u201cLas musulmanas nos ten\u00edan miedo, pero cuando vieron que no discrimin\u00e1bamos entre musulmanes y cristianos, se sorprendieron\u201d, dice la hermana Antoinette. \u201cSe abrieron con nosotras, nos contaron sus problemas y siempre tratamos de ayudar si pod\u00edamos. Muchas han vuelto a casa, pero cuando pasan se detienen a saludar. No se han olvidado\u201d.<\/p>\n\n\n\n<p>En 1993, las hermanas abrieron una guarder\u00eda para ni\u00f1os con autismo. Actualmente acoge a 17 ni\u00f1os y emplea a ocho personas. En 2013 pensaron cerrar el centro, debido a la dificultad y los costos asociados a la b\u00fasqueda de personal especializado. Pero lo reconsideraron, ya que el apoyo al centro continu\u00f3.<\/p>\n\n\n\n<p>\u201cEs la providencia\u201d, dice la hermana Siham, directora del centro. \u201cNuestro principal donante es musulm\u00e1n. \u00c9l paga los salarios de los profesores. Es amigo de nuestra congregaci\u00f3n\u201d.<\/p>\n\n\n\n<p>Conmovidos por la acogida incondicional de las hermanas hacia todas las personas, los miembros de la comunidad musulmana tambi\u00e9n financiaron su labor de ayuda en respuesta al terremoto de febrero, cuando abrieron su convento como refugio para 150 personas.<\/p>\n\n\n\n<p>\u201cEn esta ciudad siempre hemos vivido juntos. Pero, con la guerra, la gente empez\u00f3 a tener miedo unos de otros\u201d, dice la Hermana Ren\u00e9e Koussa, F.M.M., superiora de la comunidad, quien creci\u00f3 en Alepo. \u201cEn las zonas rurales, los musulmanes viven en comunidades cerradas y no saben nada de nosotros. \u00c9ste es nuestro papel: ser signo de la presencia de Cristo donde Cristo no es conocido\u201d.<\/p>\n\n\n\n<p class=\"has-drop-cap\">La Escuela de Padres Mequitaristas de Alepo ha tratado de brindar educaci\u00f3n de alta calidad a los ni\u00f1os, de kindergarten al d\u00e9cimo grado, desde su fundaci\u00f3n en 1936.<\/p>\n\n\n\n<p>Despu\u00e9s del genocidio armenio en 1915, muchos armenios fueron desplazados de Turqu\u00eda a Siria, y los padres mequitaristas \u2014una orden mon\u00e1stica cat\u00f3lica armenia que sigue la Regla de San Benito\u2014 fundaron la escuela para satisfacer las necesidades de la creciente comunidad armenia en el pa\u00eds.&nbsp;<\/p>\n\n\n\n<p>Aunque la presencia armenia en Siria se remonta al per\u00edodo bizantino, despu\u00e9s de las persecuciones y el genocidio armenio durante la Primera Guerra Mundial, muchos armenios y otras minor\u00edas \u00e9tnicas cristianas buscaron refugio en Siria, con un mayor n\u00famero en Alepo.<\/p>\n\n\n\n<figure class=\"wp-block-image size-large\"><img loading=\"lazy\" decoding=\"async\" width=\"1024\" height=\"576\" src=\"https:\/\/cnewa.org\/es\/wp-content\/uploads\/sites\/5\/2024\/01\/skaff202310_050H-1024x576.jpg\" alt=\"Profesora observa a ni\u00f1o que escribe sobre pizarra blanca.\" class=\"wp-image-4440\" srcset=\"https:\/\/cnewa.org\/es\/wp-content\/uploads\/sites\/5\/2024\/01\/skaff202310_050H-1024x576.jpg 1024w, https:\/\/cnewa.org\/es\/wp-content\/uploads\/sites\/5\/2024\/01\/skaff202310_050H-300x169.jpg 300w, https:\/\/cnewa.org\/es\/wp-content\/uploads\/sites\/5\/2024\/01\/skaff202310_050H-768x432.jpg 768w, https:\/\/cnewa.org\/es\/wp-content\/uploads\/sites\/5\/2024\/01\/skaff202310_050H-1600x900.jpg 1600w, https:\/\/cnewa.org\/es\/wp-content\/uploads\/sites\/5\/2024\/01\/skaff202310_050H-1536x864.jpg 1536w, https:\/\/cnewa.org\/es\/wp-content\/uploads\/sites\/5\/2024\/01\/skaff202310_050H.jpg 1800w\" sizes=\"auto, (max-width: 1024px) 100vw, 1024px\" \/><figcaption class=\"wp-element-caption\">Estudiante aprende armenio en la Escuela de Padres Mequitaristas. (foto: Raghida Skaff)<\/figcaption><\/figure>\n\n\n\n<p>La escuela nunca cerr\u00f3 durante la guerra, ni siquiera cuando los combates estaban cerca. Durante los intensos bombardeos, los profesores llevaban a los estudiantes a refugiarse. Tambi\u00e9n mantuvieron una rutina diaria que evitara que los estudiantes cedieran al miedo y al p\u00e1nico.<\/p>\n\n\n\n<p>Datevig Najjarian, el director, dice que el objetivo es \u201cofrecer la educaci\u00f3n m\u00e1s moderna con las \u00faltimas tecnolog\u00edas posibles, para que los padres no abandonen el pa\u00eds en busca de una mejor educaci\u00f3n para sus hijos\u201d. El plan de estudios tambi\u00e9n incluye el idioma armenio en un esfuerzo continuo por preservar la herencia armenia.<\/p>\n\n\n\n<p>La escuela ofrece un importante apoyo para la matr\u00edcula y todos los ni\u00f1os armenios hasta los cinco a\u00f1os asisten gratis. Las familias con varios hijos reciben un descuento en la matr\u00edcula y la matr\u00edcula se exime para ni\u00f1os cuyos padres no pueden pagar.<\/p>\n\n\n\n<p>A pesar de eso, la inscripci\u00f3n ha disminuido significativamente, de 1.100 en el a\u00f1o 2000 a 400 antes de que comenzara la guerra en 2011. Este a\u00f1o, la matr\u00edcula fue de 180.<\/p>\n\n\n\n<p>La se\u00f1ora Najjarian dice que su decisi\u00f3n de permanecer en Alepo se basa en su optimismo de que la situaci\u00f3n en Siria mejorar\u00e1, as\u00ed como en su convicci\u00f3n de que est\u00e1 llamada a \u201cquedarse y servir\u201d.<\/p>\n\n\n\n<p>\u201cAqu\u00ed sembramos esperanza\u201d, dice. \u201cSiempre tratamos de levantar el \u00e1nimo de los ni\u00f1os. Tenemos que quedarnos. Somos necesarios\u201d.<\/p>\n\n\n<div class=\"cnewa-connections\">\n  <div class=\"cnewa-connections-heading\">\n    <h2>Conexi\u00f3n CNEWA<\/h2>\n  <\/div>\n  <div class=\"cnewa-connections-content\" style=\"background:#6B4D5E;color:#ffffff\">\n    <p style=\"font-weight: 400;\">Los sirios contin\u00faan reconstruyendo sus vidas m\u00e1s de 10 a\u00f1os despu\u00e9s del inicio de una guerra civil de una d\u00e9cada, un \u00e9xodo masivo, un devastador terremoto en febrero 2023 y una crisis econ\u00f3mica paralizante. A pesar de todo, la iglesia, a trav\u00e9s de sus instituciones, comunidades religiosas y organizaciones de servicio social, ha seguido apoyando a los que se quedan.<\/p>\n<p style=\"font-weight: 400;\">Aunque la poblaci\u00f3n cristiana de Siria es peque\u00f1a, el papel de la iglesia es sustancial. CNEWA apoya a la iglesia en Siria para alimentar y albergar a los desplazados, proporcionar educaci\u00f3n a los ni\u00f1os sirios y refugiados, ofrecer atenci\u00f3n m\u00e9dica a los pobres y vulnerables, y servir como un faro de esperanza para todos.<\/p>\n<p style=\"font-weight: 400;\">Para apoyar este trabajo crucial, llame al 1-800-442-6392 (Estados Unidos) o al 1-866-322-4441 (Canad\u00e1) o visite <a href=\"https:\/\/cnewa.org\/es\/donacion\/\">https:\/\/cnewa.org\/es\/donacion\/<\/a><\/p>\n  <\/div>\n<\/div>\n\n\n<p><em>Lea este art\u00edculo en nuestro formato de impresi\u00f3n digital <a href=\"https:\/\/issuu.com\/cnewa\/docs\/one_magazine_en_espan_ol_enero_2024\/20\">aqu\u00ed<\/a>.<\/em><\/p>\n","protected":false},"excerpt":{"rendered":"<p>Las comunidades religiosas se mantienen firmes en Alepo<\/p>\n","protected":false},"author":70019,"featured_media":4444,"template":"","magazine-issues":[940],"magazine-sections":[143],"class_list":["post-4451","magazine","type-magazine","status-publish","has-post-thumbnail","hentry","magazine-issues-enero-2024","magazine-sections-articulos"],"acf":[],"yoast_head":"<!-- This site is optimized with the Yoast SEO Premium plugin v27.3 (Yoast SEO v27.3) - https:\/\/yoast.com\/product\/yoast-seo-premium-wordpress\/ -->\n<title>Firmemente Plantados | ONE en Espa\u00f1ol<\/title>\n<meta name=\"description\" content=\"El \u00e9xodo de miles de cristianos de Siria no ha afectado el compromiso de los religiosos y religiosas de permanecer en Alepo.\" \/>\n<meta name=\"robots\" content=\"index, follow, max-snippet:-1, max-image-preview:large, max-video-preview:-1\" \/>\n<link rel=\"canonical\" href=\"https:\/\/cnewa.org\/es\/revista\/firmemente-plantados\/\" \/>\n<meta property=\"og:locale\" content=\"es_ES\" \/>\n<meta property=\"og:type\" content=\"article\" \/>\n<meta property=\"og:title\" content=\"Firmemente Plantados | ONE en Espa\u00f1ol\" \/>\n<meta property=\"og:description\" content=\"El \u00e9xodo de miles de cristianos de Siria no ha afectado el compromiso de los religiosos y religiosas de permanecer en Alepo.\" \/>\n<meta property=\"og:url\" content=\"https:\/\/cnewa.org\/es\/revista\/firmemente-plantados\/\" \/>\n<meta property=\"og:site_name\" content=\"CNEWA Espa\u00f1ol\" \/>\n<meta property=\"article:publisher\" content=\"https:\/\/www.facebook.com\/CNEWAenespanol\/\" \/>\n<meta property=\"article:modified_time\" content=\"2025-02-25T20:31:11+00:00\" \/>\n<meta property=\"og:image\" content=\"https:\/\/cnewa.org\/es\/wp-content\/uploads\/sites\/5\/2024\/01\/skaff202310_002H.jpg\" \/>\n\t<meta property=\"og:image:width\" content=\"1800\" \/>\n\t<meta property=\"og:image:height\" content=\"1468\" \/>\n\t<meta property=\"og:image:type\" content=\"image\/jpeg\" \/>\n<meta name=\"twitter:card\" content=\"summary_large_image\" \/>\n<meta name=\"twitter:label1\" content=\"Tiempo de lectura\" \/>\n\t<meta name=\"twitter:data1\" content=\"10 minutos\" \/>\n<script type=\"application\/ld+json\" class=\"yoast-schema-graph\">{\"@context\":\"https:\\\/\\\/schema.org\",\"@graph\":[{\"@type\":\"WebPage\",\"@id\":\"https:\\\/\\\/cnewa.org\\\/es\\\/revista\\\/firmemente-plantados\\\/\",\"url\":\"https:\\\/\\\/cnewa.org\\\/es\\\/revista\\\/firmemente-plantados\\\/\",\"name\":\"Firmemente Plantados | ONE en Espa\u00f1ol\",\"isPartOf\":{\"@id\":\"https:\\\/\\\/cnewa.org\\\/es\\\/#website\"},\"primaryImageOfPage\":{\"@id\":\"https:\\\/\\\/cnewa.org\\\/es\\\/revista\\\/firmemente-plantados\\\/#primaryimage\"},\"image\":{\"@id\":\"https:\\\/\\\/cnewa.org\\\/es\\\/revista\\\/firmemente-plantados\\\/#primaryimage\"},\"thumbnailUrl\":\"https:\\\/\\\/cnewa.org\\\/es\\\/wp-content\\\/uploads\\\/sites\\\/5\\\/2024\\\/01\\\/skaff202310_002H.jpg\",\"datePublished\":\"2024-01-10T17:07:58+00:00\",\"dateModified\":\"2025-02-25T20:31:11+00:00\",\"description\":\"El \u00e9xodo de miles de cristianos de Siria no ha afectado el compromiso de los religiosos y religiosas de permanecer en Alepo.\",\"breadcrumb\":{\"@id\":\"https:\\\/\\\/cnewa.org\\\/es\\\/revista\\\/firmemente-plantados\\\/#breadcrumb\"},\"inLanguage\":\"es\",\"potentialAction\":[{\"@type\":\"ReadAction\",\"target\":[\"https:\\\/\\\/cnewa.org\\\/es\\\/revista\\\/firmemente-plantados\\\/\"]}]},{\"@type\":\"ImageObject\",\"inLanguage\":\"es\",\"@id\":\"https:\\\/\\\/cnewa.org\\\/es\\\/revista\\\/firmemente-plantados\\\/#primaryimage\",\"url\":\"https:\\\/\\\/cnewa.org\\\/es\\\/wp-content\\\/uploads\\\/sites\\\/5\\\/2024\\\/01\\\/skaff202310_002H.jpg\",\"contentUrl\":\"https:\\\/\\\/cnewa.org\\\/es\\\/wp-content\\\/uploads\\\/sites\\\/5\\\/2024\\\/01\\\/skaff202310_002H.jpg\",\"width\":1800,\"height\":1468,\"caption\":\"Religiosas pasean por el barrio cristiano de Alepo. (foto: Raghida Skaff)\"},{\"@type\":\"BreadcrumbList\",\"@id\":\"https:\\\/\\\/cnewa.org\\\/es\\\/revista\\\/firmemente-plantados\\\/#breadcrumb\",\"itemListElement\":[{\"@type\":\"ListItem\",\"position\":1,\"name\":\"Inicio\",\"item\":\"https:\\\/\\\/cnewa.org\\\/es\\\/\"},{\"@type\":\"ListItem\",\"position\":2,\"name\":\"One Magazine\",\"item\":\"https:\\\/\\\/cnewa.org\\\/es\\\/revista\\\/\"},{\"@type\":\"ListItem\",\"position\":3,\"name\":\"Firmemente Plantados\"}]},{\"@type\":\"WebSite\",\"@id\":\"https:\\\/\\\/cnewa.org\\\/es\\\/#website\",\"url\":\"https:\\\/\\\/cnewa.org\\\/es\\\/\",\"name\":\"CNEWA Espa\u00f1ol\",\"description\":\"Asociaci\u00f3n Cat\u00f3lica para el Bienestar del Cercano Oriente\",\"publisher\":{\"@id\":\"https:\\\/\\\/cnewa.org\\\/es\\\/#organization\"},\"potentialAction\":[{\"@type\":\"SearchAction\",\"target\":{\"@type\":\"EntryPoint\",\"urlTemplate\":\"https:\\\/\\\/cnewa.org\\\/es\\\/?s={search_term_string}\"},\"query-input\":{\"@type\":\"PropertyValueSpecification\",\"valueRequired\":true,\"valueName\":\"search_term_string\"}}],\"inLanguage\":\"es\"},{\"@type\":\"Organization\",\"@id\":\"https:\\\/\\\/cnewa.org\\\/es\\\/#organization\",\"name\":\"CNEWA Espa\u00f1ol\",\"alternateName\":\"Asociaci\u00f3n Cat\u00f3lica para el Bienestar del Cercano Oriente\",\"url\":\"https:\\\/\\\/cnewa.org\\\/es\\\/\",\"logo\":{\"@type\":\"ImageObject\",\"inLanguage\":\"es\",\"@id\":\"https:\\\/\\\/cnewa.org\\\/es\\\/#\\\/schema\\\/logo\\\/image\\\/\",\"url\":\"https:\\\/\\\/cnewa.org\\\/es\\\/wp-content\\\/uploads\\\/sites\\\/5\\\/2021\\\/07\\\/CNEWA-brand-logo.png\",\"contentUrl\":\"https:\\\/\\\/cnewa.org\\\/es\\\/wp-content\\\/uploads\\\/sites\\\/5\\\/2021\\\/07\\\/CNEWA-brand-logo.png\",\"width\":1000,\"height\":1000,\"caption\":\"CNEWA Espa\u00f1ol\"},\"image\":{\"@id\":\"https:\\\/\\\/cnewa.org\\\/es\\\/#\\\/schema\\\/logo\\\/image\\\/\"},\"sameAs\":[\"https:\\\/\\\/www.facebook.com\\\/CNEWAenespanol\\\/\",\"https:\\\/\\\/www.instagram.com\\\/cnewa1926\\\/\",\"https:\\\/\\\/www.youtube.com\\\/user\\\/TheCNEWA\"]}]}<\/script>\n<!-- \/ Yoast SEO Premium plugin. -->","yoast_head_json":{"title":"Firmemente Plantados | ONE en Espa\u00f1ol","description":"El \u00e9xodo de miles de cristianos de Siria no ha afectado el compromiso de los religiosos y religiosas de permanecer en Alepo.","robots":{"index":"index","follow":"follow","max-snippet":"max-snippet:-1","max-image-preview":"max-image-preview:large","max-video-preview":"max-video-preview:-1"},"canonical":"https:\/\/cnewa.org\/es\/revista\/firmemente-plantados\/","og_locale":"es_ES","og_type":"article","og_title":"Firmemente Plantados | ONE en Espa\u00f1ol","og_description":"El \u00e9xodo de miles de cristianos de Siria no ha afectado el compromiso de los religiosos y religiosas de permanecer en Alepo.","og_url":"https:\/\/cnewa.org\/es\/revista\/firmemente-plantados\/","og_site_name":"CNEWA Espa\u00f1ol","article_publisher":"https:\/\/www.facebook.com\/CNEWAenespanol\/","article_modified_time":"2025-02-25T20:31:11+00:00","og_image":[{"width":1800,"height":1468,"url":"https:\/\/cnewa.org\/es\/wp-content\/uploads\/sites\/5\/2024\/01\/skaff202310_002H.jpg","type":"image\/jpeg"}],"twitter_card":"summary_large_image","twitter_misc":{"Tiempo de lectura":"10 minutos"},"schema":{"@context":"https:\/\/schema.org","@graph":[{"@type":"WebPage","@id":"https:\/\/cnewa.org\/es\/revista\/firmemente-plantados\/","url":"https:\/\/cnewa.org\/es\/revista\/firmemente-plantados\/","name":"Firmemente Plantados | ONE en Espa\u00f1ol","isPartOf":{"@id":"https:\/\/cnewa.org\/es\/#website"},"primaryImageOfPage":{"@id":"https:\/\/cnewa.org\/es\/revista\/firmemente-plantados\/#primaryimage"},"image":{"@id":"https:\/\/cnewa.org\/es\/revista\/firmemente-plantados\/#primaryimage"},"thumbnailUrl":"https:\/\/cnewa.org\/es\/wp-content\/uploads\/sites\/5\/2024\/01\/skaff202310_002H.jpg","datePublished":"2024-01-10T17:07:58+00:00","dateModified":"2025-02-25T20:31:11+00:00","description":"El \u00e9xodo de miles de cristianos de Siria no ha afectado el compromiso de los religiosos y religiosas de permanecer en Alepo.","breadcrumb":{"@id":"https:\/\/cnewa.org\/es\/revista\/firmemente-plantados\/#breadcrumb"},"inLanguage":"es","potentialAction":[{"@type":"ReadAction","target":["https:\/\/cnewa.org\/es\/revista\/firmemente-plantados\/"]}]},{"@type":"ImageObject","inLanguage":"es","@id":"https:\/\/cnewa.org\/es\/revista\/firmemente-plantados\/#primaryimage","url":"https:\/\/cnewa.org\/es\/wp-content\/uploads\/sites\/5\/2024\/01\/skaff202310_002H.jpg","contentUrl":"https:\/\/cnewa.org\/es\/wp-content\/uploads\/sites\/5\/2024\/01\/skaff202310_002H.jpg","width":1800,"height":1468,"caption":"Religiosas pasean por el barrio cristiano de Alepo. (foto: Raghida Skaff)"},{"@type":"BreadcrumbList","@id":"https:\/\/cnewa.org\/es\/revista\/firmemente-plantados\/#breadcrumb","itemListElement":[{"@type":"ListItem","position":1,"name":"Inicio","item":"https:\/\/cnewa.org\/es\/"},{"@type":"ListItem","position":2,"name":"One Magazine","item":"https:\/\/cnewa.org\/es\/revista\/"},{"@type":"ListItem","position":3,"name":"Firmemente Plantados"}]},{"@type":"WebSite","@id":"https:\/\/cnewa.org\/es\/#website","url":"https:\/\/cnewa.org\/es\/","name":"CNEWA Espa\u00f1ol","description":"Asociaci\u00f3n Cat\u00f3lica para el Bienestar del Cercano Oriente","publisher":{"@id":"https:\/\/cnewa.org\/es\/#organization"},"potentialAction":[{"@type":"SearchAction","target":{"@type":"EntryPoint","urlTemplate":"https:\/\/cnewa.org\/es\/?s={search_term_string}"},"query-input":{"@type":"PropertyValueSpecification","valueRequired":true,"valueName":"search_term_string"}}],"inLanguage":"es"},{"@type":"Organization","@id":"https:\/\/cnewa.org\/es\/#organization","name":"CNEWA Espa\u00f1ol","alternateName":"Asociaci\u00f3n Cat\u00f3lica para el Bienestar del Cercano Oriente","url":"https:\/\/cnewa.org\/es\/","logo":{"@type":"ImageObject","inLanguage":"es","@id":"https:\/\/cnewa.org\/es\/#\/schema\/logo\/image\/","url":"https:\/\/cnewa.org\/es\/wp-content\/uploads\/sites\/5\/2021\/07\/CNEWA-brand-logo.png","contentUrl":"https:\/\/cnewa.org\/es\/wp-content\/uploads\/sites\/5\/2021\/07\/CNEWA-brand-logo.png","width":1000,"height":1000,"caption":"CNEWA Espa\u00f1ol"},"image":{"@id":"https:\/\/cnewa.org\/es\/#\/schema\/logo\/image\/"},"sameAs":["https:\/\/www.facebook.com\/CNEWAenespanol\/","https:\/\/www.instagram.com\/cnewa1926\/","https:\/\/www.youtube.com\/user\/TheCNEWA"]}]}},"_links":{"self":[{"href":"https:\/\/cnewa.org\/es\/wp-json\/wp\/v2\/magazine\/4451","targetHints":{"allow":["GET"]}}],"collection":[{"href":"https:\/\/cnewa.org\/es\/wp-json\/wp\/v2\/magazine"}],"about":[{"href":"https:\/\/cnewa.org\/es\/wp-json\/wp\/v2\/types\/magazine"}],"author":[{"embeddable":true,"href":"https:\/\/cnewa.org\/es\/wp-json\/wp\/v2\/users\/70019"}],"version-history":[{"count":1,"href":"https:\/\/cnewa.org\/es\/wp-json\/wp\/v2\/magazine\/4451\/revisions"}],"predecessor-version":[{"id":6319,"href":"https:\/\/cnewa.org\/es\/wp-json\/wp\/v2\/magazine\/4451\/revisions\/6319"}],"wp:featuredmedia":[{"embeddable":true,"href":"https:\/\/cnewa.org\/es\/wp-json\/wp\/v2\/media\/4444"}],"wp:attachment":[{"href":"https:\/\/cnewa.org\/es\/wp-json\/wp\/v2\/media?parent=4451"}],"wp:term":[{"taxonomy":"magazine-issues","embeddable":true,"href":"https:\/\/cnewa.org\/es\/wp-json\/wp\/v2\/magazine-issues?post=4451"},{"taxonomy":"magazine-sections","embeddable":true,"href":"https:\/\/cnewa.org\/es\/wp-json\/wp\/v2\/magazine-sections?post=4451"}],"curies":[{"name":"wp","href":"https:\/\/api.w.org\/{rel}","templated":true}]}}