{"id":4452,"date":"2024-01-10T12:08:14","date_gmt":"2024-01-10T17:08:14","guid":{"rendered":"https:\/\/cnewa.org\/es\/?post_type=magazine&#038;p=4452"},"modified":"2024-01-12T14:50:27","modified_gmt":"2024-01-12T19:50:27","slug":"una-carta-desde-tierra-santa","status":"publish","type":"magazine","link":"https:\/\/cnewa.org\/es\/revista\/una-carta-desde-tierra-santa\/","title":{"rendered":"Una Carta Desde Tierra Santa"},"content":{"rendered":"\n<p><em>Nota de los directores: El Papa P\u00edo XII fund\u00f3 la Misi\u00f3n Pontificia para Palestina en 1949 para coordinar la ayuda cat\u00f3lica mundial para los refugiados que hu\u00edan del primer conflicto \u00e1rabe-israel\u00ed. Confi\u00f3 su administraci\u00f3n a CNEWA. A medida que crec\u00edan los conflictos en el Medio Oriente, tambi\u00e9n la misi\u00f3n de este grupo de trabajo \u00fanico de la Santa Sede, que hoy funciona como la agencia operativa de CNEWA en el Medio Oriente con equipos regionales en Amm\u00e1n, Beirut y Jerusal\u00e9n. Siempre, CNEWA-Misi\u00f3n Pontificia trabaja a trav\u00e9s de las iglesias locales, respondiendo a las emergencias, \u2014enviando necesidades b\u00e1sicas de la vida, como agua, alimentos y medicinas\u2014 apoyando programas de educaci\u00f3n y formaci\u00f3n, cuidado de salud y otros servicios sociales y, en una regi\u00f3n acosada por crisis, asesoramiento postraum\u00e1tico.<\/em><\/p>\n\n\n\n<p class=\"has-drop-cap\">Durante muchos a\u00f1os, tanto en mis relaciones personales como en mi calidad de director regional de la oficina de Jerusal\u00e9n de CNEWA-Misi\u00f3n Pontificia, he promovido, especialmente entre los j\u00f3venes, la importancia de permanecer firmes en nuestra patria, la tierra de Jes\u00fas.<\/p>\n\n\n\n<p>Anim\u00e9 a mis tres hijos a estudiar materias en universidades locales que fueran \u00fatiles para la econom\u00eda local y les permitieran construir un futuro para s\u00ed mismos en la tierra que nosotros, como cristianos, hemos llamado \u201chogar\u201d durante unos 2.000 a\u00f1os.<\/p>\n\n\n\n<p>En los encuentros con los grupos de j\u00f3venes, los animo a conocer mejor la historia de la comunidad cristiana en Tierra Santa, en particular los primeros siete siglos de la era cristiana. Cuando me di cuenta que no hab\u00eda suficiente informaci\u00f3n en \u00e1rabe sobre este per\u00edodo, comenc\u00e9 a traducir un libro, publicarlo en las redes sociales y organizar un taller, lo que result\u00f3 en el primer libro publicado en \u00e1rabe sobre la historia de la \u201cPalestina cristiana\u201d. Se est\u00e1 preparando otro libro sobre este tema.<\/p>\n\n\n\n<figure class=\"wp-block-image size-large\"><img loading=\"lazy\" decoding=\"async\" width=\"683\" height=\"1024\" src=\"https:\/\/cnewa.org\/es\/wp-content\/uploads\/sites\/5\/2024\/01\/jaraiseh202207_011H-683x1024.jpg\" alt=\"\" class=\"wp-image-4445\" srcset=\"https:\/\/cnewa.org\/es\/wp-content\/uploads\/sites\/5\/2024\/01\/jaraiseh202207_011H-683x1024.jpg 683w, https:\/\/cnewa.org\/es\/wp-content\/uploads\/sites\/5\/2024\/01\/jaraiseh202207_011H-200x300.jpg 200w, https:\/\/cnewa.org\/es\/wp-content\/uploads\/sites\/5\/2024\/01\/jaraiseh202207_011H-768x1152.jpg 768w, https:\/\/cnewa.org\/es\/wp-content\/uploads\/sites\/5\/2024\/01\/jaraiseh202207_011H-1600x2400.jpg 1600w, https:\/\/cnewa.org\/es\/wp-content\/uploads\/sites\/5\/2024\/01\/jaraiseh202207_011H-1024x1536.jpg 1024w, https:\/\/cnewa.org\/es\/wp-content\/uploads\/sites\/5\/2024\/01\/jaraiseh202207_011H-1365x2048.jpg 1365w, https:\/\/cnewa.org\/es\/wp-content\/uploads\/sites\/5\/2024\/01\/jaraiseh202207_011H-scaled.jpg 1707w\" sizes=\"auto, (max-width: 683px) 100vw, 683px\" \/><figcaption class=\"wp-element-caption\">Joseph Hazboun, segundo de la derecha, se arrodilla ante la piedra de la unci\u00f3n en la Iglesia del Santo Sepulcro en Jerusal\u00e9n. (foto: George Jaraiseh)<\/figcaption><\/figure>\n\n\n\n<p>Cuando mi esposa o mis hijos hablaban de buscar posibilidades en el extranjero, mi respuesta siempre fue: \u201cDe ninguna manera. La vida en nuestra patria es hermosa. Los desaf\u00edos existen en todas partes\u201d.<\/p>\n\n\n\n<p>Cuando visitantes o benefactores me preguntan sobre la amenaza persistente de la migraci\u00f3n para la comunidad cristiana, siempre he respondido que no creo en las predicciones sobre la salida de los cristianos de Tierra Santa o de que las iglesias se convertir\u00e1n en museos. Siempre he insistido en que al menos mi familia y yo nos quedaremos.<\/p>\n\n\n\n<figure class=\"wp-block-pullquote\"><blockquote><p>\u00abDios observa estas tragedias con un coraz\u00f3n apesadumbrado y compasivo\u00bb.<\/p><\/blockquote><\/figure>\n\n\n\n<p>Pero, desde el horrible ataque de Hamas a Israel el 7 de octubre y la respuesta de Israel con un ataque militar intransigente contra Gaza, he luchado con dos cuestiones principales: la primera es c\u00f3mo se puede llevar consuelo a las familias y amigos que han perdido a sus seres queridos; la segunda es mi posici\u00f3n de mantenerme firme frente al alto precio que se est\u00e1 pagando.<\/p>\n\n\n\n<p>A mediados de octubre, uno de nuestros asistentes de proyecto en Gaza, Sami, y otros j\u00f3venes l\u00edderes comunitarios realizaban un trabajo heroico para ayudar a las 900 personas que se refugiaban en la Iglesia de San Porfirio y la Iglesia de la Sagrada Familia.<\/p>\n\n\n\n<figure class=\"wp-block-image size-large\"><img loading=\"lazy\" decoding=\"async\" width=\"1024\" height=\"683\" src=\"https:\/\/cnewa.org\/es\/wp-content\/uploads\/sites\/5\/2024\/01\/GettyImages-1734339415-1024x683.jpg\" alt=\"Fotograf\u00edas de ni\u00f1os en medio de escombros.\" class=\"wp-image-4446\" srcset=\"https:\/\/cnewa.org\/es\/wp-content\/uploads\/sites\/5\/2024\/01\/GettyImages-1734339415-1024x683.jpg 1024w, https:\/\/cnewa.org\/es\/wp-content\/uploads\/sites\/5\/2024\/01\/GettyImages-1734339415-300x200.jpg 300w, https:\/\/cnewa.org\/es\/wp-content\/uploads\/sites\/5\/2024\/01\/GettyImages-1734339415-768x512.jpg 768w, https:\/\/cnewa.org\/es\/wp-content\/uploads\/sites\/5\/2024\/01\/GettyImages-1734339415-1600x1067.jpg 1600w, https:\/\/cnewa.org\/es\/wp-content\/uploads\/sites\/5\/2024\/01\/GettyImages-1734339415-1536x1024.jpg 1536w, https:\/\/cnewa.org\/es\/wp-content\/uploads\/sites\/5\/2024\/01\/GettyImages-1734339415.jpg 1800w\" sizes=\"auto, (max-width: 1024px) 100vw, 1024px\" \/><figcaption class=\"wp-element-caption\">Escombros del edificio que se derrumb\u00f3 en el recinto de la Iglesia de San Porfirio en Gaza. (foto: Ali Jadallah\/Anadolu via Getty Images)<\/figcaption><\/figure>\n\n\n\n<p>Recuerdo que, mientras trat\u00e1bamos de imaginar cu\u00e1l ser\u00eda la situaci\u00f3n al final de esta guerra, le dije a Sami: \u201cSi la mayor\u00eda decide abandonar Gaza para siempre, no puedo culparlos. Pero al menos t\u00fa, Rami y George [otros dos colegas] deben quedarse para reconstruirlo\u201d.<\/p>\n\n\n\n<p>Pero, con la devastaci\u00f3n en curso, el n\u00famero de vidas perdidas, el bombardeo del Hospital \u00c1rabe Al Ahli y el Centro Cultural \u00c1rabe Ortodoxo, he comenzado a tener dudas en lo profundo de mi alma.<\/p>\n\n\n\n<p>La noche del 19 de octubre ser\u00e1 inolvidable: un edificio de la Iglesia de San Porfirio se derrumb\u00f3 bajo el fuego, matando a 17 cristianos, incluyendo a los padres de Sami y su sobrina de 6 meses. Nunca olvidar\u00e9 la voz temblorosa de Sami cuando lo llam\u00e9 mientras \u00e9l trataba de encontrar a sus padres.<\/p>\n\n\n\n<p>\u201cNo, no estamos bien\u201d, dijo. \u201cMi madre est\u00e1 muerta y no puedo encontrar a mi padre\u201d.<\/p>\n\n\n\n<p>Cuando colgamos, llam\u00e9 a Rami.&nbsp;<\/p>\n\n\n\n<p>\u201cLa situaci\u00f3n es tr\u00e1gica, hay personas muertas y otras bajo los escombros\u201d, dijo.<\/p>\n\n\n\n<p>Mi familia y yo tambi\u00e9n est\u00e1bamos conmocionados en casa, sin saber qu\u00e9 hacer. Los acontecimientos han afectado dram\u00e1ticamente a mi familia. Mis dos hijas han formado parte del proyecto \u201cNo Somos N\u00fameros\u201d organizado en Gaza. Nunca han estado en Gaza, pero este programa, cuyo objetivo es poner un rostro y una historia a los nombres de los j\u00f3venes de Gaza, ha fomentado las relaciones con sus compa\u00f1eros de all\u00ed. Layal, mi hija mayor, ha estado en contacto diario con Maram, una chica de Gaza, y con otros amigos.<\/p>\n\n\n\n<p>\u201cHoy hubo un intenso bombardeo\u201d, escribe Maram. \u201cHoy, la familia de mi t\u00edo se mud\u00f3 aqu\u00ed, pues perdieron su casa&#8230; Hoy, los bombardeos est\u00e1n m\u00e1s cerca y son m\u00e1s intensos, as\u00ed que todos nos fuimos a Khan Younis, al sur, a casa de familiares, es m\u00e1s seguro all\u00ed\u201d.<\/p>\n\n\n\n<p>Hace un par de a\u00f1os, mi esposa se hizo amiga en las redes sociales de Ali, un hombre con discapacidades f\u00edsicas del barrio de Zeitoun en Gaza. Ella recibi\u00f3 mensajes de \u00e9l mientras trataba de mantenerse a salvo del bombardeo. Mientras escribo esta carta, han pasado dos d\u00edas desde la \u00faltima vez que supo de \u00e9l.&nbsp;<\/p>\n\n\n\n<p class=\"has-drop-cap\">Como cat\u00f3lico comprometido, creo que Dios observa estas tragedias con un coraz\u00f3n apesadumbrado y compasivo. S\u00ed, es dif\u00edcil sentir su presencia en estos tiempos dif\u00edciles. Es f\u00e1cil caer en la sensaci\u00f3n de que nuestras oraciones son en vano. Es f\u00e1cil en momentos como estos caer en la tentaci\u00f3n de culpar a Dios.<\/p>\n\n\n\n<p>Entonces recuerdo que el salmista tambi\u00e9n se sinti\u00f3 como nosotros hoy: \u201c\u00bfPor qu\u00e9 te quedas lejos, Se\u00f1or, y te ocultas en los momentos de peligro? El pobre se consume por la soberbia del malvado y queda envuelto en las intrigas tramadas contra \u00e9l\u201d (Sal 10,1-2). Se parece mucho a mi queja de hoy. Por eso, en lo m\u00e1s profundo de mi ser, s\u00e9 no es el final; Dios nunca ha abandonado a su pueblo, y nunca lo har\u00e1.<\/p>\n\n\n\n<figure class=\"wp-block-image size-large\"><img loading=\"lazy\" decoding=\"async\" width=\"1024\" height=\"768\" src=\"https:\/\/cnewa.org\/es\/wp-content\/uploads\/sites\/5\/2024\/01\/cnewaJerusalem202310_007H-1024x768.jpg\" alt=\"Voluntaries reparten colchones a personas en Gaza.\" class=\"wp-image-4447\" srcset=\"https:\/\/cnewa.org\/es\/wp-content\/uploads\/sites\/5\/2024\/01\/cnewaJerusalem202310_007H-1024x768.jpg 1024w, https:\/\/cnewa.org\/es\/wp-content\/uploads\/sites\/5\/2024\/01\/cnewaJerusalem202310_007H-300x225.jpg 300w, https:\/\/cnewa.org\/es\/wp-content\/uploads\/sites\/5\/2024\/01\/cnewaJerusalem202310_007H-768x576.jpg 768w, https:\/\/cnewa.org\/es\/wp-content\/uploads\/sites\/5\/2024\/01\/cnewaJerusalem202310_007H-1600x1200.jpg 1600w, https:\/\/cnewa.org\/es\/wp-content\/uploads\/sites\/5\/2024\/01\/cnewaJerusalem202310_007H-1536x1152.jpg 1536w, https:\/\/cnewa.org\/es\/wp-content\/uploads\/sites\/5\/2024\/01\/cnewaJerusalem202310_007H.jpg 1800w\" sizes=\"auto, (max-width: 1024px) 100vw, 1024px\" \/><figcaption class=\"wp-element-caption\">Trabajadores humanitarios, apoyados por CNEWA-Misi\u00f3n Pontificia, distribuyen colchones a personas que buscan refugio en el recinto de la Iglesia de San Porfirio en Gaza a mediados de octubre. El edificio del fondo, que serv\u00eda como cuartel de la Tropa Scout, se derrumb\u00f3 bajo fuego el 19 de octubre, matando a 17 personas. <\/figcaption><\/figure>\n\n\n\n<p>Nuestro Se\u00f1or ya ha recorrido el camino que recorremos hoy, fue perseguido, torturado y ejecutado. Cuando nosotros mismos enfrentamos tribulaciones, sabemos de primera mano lo dif\u00edcil y tr\u00e1gico que es ver a las personas perder todas sus pertenencias o morir.<\/p>\n\n\n\n<p>El Evangelio es un mensaje para cada creyente, en todas partes y en todo momento. Las palabras del Evangelio de Mateo, \u201cUstedes oir\u00e1n hablar de guerras&#8230; se levantar\u00e1 naci\u00f3n contra naci\u00f3n, y reino contra reino; habr\u00e1 hambrunas y terremotos&#8230; ser\u00e1n entregados a la tribulaci\u00f3n y a la muerte\u201d (24,6-9), no son relatos de hechos pasados. Es un mensaje para nosotros hoy.<\/p>\n\n\n\n<figure class=\"wp-block-pullquote\"><blockquote><p>\u00abAhora es el momento \u2026 de mantenernos erguidos, de sacar fuerzas de nuestra fe enraizada, y de nuestras certezas y creencias, para que podamos difundir el coraje y esperanza\u00bb.<\/p><\/blockquote><\/figure>\n\n\n\n<p>Ahora es momento de mostrar nuestra fe en el Evangelio, de mantenernos erguidos, de sacar fuerzas de nuestra fe enraizada, y de nuestras certezas y creencias, para que podamos difundir coraje y esperanza. S\u00ed, es doloroso, costoso, espantoso.<\/p>\n\n\n\n<p>Hace solo unos meses, le\u00ed el libro del siglo IV de San Eusebio, \u201cLos M\u00e1rtires de Palestina\u201d. Lo que ayud\u00f3 a los m\u00e1rtires cristianos de Jerusal\u00e9n y Palestina a soportar la persecuci\u00f3n y ofrecer sus vidas por su fe debe guiarnos y seguir gui\u00e1ndonos y fortaleci\u00e9ndonos hoy.<\/p>\n\n\n\n<figure class=\"wp-block-image size-large\"><img loading=\"lazy\" decoding=\"async\" width=\"1024\" height=\"851\" src=\"https:\/\/cnewa.org\/es\/wp-content\/uploads\/sites\/5\/2024\/01\/20231017T1730-ISRAEL-GAZA-PEACE-PRAYERS-DAY-1767252-1024x851.jpg\" alt=\"\" class=\"wp-image-4448\" srcset=\"https:\/\/cnewa.org\/es\/wp-content\/uploads\/sites\/5\/2024\/01\/20231017T1730-ISRAEL-GAZA-PEACE-PRAYERS-DAY-1767252-1024x851.jpg 1024w, https:\/\/cnewa.org\/es\/wp-content\/uploads\/sites\/5\/2024\/01\/20231017T1730-ISRAEL-GAZA-PEACE-PRAYERS-DAY-1767252-300x249.jpg 300w, https:\/\/cnewa.org\/es\/wp-content\/uploads\/sites\/5\/2024\/01\/20231017T1730-ISRAEL-GAZA-PEACE-PRAYERS-DAY-1767252-768x638.jpg 768w, https:\/\/cnewa.org\/es\/wp-content\/uploads\/sites\/5\/2024\/01\/20231017T1730-ISRAEL-GAZA-PEACE-PRAYERS-DAY-1767252-1600x1330.jpg 1600w, https:\/\/cnewa.org\/es\/wp-content\/uploads\/sites\/5\/2024\/01\/20231017T1730-ISRAEL-GAZA-PEACE-PRAYERS-DAY-1767252-1536x1277.jpg 1536w, https:\/\/cnewa.org\/es\/wp-content\/uploads\/sites\/5\/2024\/01\/20231017T1730-ISRAEL-GAZA-PEACE-PRAYERS-DAY-1767252.jpg 1800w\" sizes=\"auto, (max-width: 1024px) 100vw, 1024px\" \/><figcaption class=\"wp-element-caption\">Franciscanos participan en la Jornada de Oraci\u00f3n y Ayuno por la Paz en el Monasterio de San Salvador de Jerusal\u00e9n, el 17 de octubre. (foto: OSV News\/Debbie Hill)<\/figcaption><\/figure>\n\n\n\n<p>Estas son las poderosas palabras de nuestro Se\u00f1or Jesucristo: \u201cLes digo esto para que encuentren la paz en m\u00ed. En el mundo tendr\u00e1n que sufrir; pero tengan valor: yo he vencido al mundo\u201d (Juan 16,33).<\/p>\n\n\n\n<p>\u00bfDe qu\u00e9 sirve la fe, si no sacamos fuerzas de ella cuando la necesitamos desesperadamente?<\/p>\n\n\n\n<p>Para concluir, repetir\u00e9 lo que he dicho una y otra vez: a aquellos \u201cremanentes\u201d, como los llama Isa\u00edas, que opten permanecer firmes y crean que tienen un futuro en su patria, la patria de Jes\u00fas, los alentaremos y apoyaremos. A los que opten irse, buscando un lugar sin conflictos ni derramamiento de sangre, que Dios los bendiga y les conceda la paz donde quiera que vayan.<\/p>\n\n\n\n<p><em>Lea este art\u00edculo en nuestro formato de impresi\u00f3n digital <a href=\"https:\/\/issuu.com\/cnewa\/docs\/one_magazine_en_espan_ol_enero_2024\/14\">aqu\u00ed<\/a>.<\/em><\/p>\n","protected":false},"excerpt":{"rendered":"<p>Nota de los directores: El Papa P\u00edo XII fund\u00f3 la Misi\u00f3n Pontificia para Palestina en 1949 para coordinar la ayuda cat\u00f3lica mundial para los refugiados que hu\u00edan del primer conflicto \u00e1rabe-israel\u00ed. Confi\u00f3 su administraci\u00f3n a CNEWA. A medida que crec\u00edan los conflictos en el Medio Oriente, tambi\u00e9n la misi\u00f3n de este grupo de trabajo \u00fanico &hellip; <a href=\"https:\/\/cnewa.org\/es\/revista\/una-carta-desde-tierra-santa\/\">Continued<\/a><\/p>\n","protected":false},"author":70019,"featured_media":4449,"template":"","magazine-issues":[940],"magazine-sections":[143],"class_list":["post-4452","magazine","type-magazine","status-publish","has-post-thumbnail","hentry","magazine-issues-enero-2024","magazine-sections-articulos"],"acf":[],"yoast_head":"<!-- This site is optimized with the Yoast SEO Premium plugin v27.3 (Yoast SEO v27.3) - https:\/\/yoast.com\/product\/yoast-seo-premium-wordpress\/ -->\n<title>Una Carta Desde Tierra Santa | ONE en Espa\u00f1ol<\/title>\n<meta name=\"description\" content=\"Director regional de CNEWA en la oficina de Jerusal\u00e9n comparte su relato personal sobre la situaci\u00f3n por la guerra entre Israel y Hamas.\" \/>\n<meta name=\"robots\" content=\"index, follow, max-snippet:-1, max-image-preview:large, max-video-preview:-1\" \/>\n<link rel=\"canonical\" href=\"https:\/\/cnewa.org\/es\/revista\/una-carta-desde-tierra-santa\/\" \/>\n<meta property=\"og:locale\" content=\"es_ES\" \/>\n<meta property=\"og:type\" content=\"article\" \/>\n<meta property=\"og:title\" content=\"Una Carta Desde Tierra Santa | ONE en Espa\u00f1ol\" \/>\n<meta property=\"og:description\" content=\"Director regional de CNEWA en la oficina de Jerusal\u00e9n comparte su relato personal sobre la situaci\u00f3n por la guerra entre Israel y Hamas.\" \/>\n<meta property=\"og:url\" content=\"https:\/\/cnewa.org\/es\/revista\/una-carta-desde-tierra-santa\/\" \/>\n<meta property=\"og:site_name\" content=\"CNEWA Espa\u00f1ol\" \/>\n<meta property=\"article:publisher\" content=\"https:\/\/www.facebook.com\/CNEWAenespanol\/\" \/>\n<meta property=\"article:modified_time\" content=\"2024-01-12T19:50:27+00:00\" \/>\n<meta property=\"og:image\" content=\"https:\/\/cnewa.org\/es\/wp-content\/uploads\/sites\/5\/2024\/01\/20231010T1450-HAMAS-ISRAEL-DAY4-1766786.jpg\" \/>\n\t<meta property=\"og:image:width\" content=\"1800\" \/>\n\t<meta property=\"og:image:height\" content=\"1472\" \/>\n\t<meta property=\"og:image:type\" content=\"image\/jpeg\" \/>\n<meta name=\"twitter:card\" content=\"summary_large_image\" \/>\n<meta name=\"twitter:label1\" content=\"Tiempo de lectura\" \/>\n\t<meta name=\"twitter:data1\" content=\"8 minutos\" \/>\n<script type=\"application\/ld+json\" class=\"yoast-schema-graph\">{\"@context\":\"https:\\\/\\\/schema.org\",\"@graph\":[{\"@type\":\"WebPage\",\"@id\":\"https:\\\/\\\/cnewa.org\\\/es\\\/revista\\\/una-carta-desde-tierra-santa\\\/\",\"url\":\"https:\\\/\\\/cnewa.org\\\/es\\\/revista\\\/una-carta-desde-tierra-santa\\\/\",\"name\":\"Una Carta Desde Tierra Santa | ONE en Espa\u00f1ol\",\"isPartOf\":{\"@id\":\"https:\\\/\\\/cnewa.org\\\/es\\\/#website\"},\"primaryImageOfPage\":{\"@id\":\"https:\\\/\\\/cnewa.org\\\/es\\\/revista\\\/una-carta-desde-tierra-santa\\\/#primaryimage\"},\"image\":{\"@id\":\"https:\\\/\\\/cnewa.org\\\/es\\\/revista\\\/una-carta-desde-tierra-santa\\\/#primaryimage\"},\"thumbnailUrl\":\"https:\\\/\\\/cnewa.org\\\/es\\\/wp-content\\\/uploads\\\/sites\\\/5\\\/2024\\\/01\\\/20231010T1450-HAMAS-ISRAEL-DAY4-1766786.jpg\",\"datePublished\":\"2024-01-10T17:08:14+00:00\",\"dateModified\":\"2024-01-12T19:50:27+00:00\",\"description\":\"Director regional de CNEWA en la oficina de Jerusal\u00e9n comparte su relato personal sobre la situaci\u00f3n por la guerra entre Israel y Hamas.\",\"breadcrumb\":{\"@id\":\"https:\\\/\\\/cnewa.org\\\/es\\\/revista\\\/una-carta-desde-tierra-santa\\\/#breadcrumb\"},\"inLanguage\":\"es\",\"potentialAction\":[{\"@type\":\"ReadAction\",\"target\":[\"https:\\\/\\\/cnewa.org\\\/es\\\/revista\\\/una-carta-desde-tierra-santa\\\/\"]}]},{\"@type\":\"ImageObject\",\"inLanguage\":\"es\",\"@id\":\"https:\\\/\\\/cnewa.org\\\/es\\\/revista\\\/una-carta-desde-tierra-santa\\\/#primaryimage\",\"url\":\"https:\\\/\\\/cnewa.org\\\/es\\\/wp-content\\\/uploads\\\/sites\\\/5\\\/2024\\\/01\\\/20231010T1450-HAMAS-ISRAEL-DAY4-1766786.jpg\",\"contentUrl\":\"https:\\\/\\\/cnewa.org\\\/es\\\/wp-content\\\/uploads\\\/sites\\\/5\\\/2024\\\/01\\\/20231010T1450-HAMAS-ISRAEL-DAY4-1766786.jpg\",\"width\":1800,\"height\":1472,\"caption\":\"Una peregrina reza en las escalinatas de la Iglesia del Santo Sepulcro en Jerusal\u00e9n el 10 de octubre, despu\u00e9s de que estallara la guerra entre Israel y Hamas. (foto: OSV News photo\\\/Debbie Hill)\"},{\"@type\":\"BreadcrumbList\",\"@id\":\"https:\\\/\\\/cnewa.org\\\/es\\\/revista\\\/una-carta-desde-tierra-santa\\\/#breadcrumb\",\"itemListElement\":[{\"@type\":\"ListItem\",\"position\":1,\"name\":\"Inicio\",\"item\":\"https:\\\/\\\/cnewa.org\\\/es\\\/\"},{\"@type\":\"ListItem\",\"position\":2,\"name\":\"One Magazine\",\"item\":\"https:\\\/\\\/cnewa.org\\\/es\\\/revista\\\/\"},{\"@type\":\"ListItem\",\"position\":3,\"name\":\"Una Carta Desde Tierra Santa\"}]},{\"@type\":\"WebSite\",\"@id\":\"https:\\\/\\\/cnewa.org\\\/es\\\/#website\",\"url\":\"https:\\\/\\\/cnewa.org\\\/es\\\/\",\"name\":\"CNEWA Espa\u00f1ol\",\"description\":\"Asociaci\u00f3n Cat\u00f3lica para el Bienestar del Cercano Oriente\",\"publisher\":{\"@id\":\"https:\\\/\\\/cnewa.org\\\/es\\\/#organization\"},\"potentialAction\":[{\"@type\":\"SearchAction\",\"target\":{\"@type\":\"EntryPoint\",\"urlTemplate\":\"https:\\\/\\\/cnewa.org\\\/es\\\/?s={search_term_string}\"},\"query-input\":{\"@type\":\"PropertyValueSpecification\",\"valueRequired\":true,\"valueName\":\"search_term_string\"}}],\"inLanguage\":\"es\"},{\"@type\":\"Organization\",\"@id\":\"https:\\\/\\\/cnewa.org\\\/es\\\/#organization\",\"name\":\"CNEWA Espa\u00f1ol\",\"alternateName\":\"Asociaci\u00f3n Cat\u00f3lica para el Bienestar del Cercano Oriente\",\"url\":\"https:\\\/\\\/cnewa.org\\\/es\\\/\",\"logo\":{\"@type\":\"ImageObject\",\"inLanguage\":\"es\",\"@id\":\"https:\\\/\\\/cnewa.org\\\/es\\\/#\\\/schema\\\/logo\\\/image\\\/\",\"url\":\"https:\\\/\\\/cnewa.org\\\/es\\\/wp-content\\\/uploads\\\/sites\\\/5\\\/2021\\\/07\\\/CNEWA-brand-logo.png\",\"contentUrl\":\"https:\\\/\\\/cnewa.org\\\/es\\\/wp-content\\\/uploads\\\/sites\\\/5\\\/2021\\\/07\\\/CNEWA-brand-logo.png\",\"width\":1000,\"height\":1000,\"caption\":\"CNEWA Espa\u00f1ol\"},\"image\":{\"@id\":\"https:\\\/\\\/cnewa.org\\\/es\\\/#\\\/schema\\\/logo\\\/image\\\/\"},\"sameAs\":[\"https:\\\/\\\/www.facebook.com\\\/CNEWAenespanol\\\/\",\"https:\\\/\\\/www.instagram.com\\\/cnewa1926\\\/\",\"https:\\\/\\\/www.youtube.com\\\/user\\\/TheCNEWA\"]}]}<\/script>\n<!-- \/ Yoast SEO Premium plugin. -->","yoast_head_json":{"title":"Una Carta Desde Tierra Santa | ONE en Espa\u00f1ol","description":"Director regional de CNEWA en la oficina de Jerusal\u00e9n comparte su relato personal sobre la situaci\u00f3n por la guerra entre Israel y Hamas.","robots":{"index":"index","follow":"follow","max-snippet":"max-snippet:-1","max-image-preview":"max-image-preview:large","max-video-preview":"max-video-preview:-1"},"canonical":"https:\/\/cnewa.org\/es\/revista\/una-carta-desde-tierra-santa\/","og_locale":"es_ES","og_type":"article","og_title":"Una Carta Desde Tierra Santa | ONE en Espa\u00f1ol","og_description":"Director regional de CNEWA en la oficina de Jerusal\u00e9n comparte su relato personal sobre la situaci\u00f3n por la guerra entre Israel y Hamas.","og_url":"https:\/\/cnewa.org\/es\/revista\/una-carta-desde-tierra-santa\/","og_site_name":"CNEWA Espa\u00f1ol","article_publisher":"https:\/\/www.facebook.com\/CNEWAenespanol\/","article_modified_time":"2024-01-12T19:50:27+00:00","og_image":[{"width":1800,"height":1472,"url":"https:\/\/cnewa.org\/es\/wp-content\/uploads\/sites\/5\/2024\/01\/20231010T1450-HAMAS-ISRAEL-DAY4-1766786.jpg","type":"image\/jpeg"}],"twitter_card":"summary_large_image","twitter_misc":{"Tiempo de lectura":"8 minutos"},"schema":{"@context":"https:\/\/schema.org","@graph":[{"@type":"WebPage","@id":"https:\/\/cnewa.org\/es\/revista\/una-carta-desde-tierra-santa\/","url":"https:\/\/cnewa.org\/es\/revista\/una-carta-desde-tierra-santa\/","name":"Una Carta Desde Tierra Santa | ONE en Espa\u00f1ol","isPartOf":{"@id":"https:\/\/cnewa.org\/es\/#website"},"primaryImageOfPage":{"@id":"https:\/\/cnewa.org\/es\/revista\/una-carta-desde-tierra-santa\/#primaryimage"},"image":{"@id":"https:\/\/cnewa.org\/es\/revista\/una-carta-desde-tierra-santa\/#primaryimage"},"thumbnailUrl":"https:\/\/cnewa.org\/es\/wp-content\/uploads\/sites\/5\/2024\/01\/20231010T1450-HAMAS-ISRAEL-DAY4-1766786.jpg","datePublished":"2024-01-10T17:08:14+00:00","dateModified":"2024-01-12T19:50:27+00:00","description":"Director regional de CNEWA en la oficina de Jerusal\u00e9n comparte su relato personal sobre la situaci\u00f3n por la guerra entre Israel y Hamas.","breadcrumb":{"@id":"https:\/\/cnewa.org\/es\/revista\/una-carta-desde-tierra-santa\/#breadcrumb"},"inLanguage":"es","potentialAction":[{"@type":"ReadAction","target":["https:\/\/cnewa.org\/es\/revista\/una-carta-desde-tierra-santa\/"]}]},{"@type":"ImageObject","inLanguage":"es","@id":"https:\/\/cnewa.org\/es\/revista\/una-carta-desde-tierra-santa\/#primaryimage","url":"https:\/\/cnewa.org\/es\/wp-content\/uploads\/sites\/5\/2024\/01\/20231010T1450-HAMAS-ISRAEL-DAY4-1766786.jpg","contentUrl":"https:\/\/cnewa.org\/es\/wp-content\/uploads\/sites\/5\/2024\/01\/20231010T1450-HAMAS-ISRAEL-DAY4-1766786.jpg","width":1800,"height":1472,"caption":"Una peregrina reza en las escalinatas de la Iglesia del Santo Sepulcro en Jerusal\u00e9n el 10 de octubre, despu\u00e9s de que estallara la guerra entre Israel y Hamas. (foto: OSV News photo\/Debbie Hill)"},{"@type":"BreadcrumbList","@id":"https:\/\/cnewa.org\/es\/revista\/una-carta-desde-tierra-santa\/#breadcrumb","itemListElement":[{"@type":"ListItem","position":1,"name":"Inicio","item":"https:\/\/cnewa.org\/es\/"},{"@type":"ListItem","position":2,"name":"One Magazine","item":"https:\/\/cnewa.org\/es\/revista\/"},{"@type":"ListItem","position":3,"name":"Una Carta Desde Tierra Santa"}]},{"@type":"WebSite","@id":"https:\/\/cnewa.org\/es\/#website","url":"https:\/\/cnewa.org\/es\/","name":"CNEWA Espa\u00f1ol","description":"Asociaci\u00f3n Cat\u00f3lica para el Bienestar del Cercano Oriente","publisher":{"@id":"https:\/\/cnewa.org\/es\/#organization"},"potentialAction":[{"@type":"SearchAction","target":{"@type":"EntryPoint","urlTemplate":"https:\/\/cnewa.org\/es\/?s={search_term_string}"},"query-input":{"@type":"PropertyValueSpecification","valueRequired":true,"valueName":"search_term_string"}}],"inLanguage":"es"},{"@type":"Organization","@id":"https:\/\/cnewa.org\/es\/#organization","name":"CNEWA Espa\u00f1ol","alternateName":"Asociaci\u00f3n Cat\u00f3lica para el Bienestar del Cercano Oriente","url":"https:\/\/cnewa.org\/es\/","logo":{"@type":"ImageObject","inLanguage":"es","@id":"https:\/\/cnewa.org\/es\/#\/schema\/logo\/image\/","url":"https:\/\/cnewa.org\/es\/wp-content\/uploads\/sites\/5\/2021\/07\/CNEWA-brand-logo.png","contentUrl":"https:\/\/cnewa.org\/es\/wp-content\/uploads\/sites\/5\/2021\/07\/CNEWA-brand-logo.png","width":1000,"height":1000,"caption":"CNEWA Espa\u00f1ol"},"image":{"@id":"https:\/\/cnewa.org\/es\/#\/schema\/logo\/image\/"},"sameAs":["https:\/\/www.facebook.com\/CNEWAenespanol\/","https:\/\/www.instagram.com\/cnewa1926\/","https:\/\/www.youtube.com\/user\/TheCNEWA"]}]}},"_links":{"self":[{"href":"https:\/\/cnewa.org\/es\/wp-json\/wp\/v2\/magazine\/4452","targetHints":{"allow":["GET"]}}],"collection":[{"href":"https:\/\/cnewa.org\/es\/wp-json\/wp\/v2\/magazine"}],"about":[{"href":"https:\/\/cnewa.org\/es\/wp-json\/wp\/v2\/types\/magazine"}],"author":[{"embeddable":true,"href":"https:\/\/cnewa.org\/es\/wp-json\/wp\/v2\/users\/70019"}],"version-history":[{"count":0,"href":"https:\/\/cnewa.org\/es\/wp-json\/wp\/v2\/magazine\/4452\/revisions"}],"wp:featuredmedia":[{"embeddable":true,"href":"https:\/\/cnewa.org\/es\/wp-json\/wp\/v2\/media\/4449"}],"wp:attachment":[{"href":"https:\/\/cnewa.org\/es\/wp-json\/wp\/v2\/media?parent=4452"}],"wp:term":[{"taxonomy":"magazine-issues","embeddable":true,"href":"https:\/\/cnewa.org\/es\/wp-json\/wp\/v2\/magazine-issues?post=4452"},{"taxonomy":"magazine-sections","embeddable":true,"href":"https:\/\/cnewa.org\/es\/wp-json\/wp\/v2\/magazine-sections?post=4452"}],"curies":[{"name":"wp","href":"https:\/\/api.w.org\/{rel}","templated":true}]}}