{"id":5170,"date":"2024-06-03T13:55:52","date_gmt":"2024-06-03T17:55:52","guid":{"rendered":"https:\/\/cnewa.org\/es\/?post_type=magazine&#038;p=5170"},"modified":"2024-06-06T15:08:03","modified_gmt":"2024-06-06T19:08:03","slug":"conexiones-junio-2024","status":"publish","type":"magazine","link":"https:\/\/cnewa.org\/es\/revista\/conexiones-junio-2024\/","title":{"rendered":"Conexiones"},"content":{"rendered":"\n<p><strong>Difundiendo la Palabra<\/strong><\/p>\n\n\n\n<p>Mons. Peter I. Vaccari, presidente de CNEWA, prioriza visitar parroquias para conocer los amigos y donantes de la agencia, y presentarla a nuevas audiencias.<\/p>\n\n\n\n<p>En febrero y marzo, visit\u00f3 las arquidi\u00f3cesis de Cincinnati y Louisville, Kentucky, y las di\u00f3cesis de San Agust\u00edn y Palm Beach en Florida.<\/p>\n\n\n\n<p>En mayo, visit\u00f3 la parroquia de San Miguel Arc\u00e1ngel en Indian\u00e1polis y en junio visitar\u00e1 parroquias en Green Bay, Wisconsin, y Minneapolis.<\/p>\n\n\n\n<p>Es un \u201cprivilegio predicar\u201d en estas parroquias y \u201ccomunicar a la gente c\u00f3mo el Evangelio se relaciona con la vida real\u201d, dijo. \u201cCNEWA es un ejemplo de c\u00f3mo se puede lograr\u201d.<\/p>\n\n\n\n<p>Para m\u00e1s informaci\u00f3n visite: <a href=\"https:\/\/cnewa.org\/es\/\">cnewa.org\/es<\/a>.<\/p>\n\n\n\n<p><strong>Contin\u00faa la Ayuda en Gaza<\/strong><\/p>\n\n\n\n<p>CNEWA-Misi\u00f3n Pontificia contin\u00faa coordinando esfuerzos y colaborando con la iglesia local y organizaciones humanitarias para atender las necesidades b\u00e1sicas de la poblaci\u00f3n en <a href=\"https:\/\/cnewa.org\/es\/donde-trabajamos\/medio-oriente\/palestina\/\">Gaza<\/a> afectada por la guerra entre Israel y Ham\u00e1s.<\/p>\n\n\n\n<p>De octubre a febrero, las donaciones de CNEWA proporcionaron comida caliente a 760 gazat\u00edes desplazados refugiados en dos iglesias de Gaza: San Porfirio y Sagrada Familia, y a personas de los alrededores y otros vecindarios.<\/p>\n\n\n\n<p>La ayuda incluy\u00f3 medicamentos esenciales para personas con enfermedades cr\u00f3nicas, as\u00ed como kits de higiene, pa\u00f1ales, combustible, gas para cocinar, agua embotellada y art\u00edculos de limpieza.<\/p>\n\n\n\n<p>En marzo y abril, CNEWA-Misi\u00f3n Pontificia coordin\u00f3 con un comedor comunitario local la ayuda alimentaria a desplazados en Gaza y Rafah. Las donaciones a CNEWA tambi\u00e9n permiten la entrega continua de paquetes de alimentos a 150 familias en Gaza y 400 familias en Rafah.<\/p>\n\n\n\n<p><strong>Sequ\u00eda en Etiop\u00eda<\/strong><\/p>\n\n\n\n<p>La sequ\u00eda en el norte de <a href=\"https:\/\/cnewa.org\/es\/donde-trabajamos\/noreste-de-africa\/etiopia\/\">Etiop\u00eda<\/a> dificulta que los ni\u00f1os asistan a la escuela debido al hambre, la sed y el agotamiento. Argaw Fantu, director regional de CNEWA en Etiop\u00eda, teme que hasta 200.000 ni\u00f1os abandonen sus estudios por estos motivos.<\/p>\n\n\n\n<p>Fantu visit\u00f3 escuelas en la Eparqu\u00eda de Adigrat, en Tigray, que forman parte del programa de alimentaci\u00f3n de CNEWA, que beneficia a 8.000 estudiantes. Estas escuelas informan que los alumnos est\u00e1n regresando y mejorando su rendimiento gracias a las galletas nutritivas que reciben.<\/p>\n\n\n\n<p>El obispo Tesfaselassie Medhin de Adigrat pidi\u00f3 ayuda a CNEWA: \u201cLa poblaci\u00f3n de Tigray y las regiones vecinas ha sufrido a\u00f1os de guerra, sequ\u00eda y enfermedades, y ha demostrado una resiliencia incre\u00edble. Rezamos para que podamos superar esta crisis\u201d.<\/p>\n\n\n\n<p><strong>Ley Enciende Se\u00f1al de Alerta<\/strong><\/p>\n\n\n\n<p>El 14 de mayo el parlamento de Georgia aprob\u00f3 una ley de \u201cagentes extranjeros\u201d que podr\u00eda restringir el trabajo de organizaciones de la sociedad civil y religiosas, incluyendo las iglesias armenia, caldea y cat\u00f3lica romana. El presidente vet\u00f3 la ley el 18 de mayo, pero el partido mayoritario en el poder anul\u00f3 el veto el 28 de mayo. La ley entrar\u00e1 en vigor una vez que sea firmada por el presidente o el presidente del parlamento y publicada.<\/p>\n\n\n\n<p>Una vez promulgada, las organizaciones que reciban m\u00e1s del 20% de su financiamiento del extranjero deber\u00e1n registrarse ante el gobierno como \u201cagentes de influencia extranjera\u201d. De este modo, el gobierno podr\u00e1 monitorear, limitar o incluso cerrar sus actividades. CNEWA apoya el trabajo de las iglesias en Georgia, como Caritas, y continuar\u00e1 monitoreando la situaci\u00f3n.<\/p>\n\n\n\n<p>El a\u00f1o pasado se aprob\u00f3 una ley similar, pero fue derogada debido a protestas p\u00fablicas. La \u00faltima versi\u00f3n del proyecto de ley llev\u00f3 a miles de personas a protestar, preocupados por la d\u00e9bil democracia de la rep\u00fablica. La Iglesia Ortodoxa, la instituci\u00f3n preeminente de la naci\u00f3n, pidi\u00f3 al di\u00e1logo entre legisladores y manifestantes para resolver lo que consideran una \u201ccrisis pol\u00edtica\u201d.<\/p>\n\n\n\n<p><strong>Caritas Georgia en la ONU<\/strong><\/p>\n\n\n\n<p>Organizaciones cat\u00f3licas, incluida <a href=\"https:\/\/www.caritas.org\/donde-trabajamos\/europe\/georgia\/?lang=es\">Caritas Georgia<\/a>, que colabora con CNEWA, participaron en un evento paralelo oficial de la <a href=\"https:\/\/www.unwomen.org\/es\/como-trabajamos\/comision-de-la-condicion-juridica-y-social-de-la-mujer\">Comisi\u00f3n de la Condici\u00f3n Jur\u00eddica y Social de la Mujer<\/a> de las Naciones Unidas el 19 de marzo, patrocinado por la Misi\u00f3n Permanente de Observaci\u00f3n de la Santa Sede ante las Naciones Unidas y <a href=\"https:\/\/www.caritas.org\/?lang=es\">Caritas Internationalis<\/a>.<\/p>\n\n\n\n<p>Anahit Mkhoyan represent\u00f3 a Caritas Georgia en el panel sobre el tema \u201c<a href=\"https:\/\/cnewa.org\/es\/iglesia-promueve-el-liderazgo-de-las-mujeres-en-la-onu\/\">Contextos Fr\u00e1giles, Mujeres Fuertes: El papel de las organizaciones religiosas en la promoci\u00f3n del liderazgo femenino<\/a>\u201d. Resalt\u00f3 la importancia de conocer el contexto cultural al realizar transformaciones sociales para asegurar que los valores o pr\u00e1cticas culturales no se contradigan y que la transformaci\u00f3n sea sostenible.<\/p>\n\n\n\n<figure class=\"wp-block-image size-large\"><img loading=\"lazy\" decoding=\"async\" width=\"962\" height=\"1024\" src=\"https:\/\/cnewa.org\/es\/wp-content\/uploads\/sites\/5\/2024\/06\/caritasinternationalis202404_002H-962x1024.jpg\" alt=\"\" class=\"wp-image-5172\" srcset=\"https:\/\/cnewa.org\/es\/wp-content\/uploads\/sites\/5\/2024\/06\/caritasinternationalis202404_002H-962x1024.jpg 962w, https:\/\/cnewa.org\/es\/wp-content\/uploads\/sites\/5\/2024\/06\/caritasinternationalis202404_002H-282x300.jpg 282w, https:\/\/cnewa.org\/es\/wp-content\/uploads\/sites\/5\/2024\/06\/caritasinternationalis202404_002H-768x818.jpg 768w, https:\/\/cnewa.org\/es\/wp-content\/uploads\/sites\/5\/2024\/06\/caritasinternationalis202404_002H-1600x1703.jpg 1600w, https:\/\/cnewa.org\/es\/wp-content\/uploads\/sites\/5\/2024\/06\/caritasinternationalis202404_002H-1443x1536.jpg 1443w, https:\/\/cnewa.org\/es\/wp-content\/uploads\/sites\/5\/2024\/06\/caritasinternationalis202404_002H.jpg 1691w\" sizes=\"auto, (max-width: 962px) 100vw, 962px\" \/><figcaption class=\"wp-element-caption\">El arzobispo Gabriele G. Caccia, observador permanente de la Santa Sede ante las Naciones Unidas, y Anahit Mkhoyan de Caritas Georgia, participan en una mesa redonda en la ONU. (foto: Caritas Internationalis)<\/figcaption><\/figure>\n\n\n\n<p><strong>\u00a1Reserve la Fecha!<\/strong><\/p>\n\n\n\n<p>La tercera gala anual \u201cSanaci\u00f3n y Esperanza\u201d de CNEWA se realizar\u00e1 el jueves 5 de diciembre en un club privado en Manhattan. El cardenal Pierbattista Pizzaballa, patriarca latino de Jerusal\u00e9n, ser\u00e1 el invitado de honor de CNEWA. El ganador del Premio de Fe y Cultura se anunciar\u00e1 m\u00e1s adelante.<\/p>\n\n\n\n<p><strong>CNEWA en Congreso de L. A.&nbsp;<\/strong><\/p>\n\n\n\n<p>El padre Elias Mallon, S.A.,&nbsp;&nbsp; asistente especial del presidente de CNEWA, ofreci\u00f3 dos charlas durante el Congreso de Educaci\u00f3n Religiosa de Los \u00c1ngeles, este febrero. Como experto en estudios del Medio Oriente y di\u00e1logo cristiano musulm\u00e1n, habl\u00f3 sobre \u201cDos mil a\u00f1os de cristianismo en Mesopotamia\u201d y \u201cLa \u2018geograf\u00eda\u2019 b\u00edblica y el mundo moderno\u201d.<\/p>\n\n\n\n<p><em>Lea este art\u00edculo en nuestro formato de impresi\u00f3n digital <a href=\"https:\/\/issuu.com\/cnewa\/docs\/one-50-2-2024-final-spanish-issuu\/4\">aqu\u00ed<\/a>.<\/em><\/p>\n","protected":false},"excerpt":{"rendered":"<p>\u00daltimos informes sobre el mundo de CNEWA<\/p>\n","protected":false},"author":70019,"featured_media":5171,"template":"","magazine-issues":[1063],"magazine-sections":[142],"class_list":["post-5170","magazine","type-magazine","status-publish","has-post-thumbnail","hentry","magazine-issues-junio-2024","magazine-sections-secciones"],"acf":[],"yoast_head":"<!-- This site is optimized with the Yoast SEO Premium plugin v27.3 (Yoast SEO v27.3) - https:\/\/yoast.com\/product\/yoast-seo-premium-wordpress\/ -->\n<title>Conexiones | ONE en Espa\u00f1ol<\/title>\n<meta name=\"robots\" content=\"index, follow, max-snippet:-1, max-image-preview:large, max-video-preview:-1\" \/>\n<link rel=\"canonical\" href=\"https:\/\/cnewa.org\/es\/revista\/conexiones-junio-2024\/\" \/>\n<meta property=\"og:locale\" content=\"es_ES\" \/>\n<meta property=\"og:type\" content=\"article\" \/>\n<meta property=\"og:title\" content=\"Conexiones | ONE en Espa\u00f1ol\" \/>\n<meta property=\"og:description\" content=\"\u00daltimos informes sobre el mundo de CNEWA\" \/>\n<meta property=\"og:url\" content=\"https:\/\/cnewa.org\/es\/revista\/conexiones-junio-2024\/\" \/>\n<meta property=\"og:site_name\" content=\"CNEWA Espa\u00f1ol\" \/>\n<meta property=\"article:publisher\" content=\"https:\/\/www.facebook.com\/CNEWAenespanol\/\" \/>\n<meta property=\"article:modified_time\" content=\"2024-06-06T19:08:03+00:00\" \/>\n<meta property=\"og:image\" content=\"https:\/\/cnewa.org\/es\/wp-content\/uploads\/sites\/5\/2024\/06\/maly202402_029H.jpg\" \/>\n\t<meta property=\"og:image:width\" content=\"1800\" \/>\n\t<meta property=\"og:image:height\" content=\"1200\" \/>\n\t<meta property=\"og:image:type\" content=\"image\/jpeg\" \/>\n<meta name=\"twitter:card\" content=\"summary_large_image\" \/>\n<meta name=\"twitter:label1\" content=\"Tiempo de lectura\" \/>\n\t<meta name=\"twitter:data1\" content=\"5 minutos\" \/>\n<script type=\"application\/ld+json\" class=\"yoast-schema-graph\">{\"@context\":\"https:\\\/\\\/schema.org\",\"@graph\":[{\"@type\":\"WebPage\",\"@id\":\"https:\\\/\\\/cnewa.org\\\/es\\\/revista\\\/conexiones-junio-2024\\\/\",\"url\":\"https:\\\/\\\/cnewa.org\\\/es\\\/revista\\\/conexiones-junio-2024\\\/\",\"name\":\"Conexiones | ONE en Espa\u00f1ol\",\"isPartOf\":{\"@id\":\"https:\\\/\\\/cnewa.org\\\/es\\\/#website\"},\"primaryImageOfPage\":{\"@id\":\"https:\\\/\\\/cnewa.org\\\/es\\\/revista\\\/conexiones-junio-2024\\\/#primaryimage\"},\"image\":{\"@id\":\"https:\\\/\\\/cnewa.org\\\/es\\\/revista\\\/conexiones-junio-2024\\\/#primaryimage\"},\"thumbnailUrl\":\"https:\\\/\\\/cnewa.org\\\/es\\\/wp-content\\\/uploads\\\/sites\\\/5\\\/2024\\\/06\\\/maly202402_029H.jpg\",\"datePublished\":\"2024-06-03T17:55:52+00:00\",\"dateModified\":\"2024-06-06T19:08:03+00:00\",\"breadcrumb\":{\"@id\":\"https:\\\/\\\/cnewa.org\\\/es\\\/revista\\\/conexiones-junio-2024\\\/#breadcrumb\"},\"inLanguage\":\"es\",\"potentialAction\":[{\"@type\":\"ReadAction\",\"target\":[\"https:\\\/\\\/cnewa.org\\\/es\\\/revista\\\/conexiones-junio-2024\\\/\"]}]},{\"@type\":\"ImageObject\",\"inLanguage\":\"es\",\"@id\":\"https:\\\/\\\/cnewa.org\\\/es\\\/revista\\\/conexiones-junio-2024\\\/#primaryimage\",\"url\":\"https:\\\/\\\/cnewa.org\\\/es\\\/wp-content\\\/uploads\\\/sites\\\/5\\\/2024\\\/06\\\/maly202402_029H.jpg\",\"contentUrl\":\"https:\\\/\\\/cnewa.org\\\/es\\\/wp-content\\\/uploads\\\/sites\\\/5\\\/2024\\\/06\\\/maly202402_029H.jpg\",\"width\":1800,\"height\":1200,\"caption\":\"Mons. Peter I. Vaccari ofrece una conferencia en la escuela secundaria Mount Notre Dame en Cincinnati en febrero. (foto: Arquidi\u00f3cesis de Cincinnati)\"},{\"@type\":\"BreadcrumbList\",\"@id\":\"https:\\\/\\\/cnewa.org\\\/es\\\/revista\\\/conexiones-junio-2024\\\/#breadcrumb\",\"itemListElement\":[{\"@type\":\"ListItem\",\"position\":1,\"name\":\"Inicio\",\"item\":\"https:\\\/\\\/cnewa.org\\\/es\\\/\"},{\"@type\":\"ListItem\",\"position\":2,\"name\":\"One Magazine\",\"item\":\"https:\\\/\\\/cnewa.org\\\/es\\\/revista\\\/\"},{\"@type\":\"ListItem\",\"position\":3,\"name\":\"Conexiones\"}]},{\"@type\":\"WebSite\",\"@id\":\"https:\\\/\\\/cnewa.org\\\/es\\\/#website\",\"url\":\"https:\\\/\\\/cnewa.org\\\/es\\\/\",\"name\":\"CNEWA Espa\u00f1ol\",\"description\":\"Asociaci\u00f3n Cat\u00f3lica para el Bienestar del Cercano Oriente\",\"publisher\":{\"@id\":\"https:\\\/\\\/cnewa.org\\\/es\\\/#organization\"},\"potentialAction\":[{\"@type\":\"SearchAction\",\"target\":{\"@type\":\"EntryPoint\",\"urlTemplate\":\"https:\\\/\\\/cnewa.org\\\/es\\\/?s={search_term_string}\"},\"query-input\":{\"@type\":\"PropertyValueSpecification\",\"valueRequired\":true,\"valueName\":\"search_term_string\"}}],\"inLanguage\":\"es\"},{\"@type\":\"Organization\",\"@id\":\"https:\\\/\\\/cnewa.org\\\/es\\\/#organization\",\"name\":\"CNEWA Espa\u00f1ol\",\"alternateName\":\"Asociaci\u00f3n Cat\u00f3lica para el Bienestar del Cercano Oriente\",\"url\":\"https:\\\/\\\/cnewa.org\\\/es\\\/\",\"logo\":{\"@type\":\"ImageObject\",\"inLanguage\":\"es\",\"@id\":\"https:\\\/\\\/cnewa.org\\\/es\\\/#\\\/schema\\\/logo\\\/image\\\/\",\"url\":\"https:\\\/\\\/cnewa.org\\\/es\\\/wp-content\\\/uploads\\\/sites\\\/5\\\/2021\\\/07\\\/CNEWA-brand-logo.png\",\"contentUrl\":\"https:\\\/\\\/cnewa.org\\\/es\\\/wp-content\\\/uploads\\\/sites\\\/5\\\/2021\\\/07\\\/CNEWA-brand-logo.png\",\"width\":1000,\"height\":1000,\"caption\":\"CNEWA Espa\u00f1ol\"},\"image\":{\"@id\":\"https:\\\/\\\/cnewa.org\\\/es\\\/#\\\/schema\\\/logo\\\/image\\\/\"},\"sameAs\":[\"https:\\\/\\\/www.facebook.com\\\/CNEWAenespanol\\\/\",\"https:\\\/\\\/www.instagram.com\\\/cnewa1926\\\/\",\"https:\\\/\\\/www.youtube.com\\\/user\\\/TheCNEWA\"]}]}<\/script>\n<!-- \/ Yoast SEO Premium plugin. -->","yoast_head_json":{"title":"Conexiones | ONE en Espa\u00f1ol","robots":{"index":"index","follow":"follow","max-snippet":"max-snippet:-1","max-image-preview":"max-image-preview:large","max-video-preview":"max-video-preview:-1"},"canonical":"https:\/\/cnewa.org\/es\/revista\/conexiones-junio-2024\/","og_locale":"es_ES","og_type":"article","og_title":"Conexiones | ONE en Espa\u00f1ol","og_description":"\u00daltimos informes sobre el mundo de CNEWA","og_url":"https:\/\/cnewa.org\/es\/revista\/conexiones-junio-2024\/","og_site_name":"CNEWA Espa\u00f1ol","article_publisher":"https:\/\/www.facebook.com\/CNEWAenespanol\/","article_modified_time":"2024-06-06T19:08:03+00:00","og_image":[{"width":1800,"height":1200,"url":"https:\/\/cnewa.org\/es\/wp-content\/uploads\/sites\/5\/2024\/06\/maly202402_029H.jpg","type":"image\/jpeg"}],"twitter_card":"summary_large_image","twitter_misc":{"Tiempo de lectura":"5 minutos"},"schema":{"@context":"https:\/\/schema.org","@graph":[{"@type":"WebPage","@id":"https:\/\/cnewa.org\/es\/revista\/conexiones-junio-2024\/","url":"https:\/\/cnewa.org\/es\/revista\/conexiones-junio-2024\/","name":"Conexiones | ONE en Espa\u00f1ol","isPartOf":{"@id":"https:\/\/cnewa.org\/es\/#website"},"primaryImageOfPage":{"@id":"https:\/\/cnewa.org\/es\/revista\/conexiones-junio-2024\/#primaryimage"},"image":{"@id":"https:\/\/cnewa.org\/es\/revista\/conexiones-junio-2024\/#primaryimage"},"thumbnailUrl":"https:\/\/cnewa.org\/es\/wp-content\/uploads\/sites\/5\/2024\/06\/maly202402_029H.jpg","datePublished":"2024-06-03T17:55:52+00:00","dateModified":"2024-06-06T19:08:03+00:00","breadcrumb":{"@id":"https:\/\/cnewa.org\/es\/revista\/conexiones-junio-2024\/#breadcrumb"},"inLanguage":"es","potentialAction":[{"@type":"ReadAction","target":["https:\/\/cnewa.org\/es\/revista\/conexiones-junio-2024\/"]}]},{"@type":"ImageObject","inLanguage":"es","@id":"https:\/\/cnewa.org\/es\/revista\/conexiones-junio-2024\/#primaryimage","url":"https:\/\/cnewa.org\/es\/wp-content\/uploads\/sites\/5\/2024\/06\/maly202402_029H.jpg","contentUrl":"https:\/\/cnewa.org\/es\/wp-content\/uploads\/sites\/5\/2024\/06\/maly202402_029H.jpg","width":1800,"height":1200,"caption":"Mons. Peter I. Vaccari ofrece una conferencia en la escuela secundaria Mount Notre Dame en Cincinnati en febrero. (foto: Arquidi\u00f3cesis de Cincinnati)"},{"@type":"BreadcrumbList","@id":"https:\/\/cnewa.org\/es\/revista\/conexiones-junio-2024\/#breadcrumb","itemListElement":[{"@type":"ListItem","position":1,"name":"Inicio","item":"https:\/\/cnewa.org\/es\/"},{"@type":"ListItem","position":2,"name":"One Magazine","item":"https:\/\/cnewa.org\/es\/revista\/"},{"@type":"ListItem","position":3,"name":"Conexiones"}]},{"@type":"WebSite","@id":"https:\/\/cnewa.org\/es\/#website","url":"https:\/\/cnewa.org\/es\/","name":"CNEWA Espa\u00f1ol","description":"Asociaci\u00f3n Cat\u00f3lica para el Bienestar del Cercano Oriente","publisher":{"@id":"https:\/\/cnewa.org\/es\/#organization"},"potentialAction":[{"@type":"SearchAction","target":{"@type":"EntryPoint","urlTemplate":"https:\/\/cnewa.org\/es\/?s={search_term_string}"},"query-input":{"@type":"PropertyValueSpecification","valueRequired":true,"valueName":"search_term_string"}}],"inLanguage":"es"},{"@type":"Organization","@id":"https:\/\/cnewa.org\/es\/#organization","name":"CNEWA Espa\u00f1ol","alternateName":"Asociaci\u00f3n Cat\u00f3lica para el Bienestar del Cercano Oriente","url":"https:\/\/cnewa.org\/es\/","logo":{"@type":"ImageObject","inLanguage":"es","@id":"https:\/\/cnewa.org\/es\/#\/schema\/logo\/image\/","url":"https:\/\/cnewa.org\/es\/wp-content\/uploads\/sites\/5\/2021\/07\/CNEWA-brand-logo.png","contentUrl":"https:\/\/cnewa.org\/es\/wp-content\/uploads\/sites\/5\/2021\/07\/CNEWA-brand-logo.png","width":1000,"height":1000,"caption":"CNEWA Espa\u00f1ol"},"image":{"@id":"https:\/\/cnewa.org\/es\/#\/schema\/logo\/image\/"},"sameAs":["https:\/\/www.facebook.com\/CNEWAenespanol\/","https:\/\/www.instagram.com\/cnewa1926\/","https:\/\/www.youtube.com\/user\/TheCNEWA"]}]}},"_links":{"self":[{"href":"https:\/\/cnewa.org\/es\/wp-json\/wp\/v2\/magazine\/5170","targetHints":{"allow":["GET"]}}],"collection":[{"href":"https:\/\/cnewa.org\/es\/wp-json\/wp\/v2\/magazine"}],"about":[{"href":"https:\/\/cnewa.org\/es\/wp-json\/wp\/v2\/types\/magazine"}],"author":[{"embeddable":true,"href":"https:\/\/cnewa.org\/es\/wp-json\/wp\/v2\/users\/70019"}],"version-history":[{"count":0,"href":"https:\/\/cnewa.org\/es\/wp-json\/wp\/v2\/magazine\/5170\/revisions"}],"wp:featuredmedia":[{"embeddable":true,"href":"https:\/\/cnewa.org\/es\/wp-json\/wp\/v2\/media\/5171"}],"wp:attachment":[{"href":"https:\/\/cnewa.org\/es\/wp-json\/wp\/v2\/media?parent=5170"}],"wp:term":[{"taxonomy":"magazine-issues","embeddable":true,"href":"https:\/\/cnewa.org\/es\/wp-json\/wp\/v2\/magazine-issues?post=5170"},{"taxonomy":"magazine-sections","embeddable":true,"href":"https:\/\/cnewa.org\/es\/wp-json\/wp\/v2\/magazine-sections?post=5170"}],"curies":[{"name":"wp","href":"https:\/\/api.w.org\/{rel}","templated":true}]}}