{"id":6227,"date":"2025-02-25T08:25:01","date_gmt":"2025-02-25T13:25:01","guid":{"rendered":"https:\/\/cnewa.org\/es\/?post_type=magazine&#038;p=6227"},"modified":"2025-03-05T13:51:04","modified_gmt":"2025-03-05T18:51:04","slug":"la-ultima-palabra-2","status":"publish","type":"magazine","link":"https:\/\/cnewa.org\/es\/revista\/la-ultima-palabra-2\/","title":{"rendered":"La \u00daltima Palabra"},"content":{"rendered":"\n<figure class=\"wp-block-pullquote\"><blockquote><p><em>\u201cPadre nuestro, que est\u00e1s en el cielo, santificado sea tu Nombre, que venga tu Reino, que se haga tu voluntad en la tierra como en el cielo\u201d.&nbsp;<\/em>(Mateo 6,9-10)<\/p><\/blockquote><\/figure>\n\n\n\n<p>Con cada edici\u00f3n de marzo, conmemoramos el aniversario de la <a href=\"https:\/\/cnewa.org\/es\/sobre-nosotros\/\">fundaci\u00f3n de CNEWA<\/a> por el Papa P\u00edo XI el 11 de marzo de 1926.&nbsp;<\/p>\n\n\n\n<p>En la v\u00edspera de Navidad, el Papa Francisco abri\u00f3 la Puerta Santa de la Bas\u00edlica de San Pedro e inaugur\u00f3 el a\u00f1o jubilar 2025, enfocado en la virtud de la esperanza. Hay tres virtudes teologales: la fe, la esperanza y la caridad. Reflexionemos, oremos y consideremos el v\u00ednculo \u00edntimo y org\u00e1nico entre la virtud de la esperanza y la misi\u00f3n de CNEWA y la Misi\u00f3n Pontificia.<\/p>\n\n\n\n<p>Las primeras l\u00edneas del Padre Nuestro \u2014de hecho, toda la oraci\u00f3n\u2014 son una expresi\u00f3n de la virtud de la esperanza; nos reconocemos como criaturas ante el Creador, a las que se les ha confiado una misi\u00f3n espec\u00edfica. Debemos ser agentes de la santidad de Dios, trayendo su reino a la tierra como en el cielo; buscando llevar a cabo su voluntad.<\/p>\n\n\n\n<p>La iglesia, a trav\u00e9s de la doctrina y liderazgo pastoral, nos ense\u00f1a que la esperanza nos da un prop\u00f3sito en nuestra peregrinaci\u00f3n por la vida. El <a href=\"https:\/\/www.vatican.va\/archive\/catechism_sp\/index_sp.html\">Catecismo de la Iglesia Cat\u00f3lica<\/a> ense\u00f1a: \u201cLa esperanza es la virtud teologal por la que aspiramos al Reino de los cielos y a la vida eterna como felicidad nuestra, poniendo nuestra confianza en las promesas de Cristo y apoy\u00e1ndonos no en nuestras fuerzas\u201d (1817).<\/p>\n\n\n\n<p>El Papa Benedicto XVI, en su enc\u00edclica de 2007 dedicada a la esperanza cristiana, \u201c<a href=\"https:\/\/www.vatican.va\/content\/benedict-xvi\/es\/encyclicals\/documents\/hf_ben-xvi_enc_20071130_spe-salvi.html\">Spe salvi\u201d<\/a>, escribe: \u201cS\u00f3lo cuando el futuro es cierto como realidad positiva, se hace llevadero tambi\u00e9n el presente\u201d (2).<\/p>\n\n\n\n<p>Y el Papa Francisco contin\u00faa anim\u00e1ndonos regularmente a alimentar la esperanza en nuestro camino cristiano. Dijo en la audiencia general del 8 de mayo, 2024: \u201cLa esperanza es la respuesta que se ofrece a nuestro coraz\u00f3n cuando surge en nosotros la pregunta absoluta: \u2018\u00bfQu\u00e9 ser\u00e1 de m\u00ed? \u00bfCu\u00e1l es la meta del viaje? \u00bfCu\u00e1l es el destino del mundo?\u2019\u201d<\/p>\n\n\n\n<p>A menudo, el Papa Francisco vincula la esperanza con la capacidad de las personas para sonre\u00edr. Cuando estamos en la oscuridad, sin direcci\u00f3n, abrumados por nuestras dificultades y desaf\u00edos, es a menudo la esperanza, dice el Papa Francisco, \u201cla que nos ense\u00f1a a sonre\u00edr\u201d. En un lenguaje dram\u00e1tico, utiliza una imagen, que a menudo yo he contemplado y usado, cuando escribe: \u201cCuando nos encontramos frente a un ni\u00f1o, quiz\u00e1 tengamos muchos problemas y muchas dificultades, pero nos viene de dentro una sonrisa, porque tenemos delante a la esperanza: \u00a1un ni\u00f1o es una esperanza!\u201d (Audiencia General, 7 de diciembre, 2016).<\/p>\n\n\n\n<p>Durante este a\u00f1o jubilar, recemos para que se profundice en nosotros la virtud de la esperanza. \u00a1Caminemos como peregrinos de esperanza en nuestras familias, entre amigos, en nuestros trabajos, en las plazas p\u00fablicas, y por nuestro deseo de ser agentes de sanaci\u00f3n y esperanza en todo el mundo de CNEWA!&nbsp;<\/p>\n\n\n\n<p>Los art\u00edculos de esta edici\u00f3n nos desaf\u00edan a volver a comprometer nuestras vidas con la virtud de la esperanza.<\/p>\n\n\n\n<ul class=\"wp-block-list\">\n<li>Este a\u00f1o, cuando la iglesia conmemora el 1.700 aniversario del primer gran Concilio Ecum\u00e9nico de Nicea en el a\u00f1o 325, el padre El\u00edas Mallon, S.A., asistente especial del presidente, ofrece reflexiones perspicaces e importantes. Adem\u00e1s de su contribuci\u00f3n al desarrollo del dogma en nuestra profesi\u00f3n de fe de que Jesucristo, el Hijo de Dios, es \u201cconsustancial con el Padre\u201d, el concilio tambi\u00e9n nos ofreci\u00f3 una visi\u00f3n temprana del significado de la sinodalidad eclesial: que todos los bautizados, seg\u00fan sus dones particulares, construyen el cuerpo de Cristo, la iglesia.<\/li>\n<\/ul>\n\n\n\n<ul class=\"wp-block-list\">\n<li>El testimonio en primera persona del Dr. Nabil Antaki sobre el cuidado de la salud en Siria, que CNEWA ha financiado durante m\u00e1s de una d\u00e9cada, exige sus oraciones, su conciencia, sus donaciones.<\/li>\n<\/ul>\n\n\n\n<ul class=\"wp-block-list\">\n<li>CNEWA ha cuidado a ni\u00f1os necesitados a trav\u00e9s del apoyo a hogares para j\u00f3venes hu\u00e9rfanos y en riesgo, como se inform\u00f3 en esta edici\u00f3n, y la mejora de las escuelas administradas por la iglesia en Minya, Luxor y El Cairo. Por favor, oren con nosotros y por nosotros y convi\u00e9rtanse en socios a trav\u00e9s de su generoso apoyo.<\/li>\n<\/ul>\n\n\n\n<ul class=\"wp-block-list\">\n<li>Desde el estallido de la guerra en Ucrania en febrero de 2022, el cardenal Timothy M. Dolan, arzobispo de Nueva York y presidente de la junta directiva de CNEWA, ha dejado claro su apoyo a los que sufren, mueren o son desplazados. En este n\u00famero, el arzobispo Borys Gudziak de la archieparqu\u00eda greco-cat\u00f3lica ucraniana de Filadelfia comparte su experiencia de un reciente viaje a Ucrania, donde CNEWA se ha asociado con Caritas Ucrania, la Iglesia greco-cat\u00f3lica ucraniana y otros grupos eclesi\u00e1sticos, mientras hacemos todo lo posible, como nos llama el Papa Francisco, para ser instrumentos de esperanza en la \u201cUcrania martirizada\u201d.<\/li>\n<\/ul>\n\n\n\n<ul class=\"wp-block-list\">\n<li>En noviembre, visit\u00e9 al personal de CNEWA en India, donde la iglesia, aunque enfrenta muchos desaf\u00edos, contin\u00faa respondiendo a las necesidades de las personas en la periferia de la sociedad, como se destaca en el art\u00edculo de esta edici\u00f3n.<\/li>\n<\/ul>\n\n\n\n<p>En nuestro camino por el tiempo santo de la Cuaresma, del 5 de marzo al 17 de abril, examinemos las formas en que vemos en el Padre Nuestro un desaf\u00edo para vivir la virtud de la esperanza. Tratemos de evitar los dos pecados contra la virtud de la esperanza: la desesperaci\u00f3n y la presunci\u00f3n.<\/p>\n\n\n\n<p>Con mi gratitud y oraciones,<\/p>\n\n\n\n<figure class=\"wp-block-image size-full\"><img loading=\"lazy\" decoding=\"async\" width=\"300\" height=\"51\" src=\"https:\/\/cnewa.org\/es\/wp-content\/uploads\/sites\/5\/2024\/01\/Peter-I-Vaccari-Signature-copy.jpg\" alt=\"\" class=\"wp-image-4429\"\/><\/figure>\n\n\n\n<p><\/p>\n\n\n\n<p>Peter I. Vaccari<\/p>\n\n\n\n<p>Presidente<\/p>\n\n\n\n<p><\/p>\n\n\n\n<p><em>Lea este art\u00edculo en nuestro formato de impresi\u00f3n digital <a href=\"https:\/\/issuu.com\/cnewa\/docs\/one_magazine_en_espan_ol_marzo_2025\/38\">aqu\u00ed<\/a>.\u00a0<\/em><\/p>\n","protected":false},"excerpt":{"rendered":"<p>Perspectivas del presidente de CNEWA<\/p>\n","protected":false},"author":70019,"featured_media":6229,"template":"","magazine-issues":[1109],"magazine-sections":[142],"class_list":["post-6227","magazine","type-magazine","status-publish","has-post-thumbnail","hentry","magazine-issues-marzo-2025","magazine-sections-secciones"],"acf":[],"yoast_head":"<!-- This site is optimized with the Yoast SEO Premium plugin v27.3 (Yoast SEO v27.3) - https:\/\/yoast.com\/product\/yoast-seo-premium-wordpress\/ -->\n<title>La \u00daltima Palabra | ONE en Espa\u00f1ol<\/title>\n<meta name=\"description\" content=\"El presidente de CNEWA dedica su columna a comprender las tres virtudes teologales y su conexi\u00f3n con la misi\u00f3n y el trabajo de CNEWA.\" \/>\n<meta name=\"robots\" content=\"index, follow, max-snippet:-1, max-image-preview:large, max-video-preview:-1\" \/>\n<link rel=\"canonical\" href=\"https:\/\/cnewa.org\/es\/revista\/la-ultima-palabra-2\/\" \/>\n<meta property=\"og:locale\" content=\"es_ES\" \/>\n<meta property=\"og:type\" content=\"article\" \/>\n<meta property=\"og:title\" content=\"La \u00daltima Palabra | ONE en Espa\u00f1ol\" \/>\n<meta property=\"og:description\" content=\"El presidente de CNEWA dedica su columna a comprender las tres virtudes teologales y su conexi\u00f3n con la misi\u00f3n y el trabajo de CNEWA.\" \/>\n<meta property=\"og:url\" content=\"https:\/\/cnewa.org\/es\/revista\/la-ultima-palabra-2\/\" \/>\n<meta property=\"og:site_name\" content=\"CNEWA Espa\u00f1ol\" \/>\n<meta property=\"article:publisher\" content=\"https:\/\/www.facebook.com\/CNEWAenespanol\/\" \/>\n<meta property=\"article:modified_time\" content=\"2025-03-05T18:51:04+00:00\" \/>\n<meta property=\"og:image\" content=\"https:\/\/cnewa.org\/es\/wp-content\/uploads\/sites\/5\/2025\/02\/anis202410_027H-Web.jpg\" \/>\n\t<meta property=\"og:image:width\" content=\"1800\" \/>\n\t<meta property=\"og:image:height\" content=\"900\" \/>\n\t<meta property=\"og:image:type\" content=\"image\/jpeg\" \/>\n<meta name=\"twitter:card\" content=\"summary_large_image\" \/>\n<meta name=\"twitter:label1\" content=\"Tiempo de lectura\" \/>\n\t<meta name=\"twitter:data1\" content=\"5 minutos\" \/>\n<script type=\"application\/ld+json\" class=\"yoast-schema-graph\">{\"@context\":\"https:\\\/\\\/schema.org\",\"@graph\":[{\"@type\":\"WebPage\",\"@id\":\"https:\\\/\\\/cnewa.org\\\/es\\\/revista\\\/la-ultima-palabra-2\\\/\",\"url\":\"https:\\\/\\\/cnewa.org\\\/es\\\/revista\\\/la-ultima-palabra-2\\\/\",\"name\":\"La \u00daltima Palabra | ONE en Espa\u00f1ol\",\"isPartOf\":{\"@id\":\"https:\\\/\\\/cnewa.org\\\/es\\\/#website\"},\"primaryImageOfPage\":{\"@id\":\"https:\\\/\\\/cnewa.org\\\/es\\\/revista\\\/la-ultima-palabra-2\\\/#primaryimage\"},\"image\":{\"@id\":\"https:\\\/\\\/cnewa.org\\\/es\\\/revista\\\/la-ultima-palabra-2\\\/#primaryimage\"},\"thumbnailUrl\":\"https:\\\/\\\/cnewa.org\\\/es\\\/wp-content\\\/uploads\\\/sites\\\/5\\\/2025\\\/02\\\/anis202410_027H-Web.jpg\",\"datePublished\":\"2025-02-25T13:25:01+00:00\",\"dateModified\":\"2025-03-05T18:51:04+00:00\",\"description\":\"El presidente de CNEWA dedica su columna a comprender las tres virtudes teologales y su conexi\u00f3n con la misi\u00f3n y el trabajo de CNEWA.\",\"breadcrumb\":{\"@id\":\"https:\\\/\\\/cnewa.org\\\/es\\\/revista\\\/la-ultima-palabra-2\\\/#breadcrumb\"},\"inLanguage\":\"es\",\"potentialAction\":[{\"@type\":\"ReadAction\",\"target\":[\"https:\\\/\\\/cnewa.org\\\/es\\\/revista\\\/la-ultima-palabra-2\\\/\"]}]},{\"@type\":\"ImageObject\",\"inLanguage\":\"es\",\"@id\":\"https:\\\/\\\/cnewa.org\\\/es\\\/revista\\\/la-ultima-palabra-2\\\/#primaryimage\",\"url\":\"https:\\\/\\\/cnewa.org\\\/es\\\/wp-content\\\/uploads\\\/sites\\\/5\\\/2025\\\/02\\\/anis202410_027H-Web.jpg\",\"contentUrl\":\"https:\\\/\\\/cnewa.org\\\/es\\\/wp-content\\\/uploads\\\/sites\\\/5\\\/2025\\\/02\\\/anis202410_027H-Web.jpg\",\"width\":1800,\"height\":900,\"caption\":\"Mina Nasser abraza a un ni\u00f1o hu\u00e9rfano cuando regresa a visitar el Orfanato para Ni\u00f1os de San Abanoub, un proyecto financiado por CNEWA en Port Said, Egipto, donde \u00e9l se cri\u00f3 en un ambiente familiar durante m\u00e1s de 10 a\u00f1os. (foto: Roger Anis)\"},{\"@type\":\"BreadcrumbList\",\"@id\":\"https:\\\/\\\/cnewa.org\\\/es\\\/revista\\\/la-ultima-palabra-2\\\/#breadcrumb\",\"itemListElement\":[{\"@type\":\"ListItem\",\"position\":1,\"name\":\"Inicio\",\"item\":\"https:\\\/\\\/cnewa.org\\\/es\\\/\"},{\"@type\":\"ListItem\",\"position\":2,\"name\":\"One Magazine\",\"item\":\"https:\\\/\\\/cnewa.org\\\/es\\\/revista\\\/\"},{\"@type\":\"ListItem\",\"position\":3,\"name\":\"La \u00daltima Palabra\"}]},{\"@type\":\"WebSite\",\"@id\":\"https:\\\/\\\/cnewa.org\\\/es\\\/#website\",\"url\":\"https:\\\/\\\/cnewa.org\\\/es\\\/\",\"name\":\"CNEWA Espa\u00f1ol\",\"description\":\"Asociaci\u00f3n Cat\u00f3lica para el Bienestar del Cercano Oriente\",\"publisher\":{\"@id\":\"https:\\\/\\\/cnewa.org\\\/es\\\/#organization\"},\"potentialAction\":[{\"@type\":\"SearchAction\",\"target\":{\"@type\":\"EntryPoint\",\"urlTemplate\":\"https:\\\/\\\/cnewa.org\\\/es\\\/?s={search_term_string}\"},\"query-input\":{\"@type\":\"PropertyValueSpecification\",\"valueRequired\":true,\"valueName\":\"search_term_string\"}}],\"inLanguage\":\"es\"},{\"@type\":\"Organization\",\"@id\":\"https:\\\/\\\/cnewa.org\\\/es\\\/#organization\",\"name\":\"CNEWA Espa\u00f1ol\",\"alternateName\":\"Asociaci\u00f3n Cat\u00f3lica para el Bienestar del Cercano Oriente\",\"url\":\"https:\\\/\\\/cnewa.org\\\/es\\\/\",\"logo\":{\"@type\":\"ImageObject\",\"inLanguage\":\"es\",\"@id\":\"https:\\\/\\\/cnewa.org\\\/es\\\/#\\\/schema\\\/logo\\\/image\\\/\",\"url\":\"https:\\\/\\\/cnewa.org\\\/es\\\/wp-content\\\/uploads\\\/sites\\\/5\\\/2021\\\/07\\\/CNEWA-brand-logo.png\",\"contentUrl\":\"https:\\\/\\\/cnewa.org\\\/es\\\/wp-content\\\/uploads\\\/sites\\\/5\\\/2021\\\/07\\\/CNEWA-brand-logo.png\",\"width\":1000,\"height\":1000,\"caption\":\"CNEWA Espa\u00f1ol\"},\"image\":{\"@id\":\"https:\\\/\\\/cnewa.org\\\/es\\\/#\\\/schema\\\/logo\\\/image\\\/\"},\"sameAs\":[\"https:\\\/\\\/www.facebook.com\\\/CNEWAenespanol\\\/\",\"https:\\\/\\\/www.instagram.com\\\/cnewa1926\\\/\",\"https:\\\/\\\/www.youtube.com\\\/user\\\/TheCNEWA\"]}]}<\/script>\n<!-- \/ Yoast SEO Premium plugin. -->","yoast_head_json":{"title":"La \u00daltima Palabra | ONE en Espa\u00f1ol","description":"El presidente de CNEWA dedica su columna a comprender las tres virtudes teologales y su conexi\u00f3n con la misi\u00f3n y el trabajo de CNEWA.","robots":{"index":"index","follow":"follow","max-snippet":"max-snippet:-1","max-image-preview":"max-image-preview:large","max-video-preview":"max-video-preview:-1"},"canonical":"https:\/\/cnewa.org\/es\/revista\/la-ultima-palabra-2\/","og_locale":"es_ES","og_type":"article","og_title":"La \u00daltima Palabra | ONE en Espa\u00f1ol","og_description":"El presidente de CNEWA dedica su columna a comprender las tres virtudes teologales y su conexi\u00f3n con la misi\u00f3n y el trabajo de CNEWA.","og_url":"https:\/\/cnewa.org\/es\/revista\/la-ultima-palabra-2\/","og_site_name":"CNEWA Espa\u00f1ol","article_publisher":"https:\/\/www.facebook.com\/CNEWAenespanol\/","article_modified_time":"2025-03-05T18:51:04+00:00","og_image":[{"width":1800,"height":900,"url":"https:\/\/cnewa.org\/es\/wp-content\/uploads\/sites\/5\/2025\/02\/anis202410_027H-Web.jpg","type":"image\/jpeg"}],"twitter_card":"summary_large_image","twitter_misc":{"Tiempo de lectura":"5 minutos"},"schema":{"@context":"https:\/\/schema.org","@graph":[{"@type":"WebPage","@id":"https:\/\/cnewa.org\/es\/revista\/la-ultima-palabra-2\/","url":"https:\/\/cnewa.org\/es\/revista\/la-ultima-palabra-2\/","name":"La \u00daltima Palabra | ONE en Espa\u00f1ol","isPartOf":{"@id":"https:\/\/cnewa.org\/es\/#website"},"primaryImageOfPage":{"@id":"https:\/\/cnewa.org\/es\/revista\/la-ultima-palabra-2\/#primaryimage"},"image":{"@id":"https:\/\/cnewa.org\/es\/revista\/la-ultima-palabra-2\/#primaryimage"},"thumbnailUrl":"https:\/\/cnewa.org\/es\/wp-content\/uploads\/sites\/5\/2025\/02\/anis202410_027H-Web.jpg","datePublished":"2025-02-25T13:25:01+00:00","dateModified":"2025-03-05T18:51:04+00:00","description":"El presidente de CNEWA dedica su columna a comprender las tres virtudes teologales y su conexi\u00f3n con la misi\u00f3n y el trabajo de CNEWA.","breadcrumb":{"@id":"https:\/\/cnewa.org\/es\/revista\/la-ultima-palabra-2\/#breadcrumb"},"inLanguage":"es","potentialAction":[{"@type":"ReadAction","target":["https:\/\/cnewa.org\/es\/revista\/la-ultima-palabra-2\/"]}]},{"@type":"ImageObject","inLanguage":"es","@id":"https:\/\/cnewa.org\/es\/revista\/la-ultima-palabra-2\/#primaryimage","url":"https:\/\/cnewa.org\/es\/wp-content\/uploads\/sites\/5\/2025\/02\/anis202410_027H-Web.jpg","contentUrl":"https:\/\/cnewa.org\/es\/wp-content\/uploads\/sites\/5\/2025\/02\/anis202410_027H-Web.jpg","width":1800,"height":900,"caption":"Mina Nasser abraza a un ni\u00f1o hu\u00e9rfano cuando regresa a visitar el Orfanato para Ni\u00f1os de San Abanoub, un proyecto financiado por CNEWA en Port Said, Egipto, donde \u00e9l se cri\u00f3 en un ambiente familiar durante m\u00e1s de 10 a\u00f1os. (foto: Roger Anis)"},{"@type":"BreadcrumbList","@id":"https:\/\/cnewa.org\/es\/revista\/la-ultima-palabra-2\/#breadcrumb","itemListElement":[{"@type":"ListItem","position":1,"name":"Inicio","item":"https:\/\/cnewa.org\/es\/"},{"@type":"ListItem","position":2,"name":"One Magazine","item":"https:\/\/cnewa.org\/es\/revista\/"},{"@type":"ListItem","position":3,"name":"La \u00daltima Palabra"}]},{"@type":"WebSite","@id":"https:\/\/cnewa.org\/es\/#website","url":"https:\/\/cnewa.org\/es\/","name":"CNEWA Espa\u00f1ol","description":"Asociaci\u00f3n Cat\u00f3lica para el Bienestar del Cercano Oriente","publisher":{"@id":"https:\/\/cnewa.org\/es\/#organization"},"potentialAction":[{"@type":"SearchAction","target":{"@type":"EntryPoint","urlTemplate":"https:\/\/cnewa.org\/es\/?s={search_term_string}"},"query-input":{"@type":"PropertyValueSpecification","valueRequired":true,"valueName":"search_term_string"}}],"inLanguage":"es"},{"@type":"Organization","@id":"https:\/\/cnewa.org\/es\/#organization","name":"CNEWA Espa\u00f1ol","alternateName":"Asociaci\u00f3n Cat\u00f3lica para el Bienestar del Cercano Oriente","url":"https:\/\/cnewa.org\/es\/","logo":{"@type":"ImageObject","inLanguage":"es","@id":"https:\/\/cnewa.org\/es\/#\/schema\/logo\/image\/","url":"https:\/\/cnewa.org\/es\/wp-content\/uploads\/sites\/5\/2021\/07\/CNEWA-brand-logo.png","contentUrl":"https:\/\/cnewa.org\/es\/wp-content\/uploads\/sites\/5\/2021\/07\/CNEWA-brand-logo.png","width":1000,"height":1000,"caption":"CNEWA Espa\u00f1ol"},"image":{"@id":"https:\/\/cnewa.org\/es\/#\/schema\/logo\/image\/"},"sameAs":["https:\/\/www.facebook.com\/CNEWAenespanol\/","https:\/\/www.instagram.com\/cnewa1926\/","https:\/\/www.youtube.com\/user\/TheCNEWA"]}]}},"_links":{"self":[{"href":"https:\/\/cnewa.org\/es\/wp-json\/wp\/v2\/magazine\/6227","targetHints":{"allow":["GET"]}}],"collection":[{"href":"https:\/\/cnewa.org\/es\/wp-json\/wp\/v2\/magazine"}],"about":[{"href":"https:\/\/cnewa.org\/es\/wp-json\/wp\/v2\/types\/magazine"}],"author":[{"embeddable":true,"href":"https:\/\/cnewa.org\/es\/wp-json\/wp\/v2\/users\/70019"}],"version-history":[{"count":4,"href":"https:\/\/cnewa.org\/es\/wp-json\/wp\/v2\/magazine\/6227\/revisions"}],"predecessor-version":[{"id":6370,"href":"https:\/\/cnewa.org\/es\/wp-json\/wp\/v2\/magazine\/6227\/revisions\/6370"}],"wp:featuredmedia":[{"embeddable":true,"href":"https:\/\/cnewa.org\/es\/wp-json\/wp\/v2\/media\/6229"}],"wp:attachment":[{"href":"https:\/\/cnewa.org\/es\/wp-json\/wp\/v2\/media?parent=6227"}],"wp:term":[{"taxonomy":"magazine-issues","embeddable":true,"href":"https:\/\/cnewa.org\/es\/wp-json\/wp\/v2\/magazine-issues?post=6227"},{"taxonomy":"magazine-sections","embeddable":true,"href":"https:\/\/cnewa.org\/es\/wp-json\/wp\/v2\/magazine-sections?post=6227"}],"curies":[{"name":"wp","href":"https:\/\/api.w.org\/{rel}","templated":true}]}}