{"id":8535,"date":"2026-09-01T10:15:03","date_gmt":"2026-09-01T14:15:03","guid":{"rendered":"https:\/\/cnewa.org\/es\/?post_type=magazine&#038;p=8535"},"modified":"2026-09-01T10:15:04","modified_gmt":"2026-09-01T14:15:04","slug":"interviniendo","status":"publish","type":"magazine","link":"https:\/\/cnewa.org\/es\/revista\/interviniendo\/","title":{"rendered":"Interviniendo"},"content":{"rendered":"\n<p class=\"has-drop-cap wp-block-paragraph\">Todo padre sabe lo r\u00e1pido que crecen los ni\u00f1os. Las zapatillas, vestidos o jeans nuevos quedan peque\u00f1os casi en cuanto se compran.&nbsp;<\/p>\n\n\n\n<p class=\"wp-block-paragraph\">Para Oleksandra \u201cSasha\u201d Paskal, 10, crecer tambi\u00e9n es ajustar o cambiar el encaje de su pr\u00f3tesis cada tres meses y asegurar un nuevo pie artificial dos veces al a\u00f1o para que coincida con el crecimiento de su pie derecho.<\/p>\n\n\n\n<p class=\"wp-block-paragraph\">En 2022, Oleksandra perdi\u00f3 una pierna en un ataque con misiles rusos en la regi\u00f3n de Odesa, Ucrania. Tambi\u00e9n perdi\u00f3 un dedo y sufri\u00f3 m\u00faltiples lesiones en la cabeza y el torso. Sobrevivi\u00f3, fue rehabilitada y recibi\u00f3 una pr\u00f3tesis bi\u00f3nica.<\/p>\n\n\n\n<p class=\"wp-block-paragraph\">Ahora Oleksandra, gimnasta, vuelve a entrenar en Chornomorsk, sur de Ucrania.&nbsp;<\/p>\n\n\n\n<p class=\"wp-block-paragraph\">Su madre, Maria Paskal, recuerda cuando su hija fue rescatada de los escombros de su casa. La familia solo pensaba en mantenerla viva. Al principio, no sab\u00edan que ser\u00eda necesaria la amputaci\u00f3n; pero luego, los m\u00e9dicos dijeron que la pierna de Oleksandra no pod\u00eda salvarse.<\/p>\n\n\n\n<p class=\"wp-block-paragraph\">Tras tratamiento y rehabilitaci\u00f3n en Austria, la familia regres\u00f3 a casa. Un mes despu\u00e9s, Oleksandra quiso volver a entrenar.<\/p>\n\n\n\n<p class=\"wp-block-paragraph\">\u201cSasha quer\u00eda volver a la gimnasia\u201d, dijo Paskal, \u201cy la apoyamos\u201d.&nbsp;<\/p>\n\n\n\n<figure class=\"wp-block-embed is-type-video is-provider-youtube wp-block-embed-youtube wp-embed-aspect-16-9 wp-has-aspect-ratio\"><div class=\"wp-block-embed__wrapper\">\n<iframe loading=\"lazy\" title=\"ESP Orphan Care Center\" width=\"500\" height=\"281\" src=\"https:\/\/www.youtube.com\/embed\/2aI1_ShSCZw?feature=oembed\" frameborder=\"0\" allow=\"accelerometer; autoplay; clipboard-write; encrypted-media; gyroscope; picture-in-picture; web-share\" referrerpolicy=\"strict-origin-when-cross-origin\" allowfullscreen><\/iframe>\n<\/div><\/figure>\n\n\n\n<p class=\"wp-block-paragraph\">La entrenadora de Oleksandra, Inga Kovalchuk, decidi\u00f3 que entrenar\u00eda con las mismas chicas que antes de su lesi\u00f3n \u2014cuatro horas al d\u00eda, cinco d\u00edas a la semana\u2014 y representar\u00eda a Ucrania en competiciones internacionales. Recientemente, Oleksandra gan\u00f3 una medalla de oro en Ruman\u00eda.<\/p>\n\n\n\n<p class=\"wp-block-paragraph\">\u201cEntend\u00ed claramente que ten\u00eda que ofrecerle apoyo y, al mismo tiempo, no convertirla en \u2018una categor\u00eda separada\u2019 dentro de su propio equipo\u201d, dijo Kovalchuk, reconocida entrenadora de gimnasia r\u00edtmica en Ucrania.&nbsp;<\/p>\n\n\n\n<p class=\"wp-block-paragraph\">\u201cTrabaja con todos. Algunos elementos deben adaptarse a sus habilidades, pero recibe elogios y correcciones como todos los dem\u00e1s. No dividimos a los ni\u00f1os\u201d.<\/p>\n\n\n\n<p class=\"wp-block-paragraph\">\u201cSiempre le digo a Oleksandra: Tenemos que hacer que la gente se sienta orgullosa de ti, inspirada por ti \u2014no que sienta l\u00e1stima por ti\u201d, dijo Kovalchuk.<\/p>\n\n\n\n<p class=\"wp-block-paragraph\">\u201cLo m\u00e1s importante es que est\u00e1 viva, que ha vuelto al gimnasio, que sonr\u00ede e inspira a los dem\u00e1s\u201d, a\u00f1adi\u00f3. \u201cLa verdadera victoria es su resiliencia\u201d.<\/p>\n\n\n\n<p class=\"wp-block-paragraph\">Cuando le preguntaron qu\u00e9 significa para ella la gimnasia r\u00edtmica, Oleksandra respondi\u00f3: \u201cLa gimnasia r\u00edtmica es mi vida. Me encanta\u201d.<\/p>\n\n\n\n<p class=\"wp-block-paragraph\">Su historia muestra una de las consecuencias m\u00e1s visibles de la guerra para los ni\u00f1os: un cuerpo herido.&nbsp;<\/p>\n\n\n\n<p class=\"wp-block-paragraph\">Las <a href=\"https:\/\/ukraine.un.org\/en\/320943-un-human-rights-monitors-report-highest-monthly-number-civilian-deaths-and-injuries-ukraine\">Naciones Unidas informaron en julio<\/a> que m\u00e1s de 800 ni\u00f1os ucranianos han muerto y m\u00e1s de 2.950 ni\u00f1os han resultado heridos desde la invasi\u00f3n rusa en 2022. Estos n\u00fameros solo detallan los muertos o heridos confirmados; la ONU se\u00f1ala que es dif\u00edcil verificar los n\u00fameros en zonas de guerra activas, y se teme que las cifras puedan ser mucho mayores.<\/p>\n\n\n\n<p class=\"wp-block-paragraph\">Sin embargo, decenas de miles de ni\u00f1os en Ucrania se han visto afectados de manera menos visible, principalmente por la p\u00e9rdida parental. Al 1 de enero, m\u00e1s de 59.000 ni\u00f1os estaban registrados oficialmente como hu\u00e9rfanos o privados del cuidado parental, seg\u00fan el Ministerio de Pol\u00edtica Social de Ucrania. La mayor\u00eda \u2014el 95%\u2014 estaban siendo criados en formas de cuidado basadas en la familia.&nbsp;<\/p>\n\n\n\n<figure class=\"wp-block-pullquote\"><blockquote><p>\u201cLa verdadera victoria es su resiliencia\u201d.<\/p><\/blockquote><\/figure>\n\n\n\n<p class=\"wp-block-paragraph\">Al mismo tiempo, la atenci\u00f3n institucional sigue siendo un problema importante. Los registros gubernamentales indican que, de casi 25.000 ni\u00f1os que viv\u00edan o estudiaban a tiempo completo en instituciones residenciales en Ucrania en 2025, solo unos 4.000 ni\u00f1os no ten\u00edan padres, lo que significa que la mayor\u00eda no eran hu\u00e9rfanos, sino que estaban separados de la familia por razones sociales o econ\u00f3micas.<\/p>\n\n\n\n<figure class=\"wp-block-image size-large\"><img loading=\"lazy\" decoding=\"async\" width=\"1024\" height=\"683\" src=\"https:\/\/cnewa.org\/es\/wp-content\/uploads\/sites\/5\/2026\/08\/klochko202607_027H-1024x683.jpg\" alt=\"Un sacerdote juega al Jenga con ni\u00f1os.\" class=\"wp-image-8495\" srcset=\"https:\/\/cnewa.org\/es\/wp-content\/uploads\/sites\/5\/2026\/08\/klochko202607_027H-1024x683.jpg 1024w, https:\/\/cnewa.org\/es\/wp-content\/uploads\/sites\/5\/2026\/08\/klochko202607_027H-300x200.jpg 300w, https:\/\/cnewa.org\/es\/wp-content\/uploads\/sites\/5\/2026\/08\/klochko202607_027H-768x512.jpg 768w, https:\/\/cnewa.org\/es\/wp-content\/uploads\/sites\/5\/2026\/08\/klochko202607_027H-1536x1024.jpg 1536w, https:\/\/cnewa.org\/es\/wp-content\/uploads\/sites\/5\/2026\/08\/klochko202607_027H-1600x1067.jpg 1600w, https:\/\/cnewa.org\/es\/wp-content\/uploads\/sites\/5\/2026\/08\/klochko202607_027H.jpg 1800w\" sizes=\"auto, (max-width: 1024px) 100vw, 1024px\" \/><figcaption class=\"wp-element-caption\">El padre Roman Prokopets, director del Centro de Cuidado de Hu\u00e9rfanos en Lviv, juega Jenga con ni\u00f1os que viven en un hogar infantil de estilo familiar. (foto: Anna Klochko)<\/figcaption><\/figure>\n\n\n\n<p class=\"wp-block-paragraph\">En 2025, el gobierno compr\u00f3 viviendas para crear 124 hogares infantiles de estilo familiar para alejar a los ni\u00f1os del cuidado institucional hacia el apoyo basado en la familia.<\/p>\n\n\n\n<p class=\"has-drop-cap wp-block-paragraph\">El Centro de Cuidado de Hu\u00e9rfanos de la Archieparqu\u00eda greco-cat\u00f3lica ucraniana de Lviv ha apoyado a hu\u00e9rfanos y ni\u00f1os abandonados en viviendas institucionales, hogares infantiles de estilo familiar y familias de acogida desde 2009. Ofrece cuidado pastoral, as\u00ed como apoyo para cuidadores y materiales, incluyendo alimentos, art\u00edculos de higiene o laptops para el aprendizaje. Tambi\u00e9n administra la Casa de la Misericordia de San Nicol\u00e1s, un refugio para ni\u00f1os y otras personas necesitadas.<\/p>\n\n\n\n<p class=\"wp-block-paragraph\">Antes de 2022, el centro llegaba a m\u00e1s de 1.000 ni\u00f1os al a\u00f1o a trav\u00e9s de proyectos, actividades diarias, programas de divulgaci\u00f3n e iniciativas de voluntariado. Desde entonces, ha ampliado las guarder\u00edas, proporcionando apoyo psicosocial y aumentando su distribuci\u00f3n de alimentos y art\u00edculos esenciales.&nbsp;<\/p>\n\n\n\n<p class=\"wp-block-paragraph\">En 2026, el centro est\u00e1 llegando a unos 1.200 ni\u00f1os y j\u00f3venes, incluyendo unos 200 ni\u00f1os en 20 hogares de estilo familiar, 500 ni\u00f1os en nueve centros institucionales y 80 ni\u00f1os bajo el cuidado de servicios sociales. Los capellanes del centro tambi\u00e9n atienden a los ni\u00f1os matriculados en un jard\u00edn de infancia y escuela primaria de la Iglesia greco-cat\u00f3lica ucraniana y a unos 300 ni\u00f1os de familias en circunstancias dif\u00edciles.&nbsp;<\/p>\n\n\n\n<p class=\"wp-block-paragraph\">\u201cNos mantenemos cerca\u201d, dijo el padre Roman Prokopets, director del Centro de Atenci\u00f3n a Hu\u00e9rfanos. \u201cEs uno de los lemas m\u00e1s importantes de nuestra organizaci\u00f3n: estar cerca de quienes lo necesitan\u201d.<\/p>\n\n\n\n<p class=\"wp-block-paragraph\">El padre Prokopets dijo que el trabajo del centro se basa en la continuidad y estabilidad de la presencia continua de la iglesia, a pesar de que la vida del ni\u00f1o se ve alterada por los traslados entre instituciones, escuelas o cuidadores.<\/p>\n\n\n\n<p class=\"wp-block-paragraph\">El padre Nazariy Pryshlyak, capell\u00e1n del centro, dijo que la guerra \u201ca\u00f1ade a\u00fan m\u00e1s tragedia\u201d a los ni\u00f1os ya heridos por la orfandad o la vida institucional. Pero cuando se les pregunta por qu\u00e9 quieren rezar, \u201chablan de apoyar a nuestros soldados\u201d, dijo.<\/p>\n\n\n\n<p class=\"wp-block-paragraph\">La programaci\u00f3n del centro incluye campamentos, catequesis, talleres, deportes y salidas. Su equipo de f\u00fatbol, FC KOPA, es para ni\u00f1os que han perdido a uno o ambos padres, est\u00e1n bajo tutelaje o son desplazados por la guerra. El equipo ha competido en el extranjero, incluyendo Polonia en 2025 y la Magic Cup en Estados Unidos en 2026.<\/p>\n\n\n\n<p class=\"wp-block-paragraph\">Yuliia Ilchyshyn, directora del programa deportivo, afirm\u00f3 que el f\u00fatbol se ha convertido en \u201cun instrumento de aceptaci\u00f3n\u201d para estos ni\u00f1os. \u201cQuer\u00edamos ayudarles a ver un futuro\u201d, dijo.<\/p>\n\n\n\n<p class=\"wp-block-paragraph\">El hermano Andriy J\u00e1rkov, capell\u00e1n que trabaja con hogares infantiles y tutelaje de estilo familiar, dijo que las actividades est\u00e1n pensadas para mantener activos a los ni\u00f1os y darles un sentido de comunidad.&nbsp;<\/p>\n\n\n\n<p class=\"wp-block-paragraph\">La guerra obliga a los ni\u00f1os a madurar demasiado pronto, a\u00f1adi\u00f3. El hermano Andriy dijo que lo que m\u00e1s necesitan los ni\u00f1os es ser escuchados y saber que son queridos.<\/p>\n\n\n\n<p class=\"wp-block-paragraph\">\u201cRecuerdo cuando ten\u00eda esa edad: rezaba por un perro, por buen clima, por amigos. Estos ni\u00f1os rezan por los soldados, por la victoria, para que paren los misiles\u201d, dijo.<\/p>\n\n\n\n<p class=\"wp-block-paragraph\">El centro tambi\u00e9n facilita la adopci\u00f3n. El di\u00e1cono Taras Kotlinsky ayuda a adultos que est\u00e1n considerando la adopci\u00f3n, el tutelaje, o el patrocinio. Los ucranianos se han vuelto m\u00e1s reacios a fomentar o adoptar debido a las incertidumbres de la guerra, dijo. Solo 770 ni\u00f1os fueron adoptados legalmente en Ucrania entre enero y agosto del a\u00f1o pasado.<\/p>\n\n\n\n<p class=\"wp-block-paragraph\">\u201cPersonalmente insto a la gente a no posponer hasta ma\u00f1ana, o alg\u00fan futuro lejano, lo que podamos dar hoy\u201d, dijo.<\/p>\n\n\n\n<p class=\"wp-block-paragraph\">Oksana Dolynska y su esposo, feligreses de la Iglesia de la Madre de Dios del Perpetuo Socorro en Lviv, llevaban a\u00f1os pensando en adoptar, pero dudaban de tener suficiente fuerza, experiencia o espacio en casa para ser buenos padres adoptivos.&nbsp;<\/p>\n\n\n\n<p class=\"wp-block-paragraph\">Los capellanes del centro les dieron el \u00e1nimo que necesitaban y, a principios de 2025, dieron la bienvenida a Iv\u00e1n y Valeria. Los gemelos fraternos fueron desplazados de Donb\u00e1s, este de Ucrania, a Lviv, donde estuvieron bajo cuidado institucional tras la muerte de su padre y la imposibilidad de que su madre pudiera cuidarles.&nbsp;<\/p>\n\n\n\n<p class=\"wp-block-paragraph\">Dolynska no idealiza el tutelaje ni la adopci\u00f3n \u2014dijo que sabe que Iv\u00e1n y Valeria, que ahora tienen 11 a\u00f1os, probablemente sufrir\u00e1n traumas durante muchos a\u00f1os\u2014 pero ha visto mejoras tras 18 meses de ser una familia.<\/p>\n\n\n\n<p class=\"wp-block-paragraph\">\u201cIv\u00e1n y Valeria se han calmado en casa con nosotros\u201d, dijo. \u201cSe han convertido en nuestros hijos\u201d.<\/p>\n\n\n\n<figure class=\"wp-block-image size-large\"><img loading=\"lazy\" decoding=\"async\" width=\"1024\" height=\"672\" src=\"https:\/\/cnewa.org\/es\/wp-content\/uploads\/sites\/5\/2026\/08\/klochko202607_101H-1024x672.jpg\" alt=\"A gymnast girl with a prosthetic leg practices a floor routine.\" class=\"wp-image-8498\" srcset=\"https:\/\/cnewa.org\/es\/wp-content\/uploads\/sites\/5\/2026\/08\/klochko202607_101H-1024x672.jpg 1024w, https:\/\/cnewa.org\/es\/wp-content\/uploads\/sites\/5\/2026\/08\/klochko202607_101H-300x197.jpg 300w, https:\/\/cnewa.org\/es\/wp-content\/uploads\/sites\/5\/2026\/08\/klochko202607_101H-768x504.jpg 768w, https:\/\/cnewa.org\/es\/wp-content\/uploads\/sites\/5\/2026\/08\/klochko202607_101H-1536x1009.jpg 1536w, https:\/\/cnewa.org\/es\/wp-content\/uploads\/sites\/5\/2026\/08\/klochko202607_101H-1600x1051.jpg 1600w, https:\/\/cnewa.org\/es\/wp-content\/uploads\/sites\/5\/2026\/08\/klochko202607_101H.jpg 1800w\" sizes=\"auto, (max-width: 1024px) 100vw, 1024px\" \/><figcaption class=\"wp-element-caption\">Oleksandra Paskal entrena gimnasia r\u00edtmica en Chornomorsk, suroeste de Ucrania. (foto: Anna Klochko)<\/figcaption><\/figure>\n\n\n\n<p class=\"wp-block-paragraph\">La iglesia tambi\u00e9n se ha convertido en un lugar de confianza. El padre Prokopets invit\u00f3 a Iv\u00e1n a servir en el altar. Al principio, Iv\u00e1n tem\u00eda al fuego y al incienso, pero pronto empez\u00f3 a manejar una vela y un incensario con confianza. Valeria es activa en la vida parroquial, cantando, rezando durante la Divina Liturgia y ayudando a dirigir el rosario.<\/p>\n\n\n\n<p class=\"wp-block-paragraph\">Kateryna Dolhova, que ha criado a 15 ni\u00f1os en un hogar familiar financiado por el Centro de Cuidado de Hu\u00e9rfanos de Lviv, dijo que la familia no solo proporciona un techo sobre sus cabezas.&nbsp;<\/p>\n\n\n\n<p class=\"wp-block-paragraph\">\u201cLa familia es comunidad, y la comunidad es fortaleza\u201d, dijo. La familia puede sostener a un ni\u00f1o cuando el mundo a su alrededor se est\u00e1 desmoronando, a\u00f1adi\u00f3.<\/p>\n\n\n\n<figure class=\"wp-block-pullquote\"><blockquote><p>\u201cQuer\u00edamos ayudarles a ver un futuro\u201d.<\/p><\/blockquote><\/figure>\n\n\n\n<p class=\"has-drop-cap wp-block-paragraph\">En Sumy, noreste de <a href=\"https:\/\/cnewa.org\/es\/donde-trabajamos\/europa-del-este\/ucrania\/\">Ucrania<\/a>, los ni\u00f1os que tienen un hogar y padres pueden parecer m\u00e1s retra\u00eddos y ansiosos que aquellos m\u00e1s alejados del frente, en Lviv, que han perdido a sus padres, pero est\u00e1n rodeados de apoyo.<\/p>\n\n\n\n<p class=\"wp-block-paragraph\">Las alertas de bombardeos, explosiones, refugios y la espera de malas noticias se han vuelto habituales en Sumy. Los padres est\u00e1n cerca, pero a menudo agotados por el temor sobre sus hijos y familiares en el ej\u00e9rcito. Las familias siguen ofreciendo amor, pero no siempre pueden ofrecer seguridad.<\/p>\n\n\n\n<p class=\"wp-block-paragraph\">Los ni\u00f1os han pasado a\u00f1os entre refugios y clases en l\u00ednea, con pocas oportunidades de jugar con amigos y compa\u00f1eros. En respuesta, el Centro Regional de Sumy para la Educaci\u00f3n Extracurricular y el Trabajo con J\u00f3venes Talentosos organiz\u00f3 un centro de bienestar de verano con talleres, juegos, manualidades, deportes y tiempo con compa\u00f1eros.<\/p>\n\n\n\n<p class=\"wp-block-paragraph\">\u201cA los ni\u00f1os les gusta hacer trabajo creativo\u201d, dijo Lyudmyla Gayeva, que dirige el club de manualidades. \u201cPero lo m\u00e1s importante, se comunican \u2014porque eso es lo que m\u00e1s les falta ahora\u201d.<\/p>\n\n\n\n<p class=\"wp-block-paragraph\">Con el tiempo, el trauma de la guerra puede asentarse en el cuerpo.&nbsp;<\/p>\n\n\n\n<p class=\"wp-block-paragraph\">\u201cAunque no sea una explosi\u00f3n, solo un sonido agudo, un ni\u00f1o se estremece\u201d, dijo Yevheniia Kozyr. Sus hijos echan de menos a su padre, que sirve en el ej\u00e9rcito. Cuando puede llamar desde la entrada o mirar el m\u00f3vil, le env\u00edan fotos de dibujos y manualidades que hicieron en el colegio.<\/p>\n\n\n\n<p class=\"wp-block-paragraph\">Nataliia Sosnovenko es psic\u00f3loga y directora del Centro de Experiencia y Metodolog\u00eda Psicol\u00f3gica en Voces de Ni\u00f1os, una fundaci\u00f3n ben\u00e9fica ucraniana de nivel nacional con 15 centros en el pa\u00eds que ofrece apoyo psicol\u00f3gico y social a ni\u00f1os y familias.<\/p>\n\n\n\n<p class=\"wp-block-paragraph\">Afirm\u00f3 que las consecuencias de la guerra sobre los ni\u00f1os van m\u00e1s all\u00e1 del trauma individual, incluyendo la emigraci\u00f3n forzada, el desplazamiento, la deportaci\u00f3n, la separaci\u00f3n familiar, la vida bajo ocupaci\u00f3n, la interrupci\u00f3n de la educaci\u00f3n, la socializaci\u00f3n rota y la muerte infantil. Juntos, presentan un desaf\u00edo de graves proporciones que el pa\u00eds sentir\u00e1 durante a\u00f1os, dijo.<\/p>\n\n\n\n<p class=\"wp-block-paragraph\">\u201cLa crisis demogr\u00e1fica no es solo una cuesti\u00f3n de cifras. Es una cuesti\u00f3n de potencial humano\u201d, dijo.<\/p>\n\n\n\n<p class=\"wp-block-paragraph\">Algunos ni\u00f1os pueden no regresar del extranjero. En febrero, UNICEF inform\u00f3 que casi 1.8 millones de ni\u00f1os ucranianos viven como refugiados fuera del pa\u00eds. Otros volver\u00e1n necesitando apoyo a largo plazo, mientras que otros crecen bajo estr\u00e9s cr\u00f3nico, con sus recursos mentales y emocionales dirigidos no al desarrollo, sino a la supervivencia.<\/p>\n\n\n\n<p class=\"wp-block-paragraph\">Sin embargo, Sosnovenko advirti\u00f3 que no se les llame una \u201cgeneraci\u00f3n perdida\u201d.&nbsp;<\/p>\n\n\n\n<p class=\"wp-block-paragraph\">Si los ni\u00f1os tienen adultos estables cerca y acceso a educaci\u00f3n, apoyo psicol\u00f3gico y un entorno seguro, a\u00f1adi\u00f3, tendr\u00e1n una gran capacidad de recuperaci\u00f3n.<\/p>\n\n\n\n<p class=\"has-drop-cap wp-block-paragraph\">Todo padre sabe lo r\u00e1pido que crecen los ni\u00f1os. Las zapatillas, vestidos o jeans nuevos quedan peque\u00f1os casi en cuanto se compran.&nbsp;<\/p>\n\n\n\n<p class=\"wp-block-paragraph\">Para Oleksandra \u201cSasha\u201d Paskal, 10, crecer tambi\u00e9n es ajustar o cambiar el encaje de su pr\u00f3tesis cada tres meses y asegurar un nuevo pie artificial dos veces al a\u00f1o para que coincida con el crecimiento de su pie derecho.<\/p>\n\n\n\n<p class=\"wp-block-paragraph\">En 2022, Oleksandra perdi\u00f3 una pierna en un ataque con misiles rusos en la regi\u00f3n de Odesa, Ucrania. Tambi\u00e9n perdi\u00f3 un dedo y sufri\u00f3 m\u00faltiples lesiones en la cabeza y el torso. Sobrevivi\u00f3, fue rehabilitada y recibi\u00f3 una pr\u00f3tesis bi\u00f3nica.<\/p>\n\n\n\n<p class=\"wp-block-paragraph\">Ahora Oleksandra, gimnasta, vuelve a entrenar en Chornomorsk, sur de Ucrania.&nbsp;<\/p>\n\n\n\n<p class=\"wp-block-paragraph\">Su madre, Maria Paskal, recuerda cuando su hija fue rescatada de los escombros de su casa. La familia solo pensaba en mantenerla viva. Al principio, no sab\u00edan que ser\u00eda necesaria la amputaci\u00f3n; pero luego, los m\u00e9dicos dijeron que la pierna de Oleksandra no pod\u00eda salvarse.<\/p>\n\n\n\n<figure class=\"wp-block-image size-large\"><img loading=\"lazy\" decoding=\"async\" width=\"1024\" height=\"683\" src=\"https:\/\/cnewa.org\/es\/wp-content\/uploads\/sites\/5\/2026\/08\/klochko202607_097H-1024x683.jpg\" alt=\"Una mujer y su hija sentadas en un banco de una iglesia.\" class=\"wp-image-8497\" srcset=\"https:\/\/cnewa.org\/es\/wp-content\/uploads\/sites\/5\/2026\/08\/klochko202607_097H-1024x683.jpg 1024w, https:\/\/cnewa.org\/es\/wp-content\/uploads\/sites\/5\/2026\/08\/klochko202607_097H-300x200.jpg 300w, https:\/\/cnewa.org\/es\/wp-content\/uploads\/sites\/5\/2026\/08\/klochko202607_097H-768x512.jpg 768w, https:\/\/cnewa.org\/es\/wp-content\/uploads\/sites\/5\/2026\/08\/klochko202607_097H-1536x1024.jpg 1536w, https:\/\/cnewa.org\/es\/wp-content\/uploads\/sites\/5\/2026\/08\/klochko202607_097H-1600x1067.jpg 1600w, https:\/\/cnewa.org\/es\/wp-content\/uploads\/sites\/5\/2026\/08\/klochko202607_097H.jpg 1800w\" sizes=\"auto, (max-width: 1024px) 100vw, 1024px\" \/><figcaption class=\"wp-element-caption\">Oksana Dolynska y su hija Valeria asisten a un servicio vespertino a mediados de junio en la Iglesia de la Madre de Dios del Perpetuo Socorro en Lviv. (foto: Anna Klochko)<\/figcaption><\/figure>\n\n\n\n<p class=\"wp-block-paragraph\">Tras tratamiento y rehabilitaci\u00f3n en Austria, la familia regres\u00f3 a casa. Un mes despu\u00e9s, Oleksandra quiso volver a entrenar.<\/p>\n\n\n\n<p class=\"wp-block-paragraph\">\u201cSasha quer\u00eda volver a la gimnasia\u201d, dijo Paskal, \u201cy la apoyamos\u201d.&nbsp;<\/p>\n\n\n\n<p class=\"wp-block-paragraph\">La entrenadora de Oleksandra, Inga Kovalchuk, decidi\u00f3 que entrenar\u00eda con las mismas chicas que antes de su lesi\u00f3n \u2014cuatro horas al d\u00eda, cinco d\u00edas a la semana\u2014 y representar\u00eda a Ucrania en competiciones internacionales. Recientemente, Oleksandra gan\u00f3 una medalla de oro en Ruman\u00eda.<\/p>\n\n\n\n<p class=\"wp-block-paragraph\">\u201cEntend\u00ed claramente que ten\u00eda que ofrecerle apoyo y, al mismo tiempo, no convertirla en \u2018una categor\u00eda separada\u2019 dentro de su propio equipo\u201d, dijo Kovalchuk, reconocida entrenadora de gimnasia r\u00edtmica en Ucrania.&nbsp;<\/p>\n\n\n\n<p class=\"wp-block-paragraph\">\u201cTrabaja con todos. Algunos elementos deben adaptarse a sus habilidades, pero recibe elogios y correcciones como todos los dem\u00e1s. No dividimos a los ni\u00f1os\u201d.<\/p>\n\n\n\n<p class=\"wp-block-paragraph\">\u201cSiempre le digo a Oleksandra: Tenemos que hacer que la gente se sienta orgullosa de ti, inspirada por ti \u2014no que sienta l\u00e1stima por ti\u201d, dijo Kovalchuk.<\/p>\n\n\n\n<p class=\"wp-block-paragraph\">\u201cLo m\u00e1s importante es que est\u00e1 viva, que ha vuelto al gimnasio, que sonr\u00ede e inspira a los dem\u00e1s\u201d, a\u00f1adi\u00f3. \u201cLa verdadera victoria es su resiliencia\u201d.<\/p>\n\n\n\n<p class=\"wp-block-paragraph\">Cuando le preguntaron qu\u00e9 significa para ella la gimnasia r\u00edtmica, Oleksandra respondi\u00f3: \u201cLa gimnasia r\u00edtmica es mi vida. Me encanta\u201d.<\/p>\n\n\n\n<p class=\"wp-block-paragraph\">Su historia muestra una de las consecuencias m\u00e1s visibles de la guerra para los ni\u00f1os: un cuerpo herido.&nbsp;<\/p>\n\n\n\n<p class=\"wp-block-paragraph\">Las Naciones Unidas informaron en julio que m\u00e1s de 800 ni\u00f1os ucranianos han muerto y m\u00e1s de 2.950 ni\u00f1os han resultado heridos desde la invasi\u00f3n rusa en 2022. Estos n\u00fameros solo detallan los muertos o heridos confirmados; la ONU se\u00f1ala que es dif\u00edcil verificar los n\u00fameros en zonas de guerra activas, y se teme que las cifras puedan ser mucho mayores.<\/p>\n\n\n\n<p class=\"wp-block-paragraph\">Sin embargo, decenas de miles de ni\u00f1os en Ucrania se han visto afectados de manera menos visible, principalmente por la p\u00e9rdida parental. Al 1 de enero, m\u00e1s de 59.000 ni\u00f1os estaban registrados oficialmente como hu\u00e9rfanos o privados del cuidado parental, seg\u00fan el Ministerio de Pol\u00edtica Social de Ucrania. La mayor\u00eda \u2014el 95%\u2014 estaban siendo criados en formas de cuidado basadas en la familia.&nbsp;<\/p>\n\n\n\n<p class=\"wp-block-paragraph\">Al mismo tiempo, la atenci\u00f3n institucional sigue siendo un problema importante. Los registros gubernamentales indican que, de casi 25.000 ni\u00f1os que viv\u00edan o estudiaban a tiempo completo en instituciones residenciales en Ucrania en 2025, solo unos 4.000 ni\u00f1os no ten\u00edan padres, lo que significa que la mayor\u00eda no eran hu\u00e9rfanos, sino que estaban separados de la familia por razones sociales o econ\u00f3micas.<\/p>\n\n\n\n<p class=\"wp-block-paragraph\">En 2025, el gobierno compr\u00f3 viviendas para crear 124 hogares infantiles de estilo familiar para alejar a los ni\u00f1os del cuidado institucional hacia el apoyo basado en la familia.<\/p>\n\n\n\n<p class=\"has-drop-cap wp-block-paragraph\">El Centro de Cuidado de Hu\u00e9rfanos de la Archieparqu\u00eda greco-cat\u00f3lica ucraniana de Lviv ha apoyado a hu\u00e9rfanos y ni\u00f1os abandonados en viviendas institucionales, hogares infantiles de estilo familiar y familias de acogida desde 2009. Ofrece cuidado pastoral, as\u00ed como apoyo para cuidadores y materiales, incluyendo alimentos, art\u00edculos de higiene o laptops para el aprendizaje. Tambi\u00e9n administra la Casa de la Misericordia de San Nicol\u00e1s, un refugio para ni\u00f1os y otras personas necesitadas.<\/p>\n\n\n\n<p class=\"wp-block-paragraph\">Antes de 2022, el centro llegaba a m\u00e1s de 1.000 ni\u00f1os al a\u00f1o a trav\u00e9s de proyectos, actividades diarias, programas de divulgaci\u00f3n e iniciativas de voluntariado. Desde entonces, ha ampliado las guarder\u00edas, proporcionando apoyo psicosocial y aumentando su distribuci\u00f3n de alimentos y art\u00edculos esenciales.&nbsp;<\/p>\n\n\n\n<p class=\"wp-block-paragraph\">En 2026, el centro est\u00e1 llegando a unos 1.200 ni\u00f1os y j\u00f3venes, incluyendo unos 200 ni\u00f1os en 20 hogares de estilo familiar, 500 ni\u00f1os en nueve centros institucionales y 80 ni\u00f1os bajo el cuidado de servicios sociales. Los capellanes del centro tambi\u00e9n atienden a los ni\u00f1os matriculados en un jard\u00edn de infancia y escuela primaria de la Iglesia greco-cat\u00f3lica ucraniana y a unos 300 ni\u00f1os de familias en circunstancias dif\u00edciles.&nbsp;<\/p>\n\n\n\n<p class=\"wp-block-paragraph\">\u201cNos mantenemos cerca\u201d, dijo el padre Roman Prokopets, director del Centro de Atenci\u00f3n a Hu\u00e9rfanos. \u201cEs uno de los lemas m\u00e1s importantes de nuestra organizaci\u00f3n: estar cerca de quienes lo necesitan\u201d.<\/p>\n\n\n\n<p class=\"wp-block-paragraph\">El padre Prokopets dijo que el trabajo del centro se basa en la continuidad y estabilidad de la presencia continua de la iglesia, a pesar de que la vida del ni\u00f1o se ve alterada por los traslados entre instituciones, escuelas o cuidadores.<\/p>\n\n\n\n<p class=\"wp-block-paragraph\">El padre Nazariy Pryshlyak, capell\u00e1n del centro, dijo que la guerra \u201ca\u00f1ade a\u00fan m\u00e1s tragedia\u201d a los ni\u00f1os ya heridos por la orfandad o la vida institucional. Pero cuando se les pregunta por qu\u00e9 quieren rezar, \u201chablan de apoyar a nuestros soldados\u201d, dijo.<\/p>\n\n\n\n<p class=\"wp-block-paragraph\">La programaci\u00f3n del centro incluye campamentos, catequesis, talleres, deportes y salidas. Su equipo de f\u00fatbol, FC KOPA, es para ni\u00f1os que han perdido a uno o ambos padres, est\u00e1n bajo tutelaje o son desplazados por la guerra. El equipo ha competido en el extranjero, incluyendo Polonia en 2025 y la Magic Cup en Estados Unidos en 2026.<\/p>\n\n\n\n<p class=\"wp-block-paragraph\">Yuliia Ilchyshyn, directora del programa deportivo, afirm\u00f3 que el f\u00fatbol se ha convertido en \u201cun instrumento de aceptaci\u00f3n\u201d para estos ni\u00f1os. \u201cQuer\u00edamos ayudarles a ver un futuro\u201d, dijo.<\/p>\n\n\n\n<p class=\"wp-block-paragraph\">El hermano Andriy J\u00e1rkov, capell\u00e1n que trabaja con hogares infantiles y tutelaje de estilo familiar, dijo que las actividades est\u00e1n pensadas para mantener activos a los ni\u00f1os y darles un sentido de comunidad.&nbsp;<\/p>\n\n\n\n<p class=\"wp-block-paragraph\">La guerra obliga a los ni\u00f1os a madurar demasiado pronto, a\u00f1adi\u00f3. El hermano Andriy dijo que lo que m\u00e1s necesitan los ni\u00f1os es ser escuchados y saber que son queridos.<\/p>\n\n\n\n<p class=\"wp-block-paragraph\">\u201cRecuerdo cuando ten\u00eda esa edad: rezaba por un perro, por buen clima, por amigos. Estos ni\u00f1os rezan por los soldados, por la victoria, para que paren los misiles\u201d, dijo.<\/p>\n\n\n\n<p class=\"wp-block-paragraph\">El centro tambi\u00e9n facilita la adopci\u00f3n. El di\u00e1cono Taras Kotlinsky ayuda a adultos que est\u00e1n considerando la adopci\u00f3n, el tutelaje, o el patrocinio. Los ucranianos se han vuelto m\u00e1s reacios a fomentar o adoptar debido a las incertidumbres de la guerra, dijo. Solo 770 ni\u00f1os fueron adoptados legalmente en Ucrania entre enero y agosto del a\u00f1o pasado.<\/p>\n\n\n\n<p class=\"wp-block-paragraph\">\u201cPersonalmente insto a la gente a no posponer hasta ma\u00f1ana, o alg\u00fan futuro lejano, lo que podamos dar hoy\u201d, dijo.<\/p>\n\n\n\n<p class=\"wp-block-paragraph\">Oksana Dolynska y su esposo, feligreses de la Iglesia de la Madre de Dios del Perpetuo Socorro en Lviv, llevaban a\u00f1os pensando en adoptar, pero dudaban de tener suficiente fuerza, experiencia o espacio en casa para ser buenos padres adoptivos.&nbsp;<\/p>\n\n\n\n<p class=\"wp-block-paragraph\">Los capellanes del centro les dieron el \u00e1nimo que necesitaban y, a principios de 2025, dieron la bienvenida a Iv\u00e1n y Valeria. Los gemelos fraternos fueron desplazados de Donb\u00e1s, este de Ucrania, a Lviv, donde estuvieron bajo cuidado institucional tras la muerte de su padre y la imposibilidad de que su madre pudiera cuidarles.&nbsp;<\/p>\n\n\n\n<p class=\"wp-block-paragraph\">Dolynska no idealiza el tutelaje ni la adopci\u00f3n \u2014dijo que sabe que Iv\u00e1n y Valeria, que ahora tienen 11 a\u00f1os, probablemente sufrir\u00e1n traumas durante muchos a\u00f1os\u2014 pero ha visto mejoras tras 18 meses de ser una familia.<\/p>\n\n\n\n<p class=\"wp-block-paragraph\">\u201cIv\u00e1n y Valeria se han calmado en casa con nosotros\u201d, dijo. \u201cSe han convertido en nuestros hijos\u201d.<\/p>\n\n\n\n<p class=\"wp-block-paragraph\">La iglesia tambi\u00e9n se ha convertido en un lugar de confianza. El padre Prokopets invit\u00f3 a Iv\u00e1n a servir en el altar. Al principio, Iv\u00e1n tem\u00eda al fuego y al incienso, pero pronto empez\u00f3 a manejar una vela y un incensario con confianza. Valeria es activa en la vida parroquial, cantando, rezando durante la Divina Liturgia y ayudando a dirigir el rosario.<\/p>\n\n\n\n<p class=\"wp-block-paragraph\">Kateryna Dolhova, que ha criado a 15 ni\u00f1os en un hogar familiar financiado por el Centro de Cuidado de Hu\u00e9rfanos de Lviv, dijo que la familia no solo proporciona un techo sobre sus cabezas.&nbsp;<\/p>\n\n\n\n<p class=\"wp-block-paragraph\">\u201cLa familia es comunidad, y la comunidad es fortaleza\u201d, dijo. La familia puede sostener a un ni\u00f1o cuando el mundo a su alrededor se est\u00e1 desmoronando, a\u00f1adi\u00f3.<\/p>\n\n\n\n<p class=\"has-drop-cap wp-block-paragraph\">En Sumy, noreste de Ucrania, los ni\u00f1os que tienen un hogar y padres pueden parecer m\u00e1s retra\u00eddos y ansiosos que aquellos m\u00e1s alejados del frente, en Lviv, que han perdido a sus padres, pero est\u00e1n rodeados de apoyo.<\/p>\n\n\n\n<p class=\"wp-block-paragraph\">Las alertas de bombardeos, explosiones, refugios y la espera de malas noticias se han vuelto habituales en Sumy. Los padres est\u00e1n cerca, pero a menudo agotados por el temor sobre sus hijos y familiares en el ej\u00e9rcito. Las familias siguen ofreciendo amor, pero no siempre pueden ofrecer seguridad.<\/p>\n\n\n\n<p class=\"wp-block-paragraph\">Los ni\u00f1os han pasado a\u00f1os entre refugios y clases en l\u00ednea, con pocas oportunidades de jugar con amigos y compa\u00f1eros. En respuesta, el Centro Regional de Sumy para la Educaci\u00f3n Extracurricular y el Trabajo con J\u00f3venes Talentosos organiz\u00f3 un centro de bienestar de verano con talleres, juegos, manualidades, deportes y tiempo con compa\u00f1eros.<\/p>\n\n\n\n<p class=\"wp-block-paragraph\">\u201cA los ni\u00f1os les gusta hacer trabajo creativo\u201d, dijo Lyudmyla Gayeva, que dirige el club de manualidades. \u201cPero lo m\u00e1s importante, se comunican \u2014porque eso es lo que m\u00e1s les falta ahora\u201d.<\/p>\n\n\n\n<p class=\"wp-block-paragraph\">Con el tiempo, el trauma de la guerra puede asentarse en el cuerpo.&nbsp;<\/p>\n\n\n\n<p class=\"wp-block-paragraph\">\u201cAunque no sea una explosi\u00f3n, solo un sonido agudo, un ni\u00f1o se estremece\u201d, dijo Yevheniia Kozyr. Sus hijos echan de menos a su padre, que sirve en el ej\u00e9rcito. Cuando puede llamar desde la entrada o mirar el m\u00f3vil, le env\u00edan fotos de dibujos y manualidades que hicieron en el colegio.<\/p>\n\n\n\n<p class=\"wp-block-paragraph\">Nataliia Sosnovenko es psic\u00f3loga y directora del Centro de Experiencia y Metodolog\u00eda Psicol\u00f3gica en Voces de Ni\u00f1os, una fundaci\u00f3n ben\u00e9fica ucraniana de nivel nacional con 15 centros en el pa\u00eds que ofrece apoyo psicol\u00f3gico y social a ni\u00f1os y familias.<\/p>\n\n\n\n<p class=\"wp-block-paragraph\">Afirm\u00f3 que las consecuencias de la guerra sobre los ni\u00f1os van m\u00e1s all\u00e1 del trauma individual, incluyendo la emigraci\u00f3n forzada, el desplazamiento, la deportaci\u00f3n, la separaci\u00f3n familiar, la vida bajo ocupaci\u00f3n, la interrupci\u00f3n de la educaci\u00f3n, la socializaci\u00f3n rota y la muerte infantil. Juntos, presentan un desaf\u00edo de graves proporciones que el pa\u00eds sentir\u00e1 durante a\u00f1os, dijo.<\/p>\n\n\n\n<p class=\"wp-block-paragraph\">\u201cLa crisis demogr\u00e1fica no es solo una cuesti\u00f3n de cifras. Es una cuesti\u00f3n de potencial humano\u201d, dijo.<\/p>\n\n\n\n<p class=\"wp-block-paragraph\">Algunos ni\u00f1os pueden no regresar del extranjero. En febrero, UNICEF inform\u00f3 que casi 1.8 millones de ni\u00f1os ucranianos viven como refugiados fuera del pa\u00eds. Otros volver\u00e1n necesitando apoyo a largo plazo, mientras que otros crecen bajo estr\u00e9s cr\u00f3nico, con sus recursos mentales y emocionales dirigidos no al desarrollo, sino a la supervivencia.<\/p>\n\n\n\n<p class=\"wp-block-paragraph\">Sin embargo, Sosnovenko advirti\u00f3 que no se les llame una \u201cgeneraci\u00f3n perdida\u201d.&nbsp;<\/p>\n\n\n\n<p class=\"wp-block-paragraph\">Si los ni\u00f1os tienen adultos estables cerca y acceso a educaci\u00f3n, apoyo psicol\u00f3gico y un entorno seguro, a\u00f1adi\u00f3, tendr\u00e1n una gran capacidad de recuperaci\u00f3n.<\/p>\n\n\n<div class=\"cnewa-connections\">\n  <div class=\"cnewa-connections-heading\">\n    <h2>Conexi\u00f3n CNEWA<\/h2>\n  <\/div>\n  <div class=\"cnewa-connections-content\" style=\"background:#6B4D5E;color:#ffffff\">\n    <p style=\"font-weight: 400;\">CNEWA lleva d\u00e9cadas ayudando a ni\u00f1os ucranianos necesitados. Mucho antes de que Ucrania lograra su independencia de la Uni\u00f3n Sovi\u00e9tica, CNEWA apoyaba programas de cuidado infantil de mujeres ucranianas greco-cat\u00f3licas religiosas en Argentina y Brasil, donde las comunidades ucranianas en el exilio echaron ra\u00edces. El apoyo a las actividades de las iglesias cat\u00f3licas en Ucrania ha crecido significativamente, especialmente tras la invasi\u00f3n a gran escala de Rusia en 2022, con CNEWA enviando m\u00e1s de $10 millones en apoyo a ayuda humanitaria y pastoral, centr\u00e1ndose en los m\u00e1s vulnerables, incluidos ni\u00f1os, desplazados y personas sin hogar, personas con necesidades especiales y personas mayores.<\/p>\n<p style=\"font-weight: 400;\">Para apoyar el trabajo de CNEWA en Ucrania, llame al 1-866-322-4441 (Canad\u00e1) o al 1-800-442-6392 (Estados Unidos) o visite <a href=\"https:\/\/cnewa.org\/es\/donacion\/\">cnewa.org\/es\/donacion\/<\/a>.<\/p>\n  <\/div>\n<\/div>\n\n\n<p class=\"wp-block-paragraph\"><\/p>\n","protected":false},"excerpt":{"rendered":"<p>La guerra en Ucrania est\u00e1 transformando sus cuerpos, hogares y escuelas. Familias, profesores y comunidades eclesi\u00e1sticas est\u00e1n intentando ayudar.<\/p>\n","protected":false},"author":70019,"featured_media":8563,"template":"","magazine-issues":[1124],"magazine-sections":[143],"class_list":["post-8535","magazine","type-magazine","status-publish","has-post-thumbnail","hentry","magazine-issues-septiembre-2026","magazine-sections-articulos"],"acf":[],"yoast_head":"<!-- This site is optimized with the Yoast SEO Premium plugin v28.3 (Yoast SEO v28.3) - https:\/\/yoast.com\/product\/yoast-seo-premium-wordpress\/ -->\n<title>Interviniendo | ONE en Espa\u00f1ol<\/title>\n<meta name=\"description\" content=\"Familias, maestros y comunidades eclesi\u00e1sticas est\u00e1n tomando medidas para ayudar a los ni\u00f1os en tiempos de guerra.\" \/>\n<meta name=\"robots\" content=\"index, follow, max-snippet:-1, max-image-preview:large, max-video-preview:-1\" \/>\n<link rel=\"canonical\" href=\"https:\/\/cnewa.org\/es\/revista\/interviniendo\/\" \/>\n<meta property=\"og:locale\" content=\"es_ES\" \/>\n<meta property=\"og:type\" content=\"article\" \/>\n<meta property=\"og:title\" content=\"Interviniendo | ONE en Espa\u00f1ol\" \/>\n<meta property=\"og:description\" content=\"Familias, maestros y comunidades eclesi\u00e1sticas est\u00e1n tomando medidas para ayudar a los ni\u00f1os en tiempos de guerra.\" \/>\n<meta property=\"og:url\" content=\"https:\/\/cnewa.org\/es\/revista\/interviniendo\/\" \/>\n<meta property=\"og:site_name\" content=\"CNEWA Espa\u00f1ol\" \/>\n<meta property=\"article:publisher\" content=\"https:\/\/www.facebook.com\/CNEWAenespanol\/\" \/>\n<meta property=\"article:modified_time\" content=\"2026-09-01T14:15:04+00:00\" \/>\n<meta property=\"og:image\" content=\"https:\/\/cnewa.org\/es\/wp-content\/uploads\/sites\/5\/2026\/08\/Ukraine-Web-Image89.jpg\" \/>\n\t<meta property=\"og:image:width\" content=\"1920\" \/>\n\t<meta property=\"og:image:height\" content=\"1080\" \/>\n\t<meta property=\"og:image:type\" content=\"image\/jpeg\" \/>\n<meta name=\"twitter:card\" content=\"summary_large_image\" \/>\n<meta name=\"twitter:label1\" content=\"Tiempo de lectura\" \/>\n\t<meta name=\"twitter:data1\" content=\"19 minutos\" \/>\n<script type=\"application\/ld+json\" class=\"yoast-schema-graph\">{\"@context\":\"https:\\\/\\\/schema.org\",\"@graph\":[{\"@type\":\"WebPage\",\"@id\":\"https:\\\/\\\/cnewa.org\\\/es\\\/revista\\\/interviniendo\\\/\",\"url\":\"https:\\\/\\\/cnewa.org\\\/es\\\/revista\\\/interviniendo\\\/\",\"name\":\"Interviniendo | ONE en Espa\u00f1ol\",\"isPartOf\":{\"@id\":\"https:\\\/\\\/cnewa.org\\\/es\\\/#website\"},\"primaryImageOfPage\":{\"@id\":\"https:\\\/\\\/cnewa.org\\\/es\\\/revista\\\/interviniendo\\\/#primaryimage\"},\"image\":{\"@id\":\"https:\\\/\\\/cnewa.org\\\/es\\\/revista\\\/interviniendo\\\/#primaryimage\"},\"thumbnailUrl\":\"https:\\\/\\\/cnewa.org\\\/es\\\/wp-content\\\/uploads\\\/sites\\\/5\\\/2026\\\/08\\\/Ukraine-Web-Image89.jpg\",\"datePublished\":\"2026-09-01T14:15:03+00:00\",\"dateModified\":\"2026-09-01T14:15:04+00:00\",\"description\":\"Familias, maestros y comunidades eclesi\u00e1sticas est\u00e1n tomando medidas para ayudar a los ni\u00f1os en tiempos de guerra.\",\"breadcrumb\":{\"@id\":\"https:\\\/\\\/cnewa.org\\\/es\\\/revista\\\/interviniendo\\\/#breadcrumb\"},\"inLanguage\":\"es\",\"potentialAction\":[{\"@type\":\"ReadAction\",\"target\":[\"https:\\\/\\\/cnewa.org\\\/es\\\/revista\\\/interviniendo\\\/\"]}]},{\"@type\":\"ImageObject\",\"inLanguage\":\"es\",\"@id\":\"https:\\\/\\\/cnewa.org\\\/es\\\/revista\\\/interviniendo\\\/#primaryimage\",\"url\":\"https:\\\/\\\/cnewa.org\\\/es\\\/wp-content\\\/uploads\\\/sites\\\/5\\\/2026\\\/08\\\/Ukraine-Web-Image89.jpg\",\"contentUrl\":\"https:\\\/\\\/cnewa.org\\\/es\\\/wp-content\\\/uploads\\\/sites\\\/5\\\/2026\\\/08\\\/Ukraine-Web-Image89.jpg\",\"width\":1920,\"height\":1080,\"caption\":\"Un ni\u00f1o participa en un d\u00eda de orientaci\u00f3n, organizado por un centro juvenil regional en Sumy, al noreste de Ucrania. En las regiones de primera l\u00ednea, estas actividades solo se llevan a cabo dentro de los l\u00edmites de la ciudad, ya que los bosques son peligrosos debido a las minas terrestres y la presencia de tropas rusas. (foto: Anna Klochko)\"},{\"@type\":\"BreadcrumbList\",\"@id\":\"https:\\\/\\\/cnewa.org\\\/es\\\/revista\\\/interviniendo\\\/#breadcrumb\",\"itemListElement\":[{\"@type\":\"ListItem\",\"position\":1,\"name\":\"Inicio\",\"item\":\"https:\\\/\\\/cnewa.org\\\/es\\\/\"},{\"@type\":\"ListItem\",\"position\":2,\"name\":\"One Magazine\",\"item\":\"https:\\\/\\\/cnewa.org\\\/es\\\/revista\\\/\"},{\"@type\":\"ListItem\",\"position\":3,\"name\":\"Interviniendo\"}]},{\"@type\":\"WebSite\",\"@id\":\"https:\\\/\\\/cnewa.org\\\/es\\\/#website\",\"url\":\"https:\\\/\\\/cnewa.org\\\/es\\\/\",\"name\":\"CNEWA Espa\u00f1ol\",\"description\":\"Asociaci\u00f3n Cat\u00f3lica para el Bienestar del Cercano Oriente\",\"publisher\":{\"@id\":\"https:\\\/\\\/cnewa.org\\\/es\\\/#organization\"},\"potentialAction\":[{\"@type\":\"SearchAction\",\"target\":{\"@type\":\"EntryPoint\",\"urlTemplate\":\"https:\\\/\\\/cnewa.org\\\/es\\\/?s={search_term_string}\"},\"query-input\":{\"@type\":\"PropertyValueSpecification\",\"valueRequired\":true,\"valueName\":\"search_term_string\"}}],\"inLanguage\":\"es\"},{\"@type\":\"Organization\",\"@id\":\"https:\\\/\\\/cnewa.org\\\/es\\\/#organization\",\"name\":\"CNEWA Espa\u00f1ol\",\"alternateName\":\"Asociaci\u00f3n Cat\u00f3lica para el Bienestar del Cercano Oriente\",\"url\":\"https:\\\/\\\/cnewa.org\\\/es\\\/\",\"logo\":{\"@type\":\"ImageObject\",\"inLanguage\":\"es\",\"@id\":\"https:\\\/\\\/cnewa.org\\\/es\\\/#\\\/schema\\\/logo\\\/image\\\/\",\"url\":\"https:\\\/\\\/cnewa.org\\\/es\\\/wp-content\\\/uploads\\\/sites\\\/5\\\/2021\\\/07\\\/CNEWA-brand-logo.png\",\"contentUrl\":\"https:\\\/\\\/cnewa.org\\\/es\\\/wp-content\\\/uploads\\\/sites\\\/5\\\/2021\\\/07\\\/CNEWA-brand-logo.png\",\"width\":1000,\"height\":1000,\"caption\":\"CNEWA Espa\u00f1ol\"},\"image\":{\"@id\":\"https:\\\/\\\/cnewa.org\\\/es\\\/#\\\/schema\\\/logo\\\/image\\\/\"},\"sameAs\":[\"https:\\\/\\\/www.facebook.com\\\/CNEWAenespanol\\\/\",\"https:\\\/\\\/www.instagram.com\\\/cnewa1926\\\/\",\"https:\\\/\\\/www.youtube.com\\\/user\\\/TheCNEWA\"]}]}<\/script>\n<!-- \/ Yoast SEO Premium plugin. -->","yoast_head_json":{"title":"Interviniendo | ONE en Espa\u00f1ol","description":"Familias, maestros y comunidades eclesi\u00e1sticas est\u00e1n tomando medidas para ayudar a los ni\u00f1os en tiempos de guerra.","robots":{"index":"index","follow":"follow","max-snippet":"max-snippet:-1","max-image-preview":"max-image-preview:large","max-video-preview":"max-video-preview:-1"},"canonical":"https:\/\/cnewa.org\/es\/revista\/interviniendo\/","og_locale":"es_ES","og_type":"article","og_title":"Interviniendo | ONE en Espa\u00f1ol","og_description":"Familias, maestros y comunidades eclesi\u00e1sticas est\u00e1n tomando medidas para ayudar a los ni\u00f1os en tiempos de guerra.","og_url":"https:\/\/cnewa.org\/es\/revista\/interviniendo\/","og_site_name":"CNEWA Espa\u00f1ol","article_publisher":"https:\/\/www.facebook.com\/CNEWAenespanol\/","article_modified_time":"2026-09-01T14:15:04+00:00","og_image":[{"width":1920,"height":1080,"url":"https:\/\/cnewa.org\/es\/wp-content\/uploads\/sites\/5\/2026\/08\/Ukraine-Web-Image89.jpg","type":"image\/jpeg"}],"twitter_card":"summary_large_image","twitter_misc":{"Tiempo de lectura":"19 minutos"},"schema":{"@context":"https:\/\/schema.org","@graph":[{"@type":"WebPage","@id":"https:\/\/cnewa.org\/es\/revista\/interviniendo\/","url":"https:\/\/cnewa.org\/es\/revista\/interviniendo\/","name":"Interviniendo | ONE en Espa\u00f1ol","isPartOf":{"@id":"https:\/\/cnewa.org\/es\/#website"},"primaryImageOfPage":{"@id":"https:\/\/cnewa.org\/es\/revista\/interviniendo\/#primaryimage"},"image":{"@id":"https:\/\/cnewa.org\/es\/revista\/interviniendo\/#primaryimage"},"thumbnailUrl":"https:\/\/cnewa.org\/es\/wp-content\/uploads\/sites\/5\/2026\/08\/Ukraine-Web-Image89.jpg","datePublished":"2026-09-01T14:15:03+00:00","dateModified":"2026-09-01T14:15:04+00:00","description":"Familias, maestros y comunidades eclesi\u00e1sticas est\u00e1n tomando medidas para ayudar a los ni\u00f1os en tiempos de guerra.","breadcrumb":{"@id":"https:\/\/cnewa.org\/es\/revista\/interviniendo\/#breadcrumb"},"inLanguage":"es","potentialAction":[{"@type":"ReadAction","target":["https:\/\/cnewa.org\/es\/revista\/interviniendo\/"]}]},{"@type":"ImageObject","inLanguage":"es","@id":"https:\/\/cnewa.org\/es\/revista\/interviniendo\/#primaryimage","url":"https:\/\/cnewa.org\/es\/wp-content\/uploads\/sites\/5\/2026\/08\/Ukraine-Web-Image89.jpg","contentUrl":"https:\/\/cnewa.org\/es\/wp-content\/uploads\/sites\/5\/2026\/08\/Ukraine-Web-Image89.jpg","width":1920,"height":1080,"caption":"Un ni\u00f1o participa en un d\u00eda de orientaci\u00f3n, organizado por un centro juvenil regional en Sumy, al noreste de Ucrania. En las regiones de primera l\u00ednea, estas actividades solo se llevan a cabo dentro de los l\u00edmites de la ciudad, ya que los bosques son peligrosos debido a las minas terrestres y la presencia de tropas rusas. (foto: Anna Klochko)"},{"@type":"BreadcrumbList","@id":"https:\/\/cnewa.org\/es\/revista\/interviniendo\/#breadcrumb","itemListElement":[{"@type":"ListItem","position":1,"name":"Inicio","item":"https:\/\/cnewa.org\/es\/"},{"@type":"ListItem","position":2,"name":"One Magazine","item":"https:\/\/cnewa.org\/es\/revista\/"},{"@type":"ListItem","position":3,"name":"Interviniendo"}]},{"@type":"WebSite","@id":"https:\/\/cnewa.org\/es\/#website","url":"https:\/\/cnewa.org\/es\/","name":"CNEWA Espa\u00f1ol","description":"Asociaci\u00f3n Cat\u00f3lica para el Bienestar del Cercano Oriente","publisher":{"@id":"https:\/\/cnewa.org\/es\/#organization"},"potentialAction":[{"@type":"SearchAction","target":{"@type":"EntryPoint","urlTemplate":"https:\/\/cnewa.org\/es\/?s={search_term_string}"},"query-input":{"@type":"PropertyValueSpecification","valueRequired":true,"valueName":"search_term_string"}}],"inLanguage":"es"},{"@type":"Organization","@id":"https:\/\/cnewa.org\/es\/#organization","name":"CNEWA Espa\u00f1ol","alternateName":"Asociaci\u00f3n Cat\u00f3lica para el Bienestar del Cercano Oriente","url":"https:\/\/cnewa.org\/es\/","logo":{"@type":"ImageObject","inLanguage":"es","@id":"https:\/\/cnewa.org\/es\/#\/schema\/logo\/image\/","url":"https:\/\/cnewa.org\/es\/wp-content\/uploads\/sites\/5\/2021\/07\/CNEWA-brand-logo.png","contentUrl":"https:\/\/cnewa.org\/es\/wp-content\/uploads\/sites\/5\/2021\/07\/CNEWA-brand-logo.png","width":1000,"height":1000,"caption":"CNEWA Espa\u00f1ol"},"image":{"@id":"https:\/\/cnewa.org\/es\/#\/schema\/logo\/image\/"},"sameAs":["https:\/\/www.facebook.com\/CNEWAenespanol\/","https:\/\/www.instagram.com\/cnewa1926\/","https:\/\/www.youtube.com\/user\/TheCNEWA"]}]}},"_links":{"self":[{"href":"https:\/\/cnewa.org\/es\/wp-json\/wp\/v2\/magazine\/8535","targetHints":{"allow":["GET"]}}],"collection":[{"href":"https:\/\/cnewa.org\/es\/wp-json\/wp\/v2\/magazine"}],"about":[{"href":"https:\/\/cnewa.org\/es\/wp-json\/wp\/v2\/types\/magazine"}],"author":[{"embeddable":true,"href":"https:\/\/cnewa.org\/es\/wp-json\/wp\/v2\/users\/70019"}],"version-history":[{"count":9,"href":"https:\/\/cnewa.org\/es\/wp-json\/wp\/v2\/magazine\/8535\/revisions"}],"predecessor-version":[{"id":8601,"href":"https:\/\/cnewa.org\/es\/wp-json\/wp\/v2\/magazine\/8535\/revisions\/8601"}],"wp:featuredmedia":[{"embeddable":true,"href":"https:\/\/cnewa.org\/es\/wp-json\/wp\/v2\/media\/8563"}],"wp:attachment":[{"href":"https:\/\/cnewa.org\/es\/wp-json\/wp\/v2\/media?parent=8535"}],"wp:term":[{"taxonomy":"magazine-issues","embeddable":true,"href":"https:\/\/cnewa.org\/es\/wp-json\/wp\/v2\/magazine-issues?post=8535"},{"taxonomy":"magazine-sections","embeddable":true,"href":"https:\/\/cnewa.org\/es\/wp-json\/wp\/v2\/magazine-sections?post=8535"}],"curies":[{"name":"wp","href":"https:\/\/api.w.org\/{rel}","templated":true}]}}