{"id":8538,"date":"2026-09-01T10:05:11","date_gmt":"2026-09-01T14:05:11","guid":{"rendered":"https:\/\/cnewa.org\/es\/?post_type=magazine&#038;p=8538"},"modified":"2026-09-01T10:05:36","modified_gmt":"2026-09-01T14:05:36","slug":"la-ultima-palabra-septiembre-2026","status":"publish","type":"magazine","link":"https:\/\/cnewa.org\/es\/revista\/la-ultima-palabra-septiembre-2026\/","title":{"rendered":"La \u00daltima Palabra"},"content":{"rendered":"\n<figure class=\"wp-block-pullquote\"><blockquote><p>\u201cQuerid\u00edsimos, al observarlos y pensar en el servicio silencioso y ben\u00e9fico que realizan, as\u00ed como en los numerosos benefactores que, a trav\u00e9s de ustedes, destinan recursos a quienes los necesitan, no puedo dejar de pensar en cu\u00e1nto dinero, en este oscuro momento hist\u00f3rico, se desperdicia para matar, malgastado por tantos que fomentan las guerras. Mientras ustedes generan vida, ellos siembran muerte; mientras ustedes tienden la mano al hermano, ellos encontrar\u00e1n enemigos a quienes aplastar; mientras ustedes crean di\u00e1logos, ellos buscar\u00e1n mon\u00f3logos; mientras ustedes abren caminos de esperanza, ellos encierran a los pueblos en el miedo; mientras ustedes construyen el futuro, ellos destruyen el presente\u201d.<br>&nbsp;<br>\u2014&nbsp;<em>Discurso del Papa Le\u00f3n XIV a la Reuni\u00f3n de las Obras para la Ayuda a las Iglesias Orientales, ROACO, 18 de junio<\/em><\/p><\/blockquote><\/figure>\n\n\n\n<p class=\"has-drop-cap wp-block-paragraph\">En junio, tras mis visitas a las oficinas de CNEWA-Misi\u00f3n Pontificia en Jerusal\u00e9n, Am\u00e1n y Beirut, asist\u00ed a la sesi\u00f3n plenaria anual en Roma de ROACO, un comit\u00e9 de cerca dos docenas de agencias cat\u00f3licas de ayuda que ofrecen asistencia humanitaria y pastoral a las Iglesias Orientales.<\/p>\n\n\n\n<p class=\"wp-block-paragraph\">Adriana Bara, directora nacional de la oficina de CNEWA en Canad\u00e1, tambi\u00e9n asisti\u00f3. Esta importante reuni\u00f3n proporciona al grupo informes desde el terreno. Este a\u00f1o, Joseph Hazboun y Michel Constantin, nuestros directores regionales en Jerusal\u00e9n y Beirut, presentaron actualizaciones en v\u00eddeo sobre la situaci\u00f3n en sus respectivas jurisdicciones. Para Jerusal\u00e9n, estas \u00e1reas incluyen Cisjordania, Gaza e Israel. Para Beirut, incluyen L\u00edbano, Siria, Irak y Egipto.<\/p>\n\n\n\n<p class=\"wp-block-paragraph\">El nuncio apost\u00f3lico en el L\u00edbano, el arzobispo Paolo Borgia, se dirigi\u00f3 a los asistentes por videoconferencia. La reuni\u00f3n siempre incluye un informe del prefecto del Dicasterio para las Iglesias Orientales, el cardenal Claudio Gugerotti. Las agencias tambi\u00e9n comparten sus pr\u00e1cticas sobre el terreno, dadas las condiciones extremadamente dif\u00edciles en las que trabajamos. No podemos subestimar la importancia de las oficinas de CNEWA sobre el terreno: \u00a1estamos all\u00ed! Las poderosas palabras del Papa Le\u00f3n XIII describen con precisi\u00f3n lo que nos esforzamos por lograr.<\/p>\n\n\n\n<p class=\"wp-block-paragraph\">Este a\u00f1o, CNEWA celebra su centenario como agencia papal de sanaci\u00f3n, esperanza y paz. En los pa\u00edses donde servimos, las personas viven a diario el trauma de la guerra, la trata de personas en todas sus formas, el hambre y la hambruna, la creciente hostilidad y persecuci\u00f3n de los cristianos, un n\u00famero cada vez mayor de refugiados, la falta de educaci\u00f3n b\u00e1sica y la ausencia de atenci\u00f3n m\u00e9dica adecuada. Muchos pa\u00edses de Medio Oriente se enfrentan a la escasez de agua potable debido al cambio clim\u00e1tico, las deficientes pol\u00edticas agr\u00edcolas y el terrible aumento de los conflictos regionales, que han provocado la destrucci\u00f3n de las redes de agua y las plantas desalinizadoras. \u00a1CNEWA trabaja en la regi\u00f3n con mayor escasez de agua del mundo!\u00a0<\/p>\n\n\n\n<p class=\"wp-block-paragraph\">La eficacia de CNEWA en la comunicaci\u00f3n de estos acontecimientos fue reconocida una vez m\u00e1s en la reuni\u00f3n anual de la Asociaci\u00f3n Cat\u00f3lica de Medios de Comunicaci\u00f3n en junio, donde CNEWA recibi\u00f3 un r\u00e9cord de 62 premios, incluyendo 17 primeros puestos, 16 segundos, 7 terceros y 22 menciones honor\u00edficas. Los galardones abarcan la amplia gama de esfuerzos en comunicaci\u00f3n, marketing y servicios creativos, desde mejor revista, materiales multimedia, blog, noticias, redes sociales, dise\u00f1o y maquetaci\u00f3n, publicidad, comunicados de prensa, avisos y excelencia individual. Estos premios se obtuvieron en un campo altamente competitivo y prestigioso, que incluy\u00f3 una variedad de publicaciones cat\u00f3licas y medios nacionales.<\/p>\n\n\n\n<p class=\"wp-block-paragraph\">Felicitamos a nuestro director ejecutivo, Michael J. La Civita, a nuestra directora, Laura Ieraci, a nuestro administrador de recursos digitales, Timothy McCarthy, a los equipos de comunicaci\u00f3n, marketing y servicios creativos, y a la invaluable ayuda que recibimos a trav\u00e9s de nuestra red de periodistas, fot\u00f3grafos y dem\u00e1s profesionales, a trav\u00e9s de nuestras oficinas regionales.<\/p>\n\n\n\n<p class=\"wp-block-paragraph\">Esta edici\u00f3n de\u00a0<em>ONE<\/em>\u00a0contin\u00faa la gran tradici\u00f3n de la revista. Lea la carta sobre el desaf\u00edo del hambre en Etiop\u00eda, donde gran parte de la poblaci\u00f3n se encuentra entre la hambruna y la inanici\u00f3n. La situaci\u00f3n empeora a medida que las organizaciones de ayuda internacional se retiran del pa\u00eds. CNEWA sigue haciendo un llamamiento urgente para Etiop\u00eda. Por favor, inf\u00f3rmese, reflexione en oraci\u00f3n y done en el sitio web de CNEWA. \u00a1Done hoy mismo!<\/p>\n\n\n\n<p class=\"wp-block-paragraph\">Asimismo, La Civita presenta su tercer art\u00edculo de la serie sobre la historia de CNEWA. El art\u00edculo de Ucrania se enfoca en el impacto de la guerra en los ni\u00f1os en todos los niveles: la p\u00e9rdida de sus padres, su educaci\u00f3n, y su desarrollo humano.<\/p>\n\n\n\n<p class=\"wp-block-paragraph\">Los art\u00edculos de Tierra Santa describen los esfuerzos por trabajar por la justicia y la paz en la regi\u00f3n y reflexionan sobre el impacto de la guerra en los desplazados y los refugiados. \u00bfC\u00f3mo ha afectado la guerra entre Ir\u00e1n, Estados Unidos e Israel a los esfuerzos de los grupos locales en la b\u00fasqueda de justicia y paz, y en la promoci\u00f3n de una cultura local de di\u00e1logo?<\/p>\n\n\n\n<p class=\"wp-block-paragraph\"><em>In Memoriam<\/em>. El 26 de mayo, Carl H\u00e9tu, quien se desempe\u00f1\u00f3 como director nacional de CNEWA en Canad\u00e1 durante 18 a\u00f1os, desde 2004, parti\u00f3 a la plenitud de la vida eterna.<\/p>\n\n\n\n<p class=\"wp-block-paragraph\">Por favor, tengan en cuenta las siguientes fechas para el centenario de CNEWA y acomp\u00e1\u00f1ennos:<\/p>\n\n\n\n<p class=\"wp-block-paragraph\"><strong>Domingo, 13 de diciembre<\/strong><\/p>\n\n\n\n<p class=\"wp-block-paragraph\">Misa del Centenario, 10:15 a.m.<\/p>\n\n\n\n<p class=\"wp-block-paragraph\">Catedral de San Patricio, Nueva York<\/p>\n\n\n\n<p class=\"wp-block-paragraph\"><strong>Concierto de Navidad por la Paz, 6:30 p.m.<br><\/strong>Catedral de Nuestra Se\u00f1ora del L\u00edbano, Brooklyn<\/p>\n\n\n\n<p class=\"wp-block-paragraph\"><strong>Martes, 15 de diciembre<\/strong><\/p>\n\n\n\n<p class=\"wp-block-paragraph\">Cena de Gala del Centenario<\/p>\n\n\n\n<p class=\"wp-block-paragraph\">Hotel Plaza, Nueva York<\/p>\n\n\n\n<p class=\"wp-block-paragraph\"><strong>Invitado de honor y recipiente del Premio Cardenal Timothy Michael Dolan al Liderazgo Internacional&nbsp;<\/strong><strong><\/strong><\/p>\n\n\n\n<p class=\"wp-block-paragraph\"><strong>Fr\u00e1 John Dunlap<\/strong><\/p>\n\n\n\n<p class=\"wp-block-paragraph\">Pr\u00edncipe y 81&nbsp;Gran Maestre de la Soberana Orden Militar de Malta<\/p>\n\n\n\n<p class=\"wp-block-paragraph\"><strong>Premio Fe y Cultura de CNEWA:<\/strong><\/p>\n\n\n\n<p class=\"wp-block-paragraph\"><strong>Hermana Raffaella Petrini, F.S.E.<\/strong><\/p>\n\n\n\n<p class=\"wp-block-paragraph\">Presidenta de la Comisi\u00f3n Pontificia para el Estado de la Ciudad del Vaticano<\/p>\n\n\n\n<p class=\"wp-block-paragraph\">Presidenta de la Gobernaci\u00f3n del Estado de la Ciudad del Vaticano<\/p>\n\n\n\n<p class=\"wp-block-paragraph\"><\/p>\n\n\n\n<p class=\"wp-block-paragraph\">Con mi gratitud y oraciones,<\/p>\n\n\n\n<figure class=\"wp-block-image size-full\"><img loading=\"lazy\" decoding=\"async\" width=\"300\" height=\"51\" src=\"https:\/\/cnewa.org\/es\/wp-content\/uploads\/sites\/5\/2024\/01\/Peter-I-Vaccari-Signature-copy.jpg\" alt=\"\" class=\"wp-image-4429\"\/><\/figure>\n\n\n\n<p class=\"wp-block-paragraph\"><\/p>\n\n\n\n<p class=\"wp-block-paragraph\"><\/p>\n\n\n\n<p class=\"wp-block-paragraph\">Peter I. Vaccari<\/p>\n\n\n\n<p class=\"wp-block-paragraph\">Presidente<\/p>\n","protected":false},"excerpt":{"rendered":"<p>Reflexiones del presidente<\/p>\n","protected":false},"author":70019,"featured_media":8479,"template":"","magazine-issues":[1124],"magazine-sections":[142],"class_list":["post-8538","magazine","type-magazine","status-publish","has-post-thumbnail","hentry","magazine-issues-septiembre-2026","magazine-sections-secciones"],"acf":[],"yoast_head":"<!-- This site is optimized with the Yoast SEO Premium plugin v28.3 (Yoast SEO v28.3) - https:\/\/yoast.com\/product\/yoast-seo-premium-wordpress\/ -->\n<title>La \u00daltima Palabra | ONE en Espa\u00f1ol<\/title>\n<meta name=\"description\" content=\"Presidente de CNEWA visit\u00f3 las oficinas de CNEWA-Misi\u00f3n Pontificia en Jerusal\u00e9n, Am\u00e1n y Beirut, y asisti\u00f3 a la plenaria de ROACO en Roma.\" \/>\n<meta name=\"robots\" content=\"index, follow, max-snippet:-1, max-image-preview:large, max-video-preview:-1\" \/>\n<link rel=\"canonical\" href=\"https:\/\/cnewa.org\/es\/revista\/la-ultima-palabra-septiembre-2026\/\" \/>\n<meta property=\"og:locale\" content=\"es_ES\" \/>\n<meta property=\"og:type\" content=\"article\" \/>\n<meta property=\"og:title\" content=\"La \u00daltima Palabra | ONE en Espa\u00f1ol\" \/>\n<meta property=\"og:description\" content=\"Presidente de CNEWA visit\u00f3 las oficinas de CNEWA-Misi\u00f3n Pontificia en Jerusal\u00e9n, Am\u00e1n y Beirut, y asisti\u00f3 a la plenaria de ROACO en Roma.\" \/>\n<meta property=\"og:url\" content=\"https:\/\/cnewa.org\/es\/revista\/la-ultima-palabra-septiembre-2026\/\" \/>\n<meta property=\"og:site_name\" content=\"CNEWA Espa\u00f1ol\" \/>\n<meta property=\"article:publisher\" content=\"https:\/\/www.facebook.com\/CNEWAenespanol\/\" \/>\n<meta property=\"article:modified_time\" content=\"2026-09-01T14:05:36+00:00\" \/>\n<meta property=\"og:image\" content=\"https:\/\/cnewa.org\/es\/wp-content\/uploads\/sites\/5\/2026\/08\/01060_18062026-1024x683.jpg\" \/>\n\t<meta property=\"og:image:width\" content=\"1024\" \/>\n\t<meta property=\"og:image:height\" content=\"683\" \/>\n\t<meta property=\"og:image:type\" content=\"image\/jpeg\" \/>\n<meta name=\"twitter:card\" content=\"summary_large_image\" \/>\n<meta name=\"twitter:label1\" content=\"Tiempo de lectura\" \/>\n\t<meta name=\"twitter:data1\" content=\"5 minutos\" \/>\n<script type=\"application\/ld+json\" class=\"yoast-schema-graph\">{\"@context\":\"https:\\\/\\\/schema.org\",\"@graph\":[{\"@type\":\"WebPage\",\"@id\":\"https:\\\/\\\/cnewa.org\\\/es\\\/revista\\\/la-ultima-palabra-septiembre-2026\\\/\",\"url\":\"https:\\\/\\\/cnewa.org\\\/es\\\/revista\\\/la-ultima-palabra-septiembre-2026\\\/\",\"name\":\"La \u00daltima Palabra | ONE en Espa\u00f1ol\",\"isPartOf\":{\"@id\":\"https:\\\/\\\/cnewa.org\\\/es\\\/#website\"},\"primaryImageOfPage\":{\"@id\":\"https:\\\/\\\/cnewa.org\\\/es\\\/revista\\\/la-ultima-palabra-septiembre-2026\\\/#primaryimage\"},\"image\":{\"@id\":\"https:\\\/\\\/cnewa.org\\\/es\\\/revista\\\/la-ultima-palabra-septiembre-2026\\\/#primaryimage\"},\"thumbnailUrl\":\"https:\\\/\\\/cnewa.org\\\/es\\\/wp-content\\\/uploads\\\/sites\\\/5\\\/2026\\\/08\\\/01060_18062026.jpg\",\"datePublished\":\"2026-09-01T14:05:11+00:00\",\"dateModified\":\"2026-09-01T14:05:36+00:00\",\"description\":\"Presidente de CNEWA visit\u00f3 las oficinas de CNEWA-Misi\u00f3n Pontificia en Jerusal\u00e9n, Am\u00e1n y Beirut, y asisti\u00f3 a la plenaria de ROACO en Roma.\",\"breadcrumb\":{\"@id\":\"https:\\\/\\\/cnewa.org\\\/es\\\/revista\\\/la-ultima-palabra-septiembre-2026\\\/#breadcrumb\"},\"inLanguage\":\"es\",\"potentialAction\":[{\"@type\":\"ReadAction\",\"target\":[\"https:\\\/\\\/cnewa.org\\\/es\\\/revista\\\/la-ultima-palabra-septiembre-2026\\\/\"]}]},{\"@type\":\"ImageObject\",\"inLanguage\":\"es\",\"@id\":\"https:\\\/\\\/cnewa.org\\\/es\\\/revista\\\/la-ultima-palabra-septiembre-2026\\\/#primaryimage\",\"url\":\"https:\\\/\\\/cnewa.org\\\/es\\\/wp-content\\\/uploads\\\/sites\\\/5\\\/2026\\\/08\\\/01060_18062026.jpg\",\"contentUrl\":\"https:\\\/\\\/cnewa.org\\\/es\\\/wp-content\\\/uploads\\\/sites\\\/5\\\/2026\\\/08\\\/01060_18062026.jpg\",\"width\":1800,\"height\":1200,\"caption\":\"El Papa Le\u00f3n XIV posa para una foto con los participantes en la asamblea anual de ROACO, un comit\u00e9 de agencias de ayuda que sirven a las iglesias orientales, durante una reuni\u00f3n en el Vaticano el 18 de junio. El presidente de CNEWA, Mons. Peter I. Vaccari, se sienta a la derecha, en la primera fila, tercera desde el pasillo central.(foto: Vatican Media)\"},{\"@type\":\"BreadcrumbList\",\"@id\":\"https:\\\/\\\/cnewa.org\\\/es\\\/revista\\\/la-ultima-palabra-septiembre-2026\\\/#breadcrumb\",\"itemListElement\":[{\"@type\":\"ListItem\",\"position\":1,\"name\":\"Inicio\",\"item\":\"https:\\\/\\\/cnewa.org\\\/es\\\/\"},{\"@type\":\"ListItem\",\"position\":2,\"name\":\"One Magazine\",\"item\":\"https:\\\/\\\/cnewa.org\\\/es\\\/revista\\\/\"},{\"@type\":\"ListItem\",\"position\":3,\"name\":\"La \u00daltima Palabra\"}]},{\"@type\":\"WebSite\",\"@id\":\"https:\\\/\\\/cnewa.org\\\/es\\\/#website\",\"url\":\"https:\\\/\\\/cnewa.org\\\/es\\\/\",\"name\":\"CNEWA Espa\u00f1ol\",\"description\":\"Asociaci\u00f3n Cat\u00f3lica para el Bienestar del Cercano Oriente\",\"publisher\":{\"@id\":\"https:\\\/\\\/cnewa.org\\\/es\\\/#organization\"},\"potentialAction\":[{\"@type\":\"SearchAction\",\"target\":{\"@type\":\"EntryPoint\",\"urlTemplate\":\"https:\\\/\\\/cnewa.org\\\/es\\\/?s={search_term_string}\"},\"query-input\":{\"@type\":\"PropertyValueSpecification\",\"valueRequired\":true,\"valueName\":\"search_term_string\"}}],\"inLanguage\":\"es\"},{\"@type\":\"Organization\",\"@id\":\"https:\\\/\\\/cnewa.org\\\/es\\\/#organization\",\"name\":\"CNEWA Espa\u00f1ol\",\"alternateName\":\"Asociaci\u00f3n Cat\u00f3lica para el Bienestar del Cercano Oriente\",\"url\":\"https:\\\/\\\/cnewa.org\\\/es\\\/\",\"logo\":{\"@type\":\"ImageObject\",\"inLanguage\":\"es\",\"@id\":\"https:\\\/\\\/cnewa.org\\\/es\\\/#\\\/schema\\\/logo\\\/image\\\/\",\"url\":\"https:\\\/\\\/cnewa.org\\\/es\\\/wp-content\\\/uploads\\\/sites\\\/5\\\/2021\\\/07\\\/CNEWA-brand-logo.png\",\"contentUrl\":\"https:\\\/\\\/cnewa.org\\\/es\\\/wp-content\\\/uploads\\\/sites\\\/5\\\/2021\\\/07\\\/CNEWA-brand-logo.png\",\"width\":1000,\"height\":1000,\"caption\":\"CNEWA Espa\u00f1ol\"},\"image\":{\"@id\":\"https:\\\/\\\/cnewa.org\\\/es\\\/#\\\/schema\\\/logo\\\/image\\\/\"},\"sameAs\":[\"https:\\\/\\\/www.facebook.com\\\/CNEWAenespanol\\\/\",\"https:\\\/\\\/www.instagram.com\\\/cnewa1926\\\/\",\"https:\\\/\\\/www.youtube.com\\\/user\\\/TheCNEWA\"]}]}<\/script>\n<!-- \/ Yoast SEO Premium plugin. -->","yoast_head_json":{"title":"La \u00daltima Palabra | ONE en Espa\u00f1ol","description":"Presidente de CNEWA visit\u00f3 las oficinas de CNEWA-Misi\u00f3n Pontificia en Jerusal\u00e9n, Am\u00e1n y Beirut, y asisti\u00f3 a la plenaria de ROACO en Roma.","robots":{"index":"index","follow":"follow","max-snippet":"max-snippet:-1","max-image-preview":"max-image-preview:large","max-video-preview":"max-video-preview:-1"},"canonical":"https:\/\/cnewa.org\/es\/revista\/la-ultima-palabra-septiembre-2026\/","og_locale":"es_ES","og_type":"article","og_title":"La \u00daltima Palabra | ONE en Espa\u00f1ol","og_description":"Presidente de CNEWA visit\u00f3 las oficinas de CNEWA-Misi\u00f3n Pontificia en Jerusal\u00e9n, Am\u00e1n y Beirut, y asisti\u00f3 a la plenaria de ROACO en Roma.","og_url":"https:\/\/cnewa.org\/es\/revista\/la-ultima-palabra-septiembre-2026\/","og_site_name":"CNEWA Espa\u00f1ol","article_publisher":"https:\/\/www.facebook.com\/CNEWAenespanol\/","article_modified_time":"2026-09-01T14:05:36+00:00","og_image":[{"width":1024,"height":683,"url":"https:\/\/cnewa.org\/es\/wp-content\/uploads\/sites\/5\/2026\/08\/01060_18062026-1024x683.jpg","type":"image\/jpeg"}],"twitter_card":"summary_large_image","twitter_misc":{"Tiempo de lectura":"5 minutos"},"schema":{"@context":"https:\/\/schema.org","@graph":[{"@type":"WebPage","@id":"https:\/\/cnewa.org\/es\/revista\/la-ultima-palabra-septiembre-2026\/","url":"https:\/\/cnewa.org\/es\/revista\/la-ultima-palabra-septiembre-2026\/","name":"La \u00daltima Palabra | ONE en Espa\u00f1ol","isPartOf":{"@id":"https:\/\/cnewa.org\/es\/#website"},"primaryImageOfPage":{"@id":"https:\/\/cnewa.org\/es\/revista\/la-ultima-palabra-septiembre-2026\/#primaryimage"},"image":{"@id":"https:\/\/cnewa.org\/es\/revista\/la-ultima-palabra-septiembre-2026\/#primaryimage"},"thumbnailUrl":"https:\/\/cnewa.org\/es\/wp-content\/uploads\/sites\/5\/2026\/08\/01060_18062026.jpg","datePublished":"2026-09-01T14:05:11+00:00","dateModified":"2026-09-01T14:05:36+00:00","description":"Presidente de CNEWA visit\u00f3 las oficinas de CNEWA-Misi\u00f3n Pontificia en Jerusal\u00e9n, Am\u00e1n y Beirut, y asisti\u00f3 a la plenaria de ROACO en Roma.","breadcrumb":{"@id":"https:\/\/cnewa.org\/es\/revista\/la-ultima-palabra-septiembre-2026\/#breadcrumb"},"inLanguage":"es","potentialAction":[{"@type":"ReadAction","target":["https:\/\/cnewa.org\/es\/revista\/la-ultima-palabra-septiembre-2026\/"]}]},{"@type":"ImageObject","inLanguage":"es","@id":"https:\/\/cnewa.org\/es\/revista\/la-ultima-palabra-septiembre-2026\/#primaryimage","url":"https:\/\/cnewa.org\/es\/wp-content\/uploads\/sites\/5\/2026\/08\/01060_18062026.jpg","contentUrl":"https:\/\/cnewa.org\/es\/wp-content\/uploads\/sites\/5\/2026\/08\/01060_18062026.jpg","width":1800,"height":1200,"caption":"El Papa Le\u00f3n XIV posa para una foto con los participantes en la asamblea anual de ROACO, un comit\u00e9 de agencias de ayuda que sirven a las iglesias orientales, durante una reuni\u00f3n en el Vaticano el 18 de junio. El presidente de CNEWA, Mons. Peter I. Vaccari, se sienta a la derecha, en la primera fila, tercera desde el pasillo central.(foto: Vatican Media)"},{"@type":"BreadcrumbList","@id":"https:\/\/cnewa.org\/es\/revista\/la-ultima-palabra-septiembre-2026\/#breadcrumb","itemListElement":[{"@type":"ListItem","position":1,"name":"Inicio","item":"https:\/\/cnewa.org\/es\/"},{"@type":"ListItem","position":2,"name":"One Magazine","item":"https:\/\/cnewa.org\/es\/revista\/"},{"@type":"ListItem","position":3,"name":"La \u00daltima Palabra"}]},{"@type":"WebSite","@id":"https:\/\/cnewa.org\/es\/#website","url":"https:\/\/cnewa.org\/es\/","name":"CNEWA Espa\u00f1ol","description":"Asociaci\u00f3n Cat\u00f3lica para el Bienestar del Cercano Oriente","publisher":{"@id":"https:\/\/cnewa.org\/es\/#organization"},"potentialAction":[{"@type":"SearchAction","target":{"@type":"EntryPoint","urlTemplate":"https:\/\/cnewa.org\/es\/?s={search_term_string}"},"query-input":{"@type":"PropertyValueSpecification","valueRequired":true,"valueName":"search_term_string"}}],"inLanguage":"es"},{"@type":"Organization","@id":"https:\/\/cnewa.org\/es\/#organization","name":"CNEWA Espa\u00f1ol","alternateName":"Asociaci\u00f3n Cat\u00f3lica para el Bienestar del Cercano Oriente","url":"https:\/\/cnewa.org\/es\/","logo":{"@type":"ImageObject","inLanguage":"es","@id":"https:\/\/cnewa.org\/es\/#\/schema\/logo\/image\/","url":"https:\/\/cnewa.org\/es\/wp-content\/uploads\/sites\/5\/2021\/07\/CNEWA-brand-logo.png","contentUrl":"https:\/\/cnewa.org\/es\/wp-content\/uploads\/sites\/5\/2021\/07\/CNEWA-brand-logo.png","width":1000,"height":1000,"caption":"CNEWA Espa\u00f1ol"},"image":{"@id":"https:\/\/cnewa.org\/es\/#\/schema\/logo\/image\/"},"sameAs":["https:\/\/www.facebook.com\/CNEWAenespanol\/","https:\/\/www.instagram.com\/cnewa1926\/","https:\/\/www.youtube.com\/user\/TheCNEWA"]}]}},"_links":{"self":[{"href":"https:\/\/cnewa.org\/es\/wp-json\/wp\/v2\/magazine\/8538","targetHints":{"allow":["GET"]}}],"collection":[{"href":"https:\/\/cnewa.org\/es\/wp-json\/wp\/v2\/magazine"}],"about":[{"href":"https:\/\/cnewa.org\/es\/wp-json\/wp\/v2\/types\/magazine"}],"author":[{"embeddable":true,"href":"https:\/\/cnewa.org\/es\/wp-json\/wp\/v2\/users\/70019"}],"version-history":[{"count":2,"href":"https:\/\/cnewa.org\/es\/wp-json\/wp\/v2\/magazine\/8538\/revisions"}],"predecessor-version":[{"id":8584,"href":"https:\/\/cnewa.org\/es\/wp-json\/wp\/v2\/magazine\/8538\/revisions\/8584"}],"wp:featuredmedia":[{"embeddable":true,"href":"https:\/\/cnewa.org\/es\/wp-json\/wp\/v2\/media\/8479"}],"wp:attachment":[{"href":"https:\/\/cnewa.org\/es\/wp-json\/wp\/v2\/media?parent=8538"}],"wp:term":[{"taxonomy":"magazine-issues","embeddable":true,"href":"https:\/\/cnewa.org\/es\/wp-json\/wp\/v2\/magazine-issues?post=8538"},{"taxonomy":"magazine-sections","embeddable":true,"href":"https:\/\/cnewa.org\/es\/wp-json\/wp\/v2\/magazine-sections?post=8538"}],"curies":[{"name":"wp","href":"https:\/\/api.w.org\/{rel}","templated":true}]}}