{"id":8539,"date":"2026-09-01T10:10:50","date_gmt":"2026-09-01T14:10:50","guid":{"rendered":"https:\/\/cnewa.org\/es\/?post_type=magazine&#038;p=8539"},"modified":"2026-09-01T10:10:51","modified_gmt":"2026-09-01T14:10:51","slug":"conexiones-septiembre-2026","status":"publish","type":"magazine","link":"https:\/\/cnewa.org\/es\/revista\/conexiones-septiembre-2026\/","title":{"rendered":"Conexiones"},"content":{"rendered":"\n<h2 id=\"h-cnewa-se-une-al-papa-leon-en-reunion-de-agencias-de-ayuda-para-iglesias-orientales\" class=\"wp-block-heading has-small-font-size\"><strong>CNEWA se Une al Papa Le\u00f3n en Reuni\u00f3n de Agencias de Ayuda para Iglesias Orientales<\/strong><\/h2>\n\n\n\n<p class=\"wp-block-paragraph\">El Papa Le\u00f3n XIV recibi\u00f3 al presidente de CNEWA, Mons. Peter I. Vaccari, en el Vaticano el 18 de junio, tras el discurso del papa para agencias donantes que trabajan en apoyo a las iglesias orientales. El papa elogi\u00f3 a las agencias por su labor y reiter\u00f3 su llamado a la reflexi\u00f3n sobre las consecuencias de la guerra y la inestabilidad. La directora y el personal de la oficina nacional de CNEWA en Canad\u00e1 acompa\u00f1aron a Mons. Vaccari en Roma en una peregrinaci\u00f3n para conmemorar el centenario de CNEWA.<\/p>\n\n\n\n<h2 id=\"h-santa-sede-apoya-a-unrwa\" class=\"wp-block-heading has-small-font-size\"><strong>Santa Sede apoya a UNRWA<\/strong><\/h2>\n\n\n\n<p class=\"wp-block-paragraph\">La Santa Sede <a href=\"https:\/\/cnewa.org\/es\/buscando-justicia-y-paz-entre-los-pueblos-de-las-iglesias-orientales\/\">ha reafirmado su apoyo financiero<\/a> a la Agencia de las Naciones Unidas para los Refugiados de Palestina en el Cercano Oriente (UNRWA), describi\u00e9ndola como un \u201csalvavidas esencial para millones de refugiados palestinos\u201d e instando a la comunidad internacional a garantizar que su labor pueda continuar sin obst\u00e1culos.<\/p>\n\n\n\n<p class=\"wp-block-paragraph\">Un informe de Vatican News se\u00f1al\u00f3 que la Misi\u00f3n Permanente de Observadores de la Santa Sede el 30 de junio afirm\u00f3 que \u201cdurante m\u00e1s de siete d\u00e9cadas, UNRWA ha proporcionado educaci\u00f3n, atenci\u00f3n de salud, asistencia alimentaria y servicios sociales\u201d. La Misi\u00f3n Permanente subray\u00f3 que UNRWA ofrece no solo ayuda tangible, sino \u201cla oportunidad de vivir con dignidad\u201d.<\/p>\n\n\n\n<p class=\"wp-block-paragraph\">Durante d\u00e9cadas, Israel ha cuestionado la neutralidad y objetividad de la mayor organizaci\u00f3n humanitaria de la ONU en Gaza y Cisjordania, alegando que miembros de Ham\u00e1s se han infiltrado en UNRWA y colaborado en fraguar los ataques del 7 de octubre de 2023 en Israel.<\/p>\n\n\n\n<h2 id=\"h-continua-la-crisis-en-libano\" class=\"wp-block-heading has-small-font-size\"><strong>Contin\u00faa la crisis en L\u00edbano<\/strong><strong><\/strong><\/h2>\n\n\n\n<p class=\"wp-block-paragraph\">Las iglesias del L\u00edbano contin\u00faan siendo clave en la ayuda a las m\u00e1s de 430.000 personas que siguen desplazadas por los combates continuos entre Hezbol\u00e1 y las Fuerzas de Defensa de Israel. M\u00e1s de 730.000 personas han regresado a sus hogares, pero muchos de ellos han sido da\u00f1ados o destruidos. ReliefWeb inform\u00f3 en julio que en los 23 d\u00edas posteriores al anuncio del alto el fuego el 20 de junio, m\u00e1s de 340 personas hab\u00edan muerto y 220 resultaron heridas.<\/p>\n\n\n\n<p class=\"wp-block-paragraph\">Tras el ataque de Estados Unidos e Israel a Ir\u00e1n el 28 de febrero, el grupo militante Hezbol\u00e1 lanz\u00f3 cohetes desde sus centros en L\u00edbano hacia Israel, que respondi\u00f3 con ataques a\u00e9reos el 2 de marzo. Los <a href=\"https:\/\/cnewa.org\/es\/revista\/donde-comienza-la-bienvenida\/\">grupos eclesiales se prepararon de inmediato para ayudar<\/a> a los desplazados y heridos.&nbsp;<\/p>\n\n\n\n<p class=\"wp-block-paragraph\">CNEWA-Misi\u00f3n Pontificia ha apoyado estas iniciativas, inicialmente apresurando $100.000 en fondos de emergencia para la distribuci\u00f3n de paquetes de alimentos en el sur del L\u00edbano y en el valle de la Bekaa. Ayud\u00f3 a subvencionar los gastos de combustible para calefacci\u00f3n de numerosas familias y distribuy\u00f3 paquetes de alimentos a las familias que se refugiaban en el campo de refugiados de Dbayeh a trav\u00e9s de su socio local, el Comit\u00e9 Cristiano Conjunto. En la zona alrededor de Beirut, CNEWA-Pontificia Misi\u00f3n distribuy\u00f3 $50 en cupones de alimentos durante cuatro meses para 500 familias.<\/p>\n\n\n\n<h2 id=\"h-reserva-la-fecha-nbsp\" class=\"wp-block-heading has-small-font-size\"><strong>\u00a1Reserva la fecha!&nbsp;<\/strong><\/h2>\n\n\n\n<p class=\"wp-block-paragraph\">Dos eventos conmemorar\u00e1n el centenario de la CNEWA con galas para el 6 de noviembre en el Centro San El\u00edas de Ottawa y el 15 de diciembre en el hotel The Plaza de Nueva York.<\/p>\n\n\n\n<p class=\"wp-block-paragraph\">En Ottawa, el arzobispo mayor Sviatoslav Shevchuk, de la Iglesia greco-cat\u00f3lica ucraniana, recibir\u00e1 el premio \u201cFe y Cultura\u201d de CNEWA por su liderazgo, testimonio inquebrantable de fe cristiana y su firme compromiso con la preservaci\u00f3n del patrimonio espiritual y cultural del pueblo ucraniano.<\/p>\n\n\n\n<p class=\"wp-block-paragraph\">En la gala anual <a href=\"https:\/\/cnewa.org\/events\/healing-and-hope-annual-gala-dinner\/\">Sanaci\u00f3n y Esperanza<\/a> en Nueva York, el invitado de honor de CNEWA y galardonado con el Premio de Liderazgo Internacional Cardenal Timothy Michael Dolan ser\u00e1 Fray John T. Dunlap, pr\u00edncipe y 81 gran maestre de la Soberana Orden Militar de Malta, cuya labor a escala mundial ha impactado innumerables vidas de personas marginadas y vulnerables.&nbsp;<\/p>\n\n\n\n<p class=\"wp-block-paragraph\">El Premio de Fe y Cultura de CNEWA ser\u00e1 otorgado a la Hermana Raffaella Petrini, F.S.E., presidenta tanto de la Comisi\u00f3n Pontificia para el Estado de la Ciudad del Vaticano como de la Gobernaci\u00f3n del Estado de la Ciudad del Vaticano. Una destacada acad\u00e9mica y administradora, la hermana Raffaella supervisa las operaciones del Estado de la Ciudad del Vaticano, lo que la convierte en la mujer de mayor rango en el Vaticano.<\/p>\n\n\n\n<h2 id=\"h-cnewa-y-nbsp-one-nbsp-honrados-nbsp\" class=\"wp-block-heading has-small-font-size\"><strong>CNEWA y&nbsp;<em>ONE&nbsp;<\/em>Honrados&nbsp;<\/strong><\/h2>\n\n\n\n<p class=\"wp-block-paragraph\">En junio, la Asociaci\u00f3n de Medios Cat\u00f3licos premi\u00f3 a\u00a0<em>ONE<\/em>\u00a0como la Revista sobre Misiones del A\u00f1o, honrando al personal y colaboradores por su informaci\u00f3n v\u00edvida y detallada, fotograf\u00edas y dise\u00f1o impactantes, y una comunicaci\u00f3n eficaz.\u00a0<\/p>\n\n\n\n<p class=\"wp-block-paragraph\">CNEWA <a href=\"https:\/\/cnewa.org\/es\/asociacion-de-medios-catolicos-honra-a-cnewa-y-a-la-revista-one\/\">bati\u00f3 su propio r\u00e9cord<\/a> al obtener un total de 62 premios por sus esfuerzos en comunicaci\u00f3n, marketing y medios. Elizabeth Belsky, directora de marketing, fue nombrada Profesional de Negocios\/Marketing Publicitario del A\u00f1o. Entre sus 17 premios de primer puesto, CNEWA obtuvo el premio a la mejor nota de prensa, mejor blog sobre temas de justicia social y noticias actuales.&nbsp;<\/p>\n\n\n\n<p class=\"wp-block-paragraph\">Los premios se entregaron en junio durante la conferencia anual de la C.M.A. en Atlantic City, donde miembros del equipo de comunicaci\u00f3n y marketing de CNEWA ofrecieron un taller titulado \u201cC\u00f3mo adaptar noticias para crear contenido que destaque en redes sociales\u201d. Para conmemorar su centenario, CNEWA tambi\u00e9n patrocin\u00f3 un desayuno para profesionales cat\u00f3licos de los medios el 19 de junio.<\/p>\n\n\n\n<p class=\"wp-block-paragraph\">Este a\u00f1o, Michael J. La Civita, director de comunicaciones y marketing de CNEWA, complet\u00f3 su tercer mandato como miembro de la junta directiva de la C.M.A., que incluy\u00f3 un periodo como vicepresidente. Laura Ieraci, directora de&nbsp;<em>ONE<\/em>y responsable senior de comunicaciones de CNEWA, fue elegida para la junta en la primavera y comenz\u00f3 su mandato en junio. Durante los \u00faltimos tres a\u00f1os, ha formado parte del comit\u00e9 organizador de la conferencia de la C.M.A. y, m\u00e1s recientemente, del comit\u00e9 de \u00e9tica.&nbsp;<\/p>\n\n\n\n<p class=\"wp-block-paragraph\">La C.M.A. incluye a m\u00e1s de 365 organizaciones miembros y a m\u00e1s de 900 profesionales individuales de medios y marketing.<\/p>\n\n\n\n<h2 id=\"h-nuevo-sitio-web-de-planificacion-patrimonial\" class=\"wp-block-heading has-small-font-size\"><strong>Nuevo Sitio Web de Planificaci\u00f3n Patrimonial<\/strong><\/h2>\n\n\n\n<p class=\"wp-block-paragraph\">CNEWA ha lanzado una nueva p\u00e1gina web de planificaci\u00f3n patrimonial. Nombrada en honor al Papa Pablo VI, cuyo pontificado dej\u00f3 una huella imborrable en la vida de CNEWA, el sitio web de la Sociedad del Legado de San Papa Pablo VI, https:\/\/cnewa.mylegacygift.org\/,\u00a0ha sido redise\u00f1ado y ofrece informaci\u00f3n y recursos \u00fatiles para hacer que el proceso de planificaci\u00f3n sea sencillo y significativo.<\/p>\n\n\n\n<p class=\"wp-block-paragraph\">Para informaci\u00f3n, ejemplos de lenguaje de legados o para hablar sobre c\u00f3mo el legado de una persona puede reflejar la fe y prioridades filantr\u00f3picas, por favor contacte con Brian McGinley, director de desarrollo: 1-646-791-0291 o <a href=\"mailto:bmcginley@cnewa.org\">bmcginley@cnewa.org<\/a>.\u00a0<\/p>\n\n\n\n<p class=\"wp-block-paragraph\"><\/p>\n","protected":false},"excerpt":{"rendered":"<p>\u00daltimos informes sobre el mundo de CNEWA<\/p>\n","protected":false},"author":70019,"featured_media":8564,"template":"","magazine-issues":[1124],"magazine-sections":[142],"class_list":["post-8539","magazine","type-magazine","status-publish","has-post-thumbnail","hentry","magazine-issues-septiembre-2026","magazine-sections-secciones"],"acf":[],"yoast_head":"<!-- This site is optimized with the Yoast SEO Premium plugin v28.3 (Yoast SEO v28.3) - https:\/\/yoast.com\/product\/yoast-seo-premium-wordpress\/ -->\n<title>Conexiones | ONE en Espa\u00f1ol<\/title>\n<meta name=\"description\" content=\"Santa Sede respalda a UNRWA; contin\u00faa crisis en el L\u00edbano; nuevo sitio web de planificaci\u00f3n patrimonial; CNEWA y ONE reciben reconocimiento.\" \/>\n<meta name=\"robots\" content=\"index, follow, max-snippet:-1, max-image-preview:large, max-video-preview:-1\" \/>\n<link rel=\"canonical\" href=\"https:\/\/cnewa.org\/es\/revista\/conexiones-septiembre-2026\/\" \/>\n<meta property=\"og:locale\" content=\"es_ES\" \/>\n<meta property=\"og:type\" content=\"article\" \/>\n<meta property=\"og:title\" content=\"Conexiones | ONE en Espa\u00f1ol\" \/>\n<meta property=\"og:description\" content=\"Santa Sede respalda a UNRWA; contin\u00faa crisis en el L\u00edbano; nuevo sitio web de planificaci\u00f3n patrimonial; CNEWA y ONE reciben reconocimiento.\" \/>\n<meta property=\"og:url\" content=\"https:\/\/cnewa.org\/es\/revista\/conexiones-septiembre-2026\/\" \/>\n<meta property=\"og:site_name\" content=\"CNEWA Espa\u00f1ol\" \/>\n<meta property=\"article:publisher\" content=\"https:\/\/www.facebook.com\/CNEWAenespanol\/\" \/>\n<meta property=\"article:modified_time\" content=\"2026-09-01T14:10:51+00:00\" \/>\n<meta property=\"og:image\" content=\"https:\/\/cnewa.org\/es\/wp-content\/uploads\/sites\/5\/2026\/08\/Pope-Leo-Web-Image80.jpg\" \/>\n\t<meta property=\"og:image:width\" content=\"1920\" \/>\n\t<meta property=\"og:image:height\" content=\"1080\" \/>\n\t<meta property=\"og:image:type\" content=\"image\/jpeg\" \/>\n<meta name=\"twitter:card\" content=\"summary_large_image\" \/>\n<meta name=\"twitter:label1\" content=\"Tiempo de lectura\" \/>\n\t<meta name=\"twitter:data1\" content=\"6 minutos\" \/>\n<script type=\"application\/ld+json\" class=\"yoast-schema-graph\">{\"@context\":\"https:\\\/\\\/schema.org\",\"@graph\":[{\"@type\":\"WebPage\",\"@id\":\"https:\\\/\\\/cnewa.org\\\/es\\\/revista\\\/conexiones-septiembre-2026\\\/\",\"url\":\"https:\\\/\\\/cnewa.org\\\/es\\\/revista\\\/conexiones-septiembre-2026\\\/\",\"name\":\"Conexiones | ONE en Espa\u00f1ol\",\"isPartOf\":{\"@id\":\"https:\\\/\\\/cnewa.org\\\/es\\\/#website\"},\"primaryImageOfPage\":{\"@id\":\"https:\\\/\\\/cnewa.org\\\/es\\\/revista\\\/conexiones-septiembre-2026\\\/#primaryimage\"},\"image\":{\"@id\":\"https:\\\/\\\/cnewa.org\\\/es\\\/revista\\\/conexiones-septiembre-2026\\\/#primaryimage\"},\"thumbnailUrl\":\"https:\\\/\\\/cnewa.org\\\/es\\\/wp-content\\\/uploads\\\/sites\\\/5\\\/2026\\\/08\\\/Pope-Leo-Web-Image80.jpg\",\"datePublished\":\"2026-09-01T14:10:50+00:00\",\"dateModified\":\"2026-09-01T14:10:51+00:00\",\"description\":\"Santa Sede respalda a UNRWA; contin\u00faa crisis en el L\u00edbano; nuevo sitio web de planificaci\u00f3n patrimonial; CNEWA y ONE reciben reconocimiento.\",\"breadcrumb\":{\"@id\":\"https:\\\/\\\/cnewa.org\\\/es\\\/revista\\\/conexiones-septiembre-2026\\\/#breadcrumb\"},\"inLanguage\":\"es\",\"potentialAction\":[{\"@type\":\"ReadAction\",\"target\":[\"https:\\\/\\\/cnewa.org\\\/es\\\/revista\\\/conexiones-septiembre-2026\\\/\"]}]},{\"@type\":\"ImageObject\",\"inLanguage\":\"es\",\"@id\":\"https:\\\/\\\/cnewa.org\\\/es\\\/revista\\\/conexiones-septiembre-2026\\\/#primaryimage\",\"url\":\"https:\\\/\\\/cnewa.org\\\/es\\\/wp-content\\\/uploads\\\/sites\\\/5\\\/2026\\\/08\\\/Pope-Leo-Web-Image80.jpg\",\"contentUrl\":\"https:\\\/\\\/cnewa.org\\\/es\\\/wp-content\\\/uploads\\\/sites\\\/5\\\/2026\\\/08\\\/Pope-Leo-Web-Image80.jpg\",\"width\":1920,\"height\":1080,\"caption\":\"El Papa Le\u00f3n XIV recibe al presidente de CNEWA, Mons. Peter I. Vaccari, en el Vaticano el 18 de junio, tras el discurso del papa a los participantes de las agencias donantes que trabajan en apoyo a las iglesias orientales. El papa elogi\u00f3 a las agencias por su labor y reiter\u00f3 su llamamiento a la reflexi\u00f3n sobre las consecuencias de la guerra y la inestabilidad. Mons. Vaccari estuvo acompa\u00f1ado en Roma por la directora y el personal de la oficina nacional de CNEWA en Canad\u00e1 en una peregrinaci\u00f3n para conmemorar el centenario de CNEWA. (foto: Vatican Media)\"},{\"@type\":\"BreadcrumbList\",\"@id\":\"https:\\\/\\\/cnewa.org\\\/es\\\/revista\\\/conexiones-septiembre-2026\\\/#breadcrumb\",\"itemListElement\":[{\"@type\":\"ListItem\",\"position\":1,\"name\":\"Inicio\",\"item\":\"https:\\\/\\\/cnewa.org\\\/es\\\/\"},{\"@type\":\"ListItem\",\"position\":2,\"name\":\"One Magazine\",\"item\":\"https:\\\/\\\/cnewa.org\\\/es\\\/revista\\\/\"},{\"@type\":\"ListItem\",\"position\":3,\"name\":\"Conexiones\"}]},{\"@type\":\"WebSite\",\"@id\":\"https:\\\/\\\/cnewa.org\\\/es\\\/#website\",\"url\":\"https:\\\/\\\/cnewa.org\\\/es\\\/\",\"name\":\"CNEWA Espa\u00f1ol\",\"description\":\"Asociaci\u00f3n Cat\u00f3lica para el Bienestar del Cercano Oriente\",\"publisher\":{\"@id\":\"https:\\\/\\\/cnewa.org\\\/es\\\/#organization\"},\"potentialAction\":[{\"@type\":\"SearchAction\",\"target\":{\"@type\":\"EntryPoint\",\"urlTemplate\":\"https:\\\/\\\/cnewa.org\\\/es\\\/?s={search_term_string}\"},\"query-input\":{\"@type\":\"PropertyValueSpecification\",\"valueRequired\":true,\"valueName\":\"search_term_string\"}}],\"inLanguage\":\"es\"},{\"@type\":\"Organization\",\"@id\":\"https:\\\/\\\/cnewa.org\\\/es\\\/#organization\",\"name\":\"CNEWA Espa\u00f1ol\",\"alternateName\":\"Asociaci\u00f3n Cat\u00f3lica para el Bienestar del Cercano Oriente\",\"url\":\"https:\\\/\\\/cnewa.org\\\/es\\\/\",\"logo\":{\"@type\":\"ImageObject\",\"inLanguage\":\"es\",\"@id\":\"https:\\\/\\\/cnewa.org\\\/es\\\/#\\\/schema\\\/logo\\\/image\\\/\",\"url\":\"https:\\\/\\\/cnewa.org\\\/es\\\/wp-content\\\/uploads\\\/sites\\\/5\\\/2021\\\/07\\\/CNEWA-brand-logo.png\",\"contentUrl\":\"https:\\\/\\\/cnewa.org\\\/es\\\/wp-content\\\/uploads\\\/sites\\\/5\\\/2021\\\/07\\\/CNEWA-brand-logo.png\",\"width\":1000,\"height\":1000,\"caption\":\"CNEWA Espa\u00f1ol\"},\"image\":{\"@id\":\"https:\\\/\\\/cnewa.org\\\/es\\\/#\\\/schema\\\/logo\\\/image\\\/\"},\"sameAs\":[\"https:\\\/\\\/www.facebook.com\\\/CNEWAenespanol\\\/\",\"https:\\\/\\\/www.instagram.com\\\/cnewa1926\\\/\",\"https:\\\/\\\/www.youtube.com\\\/user\\\/TheCNEWA\"]}]}<\/script>\n<!-- \/ Yoast SEO Premium plugin. -->","yoast_head_json":{"title":"Conexiones | ONE en Espa\u00f1ol","description":"Santa Sede respalda a UNRWA; contin\u00faa crisis en el L\u00edbano; nuevo sitio web de planificaci\u00f3n patrimonial; CNEWA y ONE reciben reconocimiento.","robots":{"index":"index","follow":"follow","max-snippet":"max-snippet:-1","max-image-preview":"max-image-preview:large","max-video-preview":"max-video-preview:-1"},"canonical":"https:\/\/cnewa.org\/es\/revista\/conexiones-septiembre-2026\/","og_locale":"es_ES","og_type":"article","og_title":"Conexiones | ONE en Espa\u00f1ol","og_description":"Santa Sede respalda a UNRWA; contin\u00faa crisis en el L\u00edbano; nuevo sitio web de planificaci\u00f3n patrimonial; CNEWA y ONE reciben reconocimiento.","og_url":"https:\/\/cnewa.org\/es\/revista\/conexiones-septiembre-2026\/","og_site_name":"CNEWA Espa\u00f1ol","article_publisher":"https:\/\/www.facebook.com\/CNEWAenespanol\/","article_modified_time":"2026-09-01T14:10:51+00:00","og_image":[{"width":1920,"height":1080,"url":"https:\/\/cnewa.org\/es\/wp-content\/uploads\/sites\/5\/2026\/08\/Pope-Leo-Web-Image80.jpg","type":"image\/jpeg"}],"twitter_card":"summary_large_image","twitter_misc":{"Tiempo de lectura":"6 minutos"},"schema":{"@context":"https:\/\/schema.org","@graph":[{"@type":"WebPage","@id":"https:\/\/cnewa.org\/es\/revista\/conexiones-septiembre-2026\/","url":"https:\/\/cnewa.org\/es\/revista\/conexiones-septiembre-2026\/","name":"Conexiones | ONE en Espa\u00f1ol","isPartOf":{"@id":"https:\/\/cnewa.org\/es\/#website"},"primaryImageOfPage":{"@id":"https:\/\/cnewa.org\/es\/revista\/conexiones-septiembre-2026\/#primaryimage"},"image":{"@id":"https:\/\/cnewa.org\/es\/revista\/conexiones-septiembre-2026\/#primaryimage"},"thumbnailUrl":"https:\/\/cnewa.org\/es\/wp-content\/uploads\/sites\/5\/2026\/08\/Pope-Leo-Web-Image80.jpg","datePublished":"2026-09-01T14:10:50+00:00","dateModified":"2026-09-01T14:10:51+00:00","description":"Santa Sede respalda a UNRWA; contin\u00faa crisis en el L\u00edbano; nuevo sitio web de planificaci\u00f3n patrimonial; CNEWA y ONE reciben reconocimiento.","breadcrumb":{"@id":"https:\/\/cnewa.org\/es\/revista\/conexiones-septiembre-2026\/#breadcrumb"},"inLanguage":"es","potentialAction":[{"@type":"ReadAction","target":["https:\/\/cnewa.org\/es\/revista\/conexiones-septiembre-2026\/"]}]},{"@type":"ImageObject","inLanguage":"es","@id":"https:\/\/cnewa.org\/es\/revista\/conexiones-septiembre-2026\/#primaryimage","url":"https:\/\/cnewa.org\/es\/wp-content\/uploads\/sites\/5\/2026\/08\/Pope-Leo-Web-Image80.jpg","contentUrl":"https:\/\/cnewa.org\/es\/wp-content\/uploads\/sites\/5\/2026\/08\/Pope-Leo-Web-Image80.jpg","width":1920,"height":1080,"caption":"El Papa Le\u00f3n XIV recibe al presidente de CNEWA, Mons. Peter I. Vaccari, en el Vaticano el 18 de junio, tras el discurso del papa a los participantes de las agencias donantes que trabajan en apoyo a las iglesias orientales. El papa elogi\u00f3 a las agencias por su labor y reiter\u00f3 su llamamiento a la reflexi\u00f3n sobre las consecuencias de la guerra y la inestabilidad. Mons. Vaccari estuvo acompa\u00f1ado en Roma por la directora y el personal de la oficina nacional de CNEWA en Canad\u00e1 en una peregrinaci\u00f3n para conmemorar el centenario de CNEWA. (foto: Vatican Media)"},{"@type":"BreadcrumbList","@id":"https:\/\/cnewa.org\/es\/revista\/conexiones-septiembre-2026\/#breadcrumb","itemListElement":[{"@type":"ListItem","position":1,"name":"Inicio","item":"https:\/\/cnewa.org\/es\/"},{"@type":"ListItem","position":2,"name":"One Magazine","item":"https:\/\/cnewa.org\/es\/revista\/"},{"@type":"ListItem","position":3,"name":"Conexiones"}]},{"@type":"WebSite","@id":"https:\/\/cnewa.org\/es\/#website","url":"https:\/\/cnewa.org\/es\/","name":"CNEWA Espa\u00f1ol","description":"Asociaci\u00f3n Cat\u00f3lica para el Bienestar del Cercano Oriente","publisher":{"@id":"https:\/\/cnewa.org\/es\/#organization"},"potentialAction":[{"@type":"SearchAction","target":{"@type":"EntryPoint","urlTemplate":"https:\/\/cnewa.org\/es\/?s={search_term_string}"},"query-input":{"@type":"PropertyValueSpecification","valueRequired":true,"valueName":"search_term_string"}}],"inLanguage":"es"},{"@type":"Organization","@id":"https:\/\/cnewa.org\/es\/#organization","name":"CNEWA Espa\u00f1ol","alternateName":"Asociaci\u00f3n Cat\u00f3lica para el Bienestar del Cercano Oriente","url":"https:\/\/cnewa.org\/es\/","logo":{"@type":"ImageObject","inLanguage":"es","@id":"https:\/\/cnewa.org\/es\/#\/schema\/logo\/image\/","url":"https:\/\/cnewa.org\/es\/wp-content\/uploads\/sites\/5\/2021\/07\/CNEWA-brand-logo.png","contentUrl":"https:\/\/cnewa.org\/es\/wp-content\/uploads\/sites\/5\/2021\/07\/CNEWA-brand-logo.png","width":1000,"height":1000,"caption":"CNEWA Espa\u00f1ol"},"image":{"@id":"https:\/\/cnewa.org\/es\/#\/schema\/logo\/image\/"},"sameAs":["https:\/\/www.facebook.com\/CNEWAenespanol\/","https:\/\/www.instagram.com\/cnewa1926\/","https:\/\/www.youtube.com\/user\/TheCNEWA"]}]}},"_links":{"self":[{"href":"https:\/\/cnewa.org\/es\/wp-json\/wp\/v2\/magazine\/8539","targetHints":{"allow":["GET"]}}],"collection":[{"href":"https:\/\/cnewa.org\/es\/wp-json\/wp\/v2\/magazine"}],"about":[{"href":"https:\/\/cnewa.org\/es\/wp-json\/wp\/v2\/types\/magazine"}],"author":[{"embeddable":true,"href":"https:\/\/cnewa.org\/es\/wp-json\/wp\/v2\/users\/70019"}],"version-history":[{"count":6,"href":"https:\/\/cnewa.org\/es\/wp-json\/wp\/v2\/magazine\/8539\/revisions"}],"predecessor-version":[{"id":8596,"href":"https:\/\/cnewa.org\/es\/wp-json\/wp\/v2\/magazine\/8539\/revisions\/8596"}],"wp:featuredmedia":[{"embeddable":true,"href":"https:\/\/cnewa.org\/es\/wp-json\/wp\/v2\/media\/8564"}],"wp:attachment":[{"href":"https:\/\/cnewa.org\/es\/wp-json\/wp\/v2\/media?parent=8539"}],"wp:term":[{"taxonomy":"magazine-issues","embeddable":true,"href":"https:\/\/cnewa.org\/es\/wp-json\/wp\/v2\/magazine-issues?post=8539"},{"taxonomy":"magazine-sections","embeddable":true,"href":"https:\/\/cnewa.org\/es\/wp-json\/wp\/v2\/magazine-sections?post=8539"}],"curies":[{"name":"wp","href":"https:\/\/api.w.org\/{rel}","templated":true}]}}