{"id":8543,"date":"2026-09-01T10:15:31","date_gmt":"2026-09-01T14:15:31","guid":{"rendered":"https:\/\/cnewa.org\/es\/?post_type=magazine&#038;p=8543"},"modified":"2026-09-01T10:15:32","modified_gmt":"2026-09-01T14:15:32","slug":"un-abrazo-exuberante-de-fe-y-caridad","status":"publish","type":"magazine","link":"https:\/\/cnewa.org\/es\/revista\/un-abrazo-exuberante-de-fe-y-caridad\/","title":{"rendered":"Un Abrazo Exuberante de Fe y Caridad"},"content":{"rendered":"\n<p class=\"has-crimson-color has-text-color has-link-color wp-elements-af2d1fd9a42012fcd5d76f3dc5941aad wp-block-paragraph\"><em><em>De los directores: Este es el tercer art\u00edculo de una serie que destaca los hitos de CNEWA en los \u00faltimos 100 a\u00f1os y c\u00f3mo la misi\u00f3n se ha adaptado a las necesidades cambiantes del mundo de las iglesias orientales. La serie se recopilar\u00e1 en un volumen conmemorativo especial titulado \u201cUn siglo de sanaci\u00f3n y esperanza\u201d, y se publicar\u00e1 en 2027.\u00a0<\/em><\/em><\/p>\n\n\n\n<p class=\"has-drop-cap wp-block-paragraph\">Puede parecer clich\u00e9 \u2014quiz\u00e1 insensible\u2014 citar c\u00f3mo hombres de importancia moldearon acontecimientos mundiales en una serie sobre iniciativas basadas en la fe en la b\u00fasqueda de la sanaci\u00f3n y la esperanza, la justicia y la paz. Pero la historia de CNEWA est\u00e1 realmente moldeada por personas de gran importancia, hombres y mujeres que leyendo los signos del tiempo a la luz de la fe respondieron a los desaf\u00edos humanitarios, socioecon\u00f3micos y espirituales de nuestro mundo vol\u00e1til.<\/p>\n\n\n\n<p class=\"wp-block-paragraph\">En entregas anteriores, este elenco incluy\u00f3 figuras que alguna vez fueron prominentes, ahora en gran parte olvidadas, cuya visi\u00f3n, liderazgo, temple y determinaci\u00f3n posicionaron a CNEWA, y a su veh\u00edculo operativo en el Medio Oriente, la Misi\u00f3n Pontificia para Palestina, como una fuerza silenciosa y eficaz de la Santa Sede \u2014la definici\u00f3n misma de \u201cpoder blando\u201d. Sin duda, el protagonista de esta historia es San Papa Pablo VI, cuya preocupaci\u00f3n por la tierra y pueblos del Medio Oriente marc\u00f3 especialmente el rumbo de CNEWA. Sin embargo, alrededor del pont\u00edfice hubo un elenco de hombres y mujeres no menos dignos, ni menos heroicos ni trascendentales.<\/p>\n\n\n\n<p class=\"wp-block-paragraph\">Una de esas figuras es John Gavin Nolan.&nbsp;<\/p>\n\n\n\n<p class=\"wp-block-paragraph\">\u201c\u2018Gracias a Dios he vuelto sano y salvo. Nunca pens\u00e9 que saldr\u00eda vivo\u2019\u201d, escribi\u00f3 Mons. Robert L. Stern en las p\u00e1ginas de esta revista poco despu\u00e9s de la muerte del obispo Nolan en noviembre de 1997 sobre una conversaci\u00f3n que hab\u00eda tenido con el obispo a\u00f1os antes.<\/p>\n\n\n\n<blockquote class=\"wp-block-quote is-layout-flow wp-block-quote-is-layout-flow\">\n<p class=\"wp-block-paragraph\"><em>\u201c\u00bfQu\u00e9 ha pasado?\u201d pregunt\u00e9.<\/em><\/p>\n\n\n\n<p class=\"wp-block-paragraph\"><em>\u201cBueno, la \u00faltima semana que estuve en Arabia Saud\u00ed, dos amigos me invitaron a acompa\u00f1arlos en un viaje a la Zona Muerta, el gran desierto del sur. Viaj\u00e1bamos en camello con dos gu\u00edas beduinos. Al segundo d\u00eda, no pudieron encontrar el oasis donde hab\u00edamos planeado pasar la noche. Uno de los gu\u00edas fue a buscarlo, pero nunca volvi\u00f3. Seguimos adelante al d\u00eda siguiente, hasta que nos quedamos sin agua\u201d.<\/em><\/p>\n\n\n\n<p class=\"wp-block-paragraph\"><em>Me enganch\u00e9. Estaba al borde del asiento, pregunt\u00e1ndome qu\u00e9 pas\u00f3 despu\u00e9s. Dram\u00e1ticamente, continu\u00f3:&nbsp;<\/em><\/p>\n\n\n\n<p class=\"wp-block-paragraph\"><em>\u201cEsa noche el otro gu\u00eda desapareci\u00f3 mientras dorm\u00edamos. Mis amigos empezaron a entrar en p\u00e1nico, pero les dije que no se preocuparan. La noche siguiente, los camellos se desplomaron y murieron de sed. \u2026\u201d<\/em><\/p>\n\n\n\n<p class=\"wp-block-paragraph\"><em>\u201cEspera un momento\u201d, interrump\u00ed, \u201clos camellos no mueren de sed despu\u00e9s de tres d\u00edas\u201d.<\/em><\/p>\n\n\n\n<p class=\"wp-block-paragraph\"><em>De repente me di cuenta de que hab\u00eda ca\u00eddo otra vez. Una vez m\u00e1s, mi jefe, Mons. (m\u00e1s tarde, obispo) John G. Nolan, hab\u00eda inventado un cuento, al principio plausible y luego cada vez m\u00e1s disparatado que parec\u00eda que no pod\u00eda ser cierto \u2014 al menos, no del todo cierto.<\/em><\/p>\n<\/blockquote>\n\n\n\n<p class=\"wp-block-paragraph\">Sacerdote de la Di\u00f3cesis de Albany, Mons. Nolan se uni\u00f3 a CNEWA en 1962, sirviendo primero en Beirut, donde dirigi\u00f3 la Misi\u00f3n Pontificia en todo Oriente Medio. A\u00f1os despu\u00e9s regres\u00f3 a Nueva York para servir junto a su hermano sacerdote de Albany, Mons. Joseph T. Ryan, quien, como secretario nacional de CNEWA y presidente de la Misi\u00f3n Pontificia para Palestina, hab\u00eda acompa\u00f1ado a Pablo VI en enero de 1964 en su hist\u00f3rica peregrinaci\u00f3n a Tierra Santa.\u00a0<\/p>\n\n\n\n<figure class=\"wp-block-image size-large\"><img loading=\"lazy\" decoding=\"async\" width=\"1024\" height=\"974\" src=\"https:\/\/cnewa.org\/es\/wp-content\/uploads\/sites\/5\/2026\/08\/cnewaArchives_0215H-1024x974.jpg\" alt=\"Un sacerdote saluda al papa Pablo VI.\" class=\"wp-image-8502\" srcset=\"https:\/\/cnewa.org\/es\/wp-content\/uploads\/sites\/5\/2026\/08\/cnewaArchives_0215H-1024x974.jpg 1024w, https:\/\/cnewa.org\/es\/wp-content\/uploads\/sites\/5\/2026\/08\/cnewaArchives_0215H-300x285.jpg 300w, https:\/\/cnewa.org\/es\/wp-content\/uploads\/sites\/5\/2026\/08\/cnewaArchives_0215H-768x730.jpg 768w, https:\/\/cnewa.org\/es\/wp-content\/uploads\/sites\/5\/2026\/08\/cnewaArchives_0215H-1536x1461.jpg 1536w, https:\/\/cnewa.org\/es\/wp-content\/uploads\/sites\/5\/2026\/08\/cnewaArchives_0215H-1600x1522.jpg 1600w, https:\/\/cnewa.org\/es\/wp-content\/uploads\/sites\/5\/2026\/08\/cnewaArchives_0215H.jpg 1800w\" sizes=\"auto, (max-width: 1024px) 100vw, 1024px\" \/><figcaption class=\"wp-element-caption\">Mons. Nolan visita al Papa Pablo VI. (foto: Archivos de CNEWA)<\/figcaption><\/figure>\n\n\n\n<p class=\"wp-block-paragraph\">Las consecuencias de ese viaje dejaron una huella imborrable en CNEWA. Aunque la mayor responsabilidad recay\u00f3 primero sobre los hombros de Mons. Ryan, ser\u00eda su colega, Mons. Nolan, quien continuar\u00eda el trabajo cuando fue elegido secretario nacional de CNEWA en marzo de 1966, despu\u00e9s que el papa nombr\u00f3 a Mons. Ryan como arzobispo de Anchorage.<\/p>\n\n\n\n<p class=\"wp-block-paragraph\">\u201cSu coraz\u00f3n siempre estuvo en Tierra Santa\u201d, continu\u00f3 Mons. Stern, que sucedi\u00f3 al obispo Nolan en 1988. \u201cComo sus predecesores, pasaba all\u00ed todas las Navidades. Siempre compart\u00eda la ceremonia y el esplendor de la misa de medianoche en Bel\u00e9n. Luego, la ma\u00f1ana de Navidad, iba al Orfanato de Ni\u00f1as de la Misi\u00f3n Pontificia y celebraba misa para ellas. Despu\u00e9s, con las ni\u00f1as a su alrededor, el celebrante se convert\u00eda en Pap\u00e1 Noel, d\u00e1ndoles a cada una su regalo\u201d.<\/p>\n\n\n\n<blockquote class=\"wp-block-quote is-layout-flow wp-block-quote-is-layout-flow\">\n<p class=\"wp-block-paragraph\"><em>\u201cEsta es mi parroquia\u201d, dec\u00eda con profundo sentimiento. \u201cEs mi familia\u201d.<\/em><\/p>\n\n\n\n<p class=\"wp-block-paragraph\"><em>Dondequiera que fuera, con quien estuviera, les contaba una historia fascinante, pero acababa pidi\u00e9ndoles que apadrinaran a un ni\u00f1o. Su imaginaci\u00f3n era tan grande que siempre imaginaba que los dem\u00e1s responder\u00edan con el mismo amor que \u00e9l.<\/em><\/p>\n<\/blockquote>\n\n\n\n<p class=\"wp-block-paragraph\">Y normalmente lo hac\u00edan. Cuando Mons. Nolan concluy\u00f3 su servicio en CNEWA \u2014habiendo sido nombrado obispo auxiliar de la Arquidi\u00f3cesis para los Servicios Militares de EE. UU., sirviendo nuevamente junto a su amigo el arzobispo Ryan\u2014 los ingresos anuales de CNEWA hab\u00edan aumentado de unos $4 millones a m\u00e1s de $18 millones. Gran parte de estos ingresos estaban asociados al Programa de Apadrinamiento de Ni\u00f1os Necesitados de CNEWA, que en su apogeo inscrib\u00eda a m\u00e1s de 30.000 ni\u00f1os en programas de cuidado infantil de las iglesias orientales desde Argentina hasta India.<\/p>\n\n\n\n<p class=\"wp-block-paragraph\">Al principio de su mandato, Mons. Nolan concibi\u00f3 un fondo que promov\u00eda un plan de patrocinio uno a uno en el que CNEWA invitaba a los patrocinadores a contribuir con $10 al mes para el apoyo de un ni\u00f1o espec\u00edfico de una instituci\u00f3n administrada por la iglesia. Los patrocinadores, a su vez, recib\u00edan cartas de las religiosas o sacerdotes que cuidaban al ni\u00f1o cuatro veces al a\u00f1o.\u00a0<\/p>\n\n\n\n<p class=\"wp-block-paragraph\">Cont\u00f3 con el apoyo del padre John McCarthy, un sacerdote estadounidense que serv\u00eda a la Congregaci\u00f3n para la Iglesia Oriental de la Santa Sede como enlace con CNEWA, persuadiendo al sacerdote para que emprendiera un viaje de investigaci\u00f3n de 70 d\u00edas para identificar programas cualificados en 12 pa\u00edses. El padre McCarthy regres\u00f3 el 6 de enero de 1967, \u201cexhausto\u201d, confes\u00f3 en una entrevista con este autor a\u00f1os despu\u00e9s, pero convencido de la necesidad de tal programa, que Mons. Nolan comenz\u00f3 r\u00e1pidamente el mismo mes.\u00a0\u00a0<\/p>\n\n\n\n<p class=\"wp-block-paragraph\">Desde ese d\u00eda, Mons. Nolan fue un incansable defensor de estos ni\u00f1os necesitados. Como escribi\u00f3 Peg Maron, quien ayud\u00f3 a documentar la historia de CNEWA, en 2001: Ya fuera \u201cen ascensores, en cenas, o en reuniones, suplicaba tanto a amigos como a desconocidos que patrocinaran a sus \u2018hijos\u2019\u201d.\u00a0<\/p>\n\n\n\n<figure class=\"wp-block-image aligncenter size-large\"><img loading=\"lazy\" decoding=\"async\" width=\"818\" height=\"1024\" src=\"https:\/\/cnewa.org\/es\/wp-content\/uploads\/sites\/5\/2026\/08\/cnewaArchives_0212H-818x1024.jpg\" alt=\"Un sacerdote juega con ni\u00f1os junto a un \u00e1rbol de Navidad en esta fotograf\u00eda en blanco y negro.\" class=\"wp-image-8501\" srcset=\"https:\/\/cnewa.org\/es\/wp-content\/uploads\/sites\/5\/2026\/08\/cnewaArchives_0212H-818x1024.jpg 818w, https:\/\/cnewa.org\/es\/wp-content\/uploads\/sites\/5\/2026\/08\/cnewaArchives_0212H-240x300.jpg 240w, https:\/\/cnewa.org\/es\/wp-content\/uploads\/sites\/5\/2026\/08\/cnewaArchives_0212H-768x962.jpg 768w, https:\/\/cnewa.org\/es\/wp-content\/uploads\/sites\/5\/2026\/08\/cnewaArchives_0212H-1227x1536.jpg 1227w, https:\/\/cnewa.org\/es\/wp-content\/uploads\/sites\/5\/2026\/08\/cnewaArchives_0212H-1635x2048.jpg 1635w, https:\/\/cnewa.org\/es\/wp-content\/uploads\/sites\/5\/2026\/08\/cnewaArchives_0212H-1600x2004.jpg 1600w, https:\/\/cnewa.org\/es\/wp-content\/uploads\/sites\/5\/2026\/08\/cnewaArchives_0212H.jpg 1800w\" sizes=\"auto, (max-width: 818px) 100vw, 818px\" \/><figcaption class=\"wp-element-caption\">Mons. John Nolan celebra la Navidad en el Orfanato de la Misi\u00f3n Pontificia en Bel\u00e9n. El orfanato fue destacado en un documental presentado por Hugh Downs. (foto: Archivos de CNEWA)<\/figcaption><\/figure>\n\n\n\n<p class=\"wp-block-paragraph\">\u201cEl programa de patrocinio para ni\u00f1os necesitados que comenz\u00f3 Mons. Nolan\u201d, continu\u00f3 Mons. Stern, \u201cayud\u00f3 no solo a esas ni\u00f1as peque\u00f1as en Bel\u00e9n, sino a decenas de miles de ni\u00f1os en todo el mundo\u201d.<\/p>\n\n\n\n<p class=\"wp-block-paragraph\">Siempre un showman, Mons. Nolan seleccion\u00f3 a tres ni\u00f1os para un v\u00eddeo promocional sobre el trabajo de CNEWA en Tierra Santa. Milton Fruchtman, que gan\u00f3 premios Peabody por sus documentales, produjo\u00a0<em>The Untold Story<\/em>\u00a0en 1970. La pel\u00edcula incluy\u00f3 el primer registro de una audiencia papal privada, con Mons. Nolan, tres ni\u00f1as del Orfanato Pontificio de la Misi\u00f3n en Bel\u00e9n, la hermana Elisabeth Marie de las Hermanas Misioneras de Nuestra Se\u00f1ora de los Ap\u00f3stoles, que dirig\u00eda el orfanato, y el papa. Hugh Downs present\u00f3 el especial de 30 minutos, centrado en el trabajo de CNEWA-Misi\u00f3n Pontificia con ni\u00f1os en toda Tierra Santa, y que se emiti\u00f3 a nivel nacional en Nochebuena de 1971, con una audiencia estimada de cinco millones.<\/p>\n\n\n\n<p class=\"wp-block-paragraph\">El don de Mons. Nolan con las personas y su narraci\u00f3n de historias result\u00f3 muy \u00fatil porque, poco despu\u00e9s de asumir el mando en CNEWA-Misi\u00f3n Pontificia, la situaci\u00f3n en Tierra Santa se deterior\u00f3, adquiriendo un nuevo nivel de urgencia incluso mientras fortalec\u00eda alianzas de larga data y avanzaba con programas inspirados en la visita papal de 1964.<\/p>\n\n\n\n<p class=\"wp-block-paragraph\">Durante casi dos d\u00e9cadas, m\u00e1s de un mill\u00f3n de refugiados palestinos \u2014sin hogar, ap\u00e1tridas, desesperados, enfadados y dependientes de fuentes extranjeras para apoyo humanitario y moral\u2014 volcaron sus frustraciones contra el Estado de Israel. Algunos se unieron a movimientos nacionales y de resistencia que lanzaron ataques desde bases en Egipto, Jordania, L\u00edbano y Siria, provocando duras represalias israel\u00edes que agravaron las malas relaciones entre los estados vecinos hasta el 5 de junio de 1967, cuando estall\u00f3 la guerra.\u00a0<\/p>\n\n\n\n<p class=\"wp-block-paragraph\">En menos de una semana, el ej\u00e9rcito israel\u00ed derrot\u00f3 a las fuerzas combinadas de Egipto, Jordania y Siria, y ocup\u00f3 la Ciudad Vieja de Jerusal\u00e9n y el resto de la Palestina \u00e1rabe, que entonces inclu\u00eda Cisjordania, Gaza, la pen\u00ednsula del Sina\u00ed y los Altos del Gol\u00e1n.<\/p>\n\n\n\n<p class=\"wp-block-paragraph\">De la noche a la ma\u00f1ana, una segunda oleada de civiles palestinos desplazados, muchos despose\u00eddos por segunda vez, huy\u00f3 de la imposici\u00f3n de la ley marcial por parte del ej\u00e9rcito israel\u00ed ocupante y busc\u00f3 refugio con sus vecinos. Ya cargados con el peso de un pueblo que sufr\u00eda angustia y se desesperaba, sin perspectivas de volver a casa, los gobiernos de Jordania y L\u00edbano estuvieron a punto de colapsar mientras la guerra asolaba all\u00ed (Jordania, 1970-71; L\u00edbano, 1975-90), cuando los movimientos de resistencia palestinos se enfrentaron a los l\u00edderes de sus naciones anfitrionas.\u00a0<\/p>\n\n\n\n<p class=\"wp-block-paragraph\">Los efectos de lo que com\u00fanmente se denomina la Guerra de los Seis D\u00edas \u2014una continuaci\u00f3n de la primera confrontaci\u00f3n \u00e1rabe-israel\u00ed\u2014 han sido calamitosos y siguen detr\u00e1s en gran parte de los problemas actuales en la regi\u00f3n. Sin embargo, la comunidad cat\u00f3lica global ha permanecido siempre cerca de \u201cestos hermanos y hermanas nuestros\u201d, como afirm\u00f3 Pablo VI en su exhortaci\u00f3n apost\u00f3lica de 1974, \u201cNobis in Animo\u201d, \u201cque viven donde vivi\u00f3 Jes\u00fas y que, en las proximidades de los lugares santos, son los sucesores de la primera iglesia, que dio origen a todas las dem\u00e1s iglesias\u201d.<\/p>\n\n\n\n<p class=\"wp-block-paragraph\">Inmediatamente despu\u00e9s del cese de hostilidades, CNEWA organiz\u00f3 en Beirut una conferencia de organizaciones no gubernamentales regionales, cat\u00f3licas y laicas. Presidida por Constantine C. Vlachopoulos \u2014exfuncionario de la Agencia de Naciones Unidas para Refugiados de Palestina en el Cercano Oriente (UNRWA), reclutado por Mons. Nolan en 1966 para servir como director ejecutivo de la Misi\u00f3n Pontificia para Palestina\u2014 las organizaciones evaluaron las necesidades humanitarias a corto y largo plazo y planificaron una respuesta coordinada para ayudar a los palestinos que permanec\u00edan bajo ocupaci\u00f3n militar en Cisjordania y Gaza y a los refugiados que viv\u00edan en el exilio.<\/p>\n\n\n\n<figure class=\"wp-block-image size-large\"><img loading=\"lazy\" decoding=\"async\" width=\"1024\" height=\"722\" src=\"https:\/\/cnewa.org\/es\/wp-content\/uploads\/sites\/5\/2026\/08\/cnewaArchives_0278H-1024x722.jpg\" alt=\"Monse\u00f1or Nolan y miembros de la prensa cat\u00f3lica se re\u00fanen con el rey Hussein I de Jordania.\" class=\"wp-image-8503\" srcset=\"https:\/\/cnewa.org\/es\/wp-content\/uploads\/sites\/5\/2026\/08\/cnewaArchives_0278H-1024x722.jpg 1024w, https:\/\/cnewa.org\/es\/wp-content\/uploads\/sites\/5\/2026\/08\/cnewaArchives_0278H-300x212.jpg 300w, https:\/\/cnewa.org\/es\/wp-content\/uploads\/sites\/5\/2026\/08\/cnewaArchives_0278H-768x541.jpg 768w, https:\/\/cnewa.org\/es\/wp-content\/uploads\/sites\/5\/2026\/08\/cnewaArchives_0278H-1536x1083.jpg 1536w, https:\/\/cnewa.org\/es\/wp-content\/uploads\/sites\/5\/2026\/08\/cnewaArchives_0278H-1600x1128.jpg 1600w, https:\/\/cnewa.org\/es\/wp-content\/uploads\/sites\/5\/2026\/08\/cnewaArchives_0278H.jpg 1800w\" sizes=\"auto, (max-width: 1024px) 100vw, 1024px\" \/><figcaption class=\"wp-element-caption\">Mons. Nolan y miembros de la prensa cat\u00f3lica se re\u00fanen con el rey Husein I de Jordania durante una gira medi\u00e1tica patrocinada por CNEWA por la regi\u00f3n. (foto: Archivos de CNEWA)<\/figcaption><\/figure>\n\n\n\n<p class=\"wp-block-paragraph\">Simult\u00e1neamente con la conferencia, la Santa Sede envi\u00f3 Mons. Nolan a la regi\u00f3n. En su informe posterior al cardenal Angelo Dell\u2019Acqua de la Secretar\u00eda de Estado, fechado el 29 de junio de 1967, Mons. Nolan inform\u00f3 que los palestinos \u201cen la zona reci\u00e9n ocupada por los israel\u00edes siguen emigrando a Cisjordania [Jordania] &#8230; con asistencia para viajar hasta el [R\u00edo] Jord\u00e1n proporcionada por los israel\u00edes\u201d, a\u00f1adiendo que \u201cuna vez que se van, los israel\u00edes no les permiten regresar a sus hogares en Cisjordania\u201d.<\/p>\n\n\n\n<p class=\"wp-block-paragraph\">\u201cLa econom\u00eda de la \u2018vieja\u2019 Jerusal\u00e9n y Cisjordania, tan estrechamente ligada al turismo, est\u00e1 pr\u00e1cticamente estancada. \u2026 Las instituciones religiosas tambi\u00e9n est\u00e1n sin efectivo, ya que todos los dep\u00f3sitos bancarios han sido congelados por los israel\u00edes.<\/p>\n\n\n\n<p class=\"wp-block-paragraph\">\u201cMientras contin\u00faa sus actividades en L\u00edbano, Cisjordania y, con suerte, la Franja de Gaza\u201d, a\u00f1adi\u00f3, \u201cla [Misi\u00f3n Pontificia] establecer\u00e1 una oficina en Amm\u00e1n para asistir a los 100.000 nuevos refugiados all\u00ed&#8230;\u201d<\/p>\n\n\n\n<p class=\"wp-block-paragraph\">Esa semana, Mons. Nolan y Vlachopoulos reunieron un \u201cequipo de emergencia\u201d en Amm\u00e1n, liderado por Carol Hunnybun, la administradora de la oficina de Jerusal\u00e9n. El equipo comenz\u00f3 a recibir, clasificar y distribuir suministros de ayuda donados en apoyo a los refugiados de todo el mundo cat\u00f3lico, que inclu\u00edan unas 5.600 toneladas de alimentos y leche en polvo; 26.700 mantas; m\u00e1s de 50 toneladas de ropa y zapatos; 90 tiendas de campa\u00f1a; 10.000 botiquines de cocina; 5.500 estufas de cocina; 17 toneladas de suministros m\u00e9dicos, antibi\u00f3ticos y vitaminas, y m\u00e1s de 1.000 latas de carne enlatada.<\/p>\n\n\n\n<p class=\"wp-block-paragraph\">El trabajo de respuesta a crisis del equipo de Misi\u00f3n Pontificia de CNEWA en Amm\u00e1n se replic\u00f3 en otros lugares, incluyendo Gaza, donde la Escuela Pontificia de Misiones para Ciegos fue devastada durante los seis d\u00edas de combates, sus registros destruidos y suministros y equipos saqueados. R\u00e1pidamente, CNEWA renov\u00f3 y reabri\u00f3 la escuela, al igual que otras obras de servicio social de la iglesia, especialmente en Cisjordania y Jerusal\u00e9n, donde las comunidades religiosas de hombres y mujeres llevaban tiempo gestionando escuelas, hospitales para exp\u00f3sitos, hogares para ancianos y personas con necesidades especiales, escuelas de oficios y talleres. Sin embargo, la marea hab\u00eda cambiado y los cristianos de la regi\u00f3n, la mayor\u00eda de ellos de clase media, comenzaron a emigrar en gran n\u00famero.<\/p>\n\n\n\n<p class=\"wp-block-paragraph\">\u201cHemos tenido ocasi\u00f3n de expresar abiertamente nuestra preocupaci\u00f3n por la disminuci\u00f3n del n\u00famero de cristianos en las regiones antiguas que fueron la cuna de nuestra fe\u201d, escribi\u00f3 Pablo VI en su exhortaci\u00f3n de 1974. \u201cDesgraciadamente, la iglesia local carece de medios materiales. Tambi\u00e9n sufre las graves y prolongadas consecuencias de la guerra que, se puede decir, lleva d\u00e9cadas en marcha. Y no es posible pedir ayuda suficiente a los fieles locales, ya que la mayor\u00eda apenas tiene lo suficiente para sobrevivir\u201d.<\/p>\n\n\n\n<p class=\"wp-block-paragraph\">Guiada por las acciones, palabras y visi\u00f3n del pont\u00edfice, la comuni\u00f3n cat\u00f3lica global respondi\u00f3.<\/p>\n\n\n\n<figure class=\"wp-block-image size-large\"><img loading=\"lazy\" decoding=\"async\" width=\"1024\" height=\"745\" src=\"https:\/\/cnewa.org\/es\/wp-content\/uploads\/sites\/5\/2026\/08\/Bethlehem_University-1024x745.jpg\" alt=\"Monse\u00f1or Nolan se encuentra en el centro del escenario durante una ceremonia de graduaci\u00f3n en la Universidad de Bel\u00e9n.\" class=\"wp-image-8499\" srcset=\"https:\/\/cnewa.org\/es\/wp-content\/uploads\/sites\/5\/2026\/08\/Bethlehem_University-1024x745.jpg 1024w, https:\/\/cnewa.org\/es\/wp-content\/uploads\/sites\/5\/2026\/08\/Bethlehem_University-300x218.jpg 300w, https:\/\/cnewa.org\/es\/wp-content\/uploads\/sites\/5\/2026\/08\/Bethlehem_University-768x559.jpg 768w, https:\/\/cnewa.org\/es\/wp-content\/uploads\/sites\/5\/2026\/08\/Bethlehem_University-1536x1117.jpg 1536w, https:\/\/cnewa.org\/es\/wp-content\/uploads\/sites\/5\/2026\/08\/Bethlehem_University-1600x1164.jpg 1600w, https:\/\/cnewa.org\/es\/wp-content\/uploads\/sites\/5\/2026\/08\/Bethlehem_University.jpg 1800w\" sizes=\"auto, (max-width: 1024px) 100vw, 1024px\" \/><figcaption class=\"wp-element-caption\">Mons. Nolan est\u00e1 en medio del escenario durante una ceremonia de graduaci\u00f3n en la Universidad de Bel\u00e9n. (foto: Archivos de CNEWA)<\/figcaption><\/figure>\n\n\n\n<p class=\"wp-block-paragraph\">\u201cAhora bien, el arzobispo Pio Laghi fue responsable de todos los grandes avances en Tierra Santa\u201d, dijo Hunnybun.<\/p>\n\n\n\n<p class=\"wp-block-paragraph\">En mayo de 1969, el papa lo nombr\u00f3 su representante, o delegado apost\u00f3lico, para Jerusal\u00e9n y Palestina. En una entrevista con CNEWA en 1999, el cardenal Laghi describi\u00f3 las instrucciones del papa cuando asumi\u00f3 el cargo: \u201c\u2018Por favor, intenta limitar el \u00e9xodo de cristianos [de Tierra Santa]. Haz lo que puedas\u201d.&nbsp;<\/p>\n\n\n\n<p class=\"wp-block-paragraph\">\u201c\u00bfQu\u00e9 pod\u00eda hacer?\u201d reflexion\u00f3. \u201cEstablec\u00ed inmediatamente una comisi\u00f3n por la justicia y la paz &#8230; y reun\u00ed a todos los ordinarios: el patriarca latino, los custodios, los auxiliares, los responsables de las dem\u00e1s comunidades cat\u00f3licas, y empezamos a alzar la voz\u201d.&nbsp;<\/p>\n\n\n\n<p class=\"wp-block-paragraph\">El prelado ten\u00eda muchas ideas, \u201cpero las ideas [no podr\u00edan] implementarse a menos que tuvieras dinero y apoyo. No solo apoyo econ\u00f3mico, sino tambi\u00e9n apoyo moral\u201d. El delegado apost\u00f3lico encontr\u00f3 ese apoyo en Mons. Nolan y en CNEWA-Misi\u00f3n Pontificia.<\/p>\n\n\n\n<p class=\"wp-block-paragraph\">\u201cInmediatamente simpatic\u00e9 con \u00e9l\u201d, record\u00f3 cuando conoci\u00f3 por primera vez al joven John Nolan, entonces destinado en Beirut como asistente especial del Mons. Joseph Ryan de CNEWA.&nbsp;<\/p>\n\n\n\n<p class=\"wp-block-paragraph\">\u201cSab\u00eda que era un hombre con quien pod\u00eda trabajar, que pod\u00edamos entendernos. Confiaba en \u00e9l y en quienes le representaban&#8230; Carol Hunnybun y Helen Breen\u201d.<\/p>\n\n\n\n<p class=\"wp-block-paragraph\">Juntos, este equipo forj\u00f3 alianzas en todo el mundo, dise\u00f1ando programas de vivienda como la Holy Land Arab Housing Society, reutilizando instalaciones para atender nuevas necesidades, como la apertura del Centro Notre Dame como hospicio para peregrinos, y reforzando una serie de programas existentes que, al servicio del bien com\u00fan, tambi\u00e9n apoyaban a la comunidad cristiana con empleo, frenando as\u00ed la emigraci\u00f3n. Pero hubo varias iniciativas directamente inspiradas en la peregrinaci\u00f3n del pont\u00edfice a Tierra Santa en 1964 que permanecen como s\u00edmbolos de aquella \u00e9poca.<\/p>\n\n\n\n<p class=\"wp-block-paragraph\">\u201c\u2018Cuando estuve all\u00ed en 1964\u2019\u201d, record\u00f3 el cardenal Laghi lo que dijo el papa: \u201c\u2018Promet\u00ed establecer un instituto para sordos y mudos. Por favor, hazlo\u2019\u201d.&nbsp;<\/p>\n\n\n\n<p class=\"wp-block-paragraph\">El 30 de junio de 1971, con la aprobaci\u00f3n de la Santa Sede, las Hermanas de Santa Dorota y CNEWA-Misi\u00f3n Pontificia para Palestina fundaron el Instituto Effeta Pablo VI en Bel\u00e9n, que durante 55 a\u00f1os ha ense\u00f1ado a ni\u00f1os palestinos con discapacidad auditiva desde los 5 a\u00f1os hasta la escuela secundaria a leer los labios y hablar, liber\u00e1ndolos de una prisi\u00f3n de silencio y aislamiento.&nbsp;<\/p>\n\n\n\n<p class=\"wp-block-paragraph\">Ese mismo a\u00f1o, se inaugur\u00f3 el Instituto Ecum\u00e9nico de Investigaci\u00f3n Teol\u00f3gica, o Tantur, una realizaci\u00f3n del deseo del papa de establecer un lugar de oraci\u00f3n, estudio y di\u00e1logos compartidos, un lugar de encuentro con jud\u00edos y musulmanes.<\/p>\n\n\n\n<p class=\"wp-block-paragraph\">Pero, record\u00f3 el cardenal pocos a\u00f1os despu\u00e9s de la muerte del obispo Nolan, \u201cNecesit\u00e1bamos una universidad que preparara a los j\u00f3venes palestinos para una sociedad palestina. \u2026 Ten\u00edamos que corregir esto. Tuvimos que establecer una universidad cat\u00f3lica en Bel\u00e9n. \u2026 Necesit\u00e1bamos una escuela para formar chefs, turismo y gesti\u00f3n hotelera, negocios y artes. Y necesit\u00e1bamos profesores. Ten\u00edamos que preparar a los profesores\u201d.<\/p>\n\n\n\n<p class=\"wp-block-paragraph\">\u201cTodo esto puede parecer insignificante, pero en Tierra Santa, si construyes con una peque\u00f1a piedra, se convierte en un monumento\u201d.<\/p>\n\n\n\n<figure class=\"wp-block-image size-large\"><img loading=\"lazy\" decoding=\"async\" width=\"1024\" height=\"658\" src=\"https:\/\/cnewa.org\/es\/wp-content\/uploads\/sites\/5\/2026\/08\/cnewaArchives_0090H-1024x658.jpg\" alt=\"Dos religiosas juegan con ni\u00f1os en el patio de una escuela.\" class=\"wp-image-8500\" srcset=\"https:\/\/cnewa.org\/es\/wp-content\/uploads\/sites\/5\/2026\/08\/cnewaArchives_0090H-1024x658.jpg 1024w, https:\/\/cnewa.org\/es\/wp-content\/uploads\/sites\/5\/2026\/08\/cnewaArchives_0090H-300x193.jpg 300w, https:\/\/cnewa.org\/es\/wp-content\/uploads\/sites\/5\/2026\/08\/cnewaArchives_0090H-768x493.jpg 768w, https:\/\/cnewa.org\/es\/wp-content\/uploads\/sites\/5\/2026\/08\/cnewaArchives_0090H-1536x986.jpg 1536w, https:\/\/cnewa.org\/es\/wp-content\/uploads\/sites\/5\/2026\/08\/cnewaArchives_0090H-1600x1028.jpg 1600w, https:\/\/cnewa.org\/es\/wp-content\/uploads\/sites\/5\/2026\/08\/cnewaArchives_0090H.jpg 1800w\" sizes=\"auto, (max-width: 1024px) 100vw, 1024px\" \/><figcaption class=\"wp-element-caption\">Las Hermanas de Santa Dorotea ense\u00f1an a ni\u00f1os sordos en el Instituto Ephpheta Paul VI en Bel\u00e9n. (foto: Archivos de CNEWA)<\/figcaption><\/figure>\n\n\n\n<p class=\"wp-block-paragraph\">En 1973, los Hermanos De La Salle de las Escuelas Cristianas, a quienes Pablo VI hab\u00eda pedido que administraran dicha escuela, abrieron la Universidad de Bel\u00e9n con fondos operativos asegurados por CNEWA y la Congregaci\u00f3n para las Iglesias Orientales. A pesar de los desaf\u00edos sociopol\u00edticos y econ\u00f3micos de operar en un entorno tan hostil, la universidad es sin duda un monumento a la fortaleza y la esperanza, matriculando a m\u00e1s de 3.000 estudiantes al a\u00f1o; 17.000 se han graduado, hombres y mujeres, cristianos y musulmanes, que, en la tradici\u00f3n lasallista, contin\u00faan construyendo y sirviendo a la sociedad civil palestina.&nbsp;<\/p>\n\n\n\n<p class=\"wp-block-paragraph\">El entusiasmo de la fe y la caridad dado por Pablo VI, especialmente a trav\u00e9s de quienes estaban asociados con CNEWA y su Misi\u00f3n Pontificia para Palestina, no estaba reservado exclusivamente para los pueblos palestinos. Con motivo de su 25 aniversario, Pablo VI escribi\u00f3 a Mons. Nolan, \u201csu diligente presidente\u201d, que \u201chemos seguido con inter\u00e9s personal esta actividad en las diversas formas que ha adoptado para atender las graves y m\u00faltiples necesidades de los refugiados\u201d, a\u00f1adiendo que su labor \u201cha sido una de las se\u00f1ales m\u00e1s claras de la preocupaci\u00f3n de la Santa Sede por el bienestar de los palestinos, que nos son especialmente queridos porque son el pueblo de Tierra Santa, porque incluyen a seguidores de Cristo y porque han sido y siguen siendo juzgados tan tr\u00e1gicamente\u201d.<\/p>\n\n\n\n<p class=\"wp-block-paragraph\">No obstante, continu\u00f3: \u201cnuestra Misi\u00f3n para Palestina est\u00e1 a punto de enfrentarse a una tarea apremiante. Adem\u00e1s de continuar su asistencia sin distinci\u00f3n de nacionalidad o religi\u00f3n a quienes han sufrido o sufren de cualquier manera como resultado de los repetidos conflictos que han devastado esa regi\u00f3n, la Misi\u00f3n deber\u00e1 esperar, en la situaci\u00f3n que ahora est\u00e1 evolucionando, contribuir a proyectos de ayuda, rehabilitaci\u00f3n y desarrollo\u201d.<\/p>\n\n\n\n<p class=\"wp-block-paragraph\">Mons. Nolan y su equipo de socios, que inclu\u00eda miembros laicos y religiosos, asumieron esta tarea, abriendo cl\u00ednicas m\u00e9dicas m\u00f3viles en zonas rurales de Jordania y Gaza; creando programas de ayuda de emergencia para familias sitiadas por guerras faccionales en el L\u00edbano; visitando en secreto a los rehenes estadounidenses tomados en Teher\u00e1n durante su revoluci\u00f3n; y consiguiendo discretamente el apoyo de magnates petroleros adinerados para los \u201chijos\u201d de Mons. Nolan.&nbsp;<\/p>\n\n\n\n<p class=\"wp-block-paragraph\">Hacia el final de sus a\u00f1os en CNEWA, cuando la hambruna comenz\u00f3 a devastar Etiop\u00eda, llev\u00f3 a su buen amigo, John J. O\u2019Connor \u2014que entonces era cardenal arzobispo de Nueva York y presidente\u00a0<em>ex officio<\/em>\u00a0de CNEWA \u2014a esa antigua tierra, reclutando m\u00e1s apoyo para sus ni\u00f1os desnutridos y elevando el perfil de las necesidades de su pueblo tanto entre organizaciones cat\u00f3licas como seculares.<\/p>\n\n\n\n<p class=\"wp-block-paragraph\">A\u00f1os despu\u00e9s, en su funeral en una abarrotada catedral de San Patricio en Nueva York, tras rendirse todos los homenajes y orar, ese mismo cardenal dijo: \u201cYo conoc\u00eda bastante bien a ese p\u00edcaro\u201d, recordando cari\u00f1osamente a todos los presentes que este hombre de exuberancia y fe tambi\u00e9n era un hombre con un profundo reservorio de amor y alegr\u00eda.\u00a0<\/p>\n\n\n\n<figure class=\"wp-block-image aligncenter size-large\"><img loading=\"lazy\" decoding=\"async\" width=\"861\" height=\"1024\" src=\"https:\/\/cnewa.org\/es\/wp-content\/uploads\/sites\/5\/2026\/08\/cnewaArchives_0283H-861x1024.jpg\" alt=\"Un sacerdote carga a un ni\u00f1o desnutrido.\" class=\"wp-image-8504\" srcset=\"https:\/\/cnewa.org\/es\/wp-content\/uploads\/sites\/5\/2026\/08\/cnewaArchives_0283H-861x1024.jpg 861w, https:\/\/cnewa.org\/es\/wp-content\/uploads\/sites\/5\/2026\/08\/cnewaArchives_0283H-252x300.jpg 252w, https:\/\/cnewa.org\/es\/wp-content\/uploads\/sites\/5\/2026\/08\/cnewaArchives_0283H-768x914.jpg 768w, https:\/\/cnewa.org\/es\/wp-content\/uploads\/sites\/5\/2026\/08\/cnewaArchives_0283H-1291x1536.jpg 1291w, https:\/\/cnewa.org\/es\/wp-content\/uploads\/sites\/5\/2026\/08\/cnewaArchives_0283H-1721x2048.jpg 1721w, https:\/\/cnewa.org\/es\/wp-content\/uploads\/sites\/5\/2026\/08\/cnewaArchives_0283H-1600x1904.jpg 1600w, https:\/\/cnewa.org\/es\/wp-content\/uploads\/sites\/5\/2026\/08\/cnewaArchives_0283H.jpg 1800w\" sizes=\"auto, (max-width: 861px) 100vw, 861px\" \/><figcaption class=\"wp-element-caption\">El cardenal John O\u2019Connor de Nueva York sostiene a un ni\u00f1o durante una visita a Etiop\u00eda en 1985 con Mons. Nolan para ayudar en la ayuda tras la hambruna. (foto: Archivos de CNEWA)<\/figcaption><\/figure>\n\n\n\n<p class=\"has-crimson-color has-text-color has-link-color wp-elements-635618b3022acb74f6eec38eecbda01d wp-block-paragraph\"><em>Lea la siguiente entrega en la edici\u00f3n de diciembre.<\/em><\/p>\n\n\n\n<p class=\"wp-block-paragraph\"><\/p>\n","protected":false},"excerpt":{"rendered":"<p>Un siglo de sanaci\u00f3n y esperanza <\/p>\n","protected":false},"author":70019,"featured_media":8562,"template":"","magazine-issues":[1124],"magazine-sections":[143],"class_list":["post-8543","magazine","type-magazine","status-publish","has-post-thumbnail","hentry","magazine-issues-septiembre-2026","magazine-sections-articulos"],"acf":[],"yoast_head":"<!-- This site is optimized with the Yoast SEO Premium plugin v28.3 (Yoast SEO v28.3) - https:\/\/yoast.com\/product\/yoast-seo-premium-wordpress\/ -->\n<title>Un Abrazo Exuberante de Fe y Caridad | ONE en Espa\u00f1ol<\/title>\n<meta name=\"description\" content=\"Este art\u00edculo destaca los hitos de CNEWA en 100 a\u00f1os. Su misi\u00f3n se ha adaptado a las necesidades del mundo de las Iglesias orientales.\" \/>\n<meta name=\"robots\" content=\"index, follow, max-snippet:-1, max-image-preview:large, max-video-preview:-1\" \/>\n<link rel=\"canonical\" href=\"https:\/\/cnewa.org\/es\/revista\/un-abrazo-exuberante-de-fe-y-caridad\/\" \/>\n<meta property=\"og:locale\" content=\"es_ES\" \/>\n<meta property=\"og:type\" content=\"article\" \/>\n<meta property=\"og:title\" content=\"Un Abrazo Exuberante de Fe y Caridad | ONE en Espa\u00f1ol\" \/>\n<meta property=\"og:description\" content=\"Este art\u00edculo destaca los hitos de CNEWA en 100 a\u00f1os. Su misi\u00f3n se ha adaptado a las necesidades del mundo de las Iglesias orientales.\" \/>\n<meta property=\"og:url\" content=\"https:\/\/cnewa.org\/es\/revista\/un-abrazo-exuberante-de-fe-y-caridad\/\" \/>\n<meta property=\"og:site_name\" content=\"CNEWA Espa\u00f1ol\" \/>\n<meta property=\"article:publisher\" content=\"https:\/\/www.facebook.com\/CNEWAenespanol\/\" \/>\n<meta property=\"article:modified_time\" content=\"2026-09-01T14:15:32+00:00\" \/>\n<meta property=\"og:image\" content=\"https:\/\/cnewa.org\/es\/wp-content\/uploads\/sites\/5\/2026\/08\/Centennial-Web-Image40.jpg\" \/>\n\t<meta property=\"og:image:width\" content=\"1920\" \/>\n\t<meta property=\"og:image:height\" content=\"1080\" \/>\n\t<meta property=\"og:image:type\" content=\"image\/jpeg\" \/>\n<meta name=\"twitter:card\" content=\"summary_large_image\" \/>\n<meta name=\"twitter:label1\" content=\"Tiempo de lectura\" \/>\n\t<meta name=\"twitter:data1\" content=\"16 minutos\" \/>\n<script type=\"application\/ld+json\" class=\"yoast-schema-graph\">{\"@context\":\"https:\\\/\\\/schema.org\",\"@graph\":[{\"@type\":\"WebPage\",\"@id\":\"https:\\\/\\\/cnewa.org\\\/es\\\/revista\\\/un-abrazo-exuberante-de-fe-y-caridad\\\/\",\"url\":\"https:\\\/\\\/cnewa.org\\\/es\\\/revista\\\/un-abrazo-exuberante-de-fe-y-caridad\\\/\",\"name\":\"Un Abrazo Exuberante de Fe y Caridad | ONE en Espa\u00f1ol\",\"isPartOf\":{\"@id\":\"https:\\\/\\\/cnewa.org\\\/es\\\/#website\"},\"primaryImageOfPage\":{\"@id\":\"https:\\\/\\\/cnewa.org\\\/es\\\/revista\\\/un-abrazo-exuberante-de-fe-y-caridad\\\/#primaryimage\"},\"image\":{\"@id\":\"https:\\\/\\\/cnewa.org\\\/es\\\/revista\\\/un-abrazo-exuberante-de-fe-y-caridad\\\/#primaryimage\"},\"thumbnailUrl\":\"https:\\\/\\\/cnewa.org\\\/es\\\/wp-content\\\/uploads\\\/sites\\\/5\\\/2026\\\/08\\\/Centennial-Web-Image40.jpg\",\"datePublished\":\"2026-09-01T14:15:31+00:00\",\"dateModified\":\"2026-09-01T14:15:32+00:00\",\"description\":\"Este art\u00edculo destaca los hitos de CNEWA en 100 a\u00f1os. Su misi\u00f3n se ha adaptado a las necesidades del mundo de las Iglesias orientales.\",\"breadcrumb\":{\"@id\":\"https:\\\/\\\/cnewa.org\\\/es\\\/revista\\\/un-abrazo-exuberante-de-fe-y-caridad\\\/#breadcrumb\"},\"inLanguage\":\"es\",\"potentialAction\":[{\"@type\":\"ReadAction\",\"target\":[\"https:\\\/\\\/cnewa.org\\\/es\\\/revista\\\/un-abrazo-exuberante-de-fe-y-caridad\\\/\"]}]},{\"@type\":\"ImageObject\",\"inLanguage\":\"es\",\"@id\":\"https:\\\/\\\/cnewa.org\\\/es\\\/revista\\\/un-abrazo-exuberante-de-fe-y-caridad\\\/#primaryimage\",\"url\":\"https:\\\/\\\/cnewa.org\\\/es\\\/wp-content\\\/uploads\\\/sites\\\/5\\\/2026\\\/08\\\/Centennial-Web-Image40.jpg\",\"contentUrl\":\"https:\\\/\\\/cnewa.org\\\/es\\\/wp-content\\\/uploads\\\/sites\\\/5\\\/2026\\\/08\\\/Centennial-Web-Image40.jpg\",\"width\":1920,\"height\":1080,\"caption\":\"Mons. John Nolan, que dirigi\u00f3 CNEWA-Misi\u00f3n Pontificia de 1966 a 1987, recibe a un ni\u00f1o de un orfanato administrado por la Misi\u00f3n Pontificia para Palestina en una visita pastoral a Tierra Santa. (foto: Archivos de CNEWA)\"},{\"@type\":\"BreadcrumbList\",\"@id\":\"https:\\\/\\\/cnewa.org\\\/es\\\/revista\\\/un-abrazo-exuberante-de-fe-y-caridad\\\/#breadcrumb\",\"itemListElement\":[{\"@type\":\"ListItem\",\"position\":1,\"name\":\"Inicio\",\"item\":\"https:\\\/\\\/cnewa.org\\\/es\\\/\"},{\"@type\":\"ListItem\",\"position\":2,\"name\":\"One Magazine\",\"item\":\"https:\\\/\\\/cnewa.org\\\/es\\\/revista\\\/\"},{\"@type\":\"ListItem\",\"position\":3,\"name\":\"Un Abrazo Exuberante de Fe y Caridad\"}]},{\"@type\":\"WebSite\",\"@id\":\"https:\\\/\\\/cnewa.org\\\/es\\\/#website\",\"url\":\"https:\\\/\\\/cnewa.org\\\/es\\\/\",\"name\":\"CNEWA Espa\u00f1ol\",\"description\":\"Asociaci\u00f3n Cat\u00f3lica para el Bienestar del Cercano Oriente\",\"publisher\":{\"@id\":\"https:\\\/\\\/cnewa.org\\\/es\\\/#organization\"},\"potentialAction\":[{\"@type\":\"SearchAction\",\"target\":{\"@type\":\"EntryPoint\",\"urlTemplate\":\"https:\\\/\\\/cnewa.org\\\/es\\\/?s={search_term_string}\"},\"query-input\":{\"@type\":\"PropertyValueSpecification\",\"valueRequired\":true,\"valueName\":\"search_term_string\"}}],\"inLanguage\":\"es\"},{\"@type\":\"Organization\",\"@id\":\"https:\\\/\\\/cnewa.org\\\/es\\\/#organization\",\"name\":\"CNEWA Espa\u00f1ol\",\"alternateName\":\"Asociaci\u00f3n Cat\u00f3lica para el Bienestar del Cercano Oriente\",\"url\":\"https:\\\/\\\/cnewa.org\\\/es\\\/\",\"logo\":{\"@type\":\"ImageObject\",\"inLanguage\":\"es\",\"@id\":\"https:\\\/\\\/cnewa.org\\\/es\\\/#\\\/schema\\\/logo\\\/image\\\/\",\"url\":\"https:\\\/\\\/cnewa.org\\\/es\\\/wp-content\\\/uploads\\\/sites\\\/5\\\/2021\\\/07\\\/CNEWA-brand-logo.png\",\"contentUrl\":\"https:\\\/\\\/cnewa.org\\\/es\\\/wp-content\\\/uploads\\\/sites\\\/5\\\/2021\\\/07\\\/CNEWA-brand-logo.png\",\"width\":1000,\"height\":1000,\"caption\":\"CNEWA Espa\u00f1ol\"},\"image\":{\"@id\":\"https:\\\/\\\/cnewa.org\\\/es\\\/#\\\/schema\\\/logo\\\/image\\\/\"},\"sameAs\":[\"https:\\\/\\\/www.facebook.com\\\/CNEWAenespanol\\\/\",\"https:\\\/\\\/www.instagram.com\\\/cnewa1926\\\/\",\"https:\\\/\\\/www.youtube.com\\\/user\\\/TheCNEWA\"]}]}<\/script>\n<!-- \/ Yoast SEO Premium plugin. -->","yoast_head_json":{"title":"Un Abrazo Exuberante de Fe y Caridad | ONE en Espa\u00f1ol","description":"Este art\u00edculo destaca los hitos de CNEWA en 100 a\u00f1os. Su misi\u00f3n se ha adaptado a las necesidades del mundo de las Iglesias orientales.","robots":{"index":"index","follow":"follow","max-snippet":"max-snippet:-1","max-image-preview":"max-image-preview:large","max-video-preview":"max-video-preview:-1"},"canonical":"https:\/\/cnewa.org\/es\/revista\/un-abrazo-exuberante-de-fe-y-caridad\/","og_locale":"es_ES","og_type":"article","og_title":"Un Abrazo Exuberante de Fe y Caridad | ONE en Espa\u00f1ol","og_description":"Este art\u00edculo destaca los hitos de CNEWA en 100 a\u00f1os. Su misi\u00f3n se ha adaptado a las necesidades del mundo de las Iglesias orientales.","og_url":"https:\/\/cnewa.org\/es\/revista\/un-abrazo-exuberante-de-fe-y-caridad\/","og_site_name":"CNEWA Espa\u00f1ol","article_publisher":"https:\/\/www.facebook.com\/CNEWAenespanol\/","article_modified_time":"2026-09-01T14:15:32+00:00","og_image":[{"width":1920,"height":1080,"url":"https:\/\/cnewa.org\/es\/wp-content\/uploads\/sites\/5\/2026\/08\/Centennial-Web-Image40.jpg","type":"image\/jpeg"}],"twitter_card":"summary_large_image","twitter_misc":{"Tiempo de lectura":"16 minutos"},"schema":{"@context":"https:\/\/schema.org","@graph":[{"@type":"WebPage","@id":"https:\/\/cnewa.org\/es\/revista\/un-abrazo-exuberante-de-fe-y-caridad\/","url":"https:\/\/cnewa.org\/es\/revista\/un-abrazo-exuberante-de-fe-y-caridad\/","name":"Un Abrazo Exuberante de Fe y Caridad | ONE en Espa\u00f1ol","isPartOf":{"@id":"https:\/\/cnewa.org\/es\/#website"},"primaryImageOfPage":{"@id":"https:\/\/cnewa.org\/es\/revista\/un-abrazo-exuberante-de-fe-y-caridad\/#primaryimage"},"image":{"@id":"https:\/\/cnewa.org\/es\/revista\/un-abrazo-exuberante-de-fe-y-caridad\/#primaryimage"},"thumbnailUrl":"https:\/\/cnewa.org\/es\/wp-content\/uploads\/sites\/5\/2026\/08\/Centennial-Web-Image40.jpg","datePublished":"2026-09-01T14:15:31+00:00","dateModified":"2026-09-01T14:15:32+00:00","description":"Este art\u00edculo destaca los hitos de CNEWA en 100 a\u00f1os. Su misi\u00f3n se ha adaptado a las necesidades del mundo de las Iglesias orientales.","breadcrumb":{"@id":"https:\/\/cnewa.org\/es\/revista\/un-abrazo-exuberante-de-fe-y-caridad\/#breadcrumb"},"inLanguage":"es","potentialAction":[{"@type":"ReadAction","target":["https:\/\/cnewa.org\/es\/revista\/un-abrazo-exuberante-de-fe-y-caridad\/"]}]},{"@type":"ImageObject","inLanguage":"es","@id":"https:\/\/cnewa.org\/es\/revista\/un-abrazo-exuberante-de-fe-y-caridad\/#primaryimage","url":"https:\/\/cnewa.org\/es\/wp-content\/uploads\/sites\/5\/2026\/08\/Centennial-Web-Image40.jpg","contentUrl":"https:\/\/cnewa.org\/es\/wp-content\/uploads\/sites\/5\/2026\/08\/Centennial-Web-Image40.jpg","width":1920,"height":1080,"caption":"Mons. John Nolan, que dirigi\u00f3 CNEWA-Misi\u00f3n Pontificia de 1966 a 1987, recibe a un ni\u00f1o de un orfanato administrado por la Misi\u00f3n Pontificia para Palestina en una visita pastoral a Tierra Santa. (foto: Archivos de CNEWA)"},{"@type":"BreadcrumbList","@id":"https:\/\/cnewa.org\/es\/revista\/un-abrazo-exuberante-de-fe-y-caridad\/#breadcrumb","itemListElement":[{"@type":"ListItem","position":1,"name":"Inicio","item":"https:\/\/cnewa.org\/es\/"},{"@type":"ListItem","position":2,"name":"One Magazine","item":"https:\/\/cnewa.org\/es\/revista\/"},{"@type":"ListItem","position":3,"name":"Un Abrazo Exuberante de Fe y Caridad"}]},{"@type":"WebSite","@id":"https:\/\/cnewa.org\/es\/#website","url":"https:\/\/cnewa.org\/es\/","name":"CNEWA Espa\u00f1ol","description":"Asociaci\u00f3n Cat\u00f3lica para el Bienestar del Cercano Oriente","publisher":{"@id":"https:\/\/cnewa.org\/es\/#organization"},"potentialAction":[{"@type":"SearchAction","target":{"@type":"EntryPoint","urlTemplate":"https:\/\/cnewa.org\/es\/?s={search_term_string}"},"query-input":{"@type":"PropertyValueSpecification","valueRequired":true,"valueName":"search_term_string"}}],"inLanguage":"es"},{"@type":"Organization","@id":"https:\/\/cnewa.org\/es\/#organization","name":"CNEWA Espa\u00f1ol","alternateName":"Asociaci\u00f3n Cat\u00f3lica para el Bienestar del Cercano Oriente","url":"https:\/\/cnewa.org\/es\/","logo":{"@type":"ImageObject","inLanguage":"es","@id":"https:\/\/cnewa.org\/es\/#\/schema\/logo\/image\/","url":"https:\/\/cnewa.org\/es\/wp-content\/uploads\/sites\/5\/2021\/07\/CNEWA-brand-logo.png","contentUrl":"https:\/\/cnewa.org\/es\/wp-content\/uploads\/sites\/5\/2021\/07\/CNEWA-brand-logo.png","width":1000,"height":1000,"caption":"CNEWA Espa\u00f1ol"},"image":{"@id":"https:\/\/cnewa.org\/es\/#\/schema\/logo\/image\/"},"sameAs":["https:\/\/www.facebook.com\/CNEWAenespanol\/","https:\/\/www.instagram.com\/cnewa1926\/","https:\/\/www.youtube.com\/user\/TheCNEWA"]}]}},"_links":{"self":[{"href":"https:\/\/cnewa.org\/es\/wp-json\/wp\/v2\/magazine\/8543","targetHints":{"allow":["GET"]}}],"collection":[{"href":"https:\/\/cnewa.org\/es\/wp-json\/wp\/v2\/magazine"}],"about":[{"href":"https:\/\/cnewa.org\/es\/wp-json\/wp\/v2\/types\/magazine"}],"author":[{"embeddable":true,"href":"https:\/\/cnewa.org\/es\/wp-json\/wp\/v2\/users\/70019"}],"version-history":[{"count":8,"href":"https:\/\/cnewa.org\/es\/wp-json\/wp\/v2\/magazine\/8543\/revisions"}],"predecessor-version":[{"id":8585,"href":"https:\/\/cnewa.org\/es\/wp-json\/wp\/v2\/magazine\/8543\/revisions\/8585"}],"wp:featuredmedia":[{"embeddable":true,"href":"https:\/\/cnewa.org\/es\/wp-json\/wp\/v2\/media\/8562"}],"wp:attachment":[{"href":"https:\/\/cnewa.org\/es\/wp-json\/wp\/v2\/media?parent=8543"}],"wp:term":[{"taxonomy":"magazine-issues","embeddable":true,"href":"https:\/\/cnewa.org\/es\/wp-json\/wp\/v2\/magazine-issues?post=8543"},{"taxonomy":"magazine-sections","embeddable":true,"href":"https:\/\/cnewa.org\/es\/wp-json\/wp\/v2\/magazine-sections?post=8543"}],"curies":[{"name":"wp","href":"https:\/\/api.w.org\/{rel}","templated":true}]}}