{"id":8559,"date":"2026-09-01T10:14:31","date_gmt":"2026-09-01T14:14:31","guid":{"rendered":"https:\/\/cnewa.org\/es\/?post_type=magazine&#038;p=8559"},"modified":"2026-09-01T10:14:31","modified_gmt":"2026-09-01T14:14:31","slug":"vendran-tiempos-mejores","status":"publish","type":"magazine","link":"https:\/\/cnewa.org\/es\/revista\/vendran-tiempos-mejores\/","title":{"rendered":"\u2018Vendr\u00e1n Tiempos Mejores\u2019"},"content":{"rendered":"\n<p class=\"has-drop-cap wp-block-paragraph\">La violista Ester Slepchenko, 22, joven jud\u00eda mesi\u00e1nica israel\u00ed, sue\u00f1a con proyectos musicales que promuevan la conexi\u00f3n entre estudiantes de diversas culturas y religiones.<\/p>\n\n\n\n<p class=\"wp-block-paragraph\">Estudia en el Instituto Magnificat del Monasterio Franciscano de San Salvador en la Ciudad Vieja de Jerusal\u00e9n, as\u00ed como en la Academia de M\u00fasica y Danza de Jerusal\u00e9n, perteneciente a la Universidad Hebrea de Jerusal\u00e9n.<\/p>\n\n\n\n<p class=\"wp-block-paragraph\">Su sue\u00f1o se inspira en su experiencia en el instituto fundado hace 30 a\u00f1os como una peque\u00f1a escuela de m\u00fasica de \u00f3rgano y piano; que se convirti\u00f3 en una comunidad interreligiosa de facto al ense\u00f1ar otros instrumentos, reuniendo a estudiantes de todas las creencias con profesores jud\u00edos. Asimismo, se han incorporado profesores cristianos y musulmanes.<\/p>\n\n\n\n<p class=\"wp-block-paragraph\">\u201cQuiero demostrar que es posible hacer algo diferente\u201d, afirm\u00f3 Slepchenko sobre la realidad interreligiosa del instituto. \u201cQue esta forma de conexi\u00f3n, paz y amistad es posible\u201d.<\/p>\n\n\n\n<p class=\"wp-block-paragraph\">Para el padre Alberto Pari, O.F.M., director del instituto durante los \u00faltimos 11 a\u00f1os, esta y otras iniciativas interreligiosas en Tierra Santa son como \u201csembrar semillas que florecer\u00e1n en hermosas flores y \u00e1rboles que dar\u00e1n frutos\u201d.<\/p>\n\n\n\n<p class=\"wp-block-paragraph\">\u201cCreamos espacios y posibilidades para la convivencia y el crecimiento\u201d, afirm\u00f3 el franciscano italiano, que reside en Tierra Santa desde 2007. \u201cCuando termine cualquier guerra, cuando regrese la calma o la normalidad, habr\u00e1 heridas tan profundas que sanar\u00e1n, y se necesitar\u00e1 la intervenci\u00f3n de alguien externo que no sea musulm\u00e1n, palestino, israel\u00ed ni jud\u00edo\u201d.<\/p>\n\n\n\n<p class=\"wp-block-paragraph\">Los franciscanos \u201ctienen este privilegio: estar con ellos, pero no formar parte de ellos por completo\u201d, continu\u00f3. \u201cNuestra tarea ser\u00e1, en realidad, crear puentes e intentar reconciliar. Crear espacios para el encuentro, la escucha y el conocimiento mutuo\u201d.<\/p>\n\n\n\n<p class=\"wp-block-paragraph\">Tanya Beltser, directora art\u00edstica del instituto, dice que la escuela de m\u00fasica acoge a estudiantes de todas las creencias.<\/p>\n\n\n\n<p class=\"wp-block-paragraph\">\u201cForma parte del ADN de la escuela que pertenezca a todos\u201d, dijo Beltser, practicante jud\u00eda ucraniana, una de las primeras profesoras de viol\u00edn en incorporarse al instituto en 2004.<\/p>\n\n\n\n<figure class=\"wp-block-image size-large\"><img loading=\"lazy\" decoding=\"async\" width=\"1024\" height=\"683\" src=\"https:\/\/cnewa.org\/es\/wp-content\/uploads\/sites\/5\/2026\/08\/GettyImages-1311643967-1024x683.jpg\" alt=\"La c\u00fapula azul de la iglesia de Nuestra Se\u00f1ora de los Dolores y la dorada C\u00fapula de la Roca adornan el perfil urbano de Jerusal\u00e9n.\" class=\"wp-image-8489\" srcset=\"https:\/\/cnewa.org\/es\/wp-content\/uploads\/sites\/5\/2026\/08\/GettyImages-1311643967-1024x683.jpg 1024w, https:\/\/cnewa.org\/es\/wp-content\/uploads\/sites\/5\/2026\/08\/GettyImages-1311643967-300x200.jpg 300w, https:\/\/cnewa.org\/es\/wp-content\/uploads\/sites\/5\/2026\/08\/GettyImages-1311643967-768x512.jpg 768w, https:\/\/cnewa.org\/es\/wp-content\/uploads\/sites\/5\/2026\/08\/GettyImages-1311643967-1536x1024.jpg 1536w, https:\/\/cnewa.org\/es\/wp-content\/uploads\/sites\/5\/2026\/08\/GettyImages-1311643967-1600x1067.jpg 1600w, https:\/\/cnewa.org\/es\/wp-content\/uploads\/sites\/5\/2026\/08\/GettyImages-1311643967.jpg 1800w\" sizes=\"auto, (max-width: 1024px) 100vw, 1024px\" \/><figcaption class=\"wp-element-caption\">La c\u00fapula azul de la iglesia de Nuestra Se\u00f1ora de los Dolores y la dorada C\u00fapula de la Roca adornan el horizonte de Jerusal\u00e9n. (foto: Nick Brundle Photography\/Getty Images)<\/figcaption><\/figure>\n\n\n\n<p class=\"wp-block-paragraph\">\u201cNo nos centramos en las diferencias\u201d, dijo, refiri\u00e9ndose a la diversidad. \u201cNos centramos en lo importante: una educaci\u00f3n musical de alta calidad, que cree algo muy bello\u201d.<\/p>\n\n\n\n<p class=\"wp-block-paragraph\">El instituto no es una \u201cburbuja\u201d, afirm\u00f3 Tala Akkawi, 25, musulmana y profesora de guitarra cl\u00e1sica, miembro del personal desde 2023. Es, m\u00e1s bien, un espacio donde profesores y alumnos pueden interactuar, uniendo lazos a trav\u00e9s de su amor por la m\u00fasica. Para muchos, es la primera oportunidad que tienen de interactuar con personas de diversos or\u00edgenes, a\u00f1adi\u00f3.<\/p>\n\n\n\n<p class=\"wp-block-paragraph\">\u201cAlgunos estudiantes musulmanes, por ejemplo, nunca han interactuado con profesores cristianos, as\u00ed que esta es una experiencia nueva: tener compa\u00f1eros o profesores cristianos e incluso jud\u00edos\u201d, explic\u00f3 Akkawi. \u201cCambia la perspectiva, y eso no es algo com\u00fan en Jerusal\u00e9n\u201d.<\/p>\n\n\n\n<figure class=\"wp-block-pullquote\"><blockquote><p>Las conexiones entre tradiciones religiosas forman una alianza \u201ccontra el extremismo, el racismo y el odio\u201d y crean \u201cun acto de fe en medio del abismo\u201d.<\/p><\/blockquote><\/figure>\n\n\n\n<p class=\"has-drop-cap wp-block-paragraph\">Incluso en medio de los conflictos que parecen no tener fin en Israel, los l\u00edderes religiosos han impulsado iniciativas de pacificaci\u00f3n y di\u00e1logo mediante peque\u00f1os gestos de conexi\u00f3n personal.<\/p>\n\n\n\n<p class=\"wp-block-paragraph\">Una de estas iniciativas es un estudio mensual de textos interreligiosos entre la comunidad cat\u00f3lica de habla hebrea de San Sime\u00f3n y Santa Ana y la comunidad jud\u00eda tradicional de Si\u00f3n en Jerusal\u00e9n.<\/p>\n\n\n\n<p class=\"wp-block-paragraph\">Los \u00faltimos 13 a\u00f1os, entre 30 y 40 personas, cerca la mitad de cada comunidad, se han reunido un mi\u00e9rcoles al mes en la iglesia de San Sime\u00f3n y Santa Ana, en el centro de la ciudad. Estudian la Biblia hebrea, el Nuevo Testamento, los Salmos y comentarios jud\u00edos y cristianos sobre estos textos, as\u00ed como escritos de eruditos cristianos y jud\u00edos.<\/p>\n\n\n\n<p class=\"wp-block-paragraph\">El grupo se ha convertido en un \u201cespacio seguro de conexi\u00f3n y respeto mutuo\u201d, afirm\u00f3 Ilana Rivka Nelson, de la comunidad de Si\u00f3n y cofundadora del grupo. Para ella, el grupo \u201cse siente como un abrazo sanador en medio de la cruda realidad de alienaci\u00f3n, odio y guerra que nos rodea\u201d.<\/p>\n\n\n\n<p class=\"wp-block-paragraph\">\u201cCada mes salgo de nuestra reuni\u00f3n con una fe renovada en la humanidad y en Dios\u201d.<\/p>\n\n\n\n<p class=\"wp-block-paragraph\">La rabina Tamar Elad-Appelbaum, de la comunidad de Si\u00f3n, dice que las conexiones entre tradiciones religiosas forman una alianza \u201ccontra el extremismo, el racismo y el odio\u201d y crean \u201cun acto de fe en medio del abismo\u201d.<\/p>\n\n\n\n<figure class=\"wp-block-image size-large\"><img loading=\"lazy\" decoding=\"async\" width=\"1024\" height=\"683\" src=\"https:\/\/cnewa.org\/es\/wp-content\/uploads\/sites\/5\/2026\/08\/saadeh202607_017H-1024x683.jpg\" alt=\"Retrato de la rabina Tamar Elad-Appelbaum.\" class=\"wp-image-8493\" srcset=\"https:\/\/cnewa.org\/es\/wp-content\/uploads\/sites\/5\/2026\/08\/saadeh202607_017H-1024x683.jpg 1024w, https:\/\/cnewa.org\/es\/wp-content\/uploads\/sites\/5\/2026\/08\/saadeh202607_017H-300x200.jpg 300w, https:\/\/cnewa.org\/es\/wp-content\/uploads\/sites\/5\/2026\/08\/saadeh202607_017H-768x512.jpg 768w, https:\/\/cnewa.org\/es\/wp-content\/uploads\/sites\/5\/2026\/08\/saadeh202607_017H-1536x1024.jpg 1536w, https:\/\/cnewa.org\/es\/wp-content\/uploads\/sites\/5\/2026\/08\/saadeh202607_017H-1600x1067.jpg 1600w, https:\/\/cnewa.org\/es\/wp-content\/uploads\/sites\/5\/2026\/08\/saadeh202607_017H.jpg 1800w\" sizes=\"auto, (max-width: 1024px) 100vw, 1024px\" \/><figcaption class=\"wp-element-caption\">La rabina Tamar Elad-Appelbaum lidera la comunidad sionista en Jerusal\u00e9n. (foto: Joseph Saadeh)<\/figcaption><\/figure>\n\n\n\n<p class=\"wp-block-paragraph\">El grupo se cre\u00f3 hace 13 a\u00f1os como parte de una iniciativa multifac\u00e9tica, en paralelo a la fundaci\u00f3n de la comunidad Si\u00f3n por la rabina Elad-Appelbaum y su esposo, Joseph, en honor a sus abuelos. La historia de su abuelo franc\u00e9s fue significativa para ella. Siendo un joven ultraortodoxo durante el Holocausto, se uni\u00f3 a un grupo partisano liderado por un sacerdote para salvar a ni\u00f1os jud\u00edos y roman\u00edes.<\/p>\n\n\n\n<p class=\"wp-block-paragraph\">La mayor\u00eda de la familia de su abuelo fue asesinada en Auschwitz, y cuando lleg\u00f3 a Israel, fue importante para \u00e9l establecer un v\u00ednculo de gratitud, valent\u00eda y solidaridad con la comunidad cristiana de Jerusal\u00e9n, explic\u00f3.<\/p>\n\n\n\n<p class=\"wp-block-paragraph\">La comunidad Si\u00f3n, el grupo conjunto de estudio de textos y el activismo social y la labor caritativa que ambas comunidades realizan juntas se llevan a cabo en su honor y en honor a otras personas justas, afirm\u00f3.<\/p>\n\n\n\n<p class=\"wp-block-paragraph\">Las dos comunidades \u201crezan la una por la otra y tambi\u00e9n son amigas\u201d, concluy\u00f3.<\/p>\n\n\n\n<p class=\"wp-block-paragraph\">\u201cRealizamos muchas actividades, y una de ellas es estudiar juntos. Es una de nuestras tradiciones de estudio, de contemplaci\u00f3n, de conversaciones profundas. No se trata solo de activismo, sino tambi\u00e9n de escucharnos con mucha atenci\u00f3n, de conocer los textos sagrados de cada uno y de respetarnos mutuamente\u201d, a\u00f1adi\u00f3.<\/p>\n\n\n\n<p class=\"wp-block-paragraph\">\u201cCreemos que la conversaci\u00f3n, el di\u00e1logo y la fraternidad son responsabilidad de todo creyente, de toda persona de fe, especialmente de quienes viven en la ciudad santa de Jerusal\u00e9n\u201d, afirm\u00f3.<\/p>\n\n\n\n<p class=\"wp-block-paragraph\">Entre los temas que estudiamos se encuentran la familia, la generosidad y la gratitud en cada tradici\u00f3n.<\/p>\n\n\n\n<p class=\"wp-block-paragraph\">\u201cCada vez que abordamos un tema, vemos lo similares que somos y c\u00f3mo nuestras tradiciones se rigen por valores parecidos; tambi\u00e9n c\u00f3mo a veces somos diferentes y c\u00f3mo nos complementamos, y es maravilloso\u201d, dijo. \u201cNos apoyamos, nos defendemos; hacemos todo lo posible por crear un modelo de convivencia\u201d.<\/p>\n\n\n\n<figure class=\"wp-block-image size-large\"><img loading=\"lazy\" decoding=\"async\" width=\"1024\" height=\"683\" src=\"https:\/\/cnewa.org\/es\/wp-content\/uploads\/sites\/5\/2026\/08\/saadeh202404_206H-1024x683.jpg\" alt=\"L\u00edderes religiosos en un encuentro interreligioso.\" class=\"wp-image-8492\" srcset=\"https:\/\/cnewa.org\/es\/wp-content\/uploads\/sites\/5\/2026\/08\/saadeh202404_206H-1024x683.jpg 1024w, https:\/\/cnewa.org\/es\/wp-content\/uploads\/sites\/5\/2026\/08\/saadeh202404_206H-300x200.jpg 300w, https:\/\/cnewa.org\/es\/wp-content\/uploads\/sites\/5\/2026\/08\/saadeh202404_206H-768x512.jpg 768w, https:\/\/cnewa.org\/es\/wp-content\/uploads\/sites\/5\/2026\/08\/saadeh202404_206H-1536x1024.jpg 1536w, https:\/\/cnewa.org\/es\/wp-content\/uploads\/sites\/5\/2026\/08\/saadeh202404_206H-1600x1067.jpg 1600w, https:\/\/cnewa.org\/es\/wp-content\/uploads\/sites\/5\/2026\/08\/saadeh202404_206H.jpg 1800w\" sizes=\"auto, (max-width: 1024px) 100vw, 1024px\" \/><figcaption class=\"wp-element-caption\">L\u00edderes religiosos asisten a una reuni\u00f3n interreligiosa en la Maison d\u2019Abraham de Jerusal\u00e9n en abril de 2024. (foto: George Jaraiseh)<\/figcaption><\/figure>\n\n\n\n<p class=\"has-drop-cap wp-block-paragraph\">El padre Piotr Zelazko, vicario patriarcal del vicariato de San Jaime para cat\u00f3licos de habla hebrea en Israel, es consciente de la peque\u00f1ez de la comunidad que trabaja por la paz en Tierra Santa, pero afirm\u00f3 que el compromiso de la iglesia con el di\u00e1logo se fundamenta en su vocaci\u00f3n y debe mantenerse firme a pesar de los constantes desaf\u00edos.<\/p>\n\n\n\n<p class=\"wp-block-paragraph\">\u201cSiempre ser\u00e1 como una gota en el oc\u00e9ano\u201d, dijo el padre Zelazko. \u201cPero si una gota dice: \u2018No soy nada\u2019, entonces no hay oc\u00e9ano\u201d.<\/p>\n\n\n\n<p class=\"wp-block-paragraph\">Las consecuencias del ataque de Ham\u00e1s contra las comunidades del sur de Israel el 7 de octubre de 2023, y la guerra entre Israel y Ham\u00e1s que se ha prolongado durante tres a\u00f1os, han perjudicado los esfuerzos de coexistencia en Tierra Santa, profundizando el miedo, la ira, el dolor y la desconfianza en todos los \u00e1mbitos. En estas condiciones, el fundamentalismo religioso ha crecido en todos los frentes, tensando las relaciones judeo-musulmanas, judeo-cristianas y musulmanas-cristianas. Quienes participan en el di\u00e1logo y la construcci\u00f3n de la paz suelen ser vistos, en el mejor de los casos, como ilusos y, en el peor, como traidores.<\/p>\n\n\n\n<p class=\"wp-block-paragraph\">La amenaza de guerra sigue pesando sobre la regi\u00f3n. El alto el fuego negociado entre Estados Unidos e Ir\u00e1n se ha roto. Los continuos conflictos entre las Fuerzas de Defensa de Israel y los combatientes de Hezbol\u00e1 en L\u00edbano, y los constantes ataques israel\u00edes en Gaza, han contribuido a una sensaci\u00f3n generalizada de inseguridad, incertidumbre y mayor estr\u00e9s.<\/p>\n\n\n\n<p class=\"wp-block-paragraph\">Tanto en Israel como en Cisjordania, la violencia de los colonos contra los palestinos se ha incrementado, mientras contin\u00faan los ataques palestinos contra civiles israel\u00edes, especialmente en Jerusal\u00e9n. El Centro de Datos sobre Libertad Religiosa inform\u00f3 de un aumento significativo en los casos de acoso contra cristianos en todo Israel. Su fundadora, Yisca Harani, se\u00f1al\u00f3 que a principios de junio se hab\u00edan documentado m\u00e1s de 88 incidentes, la mayor\u00eda en la Ciudad Vieja de Jerusal\u00e9n, 63 de ellos solo en el segundo trimestre, lo que sit\u00faa a 2026 en camino de superar el total de 181 casos del a\u00f1o anterior.<\/p>\n\n\n\n<p class=\"wp-block-paragraph\">La guerra entre Israel y Ham\u00e1s tambi\u00e9n afect\u00f3 al trabajo de la Iniciativa Interreligiosa en el N\u00e9guev. El padre Zelazko fund\u00f3 el grupo con l\u00edderes jud\u00edos y musulmanes hace 13 a\u00f1os, mientras serv\u00eda en la iglesia de San Abraham en Beersheva, al sur de Jerusal\u00e9n. Aunque redujeron sus actividades al comenzar la guerra entre Israel y Ham\u00e1s, los miembros contin\u00faan visitando escuelas y otros grupos cuando se les invita.<\/p>\n\n\n\n<p class=\"wp-block-paragraph\">\u201cTenemos que seguir trabajando en ello y los tiempos mejorar\u00e1n\u201d, dijo el padre Zelazko.<\/p>\n\n\n\n<p class=\"wp-block-paragraph\">En los \u00faltimos cuatro a\u00f1os, ha liderado a los cristianos en la Marcha Interreligiosa Anual por los Derechos Humanos y la Paz en Jerusal\u00e9n, donde jud\u00edos, musulmanes, cristianos y drusos abogan por la igualdad, los derechos humanos y una sociedad compartida. Esta contramarcha es organizada por el Foro Interreligioso por los Derechos Humanos cerca del D\u00eda de Jerusal\u00e9n, una fiesta nacional israel\u00ed que conmemora la Guerra de los Seis D\u00edas de 1967. Su objetivo es transmitir una visi\u00f3n alternativa para Jerusal\u00e9n frente al desfile de banderas que se promueve en la propia festividad, que \u00faltimamente se ha convertido en un foco de extremismo nacionalista israel\u00ed dirigido contra cristianos y musulmanes.<\/p>\n\n\n\n<p class=\"wp-block-paragraph\">El padre Pari, del Instituto Magnificat, participa en la marcha interreligiosa; este a\u00f1o, un d\u00fao de flauta y clarinete del instituto actu\u00f3 en la inauguraci\u00f3n de la marcha el 14 de mayo.<\/p>\n\n\n\n<p class=\"wp-block-paragraph\">La participaci\u00f3n cat\u00f3lica en la marcha refleja una tradici\u00f3n m\u00e1s amplia de compromiso cat\u00f3lico con la construcci\u00f3n de puentes entre las comunidades religiosas de Jerusal\u00e9n. En el coraz\u00f3n de esta tradici\u00f3n se encuentra la Abad\u00eda Benedictina de la Dormici\u00f3n en el Monte Si\u00f2n \u2014considerada la cuna de \u201cNostra Aetate\u201d, la declaraci\u00f3n del Concilio Vaticano II sobre la iglesia y sus relaciones con las religiones no cristianas\u2014, que ha sido una piedra angular del di\u00e1logo interreligioso cat\u00f3lico en Israel, afirm\u00f3 el abad Nikodemus Schnabel, O.S.B.<\/p>\n\n\n\n<p class=\"wp-block-paragraph\">El compromiso de la abad\u00eda con el di\u00e1logo con jud\u00edos y otras creencias sigue siendo fundamental para su identidad. El abad Schnabel se\u00f1al\u00f3 que un di\u00e1logo eficaz en Tierra Santa debe implicar \u201cmirar juntos en la misma direcci\u00f3n\u201d y participar en iniciativas compartidas.<\/p>\n\n\n\n<p class=\"wp-block-paragraph\">En agosto de 2024, en plena guerra entre Israel y Ham\u00e1s, cuando la mayor\u00eda de los espacios culturales estaban cerrados, la abad\u00eda acogi\u00f3 el Festival de Arte Contempor\u00e1neo Manofim de Jerusal\u00e9n, que present\u00f3 a artistas jud\u00edos y musulmanes que abordaron temas relacionados con la guerra.<\/p>\n\n\n\n<p class=\"wp-block-paragraph\">La organizaci\u00f3n del evento se bas\u00f3 en la convicci\u00f3n teol\u00f3gica de que la dignidad humana, perdida en la guerra, se restaura a trav\u00e9s de la creatividad, ya que los seres humanos fuimos creados a imagen de Dios, afirm\u00f3 el abad Schnabel.<\/p>\n\n\n\n<p class=\"wp-block-paragraph\">\u201cUno entra en contacto con su dignidad al crear, y por eso dije: \u2018Vengan todos. Fuimos refugio para los artistas\u2019\u201d, declar\u00f3.<\/p>\n\n\n\n<figure class=\"wp-block-image size-large\"><img loading=\"lazy\" decoding=\"async\" width=\"1024\" height=\"683\" src=\"https:\/\/cnewa.org\/es\/wp-content\/uploads\/sites\/5\/2026\/08\/jaraiseh202607_015H-1024x683.jpg\" alt=\"Hombres jugando al baloncesto.\" class=\"wp-image-8491\" srcset=\"https:\/\/cnewa.org\/es\/wp-content\/uploads\/sites\/5\/2026\/08\/jaraiseh202607_015H-1024x683.jpg 1024w, https:\/\/cnewa.org\/es\/wp-content\/uploads\/sites\/5\/2026\/08\/jaraiseh202607_015H-300x200.jpg 300w, https:\/\/cnewa.org\/es\/wp-content\/uploads\/sites\/5\/2026\/08\/jaraiseh202607_015H-768x512.jpg 768w, https:\/\/cnewa.org\/es\/wp-content\/uploads\/sites\/5\/2026\/08\/jaraiseh202607_015H-1536x1024.jpg 1536w, https:\/\/cnewa.org\/es\/wp-content\/uploads\/sites\/5\/2026\/08\/jaraiseh202607_015H-1600x1067.jpg 1600w, https:\/\/cnewa.org\/es\/wp-content\/uploads\/sites\/5\/2026\/08\/jaraiseh202607_015H.jpg 1800w\" sizes=\"auto, (max-width: 1024px) 100vw, 1024px\" \/><figcaption class=\"wp-element-caption\">J\u00f3venes musulmanes y cristianos practican deportes juntos en el Club Cultural Ortodoxo \u00c1rabe de Beit Sahour, Cisjordania. (foto: George Jaraiseh)<\/figcaption><\/figure>\n\n\n\n<p class=\"has-drop-cap wp-block-paragraph\">La diversidad religiosa y cultural de Tierra Santa deber\u00eda convertirla en un lugar de di\u00e1logo; pero, d\u00e9cadas de conflicto han profundizado las divisiones y la desconfianza, se\u00f1al\u00f3 Joseph Hazboun, director de la oficina regional de la CNEWA-Misi\u00f3n Pontificia en Jerusal\u00e9n.<\/p>\n\n\n\n<p class=\"wp-block-paragraph\">En este entorno tan tenso, a\u00f1adi\u00f3, la iglesia y sus instituciones sociales tienen la responsabilidad de reconstruir las relaciones antes de que la polarizaci\u00f3n empeore.<\/p>\n\n\n\n<p class=\"wp-block-paragraph\">CNEWA-Misi\u00f3n Pontificia lleva d\u00e9cadas desarrollando programas que re\u00fanen a ni\u00f1os cristianos y musulmanes en entornos seguros y apol\u00edticos: incluyendo un plan extracurricular de tres a\u00f1os, iniciado en 2011, en Jerusal\u00e9n, Bel\u00e9n, Ramala y el norte de Cisjordania, que involucra a estudiantes cristianos y musulmanes en programas de debate, proyectos ambientales y clases de teatro; un programa de lectura continua que comenz\u00f3 en 2019 con la biblioteca de CNEWA-Misi\u00f3n Pontificia en Bel\u00e9n; y un programa ambiental en el norte de Israel con estudiantes de Nazaret y la aldea greco-cat\u00f3lica melquita de Mi\u2019ilyah.<\/p>\n\n\n\n<p class=\"wp-block-paragraph\">Este a\u00f1o, tambi\u00e9n inici\u00f3 un programa de tres a\u00f1os destinado a fortalecer los lazos entre clubes deportivos juveniles cristianos y musulmanes, en colaboraci\u00f3n con el Colegio B\u00edblico Evang\u00e9lico de Bel\u00e9n.<\/p>\n\n\n\n<p class=\"wp-block-paragraph\">\u201cEl \u00fanico problema es la ignorancia, que lleva al boicot, que lleva al odio\u201d, afirm\u00f3 Hazboun. \u201cEstos son los tres factores que intentamos superar\u201d.<\/p>\n\n\n\n<p class=\"wp-block-paragraph\">\u201cPorque si no te conozco, me resulta f\u00e1cil juzgarte, pero cuando te conozco y empiezo a trabajar contigo o a interactuar contigo&#8230; redescubro que eres simplemente un ser humano, igual que yo, y que compartimos los mismos desaf\u00edos\u201d, dijo.<\/p>\n\n\n\n<p class=\"wp-block-paragraph\">\u201cEsto es lo que buscamos: redescubrir la humanidad del otro\u201d.<\/p>\n\n\n\n<p class=\"wp-block-paragraph\">En Nazaret, al norte de Israel, CNEWA-Misi\u00f3n Pontificia planea apoyar una iniciativa similar para estudiantes cristianos y musulmanes de primaria en colaboraci\u00f3n con el Consejo Coordinador Interreligioso en Israel (CCII), afiliado al Consejo de Iglesias de Oriente Medio, socio de larga data de CNEWA-Misi\u00f3n Pontificia.<\/p>\n\n\n\n<p class=\"wp-block-paragraph\">Hiba Abu Khadra, gerente de proyecto en el CCII, explic\u00f3 que cristianos y musulmanes viven en gran medida en las mismas ciudades, pero los ni\u00f1os rara vez interact\u00faan porque asisten a escuelas diferentes. Este programa deportivo les brindar\u00e1 oportunidades para interactuar y dialogar sobre las diferencias religiosas y culturales, afirm\u00f3.<\/p>\n\n\n\n<p class=\"wp-block-paragraph\">Shireen Awwad Hilal, directora de extensi\u00f3n del Colegio B\u00edblico de Bel\u00e9n, destac\u00f3 la importancia de abordar la \u201cguetizaci\u00f3n\u201d de las comunidades cristianas y musulmanas en Bel\u00e9n, donde reside. Aunque la vida cotidiana transcurre en convivencia, las actividades sociales tienden a estar segregadas, lo que fomenta los estereotipos.<\/p>\n\n\n\n<p class=\"wp-block-paragraph\">Se percat\u00f3 de la urgencia de implementar un programa de este tipo desde edades tempranas durante una reuni\u00f3n con representantes de una universidad musulmana. Tras la pandemia de COVID-19, a los estudiantes palestinos cristianos se les llamaba \u201cinvitados\u201d en Palestina e incluso \u201ccruzados\u201d.<\/p>\n\n\n\n<p class=\"wp-block-paragraph\">En medio del creciente fundamentalismo pol\u00edtico y religioso, el deporte ofrece un espacio com\u00fan y accesible para la construcci\u00f3n de relaciones, afirm\u00f3. El objetivo es ir m\u00e1s all\u00e1 de la coexistencia y alcanzar un entendimiento mutuo genuino y una identidad compartida como palestinos, a\u00f1adi\u00f3.<\/p>\n\n\n\n<p class=\"wp-block-paragraph\">Awwad Hilal dijo que no puede garantizar que el proyecto deportivo tenga un impacto en toda la comunidad palestina, pero cree que \u201cpuede generar un cambio en mi peque\u00f1a comunidad\u201d.<\/p>\n\n\n\n<p class=\"wp-block-paragraph\">\u201cEste es el centro de la convivencia entre cristianos y musulmanes\u201d, dijo refiri\u00e9ndose a Bel\u00e9n. \u201cSin embargo, no conviven como deber\u00edan\u201d.<\/p>\n\n\n<div class=\"cnewa-connections\">\n  <div class=\"cnewa-connections-heading\">\n    <h2>Conexi\u00f3n CNEWA<\/h2>\n  <\/div>\n  <div class=\"cnewa-connections-content\" style=\"background:#6B4D5E;color:#ffffff\">\n    <p style=\"font-weight: 400;\">La presencia de CNEWA en lo que hoy es Israel y Palestina se remonta a los inicios de la agencia. Aunque los cristianos son una minor\u00eda, los programas sociales de la iglesia atienden a todos los sectores de la sociedad. Estos incluyen invertir en el di\u00e1logo con las comunidades jud\u00edas y musulmanas, con la idea de que una mayor confianza y comprensi\u00f3n pueden sentar las bases para una mayor participaci\u00f3n y, en \u00faltima instancia, contribuir a una paz m\u00e1s duradera en la regi\u00f3n, dice Joseph Hazboun, director de la oficina regional de Jerusal\u00e9n de CNEWA-Misi\u00f3n Pontificia.<\/p>\n<p style=\"font-weight: 400;\">Para apoyar esta labor crucial, llame al 1-800-442-6392 (Estados Unidos) o al 1-866-322-4441 (Canad\u00e1) o visite cnewa.org\/es\/donacion\/.<\/p>\n  <\/div>\n<\/div>","protected":false},"excerpt":{"rendered":"<p>En toda Tierra Santa, l\u00edderes religiosos trabajan para contrarrestar el conflicto, promoviendo amistades y conexiones.<\/p>\n","protected":false},"author":70019,"featured_media":8490,"template":"","magazine-issues":[1124],"magazine-sections":[143],"class_list":["post-8559","magazine","type-magazine","status-publish","has-post-thumbnail","hentry","magazine-issues-septiembre-2026","magazine-sections-articulos"],"acf":[],"yoast_head":"<!-- This site is optimized with the Yoast SEO Premium plugin v28.3 (Yoast SEO v28.3) - https:\/\/yoast.com\/product\/yoast-seo-premium-wordpress\/ -->\n<title>\u2018Vendr\u00e1n Tiempos Mejores\u2019 | ONE en Espa\u00f1ol<\/title>\n<meta name=\"description\" content=\"El Instituto Magnificat de Jerusal\u00e9n se ha convertido en una comunidad multiconfesional de estudiantes y profesores de todos los credos.\" \/>\n<meta name=\"robots\" content=\"index, follow, max-snippet:-1, max-image-preview:large, max-video-preview:-1\" \/>\n<link rel=\"canonical\" href=\"https:\/\/cnewa.org\/es\/revista\/vendran-tiempos-mejores\/\" \/>\n<meta property=\"og:locale\" content=\"es_ES\" \/>\n<meta property=\"og:type\" content=\"article\" \/>\n<meta property=\"og:title\" content=\"\u2018Vendr\u00e1n Tiempos Mejores\u2019 | ONE en Espa\u00f1ol\" \/>\n<meta property=\"og:description\" content=\"El Instituto Magnificat de Jerusal\u00e9n se ha convertido en una comunidad multiconfesional de estudiantes y profesores de todos los credos.\" \/>\n<meta property=\"og:url\" content=\"https:\/\/cnewa.org\/es\/revista\/vendran-tiempos-mejores\/\" \/>\n<meta property=\"og:site_name\" content=\"CNEWA Espa\u00f1ol\" \/>\n<meta property=\"article:publisher\" content=\"https:\/\/www.facebook.com\/CNEWAenespanol\/\" \/>\n<meta property=\"og:image\" content=\"https:\/\/cnewa.org\/es\/wp-content\/uploads\/sites\/5\/2026\/08\/jaraiseh202404_203H.jpg\" \/>\n\t<meta property=\"og:image:width\" content=\"1800\" \/>\n\t<meta property=\"og:image:height\" content=\"1200\" \/>\n\t<meta property=\"og:image:type\" content=\"image\/jpeg\" \/>\n<meta name=\"twitter:card\" content=\"summary_large_image\" \/>\n<meta name=\"twitter:label1\" content=\"Tiempo de lectura\" \/>\n\t<meta name=\"twitter:data1\" content=\"12 minutos\" \/>\n<script type=\"application\/ld+json\" class=\"yoast-schema-graph\">{\"@context\":\"https:\\\/\\\/schema.org\",\"@graph\":[{\"@type\":\"WebPage\",\"@id\":\"https:\\\/\\\/cnewa.org\\\/es\\\/revista\\\/vendran-tiempos-mejores\\\/\",\"url\":\"https:\\\/\\\/cnewa.org\\\/es\\\/revista\\\/vendran-tiempos-mejores\\\/\",\"name\":\"\u2018Vendr\u00e1n Tiempos Mejores\u2019 | ONE en Espa\u00f1ol\",\"isPartOf\":{\"@id\":\"https:\\\/\\\/cnewa.org\\\/es\\\/#website\"},\"primaryImageOfPage\":{\"@id\":\"https:\\\/\\\/cnewa.org\\\/es\\\/revista\\\/vendran-tiempos-mejores\\\/#primaryimage\"},\"image\":{\"@id\":\"https:\\\/\\\/cnewa.org\\\/es\\\/revista\\\/vendran-tiempos-mejores\\\/#primaryimage\"},\"thumbnailUrl\":\"https:\\\/\\\/cnewa.org\\\/es\\\/wp-content\\\/uploads\\\/sites\\\/5\\\/2026\\\/08\\\/jaraiseh202404_203H.jpg\",\"datePublished\":\"2026-09-01T14:14:31+00:00\",\"description\":\"El Instituto Magnificat de Jerusal\u00e9n se ha convertido en una comunidad multiconfesional de estudiantes y profesores de todos los credos.\",\"breadcrumb\":{\"@id\":\"https:\\\/\\\/cnewa.org\\\/es\\\/revista\\\/vendran-tiempos-mejores\\\/#breadcrumb\"},\"inLanguage\":\"es\",\"potentialAction\":[{\"@type\":\"ReadAction\",\"target\":[\"https:\\\/\\\/cnewa.org\\\/es\\\/revista\\\/vendran-tiempos-mejores\\\/\"]}]},{\"@type\":\"ImageObject\",\"inLanguage\":\"es\",\"@id\":\"https:\\\/\\\/cnewa.org\\\/es\\\/revista\\\/vendran-tiempos-mejores\\\/#primaryimage\",\"url\":\"https:\\\/\\\/cnewa.org\\\/es\\\/wp-content\\\/uploads\\\/sites\\\/5\\\/2026\\\/08\\\/jaraiseh202404_203H.jpg\",\"contentUrl\":\"https:\\\/\\\/cnewa.org\\\/es\\\/wp-content\\\/uploads\\\/sites\\\/5\\\/2026\\\/08\\\/jaraiseh202404_203H.jpg\",\"width\":1800,\"height\":1200,\"caption\":\"Joseph Hazboun habla en una reuni\u00f3n interreligiosa en la Maison d\u2019Abraham en Jerusal\u00e9n Este en abril de 2024. (foto: George Jaraiseh)\"},{\"@type\":\"BreadcrumbList\",\"@id\":\"https:\\\/\\\/cnewa.org\\\/es\\\/revista\\\/vendran-tiempos-mejores\\\/#breadcrumb\",\"itemListElement\":[{\"@type\":\"ListItem\",\"position\":1,\"name\":\"Inicio\",\"item\":\"https:\\\/\\\/cnewa.org\\\/es\\\/\"},{\"@type\":\"ListItem\",\"position\":2,\"name\":\"One Magazine\",\"item\":\"https:\\\/\\\/cnewa.org\\\/es\\\/revista\\\/\"},{\"@type\":\"ListItem\",\"position\":3,\"name\":\"\u2018Vendr\u00e1n Tiempos Mejores\u2019\"}]},{\"@type\":\"WebSite\",\"@id\":\"https:\\\/\\\/cnewa.org\\\/es\\\/#website\",\"url\":\"https:\\\/\\\/cnewa.org\\\/es\\\/\",\"name\":\"CNEWA Espa\u00f1ol\",\"description\":\"Asociaci\u00f3n Cat\u00f3lica para el Bienestar del Cercano Oriente\",\"publisher\":{\"@id\":\"https:\\\/\\\/cnewa.org\\\/es\\\/#organization\"},\"potentialAction\":[{\"@type\":\"SearchAction\",\"target\":{\"@type\":\"EntryPoint\",\"urlTemplate\":\"https:\\\/\\\/cnewa.org\\\/es\\\/?s={search_term_string}\"},\"query-input\":{\"@type\":\"PropertyValueSpecification\",\"valueRequired\":true,\"valueName\":\"search_term_string\"}}],\"inLanguage\":\"es\"},{\"@type\":\"Organization\",\"@id\":\"https:\\\/\\\/cnewa.org\\\/es\\\/#organization\",\"name\":\"CNEWA Espa\u00f1ol\",\"alternateName\":\"Asociaci\u00f3n Cat\u00f3lica para el Bienestar del Cercano Oriente\",\"url\":\"https:\\\/\\\/cnewa.org\\\/es\\\/\",\"logo\":{\"@type\":\"ImageObject\",\"inLanguage\":\"es\",\"@id\":\"https:\\\/\\\/cnewa.org\\\/es\\\/#\\\/schema\\\/logo\\\/image\\\/\",\"url\":\"https:\\\/\\\/cnewa.org\\\/es\\\/wp-content\\\/uploads\\\/sites\\\/5\\\/2021\\\/07\\\/CNEWA-brand-logo.png\",\"contentUrl\":\"https:\\\/\\\/cnewa.org\\\/es\\\/wp-content\\\/uploads\\\/sites\\\/5\\\/2021\\\/07\\\/CNEWA-brand-logo.png\",\"width\":1000,\"height\":1000,\"caption\":\"CNEWA Espa\u00f1ol\"},\"image\":{\"@id\":\"https:\\\/\\\/cnewa.org\\\/es\\\/#\\\/schema\\\/logo\\\/image\\\/\"},\"sameAs\":[\"https:\\\/\\\/www.facebook.com\\\/CNEWAenespanol\\\/\",\"https:\\\/\\\/www.instagram.com\\\/cnewa1926\\\/\",\"https:\\\/\\\/www.youtube.com\\\/user\\\/TheCNEWA\"]}]}<\/script>\n<!-- \/ Yoast SEO Premium plugin. -->","yoast_head_json":{"title":"\u2018Vendr\u00e1n Tiempos Mejores\u2019 | ONE en Espa\u00f1ol","description":"El Instituto Magnificat de Jerusal\u00e9n se ha convertido en una comunidad multiconfesional de estudiantes y profesores de todos los credos.","robots":{"index":"index","follow":"follow","max-snippet":"max-snippet:-1","max-image-preview":"max-image-preview:large","max-video-preview":"max-video-preview:-1"},"canonical":"https:\/\/cnewa.org\/es\/revista\/vendran-tiempos-mejores\/","og_locale":"es_ES","og_type":"article","og_title":"\u2018Vendr\u00e1n Tiempos Mejores\u2019 | ONE en Espa\u00f1ol","og_description":"El Instituto Magnificat de Jerusal\u00e9n se ha convertido en una comunidad multiconfesional de estudiantes y profesores de todos los credos.","og_url":"https:\/\/cnewa.org\/es\/revista\/vendran-tiempos-mejores\/","og_site_name":"CNEWA Espa\u00f1ol","article_publisher":"https:\/\/www.facebook.com\/CNEWAenespanol\/","og_image":[{"width":1800,"height":1200,"url":"https:\/\/cnewa.org\/es\/wp-content\/uploads\/sites\/5\/2026\/08\/jaraiseh202404_203H.jpg","type":"image\/jpeg"}],"twitter_card":"summary_large_image","twitter_misc":{"Tiempo de lectura":"12 minutos"},"schema":{"@context":"https:\/\/schema.org","@graph":[{"@type":"WebPage","@id":"https:\/\/cnewa.org\/es\/revista\/vendran-tiempos-mejores\/","url":"https:\/\/cnewa.org\/es\/revista\/vendran-tiempos-mejores\/","name":"\u2018Vendr\u00e1n Tiempos Mejores\u2019 | ONE en Espa\u00f1ol","isPartOf":{"@id":"https:\/\/cnewa.org\/es\/#website"},"primaryImageOfPage":{"@id":"https:\/\/cnewa.org\/es\/revista\/vendran-tiempos-mejores\/#primaryimage"},"image":{"@id":"https:\/\/cnewa.org\/es\/revista\/vendran-tiempos-mejores\/#primaryimage"},"thumbnailUrl":"https:\/\/cnewa.org\/es\/wp-content\/uploads\/sites\/5\/2026\/08\/jaraiseh202404_203H.jpg","datePublished":"2026-09-01T14:14:31+00:00","description":"El Instituto Magnificat de Jerusal\u00e9n se ha convertido en una comunidad multiconfesional de estudiantes y profesores de todos los credos.","breadcrumb":{"@id":"https:\/\/cnewa.org\/es\/revista\/vendran-tiempos-mejores\/#breadcrumb"},"inLanguage":"es","potentialAction":[{"@type":"ReadAction","target":["https:\/\/cnewa.org\/es\/revista\/vendran-tiempos-mejores\/"]}]},{"@type":"ImageObject","inLanguage":"es","@id":"https:\/\/cnewa.org\/es\/revista\/vendran-tiempos-mejores\/#primaryimage","url":"https:\/\/cnewa.org\/es\/wp-content\/uploads\/sites\/5\/2026\/08\/jaraiseh202404_203H.jpg","contentUrl":"https:\/\/cnewa.org\/es\/wp-content\/uploads\/sites\/5\/2026\/08\/jaraiseh202404_203H.jpg","width":1800,"height":1200,"caption":"Joseph Hazboun habla en una reuni\u00f3n interreligiosa en la Maison d\u2019Abraham en Jerusal\u00e9n Este en abril de 2024. (foto: George Jaraiseh)"},{"@type":"BreadcrumbList","@id":"https:\/\/cnewa.org\/es\/revista\/vendran-tiempos-mejores\/#breadcrumb","itemListElement":[{"@type":"ListItem","position":1,"name":"Inicio","item":"https:\/\/cnewa.org\/es\/"},{"@type":"ListItem","position":2,"name":"One Magazine","item":"https:\/\/cnewa.org\/es\/revista\/"},{"@type":"ListItem","position":3,"name":"\u2018Vendr\u00e1n Tiempos Mejores\u2019"}]},{"@type":"WebSite","@id":"https:\/\/cnewa.org\/es\/#website","url":"https:\/\/cnewa.org\/es\/","name":"CNEWA Espa\u00f1ol","description":"Asociaci\u00f3n Cat\u00f3lica para el Bienestar del Cercano Oriente","publisher":{"@id":"https:\/\/cnewa.org\/es\/#organization"},"potentialAction":[{"@type":"SearchAction","target":{"@type":"EntryPoint","urlTemplate":"https:\/\/cnewa.org\/es\/?s={search_term_string}"},"query-input":{"@type":"PropertyValueSpecification","valueRequired":true,"valueName":"search_term_string"}}],"inLanguage":"es"},{"@type":"Organization","@id":"https:\/\/cnewa.org\/es\/#organization","name":"CNEWA Espa\u00f1ol","alternateName":"Asociaci\u00f3n Cat\u00f3lica para el Bienestar del Cercano Oriente","url":"https:\/\/cnewa.org\/es\/","logo":{"@type":"ImageObject","inLanguage":"es","@id":"https:\/\/cnewa.org\/es\/#\/schema\/logo\/image\/","url":"https:\/\/cnewa.org\/es\/wp-content\/uploads\/sites\/5\/2021\/07\/CNEWA-brand-logo.png","contentUrl":"https:\/\/cnewa.org\/es\/wp-content\/uploads\/sites\/5\/2021\/07\/CNEWA-brand-logo.png","width":1000,"height":1000,"caption":"CNEWA Espa\u00f1ol"},"image":{"@id":"https:\/\/cnewa.org\/es\/#\/schema\/logo\/image\/"},"sameAs":["https:\/\/www.facebook.com\/CNEWAenespanol\/","https:\/\/www.instagram.com\/cnewa1926\/","https:\/\/www.youtube.com\/user\/TheCNEWA"]}]}},"_links":{"self":[{"href":"https:\/\/cnewa.org\/es\/wp-json\/wp\/v2\/magazine\/8559","targetHints":{"allow":["GET"]}}],"collection":[{"href":"https:\/\/cnewa.org\/es\/wp-json\/wp\/v2\/magazine"}],"about":[{"href":"https:\/\/cnewa.org\/es\/wp-json\/wp\/v2\/types\/magazine"}],"author":[{"embeddable":true,"href":"https:\/\/cnewa.org\/es\/wp-json\/wp\/v2\/users\/70019"}],"version-history":[{"count":9,"href":"https:\/\/cnewa.org\/es\/wp-json\/wp\/v2\/magazine\/8559\/revisions"}],"predecessor-version":[{"id":8574,"href":"https:\/\/cnewa.org\/es\/wp-json\/wp\/v2\/magazine\/8559\/revisions\/8574"}],"wp:featuredmedia":[{"embeddable":true,"href":"https:\/\/cnewa.org\/es\/wp-json\/wp\/v2\/media\/8490"}],"wp:attachment":[{"href":"https:\/\/cnewa.org\/es\/wp-json\/wp\/v2\/media?parent=8559"}],"wp:term":[{"taxonomy":"magazine-issues","embeddable":true,"href":"https:\/\/cnewa.org\/es\/wp-json\/wp\/v2\/magazine-issues?post=8559"},{"taxonomy":"magazine-sections","embeddable":true,"href":"https:\/\/cnewa.org\/es\/wp-json\/wp\/v2\/magazine-sections?post=8559"}],"curies":[{"name":"wp","href":"https:\/\/api.w.org\/{rel}","templated":true}]}}