{"id":4888,"date":"2024-04-09T11:19:44","date_gmt":"2024-04-09T15:19:44","guid":{"rendered":"https:\/\/cnewa.org\/es\/?page_id=4888"},"modified":"2024-06-17T11:19:40","modified_gmt":"2024-06-17T15:19:40","slug":"israel","status":"publish","type":"page","link":"https:\/\/cnewa.org\/es\/donde-trabajamos\/medio-oriente\/israel\/","title":{"rendered":"Israel"},"content":{"rendered":"\n<h2 class=\"wp-block-heading\" id=\"h-israel-tiene-mas-de-9-millones-de-ciudadanos-entre-ellos-hay-7-millones-de-judios-israelies-2-millones-de-arabes-palestinos-israelies-y-500-000-personas-de-otros-origenes-muchos-de-ellos-migrantes-entre-los-arabes-palestinos-en-israel-aproximadamente-160-000-son-cristianos-menos-del-2-de-la-poblacion-total-los-cristianos-viven-principalmente-en-nazaret-haifa-shefa-amr-o-jerusalen-en-jerusalen-muchos-cristianos-no-tienen-la-ciudadania-israeli-y-se-enfrentan-a-restricciones-relacionadas-con-su-estatus-ciudadano-nbsp\">Israel tiene m\u00e1s de 9 millones de ciudadanos. Entre ellos hay 7 millones de jud\u00edos israel\u00edes, 2 millones de \u00e1rabes palestinos israel\u00edes y 500.000 personas de otros or\u00edgenes, muchos de ellos migrantes. Entre los \u00e1rabes palestinos en Israel, aproximadamente 160.000 son cristianos, menos del 2% de la poblaci\u00f3n total. Los cristianos viven principalmente en Nazaret, Haifa, Shefa-&#8216;Amr o Jerusal\u00e9n. En Jerusal\u00e9n, muchos cristianos no tienen la ciudadan\u00eda israel\u00ed y se enfrentan a restricciones relacionadas con su estatus ciudadano.&nbsp;<\/h2>\n\n\n\n<p>Israel experiment\u00f3 un dr\u00e1stico cambio pol\u00edtico con la reelecci\u00f3n del primer ministro Benjamin Netanyahu y su coalici\u00f3n en 2022. La coalici\u00f3n contiene partidos ultraortodoxos, algunos de los cuales rechazan la idea de una soluci\u00f3n de dos estados para el conflicto palestino-israel\u00ed.<\/p>\n\n\n\n<p>El a\u00f1o pasado, el panorama pol\u00edtico y los tr\u00e1gicos acontecimientos del 7 de octubre, seguidos de la invasi\u00f3n israel\u00ed de Gaza, han alienado a\u00fan m\u00e1s a la comunidad \u00e1rabe en Israel. El creciente n\u00famero de manifestaciones extremistas israel\u00edes en Jerusal\u00e9n y en todo el pa\u00eds ha incitado ataques contra \u00e1rabes y cristianos y contra sus lugares religiosos. Al menos 10 mezquitas e iglesias en Cisjordania y dentro de Israel han sido vandalizadas. La polic\u00eda rara vez localiza a los autores de la violencia contra miembros de la comunidad \u00e1rabe.<\/p>\n\n\n\n<p>Aproximadamente 2,5 millones de israel\u00edes, o el 26% de la poblaci\u00f3n, incluidos 1,1 millones de ni\u00f1os, viven justo por encima del umbral de la pobreza, seg\u00fan Latet, una organizaci\u00f3n de ayuda israel\u00ed. Se estima que el 22,1% de los hogares viven por debajo del umbral de la pobreza y carecen de acceso a una vivienda adecuada, educaci\u00f3n, cuidado de la salud y alimentos.<\/p>\n\n\n\n<p>La delincuencia organizada, la violencia y los asesinatos siguen siendo elevados en las zonas \u00e1rabes del norte, en Lod, Ramleh y el Negev. El largo abandono por parte del gobierno israel\u00ed hacia las comunidades \u00e1rabes israel\u00edes, junto con una crisis de identidad profundamente arraigada en la poblaci\u00f3n, han permitido el surgimiento del crimen organizado y la violencia. En 2022, 116 \u00e1rabes palestinos fueron asesinados en circunstancias de criminalidad y violencia.<\/p>\n\n\n\n<p>CNEWA es una agencia papal establecida para servir y acompa\u00f1ar a la Iglesia y a los necesitados en Tierra Santa. En este complejo entorno, nuestros programas brindan asistencia pastoral y humanitaria crucial para sostener a la iglesia y a las comunidades a las que sirve. Nuestros programas se centran en las ciudades de Haifa, Nazaret, Jaffa, Shefa-&#8216;Amr y Kafr Yasif.<\/p>\n\n\n\n<h3 class=\"wp-block-heading\" id=\"h-acompanando-a-la-iglesia\">Acompa\u00f1ando a la Iglesia<\/h3>\n\n\n\n<p>CNEWA apoya programas para l\u00edderes religiosos y laicos, incluidos los seminaristas de la iglesia greco-cat\u00f3lica melquita en Galilea. CNEWA tambi\u00e9n financia el mantenimiento y la expansi\u00f3n de iglesias y centros pastorales y proporciona a las escuelas parroquiales sistemas de energ\u00eda solar.<\/p>\n\n\n\n<p>Los centros parroquiales y la catequesis desempe\u00f1an un papel vital en la preparaci\u00f3n de j\u00f3venes l\u00edderes laicos fieles, comprometidos y capaces. CNEWA apoya programas de catecismo para ni\u00f1os y financia capacitaci\u00f3n especial en liderazgo cristiano y educaci\u00f3n religiosa para j\u00f3venes. Tambi\u00e9n promovemos eventos educativos y culturales que ayuden a la comunidad cristiana a permanecer fiel a su identidad.&nbsp;<\/p>\n\n\n\n<figure class=\"wp-block-image size-large\"><img loading=\"lazy\" decoding=\"async\" width=\"1024\" height=\"667\" src=\"https:\/\/cnewa.org\/es\/wp-content\/uploads\/sites\/5\/2024\/04\/47-3_letter_2-1024x667.jpg\" alt=\"Un sacerdote da la comuni\u00f3n en una iglesia de Israel.\" class=\"wp-image-4891\" srcset=\"https:\/\/cnewa.org\/es\/wp-content\/uploads\/sites\/5\/2024\/04\/47-3_letter_2-1024x667.jpg 1024w, https:\/\/cnewa.org\/es\/wp-content\/uploads\/sites\/5\/2024\/04\/47-3_letter_2-300x196.jpg 300w, https:\/\/cnewa.org\/es\/wp-content\/uploads\/sites\/5\/2024\/04\/47-3_letter_2-768x500.jpg 768w, https:\/\/cnewa.org\/es\/wp-content\/uploads\/sites\/5\/2024\/04\/47-3_letter_2-1600x1043.jpg 1600w, https:\/\/cnewa.org\/es\/wp-content\/uploads\/sites\/5\/2024\/04\/47-3_letter_2-1536x1001.jpg 1536w, https:\/\/cnewa.org\/es\/wp-content\/uploads\/sites\/5\/2024\/04\/47-3_letter_2.jpg 1800w\" sizes=\"auto, (max-width: 1024px) 100vw, 1024px\" \/><figcaption class=\"wp-element-caption\">El reverendo Androwas Bahus ofrece la comuni\u00f3n en la iglesia greco-cat\u00f3lica melquita de San Andr\u00e9s Ap\u00f3stol en Acre, Israel. (foto: Ilene Perlman)<\/figcaption><\/figure>\n\n\n\n<h3 class=\"wp-block-heading\" id=\"h-respondiendo-a-las-necesidades-humanas\">Respondiendo a las Necesidades Humanas<\/h3>\n\n\n\n<p>CNEWA apoya el cuidado de la salud as\u00ed como a las instalaciones educativas administradas por la iglesia. A pesar de la peque\u00f1a poblaci\u00f3n cat\u00f3lica en Israel, la Iglesia cat\u00f3lica administra 28 escuelas, emplea a 1.619 personas y educa a 16.000 estudiantes al a\u00f1o. Los cuatro hospitales cristianos del pa\u00eds proporcionan cuidados intensivos en las numerosas comunidades \u00e1rabes que reciben servicios estatales inadecuados.<\/p>\n\n\n\n<p>CNEWA opera un programa de recolecci\u00f3n de energ\u00eda verde y agua de lluvia que sirve para reducir los costos generales de las organizaciones de servicio cristianas. CNEWA tambi\u00e9n ha financiado la instalaci\u00f3n de sistemas hidrop\u00f3nicos para el cultivo de hortalizas org\u00e1nicas. Adem\u00e1s de reducir los gastos generales, estas intervenciones responden a la llamada del Papa Francisco a cuidar la creaci\u00f3n.<\/p>\n\n\n\n<p>CNEWA, en colaboraci\u00f3n con las Hermanas Misioneras Combonianas de Jaffa y las Hermanas Teresianas y Pasionistas de Jerusal\u00e9n, ofrece programas humanitarios y sociales para apoyar a las comunidades cat\u00f3licas migrantes en riesgo, dando prioridad a los programas que brindan apoyo a las mujeres.<\/p>\n\n\n\n<figure class=\"wp-block-image size-full\"><img loading=\"lazy\" decoding=\"async\" width=\"1024\" height=\"674\" src=\"https:\/\/cnewa.org\/es\/wp-content\/uploads\/sites\/5\/2023\/03\/hill20201_016H-1024x674-1.jpg\" alt=\"Una refugiada africana, una doctora y una misionera comboniana conversan en un centro en Tel Aviv.\" class=\"wp-image-2580\" srcset=\"https:\/\/cnewa.org\/es\/wp-content\/uploads\/sites\/5\/2023\/03\/hill20201_016H-1024x674-1.jpg 1024w, https:\/\/cnewa.org\/es\/wp-content\/uploads\/sites\/5\/2023\/03\/hill20201_016H-1024x674-1-300x197.jpg 300w, https:\/\/cnewa.org\/es\/wp-content\/uploads\/sites\/5\/2023\/03\/hill20201_016H-1024x674-1-768x506.jpg 768w\" sizes=\"auto, (max-width: 1024px) 100vw, 1024px\" \/><figcaption class=\"wp-element-caption\">Diddy Mymin Kahn, centro, escucha a la Misionera Comboniana Azezet Kidane, derecha, de Eritrea, mientras habla con solicitantes de asilo en el Colectivo de Mujeres Refugiadas Africanas Kuchinate en Tel Aviv, Israel, el 4 de agosto, 2020. La hermana Azezet y la Dra. Kahn son codirectoras de Kuchinate. (foto: Debbie Hill)<\/figcaption><\/figure>\n\n\n  <div class=\"donate-button\" id=\"minor-fund-campaign\">\n    <button class=\"donate-modal-toggle\" data-minor-fund='Israel' data-minor-fund-code='IS'>DONE AHORA<\/button>\n  <\/div>\n  ","protected":false},"excerpt":{"rendered":"<p>Israel tiene m\u00e1s de 9 millones de ciudadanos. Entre ellos hay 7 millones de jud\u00edos israel\u00edes, 2 millones de \u00e1rabes palestinos israel\u00edes y 500.000 personas de otros or\u00edgenes, muchos de ellos migrantes. Entre los \u00e1rabes palestinos en Israel, aproximadamente 160.000 son cristianos, menos del 2% de la poblaci\u00f3n total. Los cristianos viven principalmente en Nazaret, &hellip; <a href=\"https:\/\/cnewa.org\/es\/donde-trabajamos\/medio-oriente\/israel\/\">Continued<\/a><\/p>\n","protected":false},"author":70019,"featured_media":4886,"parent":150,"menu_order":0,"comment_status":"closed","ping_status":"closed","template":"","meta":{"_acf_changed":false,"footnotes":""},"class_list":["post-4888","page","type-page","status-publish","has-post-thumbnail","hentry"],"acf":[],"yoast_head":"<!-- This site is optimized with the Yoast SEO Premium plugin v27.4 (Yoast SEO v27.4) - https:\/\/yoast.com\/product\/yoast-seo-premium-wordpress\/ -->\n<title>Israel | CNEWA Espa\u00f1ol<\/title>\n<meta name=\"description\" content=\"Los cristianos en Israel hoy viven en Nazaret, Haifa y Shefaram o en Jerusal\u00e9n. Incidentes contra cristianos se han vuelto violentos.\" \/>\n<meta name=\"robots\" content=\"index, follow, max-snippet:-1, max-image-preview:large, max-video-preview:-1\" \/>\n<link rel=\"canonical\" href=\"https:\/\/cnewa.org\/es\/donde-trabajamos\/medio-oriente\/israel\/\" \/>\n<meta property=\"og:locale\" content=\"es_ES\" \/>\n<meta property=\"og:type\" content=\"article\" \/>\n<meta property=\"og:title\" content=\"Israel\" \/>\n<meta property=\"og:description\" content=\"Los cristianos en Israel hoy viven en Nazaret, Haifa y Shefaram o en Jerusal\u00e9n. Incidentes contra cristianos se han vuelto violentos.\" \/>\n<meta property=\"og:url\" content=\"https:\/\/cnewa.org\/es\/donde-trabajamos\/medio-oriente\/israel\/\" \/>\n<meta property=\"og:site_name\" content=\"CNEWA Espa\u00f1ol\" \/>\n<meta property=\"article:publisher\" content=\"https:\/\/www.facebook.com\/CNEWAenespanol\/\" \/>\n<meta property=\"article:modified_time\" content=\"2024-06-17T15:19:40+00:00\" \/>\n<meta property=\"og:image\" content=\"https:\/\/cnewa.org\/es\/wp-content\/uploads\/sites\/5\/2024\/04\/perlman202304_263H-1.jpg\" \/>\n\t<meta property=\"og:image:width\" content=\"1800\" \/>\n\t<meta property=\"og:image:height\" content=\"1198\" \/>\n\t<meta property=\"og:image:type\" content=\"image\/jpeg\" \/>\n<meta name=\"twitter:card\" content=\"summary_large_image\" \/>\n<meta name=\"twitter:label1\" content=\"Tiempo de lectura\" \/>\n\t<meta name=\"twitter:data1\" content=\"5 minutos\" \/>\n<script type=\"application\/ld+json\" class=\"yoast-schema-graph\">{\"@context\":\"https:\\\/\\\/schema.org\",\"@graph\":[{\"@type\":\"WebPage\",\"@id\":\"https:\\\/\\\/cnewa.org\\\/es\\\/donde-trabajamos\\\/medio-oriente\\\/israel\\\/\",\"url\":\"https:\\\/\\\/cnewa.org\\\/es\\\/donde-trabajamos\\\/medio-oriente\\\/israel\\\/\",\"name\":\"Israel | CNEWA Espa\u00f1ol\",\"isPartOf\":{\"@id\":\"https:\\\/\\\/cnewa.org\\\/es\\\/#website\"},\"primaryImageOfPage\":{\"@id\":\"https:\\\/\\\/cnewa.org\\\/es\\\/donde-trabajamos\\\/medio-oriente\\\/israel\\\/#primaryimage\"},\"image\":{\"@id\":\"https:\\\/\\\/cnewa.org\\\/es\\\/donde-trabajamos\\\/medio-oriente\\\/israel\\\/#primaryimage\"},\"thumbnailUrl\":\"https:\\\/\\\/cnewa.org\\\/es\\\/wp-content\\\/uploads\\\/sites\\\/5\\\/2024\\\/04\\\/perlman202304_263H-1.jpg\",\"datePublished\":\"2024-04-09T15:19:44+00:00\",\"dateModified\":\"2024-06-17T15:19:40+00:00\",\"description\":\"Los cristianos en Israel hoy viven en Nazaret, Haifa y Shefaram o en Jerusal\u00e9n. Incidentes contra cristianos se han vuelto violentos.\",\"breadcrumb\":{\"@id\":\"https:\\\/\\\/cnewa.org\\\/es\\\/donde-trabajamos\\\/medio-oriente\\\/israel\\\/#breadcrumb\"},\"inLanguage\":\"es\",\"potentialAction\":[{\"@type\":\"ReadAction\",\"target\":[\"https:\\\/\\\/cnewa.org\\\/es\\\/donde-trabajamos\\\/medio-oriente\\\/israel\\\/\"]}]},{\"@type\":\"ImageObject\",\"inLanguage\":\"es\",\"@id\":\"https:\\\/\\\/cnewa.org\\\/es\\\/donde-trabajamos\\\/medio-oriente\\\/israel\\\/#primaryimage\",\"url\":\"https:\\\/\\\/cnewa.org\\\/es\\\/wp-content\\\/uploads\\\/sites\\\/5\\\/2024\\\/04\\\/perlman202304_263H-1.jpg\",\"contentUrl\":\"https:\\\/\\\/cnewa.org\\\/es\\\/wp-content\\\/uploads\\\/sites\\\/5\\\/2024\\\/04\\\/perlman202304_263H-1.jpg\",\"width\":1800,\"height\":1198,\"caption\":\"Una vista general de Nazaret, Israel. El pa\u00eds ha visto un aumento de actos violentos y ofensivos hacia su minor\u00eda cristiana en los \u00faltimos meses. (foto: Ilene Perlman)\"},{\"@type\":\"BreadcrumbList\",\"@id\":\"https:\\\/\\\/cnewa.org\\\/es\\\/donde-trabajamos\\\/medio-oriente\\\/israel\\\/#breadcrumb\",\"itemListElement\":[{\"@type\":\"ListItem\",\"position\":1,\"name\":\"Inicio\",\"item\":\"https:\\\/\\\/cnewa.org\\\/es\\\/\"},{\"@type\":\"ListItem\",\"position\":2,\"name\":\"D\u00f3nde Trabajamos\",\"item\":\"https:\\\/\\\/cnewa.org\\\/es\\\/donde-trabajamos\\\/\"},{\"@type\":\"ListItem\",\"position\":3,\"name\":\"Medio Oriente\",\"item\":\"https:\\\/\\\/cnewa.org\\\/es\\\/donde-trabajamos\\\/medio-oriente\\\/\"},{\"@type\":\"ListItem\",\"position\":4,\"name\":\"Israel\"}]},{\"@type\":\"WebSite\",\"@id\":\"https:\\\/\\\/cnewa.org\\\/es\\\/#website\",\"url\":\"https:\\\/\\\/cnewa.org\\\/es\\\/\",\"name\":\"CNEWA Espa\u00f1ol\",\"description\":\"Asociaci\u00f3n Cat\u00f3lica para el Bienestar del Cercano Oriente\",\"publisher\":{\"@id\":\"https:\\\/\\\/cnewa.org\\\/es\\\/#organization\"},\"potentialAction\":[{\"@type\":\"SearchAction\",\"target\":{\"@type\":\"EntryPoint\",\"urlTemplate\":\"https:\\\/\\\/cnewa.org\\\/es\\\/?s={search_term_string}\"},\"query-input\":{\"@type\":\"PropertyValueSpecification\",\"valueRequired\":true,\"valueName\":\"search_term_string\"}}],\"inLanguage\":\"es\"},{\"@type\":\"Organization\",\"@id\":\"https:\\\/\\\/cnewa.org\\\/es\\\/#organization\",\"name\":\"CNEWA Espa\u00f1ol\",\"alternateName\":\"Asociaci\u00f3n Cat\u00f3lica para el Bienestar del Cercano Oriente\",\"url\":\"https:\\\/\\\/cnewa.org\\\/es\\\/\",\"logo\":{\"@type\":\"ImageObject\",\"inLanguage\":\"es\",\"@id\":\"https:\\\/\\\/cnewa.org\\\/es\\\/#\\\/schema\\\/logo\\\/image\\\/\",\"url\":\"https:\\\/\\\/cnewa.org\\\/es\\\/wp-content\\\/uploads\\\/sites\\\/5\\\/2021\\\/07\\\/CNEWA-brand-logo.png\",\"contentUrl\":\"https:\\\/\\\/cnewa.org\\\/es\\\/wp-content\\\/uploads\\\/sites\\\/5\\\/2021\\\/07\\\/CNEWA-brand-logo.png\",\"width\":1000,\"height\":1000,\"caption\":\"CNEWA Espa\u00f1ol\"},\"image\":{\"@id\":\"https:\\\/\\\/cnewa.org\\\/es\\\/#\\\/schema\\\/logo\\\/image\\\/\"},\"sameAs\":[\"https:\\\/\\\/www.facebook.com\\\/CNEWAenespanol\\\/\",\"https:\\\/\\\/www.instagram.com\\\/cnewa1926\\\/\",\"https:\\\/\\\/www.youtube.com\\\/user\\\/TheCNEWA\"]}]}<\/script>\n<!-- \/ Yoast SEO Premium plugin. -->","yoast_head_json":{"title":"Israel | CNEWA Espa\u00f1ol","description":"Los cristianos en Israel hoy viven en Nazaret, Haifa y Shefaram o en Jerusal\u00e9n. Incidentes contra cristianos se han vuelto violentos.","robots":{"index":"index","follow":"follow","max-snippet":"max-snippet:-1","max-image-preview":"max-image-preview:large","max-video-preview":"max-video-preview:-1"},"canonical":"https:\/\/cnewa.org\/es\/donde-trabajamos\/medio-oriente\/israel\/","og_locale":"es_ES","og_type":"article","og_title":"Israel","og_description":"Los cristianos en Israel hoy viven en Nazaret, Haifa y Shefaram o en Jerusal\u00e9n. Incidentes contra cristianos se han vuelto violentos.","og_url":"https:\/\/cnewa.org\/es\/donde-trabajamos\/medio-oriente\/israel\/","og_site_name":"CNEWA Espa\u00f1ol","article_publisher":"https:\/\/www.facebook.com\/CNEWAenespanol\/","article_modified_time":"2024-06-17T15:19:40+00:00","og_image":[{"width":1800,"height":1198,"url":"https:\/\/cnewa.org\/es\/wp-content\/uploads\/sites\/5\/2024\/04\/perlman202304_263H-1.jpg","type":"image\/jpeg"}],"twitter_card":"summary_large_image","twitter_misc":{"Tiempo de lectura":"5 minutos"},"schema":{"@context":"https:\/\/schema.org","@graph":[{"@type":"WebPage","@id":"https:\/\/cnewa.org\/es\/donde-trabajamos\/medio-oriente\/israel\/","url":"https:\/\/cnewa.org\/es\/donde-trabajamos\/medio-oriente\/israel\/","name":"Israel | CNEWA Espa\u00f1ol","isPartOf":{"@id":"https:\/\/cnewa.org\/es\/#website"},"primaryImageOfPage":{"@id":"https:\/\/cnewa.org\/es\/donde-trabajamos\/medio-oriente\/israel\/#primaryimage"},"image":{"@id":"https:\/\/cnewa.org\/es\/donde-trabajamos\/medio-oriente\/israel\/#primaryimage"},"thumbnailUrl":"https:\/\/cnewa.org\/es\/wp-content\/uploads\/sites\/5\/2024\/04\/perlman202304_263H-1.jpg","datePublished":"2024-04-09T15:19:44+00:00","dateModified":"2024-06-17T15:19:40+00:00","description":"Los cristianos en Israel hoy viven en Nazaret, Haifa y Shefaram o en Jerusal\u00e9n. Incidentes contra cristianos se han vuelto violentos.","breadcrumb":{"@id":"https:\/\/cnewa.org\/es\/donde-trabajamos\/medio-oriente\/israel\/#breadcrumb"},"inLanguage":"es","potentialAction":[{"@type":"ReadAction","target":["https:\/\/cnewa.org\/es\/donde-trabajamos\/medio-oriente\/israel\/"]}]},{"@type":"ImageObject","inLanguage":"es","@id":"https:\/\/cnewa.org\/es\/donde-trabajamos\/medio-oriente\/israel\/#primaryimage","url":"https:\/\/cnewa.org\/es\/wp-content\/uploads\/sites\/5\/2024\/04\/perlman202304_263H-1.jpg","contentUrl":"https:\/\/cnewa.org\/es\/wp-content\/uploads\/sites\/5\/2024\/04\/perlman202304_263H-1.jpg","width":1800,"height":1198,"caption":"Una vista general de Nazaret, Israel. El pa\u00eds ha visto un aumento de actos violentos y ofensivos hacia su minor\u00eda cristiana en los \u00faltimos meses. (foto: Ilene Perlman)"},{"@type":"BreadcrumbList","@id":"https:\/\/cnewa.org\/es\/donde-trabajamos\/medio-oriente\/israel\/#breadcrumb","itemListElement":[{"@type":"ListItem","position":1,"name":"Inicio","item":"https:\/\/cnewa.org\/es\/"},{"@type":"ListItem","position":2,"name":"D\u00f3nde Trabajamos","item":"https:\/\/cnewa.org\/es\/donde-trabajamos\/"},{"@type":"ListItem","position":3,"name":"Medio Oriente","item":"https:\/\/cnewa.org\/es\/donde-trabajamos\/medio-oriente\/"},{"@type":"ListItem","position":4,"name":"Israel"}]},{"@type":"WebSite","@id":"https:\/\/cnewa.org\/es\/#website","url":"https:\/\/cnewa.org\/es\/","name":"CNEWA Espa\u00f1ol","description":"Asociaci\u00f3n Cat\u00f3lica para el Bienestar del Cercano Oriente","publisher":{"@id":"https:\/\/cnewa.org\/es\/#organization"},"potentialAction":[{"@type":"SearchAction","target":{"@type":"EntryPoint","urlTemplate":"https:\/\/cnewa.org\/es\/?s={search_term_string}"},"query-input":{"@type":"PropertyValueSpecification","valueRequired":true,"valueName":"search_term_string"}}],"inLanguage":"es"},{"@type":"Organization","@id":"https:\/\/cnewa.org\/es\/#organization","name":"CNEWA Espa\u00f1ol","alternateName":"Asociaci\u00f3n Cat\u00f3lica para el Bienestar del Cercano Oriente","url":"https:\/\/cnewa.org\/es\/","logo":{"@type":"ImageObject","inLanguage":"es","@id":"https:\/\/cnewa.org\/es\/#\/schema\/logo\/image\/","url":"https:\/\/cnewa.org\/es\/wp-content\/uploads\/sites\/5\/2021\/07\/CNEWA-brand-logo.png","contentUrl":"https:\/\/cnewa.org\/es\/wp-content\/uploads\/sites\/5\/2021\/07\/CNEWA-brand-logo.png","width":1000,"height":1000,"caption":"CNEWA Espa\u00f1ol"},"image":{"@id":"https:\/\/cnewa.org\/es\/#\/schema\/logo\/image\/"},"sameAs":["https:\/\/www.facebook.com\/CNEWAenespanol\/","https:\/\/www.instagram.com\/cnewa1926\/","https:\/\/www.youtube.com\/user\/TheCNEWA"]}]}},"_links":{"self":[{"href":"https:\/\/cnewa.org\/es\/wp-json\/wp\/v2\/pages\/4888","targetHints":{"allow":["GET"]}}],"collection":[{"href":"https:\/\/cnewa.org\/es\/wp-json\/wp\/v2\/pages"}],"about":[{"href":"https:\/\/cnewa.org\/es\/wp-json\/wp\/v2\/types\/page"}],"author":[{"embeddable":true,"href":"https:\/\/cnewa.org\/es\/wp-json\/wp\/v2\/users\/70019"}],"replies":[{"embeddable":true,"href":"https:\/\/cnewa.org\/es\/wp-json\/wp\/v2\/comments?post=4888"}],"version-history":[{"count":4,"href":"https:\/\/cnewa.org\/es\/wp-json\/wp\/v2\/pages\/4888\/revisions"}],"predecessor-version":[{"id":5238,"href":"https:\/\/cnewa.org\/es\/wp-json\/wp\/v2\/pages\/4888\/revisions\/5238"}],"up":[{"embeddable":true,"href":"https:\/\/cnewa.org\/es\/wp-json\/wp\/v2\/pages\/150"}],"wp:featuredmedia":[{"embeddable":true,"href":"https:\/\/cnewa.org\/es\/wp-json\/wp\/v2\/media\/4886"}],"wp:attachment":[{"href":"https:\/\/cnewa.org\/es\/wp-json\/wp\/v2\/media?parent=4888"}],"curies":[{"name":"wp","href":"https:\/\/api.w.org\/{rel}","templated":true}]}}