{"id":4926,"date":"2024-04-11T14:04:30","date_gmt":"2024-04-11T18:04:30","guid":{"rendered":"https:\/\/cnewa.org\/es\/?page_id=4926"},"modified":"2024-06-17T11:18:30","modified_gmt":"2024-06-17T15:18:30","slug":"irak","status":"publish","type":"page","link":"https:\/\/cnewa.org\/es\/donde-trabajamos\/medio-oriente\/irak\/","title":{"rendered":"Irak"},"content":{"rendered":"\n<h2 class=\"wp-block-heading\" id=\"h-irak-ha-desempenado-un-papel-clave-en-la-difusion-del-cristianismo-desde-el-siglo-i-pero-la-poblacion-cristiana-en-irak-se-ha-reducido-a-una-mera-sombra-de-si-misma-nbsp\">Irak ha desempe\u00f1ado un papel clave en la difusi\u00f3n del cristianismo desde el siglo I, pero la poblaci\u00f3n cristiana en Irak se ha reducido a una mera sombra de s\u00ed misma.&nbsp;<\/h2>\n\n\n\n<p>Despu\u00e9s de d\u00e9cadas de conflictos consecutivos, las antiguas comunidades cristianas que alguna vez fueron vibrantes y una parte integral del paisaje se han dispersado, y sus miembros se han dispersado por todo el mundo. Alguna vez los l\u00edderes de una clase media y profesional emergente, que formaban alrededor del 10 por ciento de la poblaci\u00f3n a fines de la d\u00e9cada de 1980, hoy quedan menos de 200,000, menos del 1 por ciento de la poblaci\u00f3n.&nbsp;<\/p>\n\n\n\n<p>En cuanto a las condiciones econ\u00f3micas en Irak, el gobierno es incapaz de aliviar las dificultades del pa\u00eds debido a su dependencia de los ingresos del petr\u00f3leo y la debilidad del sector privado. Los especialistas iraqu\u00edes esperaban que la tasa de pobreza en el pa\u00eds aumentara hasta incluir a m\u00e1s de 13 millones de ciudadanos a finales de 2023, una cuarta parte del total de la poblaci\u00f3n iraqu\u00ed, debido a la devaluaci\u00f3n de la moneda y la alta inflaci\u00f3n.<\/p>\n\n\n\n<p>En la actualidad, el Iraq alberga a m\u00e1s de 6,4 millones de personas desplazadas, entre ellas 1,2 millones de desplazados internos; alrededor de 5 millones de desplazados internos retornados; 262.024 refugiados sirios; y alrededor de 30.000 refugiados de otros pa\u00edses.<\/p>\n\n\n\n<p>Las sucesivas guerras que han envuelto al pa\u00eds durante las \u00faltimas cuatro d\u00e9cadas tambi\u00e9n han contribuido al aumento de la pobreza. El gobierno ha sido incapaz de hacer frente a los efectos de estas guerras, que han provocado un aumento de la violencia dom\u00e9stica, la propagaci\u00f3n del consumo de drogas; y la destrucci\u00f3n de la infraestructura y el deterioro de la seguridad.<\/p>\n\n\n\n<p>En medio de la crisis iraqu\u00ed, todas las iglesias iraqu\u00edes est\u00e1n pidiendo esperanza y cambio, centr\u00e1ndose en apoyar a los j\u00f3venes que son el futuro de Irak y su iglesia.<\/p>\n\n\n\n<p>CNEWA permanece con los cristianos de Irak, especialmente con aquellos que han encontrado alg\u00fan refugio en las ciudades y en el Kurdist\u00e1n iraqu\u00ed, que se esfuerzan por reconstruir y reanimar sus comunidades.&nbsp;<\/p>\n\n\n\n<h3 class=\"wp-block-heading\" id=\"h-acompanando-a-la-iglesia\">Acompa\u00f1ando a la Iglesia<\/h3>\n\n\n\n<p>CNEWA apoya programas educativos que inculcan valores cristianos a los j\u00f3venes cristianos y aplican planes de estudio acad\u00e9micos rigurosos. El objetivo principal de CNEWA es completar la formaci\u00f3n de todos los maestros de educaci\u00f3n cristiana en las regiones del Kurdist\u00e1n iraqu\u00ed y la llanura de N\u00ednive y llegar al m\u00e1ximo n\u00famero de parroquias y sus hijos.<\/p>\n\n\n\n<p>En la zona de Al Qosh, la Iglesia caldea, dirigida por el obispo Thabit Mansour, solicit\u00f3 ayuda para que sus sesiones de catequesis y campamentos de verano llegaran a m\u00e1s personas.<\/p>\n\n\n\n<p>En Ainkawa, el arzobispado siro-cat\u00f3lico del Kurdist\u00e1n ha solicitado a CNEWA que contin\u00fae su apoyo a los proyectos catequ\u00e9ticos, as\u00ed como al fortalecimiento de los centros parroquiales en Akra y Ainkawa, donde cientos de iraqu\u00edes acuden en busca de ayuda en su fe.<\/p>\n\n\n\n<p>Otros programas de CNEWA incluyen la formaci\u00f3n de seminaristas cat\u00f3licos caldeos en el Seminario Patriarcal San Pedro, la formaci\u00f3n de catequistas laicos y programas de catequesis para ni\u00f1os y el programa de filosof\u00eda y teolog\u00eda en el Pontificio Colegio Babel.<\/p>\n\n\n\n<figure class=\"wp-block-image size-large\"><img loading=\"lazy\" decoding=\"async\" width=\"1024\" height=\"683\" src=\"https:\/\/cnewa.org\/es\/wp-content\/uploads\/sites\/5\/2024\/04\/dinkha2021_027-1-1024x683.jpg\" alt=\"Una fila con 14 seminaristas vestidos de blanco\" class=\"wp-image-4924\" srcset=\"https:\/\/cnewa.org\/es\/wp-content\/uploads\/sites\/5\/2024\/04\/dinkha2021_027-1-1024x683.jpg 1024w, https:\/\/cnewa.org\/es\/wp-content\/uploads\/sites\/5\/2024\/04\/dinkha2021_027-1-300x200.jpg 300w, https:\/\/cnewa.org\/es\/wp-content\/uploads\/sites\/5\/2024\/04\/dinkha2021_027-1-768x512.jpg 768w, https:\/\/cnewa.org\/es\/wp-content\/uploads\/sites\/5\/2024\/04\/dinkha2021_027-1-1600x1067.jpg 1600w, https:\/\/cnewa.org\/es\/wp-content\/uploads\/sites\/5\/2024\/04\/dinkha2021_027-1-1536x1024.jpg 1536w, https:\/\/cnewa.org\/es\/wp-content\/uploads\/sites\/5\/2024\/04\/dinkha2021_027-1.jpg 1800w\" sizes=\"auto, (max-width: 1024px) 100vw, 1024px\" \/><figcaption class=\"wp-element-caption\">Seminaristas se preparan para recibir el ministerio de ac\u00f3lito en la capilla del seminario en 2017. (Foto: Cortes\u00eda de los archivos del Seminario de San Pedro)<\/figcaption><\/figure>\n\n\n\n<h3 class=\"wp-block-heading\" id=\"h-respondiendo-a-las-necesidades-humanas\">Respondiendo a las Necesidades Humanas<\/h3>\n\n\n\n<p>Muchos cristianos que pertenec\u00edan a las clases medias iraqu\u00edes han ca\u00eddo en la pobreza. Muchos vendieron sus casas en Bagdad y otras regiones inestables del pa\u00eds y buscaron refugio en el norte, entre las antiguas comunidades cristianas de la llanura de N\u00ednive y partes de Mosul, s\u00f3lo para ser amenazados de nuevo y desplazados por las milicias.<\/p>\n\n\n\n<p>CNEWA est\u00e1 al lado de las necesidades de estas personas proporcionando ropa y alimentos para los ni\u00f1os, especialmente f\u00f3rmula infantil para reci\u00e9n nacidos; ayudar a los desplazados que necesitan alimentos, aceite para calefacci\u00f3n, ropa y apoyo m\u00e9dico; crear oportunidades de empleo a trav\u00e9s de proyectos de generaci\u00f3n de ingresos para estabilizar a sus familias y aldeas; ofrecer capacitaci\u00f3n educativa y t\u00e9cnica a los j\u00f3venes para garantizar su capacidad de mantenerse a s\u00ed mismos; y cubriendo los gastos de transporte de los estudiantes escolares y universitarios que viven en zonas lejanas.<\/p>\n\n\n\n<figure class=\"wp-block-image size-large\"><img loading=\"lazy\" decoding=\"async\" width=\"1024\" height=\"683\" src=\"https:\/\/cnewa.org\/es\/wp-content\/uploads\/sites\/5\/2024\/04\/cnewaBeirut20209_148H-scaled-1-1024x683.jpg\" alt=\"Ni\u00f1o levanta una caja de comida en L\u00edbano\" class=\"wp-image-4923\" srcset=\"https:\/\/cnewa.org\/es\/wp-content\/uploads\/sites\/5\/2024\/04\/cnewaBeirut20209_148H-scaled-1-1024x683.jpg 1024w, https:\/\/cnewa.org\/es\/wp-content\/uploads\/sites\/5\/2024\/04\/cnewaBeirut20209_148H-scaled-1-300x200.jpg 300w, https:\/\/cnewa.org\/es\/wp-content\/uploads\/sites\/5\/2024\/04\/cnewaBeirut20209_148H-scaled-1-768x512.jpg 768w, https:\/\/cnewa.org\/es\/wp-content\/uploads\/sites\/5\/2024\/04\/cnewaBeirut20209_148H-scaled-1-1600x1067.jpg 1600w, https:\/\/cnewa.org\/es\/wp-content\/uploads\/sites\/5\/2024\/04\/cnewaBeirut20209_148H-scaled-1-1536x1024.jpg 1536w, https:\/\/cnewa.org\/es\/wp-content\/uploads\/sites\/5\/2024\/04\/cnewaBeirut20209_148H-scaled-1-2048x1366.jpg 2048w\" sizes=\"auto, (max-width: 1024px) 100vw, 1024px\" \/><figcaption class=\"wp-element-caption\">Un ni\u00f1o levanta una caja de alimentos CNEWA en la escuela cat\u00f3lica siria para ni\u00f1os refugiados iraqu\u00edes, durante un d\u00eda de distribuci\u00f3n de alimentos, el 31 de diciembre. (foto: Maroun Bassil)<\/figcaption><\/figure>\n\n\n  <div class=\"donate-button\" id=\"minor-fund-campaign\">\n    <button class=\"donate-modal-toggle\" data-minor-fund='Irak' data-minor-fund-code='DM'>DONE A IRAK<\/button>\n  <\/div>\n  ","protected":false},"excerpt":{"rendered":"<p>Irak ha desempe\u00f1ado un papel clave en la difusi\u00f3n del cristianismo desde el siglo I, pero la poblaci\u00f3n cristiana en Irak se ha reducido a una mera sombra de s\u00ed misma.&nbsp; Despu\u00e9s de d\u00e9cadas de conflictos consecutivos, las antiguas comunidades cristianas que alguna vez fueron vibrantes y una parte integral del paisaje se han dispersado, &hellip; <a href=\"https:\/\/cnewa.org\/es\/donde-trabajamos\/medio-oriente\/irak\/\">Continued<\/a><\/p>\n","protected":false},"author":70019,"featured_media":4925,"parent":150,"menu_order":0,"comment_status":"closed","ping_status":"closed","template":"","meta":{"_acf_changed":false,"footnotes":""},"class_list":["post-4926","page","type-page","status-publish","has-post-thumbnail","hentry"],"acf":[],"yoast_head":"<!-- This site is optimized with the Yoast SEO Premium plugin v27.3 (Yoast SEO v27.3) - https:\/\/yoast.com\/product\/yoast-seo-premium-wordpress\/ -->\n<title>Irak | CNEWA Espa\u00f1ol<\/title>\n<meta name=\"description\" content=\"Irak ha desempe\u00f1ado un papel clave en la difusi\u00f3n del cristianismo desde el siglo I, pero la poblaci\u00f3n cristiana en el pa\u00eds se ha reducido.\u00a0\" \/>\n<meta name=\"robots\" content=\"index, follow, max-snippet:-1, max-image-preview:large, max-video-preview:-1\" \/>\n<link rel=\"canonical\" href=\"https:\/\/cnewa.org\/es\/donde-trabajamos\/medio-oriente\/irak\/\" \/>\n<meta property=\"og:locale\" content=\"es_ES\" \/>\n<meta property=\"og:type\" content=\"article\" \/>\n<meta property=\"og:title\" content=\"Irak\" \/>\n<meta property=\"og:description\" content=\"Irak ha desempe\u00f1ado un papel clave en la difusi\u00f3n del cristianismo desde el siglo I, pero la poblaci\u00f3n cristiana en el pa\u00eds se ha reducido.\u00a0\" \/>\n<meta property=\"og:url\" content=\"https:\/\/cnewa.org\/es\/donde-trabajamos\/medio-oriente\/irak\/\" \/>\n<meta property=\"og:site_name\" content=\"CNEWA Espa\u00f1ol\" \/>\n<meta property=\"article:publisher\" content=\"https:\/\/www.facebook.com\/CNEWAenespanol\/\" \/>\n<meta property=\"article:modified_time\" content=\"2024-06-17T15:18:30+00:00\" \/>\n<meta property=\"og:image\" content=\"https:\/\/cnewa.org\/es\/wp-content\/uploads\/sites\/5\/2024\/04\/yako202104_013H-e1701796951306.jpg\" \/>\n\t<meta property=\"og:image:width\" content=\"1502\" \/>\n\t<meta property=\"og:image:height\" content=\"620\" \/>\n\t<meta property=\"og:image:type\" content=\"image\/jpeg\" \/>\n<meta name=\"twitter:card\" content=\"summary_large_image\" \/>\n<meta name=\"twitter:label1\" content=\"Tiempo de lectura\" \/>\n\t<meta name=\"twitter:data1\" content=\"4 minutos\" \/>\n<script type=\"application\/ld+json\" class=\"yoast-schema-graph\">{\"@context\":\"https:\\\/\\\/schema.org\",\"@graph\":[{\"@type\":\"WebPage\",\"@id\":\"https:\\\/\\\/cnewa.org\\\/es\\\/donde-trabajamos\\\/medio-oriente\\\/irak\\\/\",\"url\":\"https:\\\/\\\/cnewa.org\\\/es\\\/donde-trabajamos\\\/medio-oriente\\\/irak\\\/\",\"name\":\"Irak | CNEWA Espa\u00f1ol\",\"isPartOf\":{\"@id\":\"https:\\\/\\\/cnewa.org\\\/es\\\/#website\"},\"primaryImageOfPage\":{\"@id\":\"https:\\\/\\\/cnewa.org\\\/es\\\/donde-trabajamos\\\/medio-oriente\\\/irak\\\/#primaryimage\"},\"image\":{\"@id\":\"https:\\\/\\\/cnewa.org\\\/es\\\/donde-trabajamos\\\/medio-oriente\\\/irak\\\/#primaryimage\"},\"thumbnailUrl\":\"https:\\\/\\\/cnewa.org\\\/es\\\/wp-content\\\/uploads\\\/sites\\\/5\\\/2024\\\/04\\\/yako202104_013H-e1701796951306.jpg\",\"datePublished\":\"2024-04-11T18:04:30+00:00\",\"dateModified\":\"2024-06-17T15:18:30+00:00\",\"description\":\"Irak ha desempe\u00f1ado un papel clave en la difusi\u00f3n del cristianismo desde el siglo I, pero la poblaci\u00f3n cristiana en el pa\u00eds se ha reducido.\u00a0\",\"breadcrumb\":{\"@id\":\"https:\\\/\\\/cnewa.org\\\/es\\\/donde-trabajamos\\\/medio-oriente\\\/irak\\\/#breadcrumb\"},\"inLanguage\":\"es\",\"potentialAction\":[{\"@type\":\"ReadAction\",\"target\":[\"https:\\\/\\\/cnewa.org\\\/es\\\/donde-trabajamos\\\/medio-oriente\\\/irak\\\/\"]}]},{\"@type\":\"ImageObject\",\"inLanguage\":\"es\",\"@id\":\"https:\\\/\\\/cnewa.org\\\/es\\\/donde-trabajamos\\\/medio-oriente\\\/irak\\\/#primaryimage\",\"url\":\"https:\\\/\\\/cnewa.org\\\/es\\\/wp-content\\\/uploads\\\/sites\\\/5\\\/2024\\\/04\\\/yako202104_013H-e1701796951306.jpg\",\"contentUrl\":\"https:\\\/\\\/cnewa.org\\\/es\\\/wp-content\\\/uploads\\\/sites\\\/5\\\/2024\\\/04\\\/yako202104_013H-e1701796951306.jpg\",\"width\":1502,\"height\":620,\"caption\":\"Estatua de Mar\u00eda en la torre de la Iglesia de la Inmaculada Concepci\u00f3n en Qaraqosh, Irak.\"},{\"@type\":\"BreadcrumbList\",\"@id\":\"https:\\\/\\\/cnewa.org\\\/es\\\/donde-trabajamos\\\/medio-oriente\\\/irak\\\/#breadcrumb\",\"itemListElement\":[{\"@type\":\"ListItem\",\"position\":1,\"name\":\"Inicio\",\"item\":\"https:\\\/\\\/cnewa.org\\\/es\\\/\"},{\"@type\":\"ListItem\",\"position\":2,\"name\":\"D\u00f3nde Trabajamos\",\"item\":\"https:\\\/\\\/cnewa.org\\\/es\\\/donde-trabajamos\\\/\"},{\"@type\":\"ListItem\",\"position\":3,\"name\":\"Medio Oriente\",\"item\":\"https:\\\/\\\/cnewa.org\\\/es\\\/donde-trabajamos\\\/medio-oriente\\\/\"},{\"@type\":\"ListItem\",\"position\":4,\"name\":\"Irak\"}]},{\"@type\":\"WebSite\",\"@id\":\"https:\\\/\\\/cnewa.org\\\/es\\\/#website\",\"url\":\"https:\\\/\\\/cnewa.org\\\/es\\\/\",\"name\":\"CNEWA Espa\u00f1ol\",\"description\":\"Asociaci\u00f3n Cat\u00f3lica para el Bienestar del Cercano Oriente\",\"publisher\":{\"@id\":\"https:\\\/\\\/cnewa.org\\\/es\\\/#organization\"},\"potentialAction\":[{\"@type\":\"SearchAction\",\"target\":{\"@type\":\"EntryPoint\",\"urlTemplate\":\"https:\\\/\\\/cnewa.org\\\/es\\\/?s={search_term_string}\"},\"query-input\":{\"@type\":\"PropertyValueSpecification\",\"valueRequired\":true,\"valueName\":\"search_term_string\"}}],\"inLanguage\":\"es\"},{\"@type\":\"Organization\",\"@id\":\"https:\\\/\\\/cnewa.org\\\/es\\\/#organization\",\"name\":\"CNEWA Espa\u00f1ol\",\"alternateName\":\"Asociaci\u00f3n Cat\u00f3lica para el Bienestar del Cercano Oriente\",\"url\":\"https:\\\/\\\/cnewa.org\\\/es\\\/\",\"logo\":{\"@type\":\"ImageObject\",\"inLanguage\":\"es\",\"@id\":\"https:\\\/\\\/cnewa.org\\\/es\\\/#\\\/schema\\\/logo\\\/image\\\/\",\"url\":\"https:\\\/\\\/cnewa.org\\\/es\\\/wp-content\\\/uploads\\\/sites\\\/5\\\/2021\\\/07\\\/CNEWA-brand-logo.png\",\"contentUrl\":\"https:\\\/\\\/cnewa.org\\\/es\\\/wp-content\\\/uploads\\\/sites\\\/5\\\/2021\\\/07\\\/CNEWA-brand-logo.png\",\"width\":1000,\"height\":1000,\"caption\":\"CNEWA Espa\u00f1ol\"},\"image\":{\"@id\":\"https:\\\/\\\/cnewa.org\\\/es\\\/#\\\/schema\\\/logo\\\/image\\\/\"},\"sameAs\":[\"https:\\\/\\\/www.facebook.com\\\/CNEWAenespanol\\\/\",\"https:\\\/\\\/www.instagram.com\\\/cnewa1926\\\/\",\"https:\\\/\\\/www.youtube.com\\\/user\\\/TheCNEWA\"]}]}<\/script>\n<!-- \/ Yoast SEO Premium plugin. -->","yoast_head_json":{"title":"Irak | CNEWA Espa\u00f1ol","description":"Irak ha desempe\u00f1ado un papel clave en la difusi\u00f3n del cristianismo desde el siglo I, pero la poblaci\u00f3n cristiana en el pa\u00eds se ha reducido.\u00a0","robots":{"index":"index","follow":"follow","max-snippet":"max-snippet:-1","max-image-preview":"max-image-preview:large","max-video-preview":"max-video-preview:-1"},"canonical":"https:\/\/cnewa.org\/es\/donde-trabajamos\/medio-oriente\/irak\/","og_locale":"es_ES","og_type":"article","og_title":"Irak","og_description":"Irak ha desempe\u00f1ado un papel clave en la difusi\u00f3n del cristianismo desde el siglo I, pero la poblaci\u00f3n cristiana en el pa\u00eds se ha reducido.\u00a0","og_url":"https:\/\/cnewa.org\/es\/donde-trabajamos\/medio-oriente\/irak\/","og_site_name":"CNEWA Espa\u00f1ol","article_publisher":"https:\/\/www.facebook.com\/CNEWAenespanol\/","article_modified_time":"2024-06-17T15:18:30+00:00","og_image":[{"width":1502,"height":620,"url":"https:\/\/cnewa.org\/es\/wp-content\/uploads\/sites\/5\/2024\/04\/yako202104_013H-e1701796951306.jpg","type":"image\/jpeg"}],"twitter_card":"summary_large_image","twitter_misc":{"Tiempo de lectura":"4 minutos"},"schema":{"@context":"https:\/\/schema.org","@graph":[{"@type":"WebPage","@id":"https:\/\/cnewa.org\/es\/donde-trabajamos\/medio-oriente\/irak\/","url":"https:\/\/cnewa.org\/es\/donde-trabajamos\/medio-oriente\/irak\/","name":"Irak | CNEWA Espa\u00f1ol","isPartOf":{"@id":"https:\/\/cnewa.org\/es\/#website"},"primaryImageOfPage":{"@id":"https:\/\/cnewa.org\/es\/donde-trabajamos\/medio-oriente\/irak\/#primaryimage"},"image":{"@id":"https:\/\/cnewa.org\/es\/donde-trabajamos\/medio-oriente\/irak\/#primaryimage"},"thumbnailUrl":"https:\/\/cnewa.org\/es\/wp-content\/uploads\/sites\/5\/2024\/04\/yako202104_013H-e1701796951306.jpg","datePublished":"2024-04-11T18:04:30+00:00","dateModified":"2024-06-17T15:18:30+00:00","description":"Irak ha desempe\u00f1ado un papel clave en la difusi\u00f3n del cristianismo desde el siglo I, pero la poblaci\u00f3n cristiana en el pa\u00eds se ha reducido.\u00a0","breadcrumb":{"@id":"https:\/\/cnewa.org\/es\/donde-trabajamos\/medio-oriente\/irak\/#breadcrumb"},"inLanguage":"es","potentialAction":[{"@type":"ReadAction","target":["https:\/\/cnewa.org\/es\/donde-trabajamos\/medio-oriente\/irak\/"]}]},{"@type":"ImageObject","inLanguage":"es","@id":"https:\/\/cnewa.org\/es\/donde-trabajamos\/medio-oriente\/irak\/#primaryimage","url":"https:\/\/cnewa.org\/es\/wp-content\/uploads\/sites\/5\/2024\/04\/yako202104_013H-e1701796951306.jpg","contentUrl":"https:\/\/cnewa.org\/es\/wp-content\/uploads\/sites\/5\/2024\/04\/yako202104_013H-e1701796951306.jpg","width":1502,"height":620,"caption":"Estatua de Mar\u00eda en la torre de la Iglesia de la Inmaculada Concepci\u00f3n en Qaraqosh, Irak."},{"@type":"BreadcrumbList","@id":"https:\/\/cnewa.org\/es\/donde-trabajamos\/medio-oriente\/irak\/#breadcrumb","itemListElement":[{"@type":"ListItem","position":1,"name":"Inicio","item":"https:\/\/cnewa.org\/es\/"},{"@type":"ListItem","position":2,"name":"D\u00f3nde Trabajamos","item":"https:\/\/cnewa.org\/es\/donde-trabajamos\/"},{"@type":"ListItem","position":3,"name":"Medio Oriente","item":"https:\/\/cnewa.org\/es\/donde-trabajamos\/medio-oriente\/"},{"@type":"ListItem","position":4,"name":"Irak"}]},{"@type":"WebSite","@id":"https:\/\/cnewa.org\/es\/#website","url":"https:\/\/cnewa.org\/es\/","name":"CNEWA Espa\u00f1ol","description":"Asociaci\u00f3n Cat\u00f3lica para el Bienestar del Cercano Oriente","publisher":{"@id":"https:\/\/cnewa.org\/es\/#organization"},"potentialAction":[{"@type":"SearchAction","target":{"@type":"EntryPoint","urlTemplate":"https:\/\/cnewa.org\/es\/?s={search_term_string}"},"query-input":{"@type":"PropertyValueSpecification","valueRequired":true,"valueName":"search_term_string"}}],"inLanguage":"es"},{"@type":"Organization","@id":"https:\/\/cnewa.org\/es\/#organization","name":"CNEWA Espa\u00f1ol","alternateName":"Asociaci\u00f3n Cat\u00f3lica para el Bienestar del Cercano Oriente","url":"https:\/\/cnewa.org\/es\/","logo":{"@type":"ImageObject","inLanguage":"es","@id":"https:\/\/cnewa.org\/es\/#\/schema\/logo\/image\/","url":"https:\/\/cnewa.org\/es\/wp-content\/uploads\/sites\/5\/2021\/07\/CNEWA-brand-logo.png","contentUrl":"https:\/\/cnewa.org\/es\/wp-content\/uploads\/sites\/5\/2021\/07\/CNEWA-brand-logo.png","width":1000,"height":1000,"caption":"CNEWA Espa\u00f1ol"},"image":{"@id":"https:\/\/cnewa.org\/es\/#\/schema\/logo\/image\/"},"sameAs":["https:\/\/www.facebook.com\/CNEWAenespanol\/","https:\/\/www.instagram.com\/cnewa1926\/","https:\/\/www.youtube.com\/user\/TheCNEWA"]}]}},"_links":{"self":[{"href":"https:\/\/cnewa.org\/es\/wp-json\/wp\/v2\/pages\/4926","targetHints":{"allow":["GET"]}}],"collection":[{"href":"https:\/\/cnewa.org\/es\/wp-json\/wp\/v2\/pages"}],"about":[{"href":"https:\/\/cnewa.org\/es\/wp-json\/wp\/v2\/types\/page"}],"author":[{"embeddable":true,"href":"https:\/\/cnewa.org\/es\/wp-json\/wp\/v2\/users\/70019"}],"replies":[{"embeddable":true,"href":"https:\/\/cnewa.org\/es\/wp-json\/wp\/v2\/comments?post=4926"}],"version-history":[{"count":2,"href":"https:\/\/cnewa.org\/es\/wp-json\/wp\/v2\/pages\/4926\/revisions"}],"predecessor-version":[{"id":5235,"href":"https:\/\/cnewa.org\/es\/wp-json\/wp\/v2\/pages\/4926\/revisions\/5235"}],"up":[{"embeddable":true,"href":"https:\/\/cnewa.org\/es\/wp-json\/wp\/v2\/pages\/150"}],"wp:featuredmedia":[{"embeddable":true,"href":"https:\/\/cnewa.org\/es\/wp-json\/wp\/v2\/media\/4925"}],"wp:attachment":[{"href":"https:\/\/cnewa.org\/es\/wp-json\/wp\/v2\/media?parent=4926"}],"curies":[{"name":"wp","href":"https:\/\/api.w.org\/{rel}","templated":true}]}}