{"id":5265,"date":"2024-06-18T13:09:04","date_gmt":"2024-06-18T17:09:04","guid":{"rendered":"https:\/\/cnewa.org\/es\/?page_id=5265"},"modified":"2024-06-18T13:09:27","modified_gmt":"2024-06-18T17:09:27","slug":"armenia","status":"publish","type":"page","link":"https:\/\/cnewa.org\/es\/donde-trabajamos\/europa-del-este\/armenia\/","title":{"rendered":"Armenia"},"content":{"rendered":"\n<h2 class=\"wp-block-heading\" id=\"h-situada-entre-asia-y-europa-armenia-esta-enclavada-en-el-corazon-de-las-montanas-del-caucaso-rodeada-de-naciones-mas-grandes-y-poderosas\">Situada entre Asia y Europa, Armenia est\u00e1 enclavada en el coraz\u00f3n de las monta\u00f1as del C\u00e1ucaso, rodeada de naciones m\u00e1s grandes y poderosas.<\/h2>\n\n\n\n<p>Fortalecido por su fe cristiana, el pueblo armenio ha logrado perdurar, a pesar de las campa\u00f1as genocidas en su contra.<\/p>\n\n\n\n<p>Siguen enfrent\u00e1ndose a graves desaf\u00edos: la guerra, los desastres naturales y la inestabilidad pol\u00edtica ponen en peligro a la poblaci\u00f3n armenia de 2,9 millones de habitantes, de los cuales m\u00e1s de una cuarta parte vive en la pobreza extrema.<\/p>\n\n\n\n<p>Debido a su pertenencia a la Uni\u00f3n Econ\u00f3mica Euroasi\u00e1tica, la econom\u00eda armenia depende en gran medida de Rusia, que controla la mayor\u00eda de los activos estrat\u00e9gicos de Armenia, incluyendo a la red de distribuci\u00f3n de gas, los ferrocarriles y las telecomunicaciones, y tiene casi el monopolio del mercado del gas. Sin salida al mar, Armenia tiene fronteras abiertas con solo dos de sus vecinos inmediatos: Georgia e Ir\u00e1n.<\/p>\n\n\n\n<p>En septiembre de 2023, las fuerzas azerbaiyanas completaron su invasi\u00f3n del enclave armenio de Nagorno Karabaj, obligando a unos 120.000 armenios a abandonar sus hogares y aldeas. De la noche a la ma\u00f1ana, las comunidades armenias que hab\u00edan dominado la regi\u00f3n durante m\u00e1s de un milenio desaparecieron. El proceso de alojamiento e integraci\u00f3n de estas personas desplazadas dentro de Armenia propiamente dicha ha sido arduo para un pa\u00eds que ya estaba sometido a presiones socioecon\u00f3micas y pol\u00edticas.<\/p>\n\n\n\n<p>La peque\u00f1a comunidad cat\u00f3lica de Armenia ha tratado de hacer frente a estos desaf\u00edos, y CNEWA est\u00e1 a su lado. CNEWA est\u00e1 trabajando en estrecha colaboraci\u00f3n con el Ordinariato Cat\u00f3lico Armenio y su brazo de servicio social, Caritas Armenia, ofreciendo esperanza en una tierra que est\u00e1 demasiado familiarizada con la desesperaci\u00f3n.<\/p>\n\n\n  <div class=\"donate-button\" id=\"minor-fund-campaign\">\n    <button class=\"donate-modal-toggle\" data-minor-fund='Armenia' data-minor-fund-code='DH'>AYUDE AHORA<\/button>\n  <\/div>\n  \n\n\n<h4 class=\"wp-block-heading\" id=\"h-respondiendo-a-las-necesidades-humanas\">Respondiendo a las Necesidades Humanas<\/h4>\n\n\n\n<p>CNEWA ayuda a proporcionar kits de invierno para los ancianos que viven en las aldeas aisladas de las monta\u00f1as; apoya programas de cuidado infantil, incluidos campamentos de verano y actividades extraescolares; ofrece acceso a la atenci\u00f3n de la salud; acelera la ayuda de emergencia para las personas de etnia armenia desplazadas de Siria y Nagorno Karabaj; y ayuda a las personas con necesidades especiales con clases de rehabilitaci\u00f3n orientadas a la familia y oportunidades de empleo.<\/p>\n\n\n\n<figure class=\"wp-block-image size-large\"><img loading=\"lazy\" decoding=\"async\" width=\"1024\" height=\"683\" src=\"https:\/\/cnewa.org\/es\/wp-content\/uploads\/sites\/5\/2024\/06\/caritasArmenia2021_148-1024x683.jpg\" alt=\"\" class=\"wp-image-5263\" srcset=\"https:\/\/cnewa.org\/es\/wp-content\/uploads\/sites\/5\/2024\/06\/caritasArmenia2021_148-1024x683.jpg 1024w, https:\/\/cnewa.org\/es\/wp-content\/uploads\/sites\/5\/2024\/06\/caritasArmenia2021_148-300x200.jpg 300w, https:\/\/cnewa.org\/es\/wp-content\/uploads\/sites\/5\/2024\/06\/caritasArmenia2021_148-768x512.jpg 768w, https:\/\/cnewa.org\/es\/wp-content\/uploads\/sites\/5\/2024\/06\/caritasArmenia2021_148-1536x1024.jpg 1536w, https:\/\/cnewa.org\/es\/wp-content\/uploads\/sites\/5\/2024\/06\/caritasArmenia2021_148-1600x1067.jpg 1600w, https:\/\/cnewa.org\/es\/wp-content\/uploads\/sites\/5\/2024\/06\/caritasArmenia2021_148.jpg 1800w\" sizes=\"auto, (max-width: 1024px) 100vw, 1024px\" \/><figcaption class=\"wp-element-caption\">Ni\u00f1os levantan la mano y hacen preguntas durante un animado intercambio. Trabajadores de Caritas Armenia se comprometen con los j\u00f3venes reasentados en un campamento en Torosgyugh, despu\u00e9s de la guerra en la regi\u00f3n de Nagorno-Karabaj de Azerbaiy\u00e1n. (foto: cortes\u00eda de Caritas Armenia)<\/figcaption><\/figure>\n\n\n\n<h4 class=\"wp-block-heading\" id=\"h-acompanando-a-la-iglesia\">Acompa\u00f1ando a la Iglesia<\/h4>\n\n\n\n<p>CNEWA apoya las actividades de formaci\u00f3n para el apoyo de sacerdotes, seminaristas, religiosos, religiosas y catequistas laicos. Tambi\u00e9n brindamos apoyo a las comunidades parroquiales, en particular a aquellas que sirven a las comunidades en aldeas rurales vulnerables.<\/p>\n\n\n\n<figure class=\"wp-block-image size-large\"><img loading=\"lazy\" decoding=\"async\" width=\"1024\" height=\"683\" src=\"https:\/\/cnewa.org\/es\/wp-content\/uploads\/sites\/5\/2024\/06\/johannes202311_017H-1024x683.jpg\" alt=\"\" class=\"wp-image-5262\" srcset=\"https:\/\/cnewa.org\/es\/wp-content\/uploads\/sites\/5\/2024\/06\/johannes202311_017H-1024x683.jpg 1024w, https:\/\/cnewa.org\/es\/wp-content\/uploads\/sites\/5\/2024\/06\/johannes202311_017H-300x200.jpg 300w, https:\/\/cnewa.org\/es\/wp-content\/uploads\/sites\/5\/2024\/06\/johannes202311_017H-768x512.jpg 768w, https:\/\/cnewa.org\/es\/wp-content\/uploads\/sites\/5\/2024\/06\/johannes202311_017H-1536x1025.jpg 1536w, https:\/\/cnewa.org\/es\/wp-content\/uploads\/sites\/5\/2024\/06\/johannes202311_017H-1600x1068.jpg 1600w, https:\/\/cnewa.org\/es\/wp-content\/uploads\/sites\/5\/2024\/06\/johannes202311_017H.jpg 1800w\" sizes=\"auto, (max-width: 1024px) 100vw, 1024px\" \/><figcaption class=\"wp-element-caption\">La hermana Serpouhi Boghosyan habla con Leonoura Mnastsakanyan, una refugiada de Nagorno-Karabaj, en su apartamento en Gyumri, Armenia. (foto: Armineh Johannes)<\/figcaption><\/figure>\n","protected":false},"excerpt":{"rendered":"<p>Situada entre Asia y Europa, Armenia est\u00e1 enclavada en el coraz\u00f3n de las monta\u00f1as del C\u00e1ucaso, rodeada de naciones m\u00e1s grandes y poderosas. Fortalecido por su fe cristiana, el pueblo armenio ha logrado perdurar, a pesar de las campa\u00f1as genocidas en su contra. Siguen enfrent\u00e1ndose a graves desaf\u00edos: la guerra, los desastres naturales y la &hellip; <a href=\"https:\/\/cnewa.org\/es\/donde-trabajamos\/europa-del-este\/armenia\/\">Continued<\/a><\/p>\n","protected":false},"author":70019,"featured_media":5264,"parent":159,"menu_order":0,"comment_status":"closed","ping_status":"closed","template":"","meta":{"_acf_changed":false,"footnotes":""},"class_list":["post-5265","page","type-page","status-publish","has-post-thumbnail","hentry"],"acf":[],"yoast_head":"<!-- This site is optimized with the Yoast SEO Premium plugin v27.3 (Yoast SEO v27.3) - https:\/\/yoast.com\/product\/yoast-seo-premium-wordpress\/ -->\n<title>Armenia | CNEWA Espa\u00f1ol<\/title>\n<meta name=\"description\" content=\"CNEWA colabora con el Ordinariato Cat\u00f3lico Armenio y su brazo de servicio social, Caritas Armenia, ofreciendo esperanza al pueblo armenio.\" \/>\n<meta name=\"robots\" content=\"index, follow, max-snippet:-1, max-image-preview:large, max-video-preview:-1\" \/>\n<link rel=\"canonical\" href=\"https:\/\/cnewa.org\/es\/donde-trabajamos\/europa-del-este\/armenia\/\" \/>\n<meta property=\"og:locale\" content=\"es_ES\" \/>\n<meta property=\"og:type\" content=\"article\" \/>\n<meta property=\"og:title\" content=\"Armenia\" \/>\n<meta property=\"og:description\" content=\"CNEWA colabora con el Ordinariato Cat\u00f3lico Armenio y su brazo de servicio social, Caritas Armenia, ofreciendo esperanza al pueblo armenio.\" \/>\n<meta property=\"og:url\" content=\"https:\/\/cnewa.org\/es\/donde-trabajamos\/europa-del-este\/armenia\/\" \/>\n<meta property=\"og:site_name\" content=\"CNEWA Espa\u00f1ol\" \/>\n<meta property=\"article:publisher\" content=\"https:\/\/www.facebook.com\/CNEWAenespanol\/\" \/>\n<meta property=\"article:modified_time\" content=\"2024-06-18T17:09:27+00:00\" \/>\n<meta property=\"og:image\" content=\"https:\/\/cnewa.org\/es\/wp-content\/uploads\/sites\/5\/2024\/06\/lacivita20131_156H.jpg\" \/>\n\t<meta property=\"og:image:width\" content=\"1800\" \/>\n\t<meta property=\"og:image:height\" content=\"1350\" \/>\n\t<meta property=\"og:image:type\" content=\"image\/jpeg\" \/>\n<meta name=\"twitter:card\" content=\"summary_large_image\" \/>\n<meta name=\"twitter:label1\" content=\"Tiempo de lectura\" \/>\n\t<meta name=\"twitter:data1\" content=\"3 minutos\" \/>\n<script type=\"application\/ld+json\" class=\"yoast-schema-graph\">{\"@context\":\"https:\\\/\\\/schema.org\",\"@graph\":[{\"@type\":\"WebPage\",\"@id\":\"https:\\\/\\\/cnewa.org\\\/es\\\/donde-trabajamos\\\/europa-del-este\\\/armenia\\\/\",\"url\":\"https:\\\/\\\/cnewa.org\\\/es\\\/donde-trabajamos\\\/europa-del-este\\\/armenia\\\/\",\"name\":\"Armenia | CNEWA Espa\u00f1ol\",\"isPartOf\":{\"@id\":\"https:\\\/\\\/cnewa.org\\\/es\\\/#website\"},\"primaryImageOfPage\":{\"@id\":\"https:\\\/\\\/cnewa.org\\\/es\\\/donde-trabajamos\\\/europa-del-este\\\/armenia\\\/#primaryimage\"},\"image\":{\"@id\":\"https:\\\/\\\/cnewa.org\\\/es\\\/donde-trabajamos\\\/europa-del-este\\\/armenia\\\/#primaryimage\"},\"thumbnailUrl\":\"https:\\\/\\\/cnewa.org\\\/es\\\/wp-content\\\/uploads\\\/sites\\\/5\\\/2024\\\/06\\\/lacivita20131_156H.jpg\",\"datePublished\":\"2024-06-18T17:09:04+00:00\",\"dateModified\":\"2024-06-18T17:09:27+00:00\",\"description\":\"CNEWA colabora con el Ordinariato Cat\u00f3lico Armenio y su brazo de servicio social, Caritas Armenia, ofreciendo esperanza al pueblo armenio.\",\"breadcrumb\":{\"@id\":\"https:\\\/\\\/cnewa.org\\\/es\\\/donde-trabajamos\\\/europa-del-este\\\/armenia\\\/#breadcrumb\"},\"inLanguage\":\"es\",\"potentialAction\":[{\"@type\":\"ReadAction\",\"target\":[\"https:\\\/\\\/cnewa.org\\\/es\\\/donde-trabajamos\\\/europa-del-este\\\/armenia\\\/\"]}]},{\"@type\":\"ImageObject\",\"inLanguage\":\"es\",\"@id\":\"https:\\\/\\\/cnewa.org\\\/es\\\/donde-trabajamos\\\/europa-del-este\\\/armenia\\\/#primaryimage\",\"url\":\"https:\\\/\\\/cnewa.org\\\/es\\\/wp-content\\\/uploads\\\/sites\\\/5\\\/2024\\\/06\\\/lacivita20131_156H.jpg\",\"contentUrl\":\"https:\\\/\\\/cnewa.org\\\/es\\\/wp-content\\\/uploads\\\/sites\\\/5\\\/2024\\\/06\\\/lacivita20131_156H.jpg\",\"width\":1800,\"height\":1350},{\"@type\":\"BreadcrumbList\",\"@id\":\"https:\\\/\\\/cnewa.org\\\/es\\\/donde-trabajamos\\\/europa-del-este\\\/armenia\\\/#breadcrumb\",\"itemListElement\":[{\"@type\":\"ListItem\",\"position\":1,\"name\":\"Inicio\",\"item\":\"https:\\\/\\\/cnewa.org\\\/es\\\/\"},{\"@type\":\"ListItem\",\"position\":2,\"name\":\"D\u00f3nde Trabajamos\",\"item\":\"https:\\\/\\\/cnewa.org\\\/es\\\/donde-trabajamos\\\/\"},{\"@type\":\"ListItem\",\"position\":3,\"name\":\"Europa del Este\",\"item\":\"https:\\\/\\\/cnewa.org\\\/es\\\/donde-trabajamos\\\/europa-del-este\\\/\"},{\"@type\":\"ListItem\",\"position\":4,\"name\":\"Armenia\"}]},{\"@type\":\"WebSite\",\"@id\":\"https:\\\/\\\/cnewa.org\\\/es\\\/#website\",\"url\":\"https:\\\/\\\/cnewa.org\\\/es\\\/\",\"name\":\"CNEWA Espa\u00f1ol\",\"description\":\"Asociaci\u00f3n Cat\u00f3lica para el Bienestar del Cercano Oriente\",\"publisher\":{\"@id\":\"https:\\\/\\\/cnewa.org\\\/es\\\/#organization\"},\"potentialAction\":[{\"@type\":\"SearchAction\",\"target\":{\"@type\":\"EntryPoint\",\"urlTemplate\":\"https:\\\/\\\/cnewa.org\\\/es\\\/?s={search_term_string}\"},\"query-input\":{\"@type\":\"PropertyValueSpecification\",\"valueRequired\":true,\"valueName\":\"search_term_string\"}}],\"inLanguage\":\"es\"},{\"@type\":\"Organization\",\"@id\":\"https:\\\/\\\/cnewa.org\\\/es\\\/#organization\",\"name\":\"CNEWA Espa\u00f1ol\",\"alternateName\":\"Asociaci\u00f3n Cat\u00f3lica para el Bienestar del Cercano Oriente\",\"url\":\"https:\\\/\\\/cnewa.org\\\/es\\\/\",\"logo\":{\"@type\":\"ImageObject\",\"inLanguage\":\"es\",\"@id\":\"https:\\\/\\\/cnewa.org\\\/es\\\/#\\\/schema\\\/logo\\\/image\\\/\",\"url\":\"https:\\\/\\\/cnewa.org\\\/es\\\/wp-content\\\/uploads\\\/sites\\\/5\\\/2021\\\/07\\\/CNEWA-brand-logo.png\",\"contentUrl\":\"https:\\\/\\\/cnewa.org\\\/es\\\/wp-content\\\/uploads\\\/sites\\\/5\\\/2021\\\/07\\\/CNEWA-brand-logo.png\",\"width\":1000,\"height\":1000,\"caption\":\"CNEWA Espa\u00f1ol\"},\"image\":{\"@id\":\"https:\\\/\\\/cnewa.org\\\/es\\\/#\\\/schema\\\/logo\\\/image\\\/\"},\"sameAs\":[\"https:\\\/\\\/www.facebook.com\\\/CNEWAenespanol\\\/\",\"https:\\\/\\\/www.instagram.com\\\/cnewa1926\\\/\",\"https:\\\/\\\/www.youtube.com\\\/user\\\/TheCNEWA\"]}]}<\/script>\n<!-- \/ Yoast SEO Premium plugin. -->","yoast_head_json":{"title":"Armenia | CNEWA Espa\u00f1ol","description":"CNEWA colabora con el Ordinariato Cat\u00f3lico Armenio y su brazo de servicio social, Caritas Armenia, ofreciendo esperanza al pueblo armenio.","robots":{"index":"index","follow":"follow","max-snippet":"max-snippet:-1","max-image-preview":"max-image-preview:large","max-video-preview":"max-video-preview:-1"},"canonical":"https:\/\/cnewa.org\/es\/donde-trabajamos\/europa-del-este\/armenia\/","og_locale":"es_ES","og_type":"article","og_title":"Armenia","og_description":"CNEWA colabora con el Ordinariato Cat\u00f3lico Armenio y su brazo de servicio social, Caritas Armenia, ofreciendo esperanza al pueblo armenio.","og_url":"https:\/\/cnewa.org\/es\/donde-trabajamos\/europa-del-este\/armenia\/","og_site_name":"CNEWA Espa\u00f1ol","article_publisher":"https:\/\/www.facebook.com\/CNEWAenespanol\/","article_modified_time":"2024-06-18T17:09:27+00:00","og_image":[{"width":1800,"height":1350,"url":"https:\/\/cnewa.org\/es\/wp-content\/uploads\/sites\/5\/2024\/06\/lacivita20131_156H.jpg","type":"image\/jpeg"}],"twitter_card":"summary_large_image","twitter_misc":{"Tiempo de lectura":"3 minutos"},"schema":{"@context":"https:\/\/schema.org","@graph":[{"@type":"WebPage","@id":"https:\/\/cnewa.org\/es\/donde-trabajamos\/europa-del-este\/armenia\/","url":"https:\/\/cnewa.org\/es\/donde-trabajamos\/europa-del-este\/armenia\/","name":"Armenia | CNEWA Espa\u00f1ol","isPartOf":{"@id":"https:\/\/cnewa.org\/es\/#website"},"primaryImageOfPage":{"@id":"https:\/\/cnewa.org\/es\/donde-trabajamos\/europa-del-este\/armenia\/#primaryimage"},"image":{"@id":"https:\/\/cnewa.org\/es\/donde-trabajamos\/europa-del-este\/armenia\/#primaryimage"},"thumbnailUrl":"https:\/\/cnewa.org\/es\/wp-content\/uploads\/sites\/5\/2024\/06\/lacivita20131_156H.jpg","datePublished":"2024-06-18T17:09:04+00:00","dateModified":"2024-06-18T17:09:27+00:00","description":"CNEWA colabora con el Ordinariato Cat\u00f3lico Armenio y su brazo de servicio social, Caritas Armenia, ofreciendo esperanza al pueblo armenio.","breadcrumb":{"@id":"https:\/\/cnewa.org\/es\/donde-trabajamos\/europa-del-este\/armenia\/#breadcrumb"},"inLanguage":"es","potentialAction":[{"@type":"ReadAction","target":["https:\/\/cnewa.org\/es\/donde-trabajamos\/europa-del-este\/armenia\/"]}]},{"@type":"ImageObject","inLanguage":"es","@id":"https:\/\/cnewa.org\/es\/donde-trabajamos\/europa-del-este\/armenia\/#primaryimage","url":"https:\/\/cnewa.org\/es\/wp-content\/uploads\/sites\/5\/2024\/06\/lacivita20131_156H.jpg","contentUrl":"https:\/\/cnewa.org\/es\/wp-content\/uploads\/sites\/5\/2024\/06\/lacivita20131_156H.jpg","width":1800,"height":1350},{"@type":"BreadcrumbList","@id":"https:\/\/cnewa.org\/es\/donde-trabajamos\/europa-del-este\/armenia\/#breadcrumb","itemListElement":[{"@type":"ListItem","position":1,"name":"Inicio","item":"https:\/\/cnewa.org\/es\/"},{"@type":"ListItem","position":2,"name":"D\u00f3nde Trabajamos","item":"https:\/\/cnewa.org\/es\/donde-trabajamos\/"},{"@type":"ListItem","position":3,"name":"Europa del Este","item":"https:\/\/cnewa.org\/es\/donde-trabajamos\/europa-del-este\/"},{"@type":"ListItem","position":4,"name":"Armenia"}]},{"@type":"WebSite","@id":"https:\/\/cnewa.org\/es\/#website","url":"https:\/\/cnewa.org\/es\/","name":"CNEWA Espa\u00f1ol","description":"Asociaci\u00f3n Cat\u00f3lica para el Bienestar del Cercano Oriente","publisher":{"@id":"https:\/\/cnewa.org\/es\/#organization"},"potentialAction":[{"@type":"SearchAction","target":{"@type":"EntryPoint","urlTemplate":"https:\/\/cnewa.org\/es\/?s={search_term_string}"},"query-input":{"@type":"PropertyValueSpecification","valueRequired":true,"valueName":"search_term_string"}}],"inLanguage":"es"},{"@type":"Organization","@id":"https:\/\/cnewa.org\/es\/#organization","name":"CNEWA Espa\u00f1ol","alternateName":"Asociaci\u00f3n Cat\u00f3lica para el Bienestar del Cercano Oriente","url":"https:\/\/cnewa.org\/es\/","logo":{"@type":"ImageObject","inLanguage":"es","@id":"https:\/\/cnewa.org\/es\/#\/schema\/logo\/image\/","url":"https:\/\/cnewa.org\/es\/wp-content\/uploads\/sites\/5\/2021\/07\/CNEWA-brand-logo.png","contentUrl":"https:\/\/cnewa.org\/es\/wp-content\/uploads\/sites\/5\/2021\/07\/CNEWA-brand-logo.png","width":1000,"height":1000,"caption":"CNEWA Espa\u00f1ol"},"image":{"@id":"https:\/\/cnewa.org\/es\/#\/schema\/logo\/image\/"},"sameAs":["https:\/\/www.facebook.com\/CNEWAenespanol\/","https:\/\/www.instagram.com\/cnewa1926\/","https:\/\/www.youtube.com\/user\/TheCNEWA"]}]}},"_links":{"self":[{"href":"https:\/\/cnewa.org\/es\/wp-json\/wp\/v2\/pages\/5265","targetHints":{"allow":["GET"]}}],"collection":[{"href":"https:\/\/cnewa.org\/es\/wp-json\/wp\/v2\/pages"}],"about":[{"href":"https:\/\/cnewa.org\/es\/wp-json\/wp\/v2\/types\/page"}],"author":[{"embeddable":true,"href":"https:\/\/cnewa.org\/es\/wp-json\/wp\/v2\/users\/70019"}],"replies":[{"embeddable":true,"href":"https:\/\/cnewa.org\/es\/wp-json\/wp\/v2\/comments?post=5265"}],"version-history":[{"count":1,"href":"https:\/\/cnewa.org\/es\/wp-json\/wp\/v2\/pages\/5265\/revisions"}],"predecessor-version":[{"id":5266,"href":"https:\/\/cnewa.org\/es\/wp-json\/wp\/v2\/pages\/5265\/revisions\/5266"}],"up":[{"embeddable":true,"href":"https:\/\/cnewa.org\/es\/wp-json\/wp\/v2\/pages\/159"}],"wp:featuredmedia":[{"embeddable":true,"href":"https:\/\/cnewa.org\/es\/wp-json\/wp\/v2\/media\/5264"}],"wp:attachment":[{"href":"https:\/\/cnewa.org\/es\/wp-json\/wp\/v2\/media?parent=5265"}],"curies":[{"name":"wp","href":"https:\/\/api.w.org\/{rel}","templated":true}]}}