{"id":570,"date":"2022-08-10T13:00:00","date_gmt":"2022-08-10T17:00:00","guid":{"rendered":"https:\/\/cnewa.org\/fr\/?post_type=campaigns&#038;p=570"},"modified":"2024-06-17T10:34:16","modified_gmt":"2024-06-17T14:34:16","slug":"libancrise","status":"publish","type":"campaigns","link":"https:\/\/cnewa.org\/fr\/notre-travail\/libancrise\/","title":{"rendered":"Les familles du Liban ont besoin de vous"},"content":{"rendered":"\n<h2 class=\"wp-block-heading\" id=\"h-leur-pays-traverse-des-jours-difficiles\">Leur pays traverse des jours difficiles.<\/h2>\n\n\n\n<p>Le Liban a \u00e9t\u00e9 fortement secou\u00e9 par une explosion dans le port de Beyrouth il y a deux ans. Depuis, les gens ont du mal \u00e0 se r\u00e9tablir. Les besoins sont grands&nbsp;en soins de sant\u00e9, en \u00e9ducation, en denr\u00e9es de premi\u00e8re n\u00e9cessit\u00e9, de tout ce qui essentiel \u00e0 la survie des familles et des personnes seules.<\/p>\n\n\n\n<p>Et ce n\u2019est pas tout. L\u2019\u00e9conomie s\u2019est effondr\u00e9e, les revenus des familles ont chut\u00e9 et le taux de pauvret\u00e9 a mont\u00e9 en fl\u00e8che. L\u2019inflation a atteint 145% &#8211; un tr\u00e8s haut niveau, il va sans dire &#8211; et pr\u00e8s d\u2019un tiers de la population souffre d\u2019ins\u00e9curit\u00e9 alimentaire.<\/p>\n\n\n\n<p><strong>Les familles du Liban ont besoin de notre soutien continu pour survivre en ces temps difficiles. Merci de les aider \u00e0 retrouver de l\u2019espoir et la joie de vivre.<\/strong><\/p>\n\n\n\n<p>S\u2019il vous pla\u00eet, prenez un moment pour nous faire parvenir votre don. Tenons-nous ensemble aux c\u00f4t\u00e9s du peuple libanais. Aidez les familles du Liban \u00e0 voir qu\u2019elles ne sont pas seules, que leurs fr\u00e8res et s\u0153urs du monde entier les soutiennent et prient pour eux.<\/p>\n\n\n\n<p>Faites-leur savoir que lorsque les temps sont durs, elles peuvent compter sur notre appui.<\/p>\n\n\n  <div class=\"donate-button\" id=\"minor-fund-campaign\">\n    <button class=\"donate-modal-toggle\" data-minor-fund='Liban' data-minor-fund-code='DN'>FAITES-NOUS PARVENIR VOTRE DON D\u00c8S MAINTENANT<\/button>\n  <\/div>\n  \n\n\n<p>Gr\u00e2ce \u00e0 votre aide, CNEWA a pu nourrir des milliers de familles n\u00e9cessiteuses au Liban, dont beaucoup de salari\u00e9s de la classe moyenne qui ont \u00e9t\u00e9 r\u00e9duits au ch\u00f4mage par l\u2019effondrement \u00e9conomique du pays. Gr\u00e2ce \u00e0 votre aide, CNEWA a pu aider \u00e0 reconstruire des h\u00f4pitaux endommag\u00e9s par l\u2019explosion et contribuer \u00e0 rouvrir les \u00e9coles locales. Les parents confront\u00e9s au ch\u00f4mage cherchent toujours \u00e0 donner \u00e0 leurs enfants l\u2019acc\u00e8s \u00e0 une excellente \u00e9ducation comme celle que donnent les \u00e9coles catholiques.<\/p>\n\n\n\n<p><a href=\"https:\/\/cnewa.org\/fr\/wp-content\/uploads\/sites\/3\/2021\/08\/Rapport-dactivites-Liban-2020-21.pdf\">Acc\u00e9der au rapport d\u2019activit\u00e9s Liban 2020-21 de CNEWA<\/a> pour en savoir plus sur notre travail d\u2019aide au Liban.<\/p>\n","protected":false},"featured_media":1055,"template":"","work-category":[444],"class_list":["post-570","campaigns","type-campaigns","status-publish","has-post-thumbnail","hentry","work-category-remedier-aux-besoins-humanitaires"],"acf":[],"yoast_head":"<!-- This site is optimized with the Yoast SEO Premium plugin v27.3 (Yoast SEO v27.3) - https:\/\/yoast.com\/product\/yoast-seo-premium-wordpress\/ -->\n<title>Les familles du Liban ont besoin de vous | CNEWA Canada<\/title>\n<meta name=\"robots\" content=\"index, follow, max-snippet:-1, max-image-preview:large, max-video-preview:-1\" \/>\n<link rel=\"canonical\" href=\"https:\/\/cnewa.org\/fr\/notre-travail\/libancrise\/\" \/>\n<meta property=\"og:locale\" content=\"fr_CA\" \/>\n<meta property=\"og:type\" content=\"article\" \/>\n<meta property=\"og:title\" content=\"Les familles du Liban ont besoin de vous\" \/>\n<meta property=\"og:description\" content=\"Leur pays traverse des jours difficiles. Le Liban a \u00e9t\u00e9 fortement secou\u00e9 par une explosion dans le port de Beyrouth il y a deux ans. Depuis, les gens ont du mal \u00e0 se r\u00e9tablir. Les besoins sont grands&nbsp;en soins de sant\u00e9, en \u00e9ducation, en denr\u00e9es de premi\u00e8re n\u00e9cessit\u00e9, de tout ce qui essentiel \u00e0 la &hellip; Continued\" \/>\n<meta property=\"og:site_name\" content=\"CNEWA Canada\" \/>\n<meta property=\"article:publisher\" content=\"https:\/\/www.facebook.com\/cnewacanada\/\" \/>\n<meta property=\"article:modified_time\" content=\"2024-06-17T14:34:16+00:00\" \/>\n<meta property=\"og:image\" content=\"https:\/\/cnewa.org\/fr\/wp-content\/uploads\/sites\/3\/2022\/08\/skaff202110_051H-1800x750px.jpg\" \/>\n\t<meta property=\"og:image:width\" content=\"1800\" \/>\n\t<meta property=\"og:image:height\" content=\"750\" \/>\n\t<meta property=\"og:image:type\" content=\"image\/jpeg\" \/>\n<meta name=\"twitter:card\" content=\"summary_large_image\" \/>\n<meta name=\"twitter:site\" content=\"@cnewac\" \/>\n<meta name=\"twitter:label1\" content=\"Estimation du temps de lecture\" \/>\n\t<meta name=\"twitter:data1\" content=\"2 minutes\" \/>\n<script type=\"application\/ld+json\" class=\"yoast-schema-graph\">{\"@context\":\"https:\\\/\\\/schema.org\",\"@graph\":[{\"@type\":\"WebPage\",\"@id\":\"https:\\\/\\\/cnewa.org\\\/fr\\\/notre-travail\\\/libancrise\\\/\",\"url\":\"https:\\\/\\\/cnewa.org\\\/fr\\\/notre-travail\\\/libancrise\\\/\",\"name\":\"Les familles du Liban ont besoin de vous | CNEWA Canada\",\"isPartOf\":{\"@id\":\"https:\\\/\\\/cnewa.org\\\/fr\\\/#website\"},\"primaryImageOfPage\":{\"@id\":\"https:\\\/\\\/cnewa.org\\\/fr\\\/notre-travail\\\/libancrise\\\/#primaryimage\"},\"image\":{\"@id\":\"https:\\\/\\\/cnewa.org\\\/fr\\\/notre-travail\\\/libancrise\\\/#primaryimage\"},\"thumbnailUrl\":\"https:\\\/\\\/cnewa.org\\\/fr\\\/wp-content\\\/uploads\\\/sites\\\/3\\\/2022\\\/08\\\/skaff202110_051H-1800x750px.jpg\",\"datePublished\":\"2022-08-10T17:00:00+00:00\",\"dateModified\":\"2024-06-17T14:34:16+00:00\",\"breadcrumb\":{\"@id\":\"https:\\\/\\\/cnewa.org\\\/fr\\\/notre-travail\\\/libancrise\\\/#breadcrumb\"},\"inLanguage\":\"fr-CA\",\"potentialAction\":[{\"@type\":\"ReadAction\",\"target\":[\"https:\\\/\\\/cnewa.org\\\/fr\\\/notre-travail\\\/libancrise\\\/\"]}]},{\"@type\":\"ImageObject\",\"inLanguage\":\"fr-CA\",\"@id\":\"https:\\\/\\\/cnewa.org\\\/fr\\\/notre-travail\\\/libancrise\\\/#primaryimage\",\"url\":\"https:\\\/\\\/cnewa.org\\\/fr\\\/wp-content\\\/uploads\\\/sites\\\/3\\\/2022\\\/08\\\/skaff202110_051H-1800x750px.jpg\",\"contentUrl\":\"https:\\\/\\\/cnewa.org\\\/fr\\\/wp-content\\\/uploads\\\/sites\\\/3\\\/2022\\\/08\\\/skaff202110_051H-1800x750px.jpg\",\"width\":1800,\"height\":750},{\"@type\":\"BreadcrumbList\",\"@id\":\"https:\\\/\\\/cnewa.org\\\/fr\\\/notre-travail\\\/libancrise\\\/#breadcrumb\",\"itemListElement\":[{\"@type\":\"ListItem\",\"position\":1,\"name\":\"Accueil\",\"item\":\"https:\\\/\\\/cnewa.org\\\/fr\\\/\"},{\"@type\":\"ListItem\",\"position\":2,\"name\":\"Campaigns\",\"item\":\"https:\\\/\\\/cnewa.org\\\/fr\\\/notre-travail\\\/\"},{\"@type\":\"ListItem\",\"position\":3,\"name\":\"Les familles du Liban ont besoin de vous\"}]},{\"@type\":\"WebSite\",\"@id\":\"https:\\\/\\\/cnewa.org\\\/fr\\\/#website\",\"url\":\"https:\\\/\\\/cnewa.org\\\/fr\\\/\",\"name\":\"CNEWA Canada\",\"description\":\"Association catholique d\u2019aide \u00e0 l\u2019Orient\",\"publisher\":{\"@id\":\"https:\\\/\\\/cnewa.org\\\/fr\\\/#organization\"},\"potentialAction\":[{\"@type\":\"SearchAction\",\"target\":{\"@type\":\"EntryPoint\",\"urlTemplate\":\"https:\\\/\\\/cnewa.org\\\/fr\\\/?s={search_term_string}\"},\"query-input\":{\"@type\":\"PropertyValueSpecification\",\"valueRequired\":true,\"valueName\":\"search_term_string\"}}],\"inLanguage\":\"fr-CA\"},{\"@type\":\"Organization\",\"@id\":\"https:\\\/\\\/cnewa.org\\\/fr\\\/#organization\",\"name\":\"CNEWA Canada\",\"alternateName\":\"Association catholique d\u2019aide \u00e0 l\u2019Orient\",\"url\":\"https:\\\/\\\/cnewa.org\\\/fr\\\/\",\"logo\":{\"@type\":\"ImageObject\",\"inLanguage\":\"fr-CA\",\"@id\":\"https:\\\/\\\/cnewa.org\\\/fr\\\/#\\\/schema\\\/logo\\\/image\\\/\",\"url\":\"https:\\\/\\\/cnewa.org\\\/fr\\\/wp-content\\\/uploads\\\/sites\\\/3\\\/2019\\\/11\\\/CNEWA-brand-logo.png\",\"contentUrl\":\"https:\\\/\\\/cnewa.org\\\/fr\\\/wp-content\\\/uploads\\\/sites\\\/3\\\/2019\\\/11\\\/CNEWA-brand-logo.png\",\"width\":1000,\"height\":1000,\"caption\":\"CNEWA Canada\"},\"image\":{\"@id\":\"https:\\\/\\\/cnewa.org\\\/fr\\\/#\\\/schema\\\/logo\\\/image\\\/\"},\"sameAs\":[\"https:\\\/\\\/www.facebook.com\\\/cnewacanada\\\/\",\"https:\\\/\\\/x.com\\\/cnewac\",\"https:\\\/\\\/www.instagram.com\\\/cnewa1926\\\/\",\"https:\\\/\\\/www.youtube.com\\\/user\\\/TheCNEWA\"]}]}<\/script>\n<!-- \/ Yoast SEO Premium plugin. -->","yoast_head_json":{"title":"Les familles du Liban ont besoin de vous | CNEWA Canada","robots":{"index":"index","follow":"follow","max-snippet":"max-snippet:-1","max-image-preview":"max-image-preview:large","max-video-preview":"max-video-preview:-1"},"canonical":"https:\/\/cnewa.org\/fr\/notre-travail\/libancrise\/","og_locale":"fr_CA","og_type":"article","og_title":"Les familles du Liban ont besoin de vous","og_description":"Leur pays traverse des jours difficiles. Le Liban a \u00e9t\u00e9 fortement secou\u00e9 par une explosion dans le port de Beyrouth il y a deux ans. Depuis, les gens ont du mal \u00e0 se r\u00e9tablir. Les besoins sont grands&nbsp;en soins de sant\u00e9, en \u00e9ducation, en denr\u00e9es de premi\u00e8re n\u00e9cessit\u00e9, de tout ce qui essentiel \u00e0 la &hellip; Continued","og_site_name":"CNEWA Canada","article_publisher":"https:\/\/www.facebook.com\/cnewacanada\/","article_modified_time":"2024-06-17T14:34:16+00:00","og_image":[{"width":1800,"height":750,"url":"https:\/\/cnewa.org\/fr\/wp-content\/uploads\/sites\/3\/2022\/08\/skaff202110_051H-1800x750px.jpg","type":"image\/jpeg"}],"twitter_card":"summary_large_image","twitter_site":"@cnewac","twitter_misc":{"Estimation du temps de lecture":"2 minutes"},"schema":{"@context":"https:\/\/schema.org","@graph":[{"@type":"WebPage","@id":"https:\/\/cnewa.org\/fr\/notre-travail\/libancrise\/","url":"https:\/\/cnewa.org\/fr\/notre-travail\/libancrise\/","name":"Les familles du Liban ont besoin de vous | CNEWA Canada","isPartOf":{"@id":"https:\/\/cnewa.org\/fr\/#website"},"primaryImageOfPage":{"@id":"https:\/\/cnewa.org\/fr\/notre-travail\/libancrise\/#primaryimage"},"image":{"@id":"https:\/\/cnewa.org\/fr\/notre-travail\/libancrise\/#primaryimage"},"thumbnailUrl":"https:\/\/cnewa.org\/fr\/wp-content\/uploads\/sites\/3\/2022\/08\/skaff202110_051H-1800x750px.jpg","datePublished":"2022-08-10T17:00:00+00:00","dateModified":"2024-06-17T14:34:16+00:00","breadcrumb":{"@id":"https:\/\/cnewa.org\/fr\/notre-travail\/libancrise\/#breadcrumb"},"inLanguage":"fr-CA","potentialAction":[{"@type":"ReadAction","target":["https:\/\/cnewa.org\/fr\/notre-travail\/libancrise\/"]}]},{"@type":"ImageObject","inLanguage":"fr-CA","@id":"https:\/\/cnewa.org\/fr\/notre-travail\/libancrise\/#primaryimage","url":"https:\/\/cnewa.org\/fr\/wp-content\/uploads\/sites\/3\/2022\/08\/skaff202110_051H-1800x750px.jpg","contentUrl":"https:\/\/cnewa.org\/fr\/wp-content\/uploads\/sites\/3\/2022\/08\/skaff202110_051H-1800x750px.jpg","width":1800,"height":750},{"@type":"BreadcrumbList","@id":"https:\/\/cnewa.org\/fr\/notre-travail\/libancrise\/#breadcrumb","itemListElement":[{"@type":"ListItem","position":1,"name":"Accueil","item":"https:\/\/cnewa.org\/fr\/"},{"@type":"ListItem","position":2,"name":"Campaigns","item":"https:\/\/cnewa.org\/fr\/notre-travail\/"},{"@type":"ListItem","position":3,"name":"Les familles du Liban ont besoin de vous"}]},{"@type":"WebSite","@id":"https:\/\/cnewa.org\/fr\/#website","url":"https:\/\/cnewa.org\/fr\/","name":"CNEWA Canada","description":"Association catholique d\u2019aide \u00e0 l\u2019Orient","publisher":{"@id":"https:\/\/cnewa.org\/fr\/#organization"},"potentialAction":[{"@type":"SearchAction","target":{"@type":"EntryPoint","urlTemplate":"https:\/\/cnewa.org\/fr\/?s={search_term_string}"},"query-input":{"@type":"PropertyValueSpecification","valueRequired":true,"valueName":"search_term_string"}}],"inLanguage":"fr-CA"},{"@type":"Organization","@id":"https:\/\/cnewa.org\/fr\/#organization","name":"CNEWA Canada","alternateName":"Association catholique d\u2019aide \u00e0 l\u2019Orient","url":"https:\/\/cnewa.org\/fr\/","logo":{"@type":"ImageObject","inLanguage":"fr-CA","@id":"https:\/\/cnewa.org\/fr\/#\/schema\/logo\/image\/","url":"https:\/\/cnewa.org\/fr\/wp-content\/uploads\/sites\/3\/2019\/11\/CNEWA-brand-logo.png","contentUrl":"https:\/\/cnewa.org\/fr\/wp-content\/uploads\/sites\/3\/2019\/11\/CNEWA-brand-logo.png","width":1000,"height":1000,"caption":"CNEWA Canada"},"image":{"@id":"https:\/\/cnewa.org\/fr\/#\/schema\/logo\/image\/"},"sameAs":["https:\/\/www.facebook.com\/cnewacanada\/","https:\/\/x.com\/cnewac","https:\/\/www.instagram.com\/cnewa1926\/","https:\/\/www.youtube.com\/user\/TheCNEWA"]}]}},"_links":{"self":[{"href":"https:\/\/cnewa.org\/fr\/wp-json\/wp\/v2\/campaigns\/570","targetHints":{"allow":["GET"]}}],"collection":[{"href":"https:\/\/cnewa.org\/fr\/wp-json\/wp\/v2\/campaigns"}],"about":[{"href":"https:\/\/cnewa.org\/fr\/wp-json\/wp\/v2\/types\/campaigns"}],"version-history":[{"count":0,"href":"https:\/\/cnewa.org\/fr\/wp-json\/wp\/v2\/campaigns\/570\/revisions"}],"wp:featuredmedia":[{"embeddable":true,"href":"https:\/\/cnewa.org\/fr\/wp-json\/wp\/v2\/media\/1055"}],"wp:attachment":[{"href":"https:\/\/cnewa.org\/fr\/wp-json\/wp\/v2\/media?parent=570"}],"wp:term":[{"taxonomy":"work-category","embeddable":true,"href":"https:\/\/cnewa.org\/fr\/wp-json\/wp\/v2\/work-category?post=570"}],"curies":[{"name":"wp","href":"https:\/\/api.w.org\/{rel}","templated":true}]}}