{"id":615,"date":"2023-06-06T11:00:00","date_gmt":"2023-06-06T15:00:00","guid":{"rendered":"https:\/\/cnewa.org\/fr\/?post_type=campaigns&#038;p=615"},"modified":"2024-06-26T11:27:57","modified_gmt":"2024-06-26T15:27:57","slug":"accompagnez-les-refugies","status":"publish","type":"campaigns","link":"https:\/\/cnewa.org\/fr\/notre-travail\/accompagnez-les-refugies\/","title":{"rendered":"Accompagnez les r\u00e9fugi\u00e9s en situation de crise"},"content":{"rendered":"\n<h2 class=\"wp-block-heading\" id=\"h-chaque-annee-le-20-juin-nous-celebrons-la-journee-mondiale-des-refugies-rappelons-nous-les-nombreux-defis-qu-ont-a-relever-les-millions-de-refugies-a-travers-le-monde\">Chaque ann\u00e9e, le 20 juin, nous c\u00e9l\u00e9brons la Journ\u00e9e mondiale des r\u00e9fugi\u00e9s. Rappelons-nous les nombreux d\u00e9fis qu\u2019ont \u00e0 relever les millions de r\u00e9fugi\u00e9s \u00e0 travers le monde.<\/h2>\n\n\n\n<p>Plusieurs d\u2019entre vous connaissent des familles en Ukraine, en \u00c9thiopie et au Moyen-Orient qui ont \u00e9t\u00e9 forc\u00e9es de quitter leurs maisons et leurs villes. Ces personnes se d\u00e9placent vers des r\u00e9gions plus s\u00fbres ou quittent simplement leur pays pour chercher refuge dans un \u00e9tat voisin.<\/p>\n\n\n\n<p>Il y a de nombreuses raisons \u00e0 cela : la guerre, la violence, la faim, ainsi que des facteurs \u00e9conomiques, sociaux et politiques.<\/p>\n\n\n\n<p>Dans la plupart des pays desservis par CNEWA, nous constatons que les familles de r\u00e9fugi\u00e9s s\u2019adressent souvent, en d\u00e9sespoir de cause, \u00e0 nos partenaires religieux pour obtenir une aide qui leur est souvent essentielle : de la nourriture, un abri et du soutien moral, choses dont ils ont bien besoin surtout pendant les premiers moments de leur arriv\u00e9e en terre \u00e9trang\u00e8re.<\/p>\n\n\n\n<p>Nous vous invitons, si vous le pouvez, \u00e0 soutenir financi\u00e8rement notre campagne en faveur des r\u00e9fugi\u00e9s cette ann\u00e9e. Accompagner les familles d\u00e9plac\u00e9es et les r\u00e9fugi\u00e9s en leur offrant un peu de notre avoir est une fa\u00e7on bien concr\u00e8te de leur apporter un peu d\u2019espoir et de rendre le monde meilleur. Merci de votre g\u00e9n\u00e9rosit\u00e9.<\/p>\n\n\n\n<p>Dans bien des cas, nous repr\u00e9sentons leur seul espoir.<\/p>\n\n\n  <div class=\"donate-button\" id=\"minor-fund-campaign\">\n    <button class=\"donate-modal-toggle\" data-minor-fund='R\u00e9fugi\u00e9s' data-minor-fund-code='23'>Donner<\/button>\n  <\/div>\n  ","protected":false},"featured_media":1350,"template":"","work-category":[444],"class_list":["post-615","campaigns","type-campaigns","status-publish","has-post-thumbnail","hentry","work-category-remedier-aux-besoins-humanitaires"],"acf":[],"yoast_head":"<!-- This site is optimized with the Yoast SEO Premium plugin v27.4 (Yoast SEO v27.4) - https:\/\/yoast.com\/product\/yoast-seo-premium-wordpress\/ -->\n<title>Accompagnez les r\u00e9fugi\u00e9s en situation de crise | CNEWA Canada<\/title>\n<meta name=\"robots\" content=\"index, follow, max-snippet:-1, max-image-preview:large, max-video-preview:-1\" \/>\n<link rel=\"canonical\" href=\"https:\/\/cnewa.org\/fr\/notre-travail\/accompagnez-les-refugies\/\" \/>\n<meta property=\"og:locale\" content=\"fr_CA\" \/>\n<meta property=\"og:type\" content=\"article\" \/>\n<meta property=\"og:title\" content=\"Accompagnez les r\u00e9fugi\u00e9s en situation de crise\" \/>\n<meta property=\"og:description\" content=\"Chaque ann\u00e9e, le 20 juin, nous c\u00e9l\u00e9brons la Journ\u00e9e mondiale des r\u00e9fugi\u00e9s. Rappelons-nous les nombreux d\u00e9fis qu\u2019ont \u00e0 relever les millions de r\u00e9fugi\u00e9s \u00e0 travers le monde. Plusieurs d\u2019entre vous connaissent des familles en Ukraine, en \u00c9thiopie et au Moyen-Orient qui ont \u00e9t\u00e9 forc\u00e9es de quitter leurs maisons et leurs villes. Ces personnes se d\u00e9placent &hellip; Continued\" \/>\n<meta property=\"og:site_name\" content=\"CNEWA Canada\" \/>\n<meta property=\"article:publisher\" content=\"https:\/\/www.facebook.com\/cnewacanada\/\" \/>\n<meta property=\"article:modified_time\" content=\"2024-06-26T15:27:57+00:00\" \/>\n<meta property=\"og:image\" content=\"https:\/\/cnewa.org\/fr\/wp-content\/uploads\/sites\/3\/2020\/10\/rafei20191_022H-1800x750px.jpg\" \/>\n\t<meta property=\"og:image:width\" content=\"1800\" \/>\n\t<meta property=\"og:image:height\" content=\"750\" \/>\n\t<meta property=\"og:image:type\" content=\"image\/jpeg\" \/>\n<meta name=\"twitter:card\" content=\"summary_large_image\" \/>\n<meta name=\"twitter:site\" content=\"@cnewac\" \/>\n<meta name=\"twitter:label1\" content=\"Estimation du temps de lecture\" \/>\n\t<meta name=\"twitter:data1\" content=\"2 minutes\" \/>\n<script type=\"application\/ld+json\" class=\"yoast-schema-graph\">{\"@context\":\"https:\\\/\\\/schema.org\",\"@graph\":[{\"@type\":\"WebPage\",\"@id\":\"https:\\\/\\\/cnewa.org\\\/fr\\\/notre-travail\\\/accompagnez-les-refugies\\\/\",\"url\":\"https:\\\/\\\/cnewa.org\\\/fr\\\/notre-travail\\\/accompagnez-les-refugies\\\/\",\"name\":\"Accompagnez les r\u00e9fugi\u00e9s en situation de crise | CNEWA Canada\",\"isPartOf\":{\"@id\":\"https:\\\/\\\/cnewa.org\\\/fr\\\/#website\"},\"primaryImageOfPage\":{\"@id\":\"https:\\\/\\\/cnewa.org\\\/fr\\\/notre-travail\\\/accompagnez-les-refugies\\\/#primaryimage\"},\"image\":{\"@id\":\"https:\\\/\\\/cnewa.org\\\/fr\\\/notre-travail\\\/accompagnez-les-refugies\\\/#primaryimage\"},\"thumbnailUrl\":\"https:\\\/\\\/cnewa.org\\\/fr\\\/wp-content\\\/uploads\\\/sites\\\/3\\\/2020\\\/10\\\/rafei20191_022H-1800x750px.jpg\",\"datePublished\":\"2023-06-06T15:00:00+00:00\",\"dateModified\":\"2024-06-26T15:27:57+00:00\",\"breadcrumb\":{\"@id\":\"https:\\\/\\\/cnewa.org\\\/fr\\\/notre-travail\\\/accompagnez-les-refugies\\\/#breadcrumb\"},\"inLanguage\":\"fr-CA\",\"potentialAction\":[{\"@type\":\"ReadAction\",\"target\":[\"https:\\\/\\\/cnewa.org\\\/fr\\\/notre-travail\\\/accompagnez-les-refugies\\\/\"]}]},{\"@type\":\"ImageObject\",\"inLanguage\":\"fr-CA\",\"@id\":\"https:\\\/\\\/cnewa.org\\\/fr\\\/notre-travail\\\/accompagnez-les-refugies\\\/#primaryimage\",\"url\":\"https:\\\/\\\/cnewa.org\\\/fr\\\/wp-content\\\/uploads\\\/sites\\\/3\\\/2020\\\/10\\\/rafei20191_022H-1800x750px.jpg\",\"contentUrl\":\"https:\\\/\\\/cnewa.org\\\/fr\\\/wp-content\\\/uploads\\\/sites\\\/3\\\/2020\\\/10\\\/rafei20191_022H-1800x750px.jpg\",\"width\":1800,\"height\":750},{\"@type\":\"BreadcrumbList\",\"@id\":\"https:\\\/\\\/cnewa.org\\\/fr\\\/notre-travail\\\/accompagnez-les-refugies\\\/#breadcrumb\",\"itemListElement\":[{\"@type\":\"ListItem\",\"position\":1,\"name\":\"Accueil\",\"item\":\"https:\\\/\\\/cnewa.org\\\/fr\\\/\"},{\"@type\":\"ListItem\",\"position\":2,\"name\":\"Campaigns\",\"item\":\"https:\\\/\\\/cnewa.org\\\/fr\\\/notre-travail\\\/\"},{\"@type\":\"ListItem\",\"position\":3,\"name\":\"Accompagnez les r\u00e9fugi\u00e9s en situation de crise\"}]},{\"@type\":\"WebSite\",\"@id\":\"https:\\\/\\\/cnewa.org\\\/fr\\\/#website\",\"url\":\"https:\\\/\\\/cnewa.org\\\/fr\\\/\",\"name\":\"CNEWA Canada\",\"description\":\"Association catholique d\u2019aide \u00e0 l\u2019Orient\",\"publisher\":{\"@id\":\"https:\\\/\\\/cnewa.org\\\/fr\\\/#organization\"},\"potentialAction\":[{\"@type\":\"SearchAction\",\"target\":{\"@type\":\"EntryPoint\",\"urlTemplate\":\"https:\\\/\\\/cnewa.org\\\/fr\\\/?s={search_term_string}\"},\"query-input\":{\"@type\":\"PropertyValueSpecification\",\"valueRequired\":true,\"valueName\":\"search_term_string\"}}],\"inLanguage\":\"fr-CA\"},{\"@type\":\"Organization\",\"@id\":\"https:\\\/\\\/cnewa.org\\\/fr\\\/#organization\",\"name\":\"CNEWA Canada\",\"alternateName\":\"Association catholique d\u2019aide \u00e0 l\u2019Orient\",\"url\":\"https:\\\/\\\/cnewa.org\\\/fr\\\/\",\"logo\":{\"@type\":\"ImageObject\",\"inLanguage\":\"fr-CA\",\"@id\":\"https:\\\/\\\/cnewa.org\\\/fr\\\/#\\\/schema\\\/logo\\\/image\\\/\",\"url\":\"https:\\\/\\\/cnewa.org\\\/fr\\\/wp-content\\\/uploads\\\/sites\\\/3\\\/2019\\\/11\\\/CNEWA-brand-logo.png\",\"contentUrl\":\"https:\\\/\\\/cnewa.org\\\/fr\\\/wp-content\\\/uploads\\\/sites\\\/3\\\/2019\\\/11\\\/CNEWA-brand-logo.png\",\"width\":1000,\"height\":1000,\"caption\":\"CNEWA Canada\"},\"image\":{\"@id\":\"https:\\\/\\\/cnewa.org\\\/fr\\\/#\\\/schema\\\/logo\\\/image\\\/\"},\"sameAs\":[\"https:\\\/\\\/www.facebook.com\\\/cnewacanada\\\/\",\"https:\\\/\\\/x.com\\\/cnewac\",\"https:\\\/\\\/www.instagram.com\\\/cnewa1926\\\/\",\"https:\\\/\\\/www.youtube.com\\\/user\\\/TheCNEWA\"]}]}<\/script>\n<!-- \/ Yoast SEO Premium plugin. -->","yoast_head_json":{"title":"Accompagnez les r\u00e9fugi\u00e9s en situation de crise | CNEWA Canada","robots":{"index":"index","follow":"follow","max-snippet":"max-snippet:-1","max-image-preview":"max-image-preview:large","max-video-preview":"max-video-preview:-1"},"canonical":"https:\/\/cnewa.org\/fr\/notre-travail\/accompagnez-les-refugies\/","og_locale":"fr_CA","og_type":"article","og_title":"Accompagnez les r\u00e9fugi\u00e9s en situation de crise","og_description":"Chaque ann\u00e9e, le 20 juin, nous c\u00e9l\u00e9brons la Journ\u00e9e mondiale des r\u00e9fugi\u00e9s. Rappelons-nous les nombreux d\u00e9fis qu\u2019ont \u00e0 relever les millions de r\u00e9fugi\u00e9s \u00e0 travers le monde. Plusieurs d\u2019entre vous connaissent des familles en Ukraine, en \u00c9thiopie et au Moyen-Orient qui ont \u00e9t\u00e9 forc\u00e9es de quitter leurs maisons et leurs villes. Ces personnes se d\u00e9placent &hellip; Continued","og_site_name":"CNEWA Canada","article_publisher":"https:\/\/www.facebook.com\/cnewacanada\/","article_modified_time":"2024-06-26T15:27:57+00:00","og_image":[{"width":1800,"height":750,"url":"https:\/\/cnewa.org\/fr\/wp-content\/uploads\/sites\/3\/2020\/10\/rafei20191_022H-1800x750px.jpg","type":"image\/jpeg"}],"twitter_card":"summary_large_image","twitter_site":"@cnewac","twitter_misc":{"Estimation du temps de lecture":"2 minutes"},"schema":{"@context":"https:\/\/schema.org","@graph":[{"@type":"WebPage","@id":"https:\/\/cnewa.org\/fr\/notre-travail\/accompagnez-les-refugies\/","url":"https:\/\/cnewa.org\/fr\/notre-travail\/accompagnez-les-refugies\/","name":"Accompagnez les r\u00e9fugi\u00e9s en situation de crise | CNEWA Canada","isPartOf":{"@id":"https:\/\/cnewa.org\/fr\/#website"},"primaryImageOfPage":{"@id":"https:\/\/cnewa.org\/fr\/notre-travail\/accompagnez-les-refugies\/#primaryimage"},"image":{"@id":"https:\/\/cnewa.org\/fr\/notre-travail\/accompagnez-les-refugies\/#primaryimage"},"thumbnailUrl":"https:\/\/cnewa.org\/fr\/wp-content\/uploads\/sites\/3\/2020\/10\/rafei20191_022H-1800x750px.jpg","datePublished":"2023-06-06T15:00:00+00:00","dateModified":"2024-06-26T15:27:57+00:00","breadcrumb":{"@id":"https:\/\/cnewa.org\/fr\/notre-travail\/accompagnez-les-refugies\/#breadcrumb"},"inLanguage":"fr-CA","potentialAction":[{"@type":"ReadAction","target":["https:\/\/cnewa.org\/fr\/notre-travail\/accompagnez-les-refugies\/"]}]},{"@type":"ImageObject","inLanguage":"fr-CA","@id":"https:\/\/cnewa.org\/fr\/notre-travail\/accompagnez-les-refugies\/#primaryimage","url":"https:\/\/cnewa.org\/fr\/wp-content\/uploads\/sites\/3\/2020\/10\/rafei20191_022H-1800x750px.jpg","contentUrl":"https:\/\/cnewa.org\/fr\/wp-content\/uploads\/sites\/3\/2020\/10\/rafei20191_022H-1800x750px.jpg","width":1800,"height":750},{"@type":"BreadcrumbList","@id":"https:\/\/cnewa.org\/fr\/notre-travail\/accompagnez-les-refugies\/#breadcrumb","itemListElement":[{"@type":"ListItem","position":1,"name":"Accueil","item":"https:\/\/cnewa.org\/fr\/"},{"@type":"ListItem","position":2,"name":"Campaigns","item":"https:\/\/cnewa.org\/fr\/notre-travail\/"},{"@type":"ListItem","position":3,"name":"Accompagnez les r\u00e9fugi\u00e9s en situation de crise"}]},{"@type":"WebSite","@id":"https:\/\/cnewa.org\/fr\/#website","url":"https:\/\/cnewa.org\/fr\/","name":"CNEWA Canada","description":"Association catholique d\u2019aide \u00e0 l\u2019Orient","publisher":{"@id":"https:\/\/cnewa.org\/fr\/#organization"},"potentialAction":[{"@type":"SearchAction","target":{"@type":"EntryPoint","urlTemplate":"https:\/\/cnewa.org\/fr\/?s={search_term_string}"},"query-input":{"@type":"PropertyValueSpecification","valueRequired":true,"valueName":"search_term_string"}}],"inLanguage":"fr-CA"},{"@type":"Organization","@id":"https:\/\/cnewa.org\/fr\/#organization","name":"CNEWA Canada","alternateName":"Association catholique d\u2019aide \u00e0 l\u2019Orient","url":"https:\/\/cnewa.org\/fr\/","logo":{"@type":"ImageObject","inLanguage":"fr-CA","@id":"https:\/\/cnewa.org\/fr\/#\/schema\/logo\/image\/","url":"https:\/\/cnewa.org\/fr\/wp-content\/uploads\/sites\/3\/2019\/11\/CNEWA-brand-logo.png","contentUrl":"https:\/\/cnewa.org\/fr\/wp-content\/uploads\/sites\/3\/2019\/11\/CNEWA-brand-logo.png","width":1000,"height":1000,"caption":"CNEWA Canada"},"image":{"@id":"https:\/\/cnewa.org\/fr\/#\/schema\/logo\/image\/"},"sameAs":["https:\/\/www.facebook.com\/cnewacanada\/","https:\/\/x.com\/cnewac","https:\/\/www.instagram.com\/cnewa1926\/","https:\/\/www.youtube.com\/user\/TheCNEWA"]}]}},"_links":{"self":[{"href":"https:\/\/cnewa.org\/fr\/wp-json\/wp\/v2\/campaigns\/615","targetHints":{"allow":["GET"]}}],"collection":[{"href":"https:\/\/cnewa.org\/fr\/wp-json\/wp\/v2\/campaigns"}],"about":[{"href":"https:\/\/cnewa.org\/fr\/wp-json\/wp\/v2\/types\/campaigns"}],"version-history":[{"count":0,"href":"https:\/\/cnewa.org\/fr\/wp-json\/wp\/v2\/campaigns\/615\/revisions"}],"wp:featuredmedia":[{"embeddable":true,"href":"https:\/\/cnewa.org\/fr\/wp-json\/wp\/v2\/media\/1350"}],"wp:attachment":[{"href":"https:\/\/cnewa.org\/fr\/wp-json\/wp\/v2\/media?parent=615"}],"wp:term":[{"taxonomy":"work-category","embeddable":true,"href":"https:\/\/cnewa.org\/fr\/wp-json\/wp\/v2\/work-category?post=615"}],"curies":[{"name":"wp","href":"https:\/\/api.w.org\/{rel}","templated":true}]}}