{"id":694,"date":"2023-04-13T11:00:00","date_gmt":"2023-04-13T15:00:00","guid":{"rendered":"https:\/\/cnewa.org\/fr\/?post_type=campaigns&#038;p=694"},"modified":"2024-06-17T10:32:01","modified_gmt":"2024-06-17T14:32:01","slug":"chretiens-au-moyen-orient","status":"publish","type":"campaigns","link":"https:\/\/cnewa.org\/fr\/notre-travail\/chretiens-au-moyen-orient\/","title":{"rendered":"Prot\u00e9geons les chr\u00e9tiens du Moyen-Orient"},"content":{"rendered":"\n<h2 class=\"wp-block-heading\" id=\"h-la-vie-des-chretiens-au-moyen-orient-n-est-pas-facile\">La vie des chr\u00e9tiens au Moyen-Orient n\u2019est pas facile. <\/h2>\n\n\n\n<p>Plusieurs ont quitt\u00e9 leur patrie en qu\u00eate de paix et de s\u00e9curit\u00e9. La vie de ceux et celles qui sont rest\u00e9s est trop souvent marqu\u00e9e par la trag\u00e9die, les in\u00e9galit\u00e9s et la peur.<\/p>\n\n\n\n<p>Sana lutte toujours pour sa survie apr\u00e8s avoir connu des ann\u00e9es de guerre et d\u2019inflation \u00e9conomique. Comme beaucoup de jeunes du Moyen-Orient, elle a faim de paix tout autant que de pain. <\/p>\n\n\n\n<p><strong>Nos fr\u00e8res et soeurs du Moyen-Orient implorent notre soutien. R\u00e9pondons \u00e0 l\u2019appel du pape Fran\u00e7ois et aidons les jeunes comme Sana \u00e0 am\u00e9liorer leur vie.<\/strong><\/p>\n\n\n  <div class=\"donate-button\" id=\"minor-fund-campaign\">\n    <button class=\"donate-modal-toggle\" data-minor-fund='Moyen-Orient' data-minor-fund-code='ME'>Faire un don<\/button>\n  <\/div>\n  ","protected":false},"featured_media":1454,"template":"","work-category":[443],"class_list":["post-694","campaigns","type-campaigns","status-publish","has-post-thumbnail","hentry","work-category-epauler-leglise"],"acf":[],"yoast_head":"<!-- This site is optimized with the Yoast SEO Premium plugin v27.4 (Yoast SEO v27.4) - https:\/\/yoast.com\/product\/yoast-seo-premium-wordpress\/ -->\n<title>Prot\u00e9geons les chr\u00e9tiens du Moyen-Orient | CNEWA Canada<\/title>\n<meta name=\"robots\" content=\"index, follow, max-snippet:-1, max-image-preview:large, max-video-preview:-1\" \/>\n<link rel=\"canonical\" href=\"https:\/\/cnewa.org\/fr\/notre-travail\/chretiens-au-moyen-orient\/\" \/>\n<meta property=\"og:locale\" content=\"fr_CA\" \/>\n<meta property=\"og:type\" content=\"article\" \/>\n<meta property=\"og:title\" content=\"Prot\u00e9geons les chr\u00e9tiens du Moyen-Orient\" \/>\n<meta property=\"og:description\" content=\"La vie des chr\u00e9tiens au Moyen-Orient n\u2019est pas facile. Plusieurs ont quitt\u00e9 leur patrie en qu\u00eate de paix et de s\u00e9curit\u00e9. La vie de ceux et celles qui sont rest\u00e9s est trop souvent marqu\u00e9e par la trag\u00e9die, les in\u00e9galit\u00e9s et la peur. Sana lutte toujours pour sa survie apr\u00e8s avoir connu des ann\u00e9es de guerre &hellip; Continued\" \/>\n<meta property=\"og:site_name\" content=\"CNEWA Canada\" \/>\n<meta property=\"article:publisher\" content=\"https:\/\/www.facebook.com\/cnewacanada\/\" \/>\n<meta property=\"article:modified_time\" content=\"2024-06-17T14:32:01+00:00\" \/>\n<meta property=\"og:image\" content=\"https:\/\/cnewa.org\/fr\/wp-content\/uploads\/sites\/3\/2023\/04\/skaff202204_014H-1800x750px.jpg\" \/>\n\t<meta property=\"og:image:width\" content=\"1800\" \/>\n\t<meta property=\"og:image:height\" content=\"750\" \/>\n\t<meta property=\"og:image:type\" content=\"image\/jpeg\" \/>\n<meta name=\"twitter:card\" content=\"summary_large_image\" \/>\n<meta name=\"twitter:site\" content=\"@cnewac\" \/>\n<meta name=\"twitter:label1\" content=\"Estimation du temps de lecture\" \/>\n\t<meta name=\"twitter:data1\" content=\"1 minute\" \/>\n<script type=\"application\/ld+json\" class=\"yoast-schema-graph\">{\"@context\":\"https:\\\/\\\/schema.org\",\"@graph\":[{\"@type\":\"WebPage\",\"@id\":\"https:\\\/\\\/cnewa.org\\\/fr\\\/notre-travail\\\/chretiens-au-moyen-orient\\\/\",\"url\":\"https:\\\/\\\/cnewa.org\\\/fr\\\/notre-travail\\\/chretiens-au-moyen-orient\\\/\",\"name\":\"Prot\u00e9geons les chr\u00e9tiens du Moyen-Orient | CNEWA Canada\",\"isPartOf\":{\"@id\":\"https:\\\/\\\/cnewa.org\\\/fr\\\/#website\"},\"primaryImageOfPage\":{\"@id\":\"https:\\\/\\\/cnewa.org\\\/fr\\\/notre-travail\\\/chretiens-au-moyen-orient\\\/#primaryimage\"},\"image\":{\"@id\":\"https:\\\/\\\/cnewa.org\\\/fr\\\/notre-travail\\\/chretiens-au-moyen-orient\\\/#primaryimage\"},\"thumbnailUrl\":\"https:\\\/\\\/cnewa.org\\\/fr\\\/wp-content\\\/uploads\\\/sites\\\/3\\\/2023\\\/04\\\/skaff202204_014H-1800x750px.jpg\",\"datePublished\":\"2023-04-13T15:00:00+00:00\",\"dateModified\":\"2024-06-17T14:32:01+00:00\",\"breadcrumb\":{\"@id\":\"https:\\\/\\\/cnewa.org\\\/fr\\\/notre-travail\\\/chretiens-au-moyen-orient\\\/#breadcrumb\"},\"inLanguage\":\"fr-CA\",\"potentialAction\":[{\"@type\":\"ReadAction\",\"target\":[\"https:\\\/\\\/cnewa.org\\\/fr\\\/notre-travail\\\/chretiens-au-moyen-orient\\\/\"]}]},{\"@type\":\"ImageObject\",\"inLanguage\":\"fr-CA\",\"@id\":\"https:\\\/\\\/cnewa.org\\\/fr\\\/notre-travail\\\/chretiens-au-moyen-orient\\\/#primaryimage\",\"url\":\"https:\\\/\\\/cnewa.org\\\/fr\\\/wp-content\\\/uploads\\\/sites\\\/3\\\/2023\\\/04\\\/skaff202204_014H-1800x750px.jpg\",\"contentUrl\":\"https:\\\/\\\/cnewa.org\\\/fr\\\/wp-content\\\/uploads\\\/sites\\\/3\\\/2023\\\/04\\\/skaff202204_014H-1800x750px.jpg\",\"width\":1800,\"height\":750},{\"@type\":\"BreadcrumbList\",\"@id\":\"https:\\\/\\\/cnewa.org\\\/fr\\\/notre-travail\\\/chretiens-au-moyen-orient\\\/#breadcrumb\",\"itemListElement\":[{\"@type\":\"ListItem\",\"position\":1,\"name\":\"Accueil\",\"item\":\"https:\\\/\\\/cnewa.org\\\/fr\\\/\"},{\"@type\":\"ListItem\",\"position\":2,\"name\":\"Campaigns\",\"item\":\"https:\\\/\\\/cnewa.org\\\/fr\\\/notre-travail\\\/\"},{\"@type\":\"ListItem\",\"position\":3,\"name\":\"Prot\u00e9geons les chr\u00e9tiens du Moyen-Orient\"}]},{\"@type\":\"WebSite\",\"@id\":\"https:\\\/\\\/cnewa.org\\\/fr\\\/#website\",\"url\":\"https:\\\/\\\/cnewa.org\\\/fr\\\/\",\"name\":\"CNEWA Canada\",\"description\":\"Association catholique d\u2019aide \u00e0 l\u2019Orient\",\"publisher\":{\"@id\":\"https:\\\/\\\/cnewa.org\\\/fr\\\/#organization\"},\"potentialAction\":[{\"@type\":\"SearchAction\",\"target\":{\"@type\":\"EntryPoint\",\"urlTemplate\":\"https:\\\/\\\/cnewa.org\\\/fr\\\/?s={search_term_string}\"},\"query-input\":{\"@type\":\"PropertyValueSpecification\",\"valueRequired\":true,\"valueName\":\"search_term_string\"}}],\"inLanguage\":\"fr-CA\"},{\"@type\":\"Organization\",\"@id\":\"https:\\\/\\\/cnewa.org\\\/fr\\\/#organization\",\"name\":\"CNEWA Canada\",\"alternateName\":\"Association catholique d\u2019aide \u00e0 l\u2019Orient\",\"url\":\"https:\\\/\\\/cnewa.org\\\/fr\\\/\",\"logo\":{\"@type\":\"ImageObject\",\"inLanguage\":\"fr-CA\",\"@id\":\"https:\\\/\\\/cnewa.org\\\/fr\\\/#\\\/schema\\\/logo\\\/image\\\/\",\"url\":\"https:\\\/\\\/cnewa.org\\\/fr\\\/wp-content\\\/uploads\\\/sites\\\/3\\\/2019\\\/11\\\/CNEWA-brand-logo.png\",\"contentUrl\":\"https:\\\/\\\/cnewa.org\\\/fr\\\/wp-content\\\/uploads\\\/sites\\\/3\\\/2019\\\/11\\\/CNEWA-brand-logo.png\",\"width\":1000,\"height\":1000,\"caption\":\"CNEWA Canada\"},\"image\":{\"@id\":\"https:\\\/\\\/cnewa.org\\\/fr\\\/#\\\/schema\\\/logo\\\/image\\\/\"},\"sameAs\":[\"https:\\\/\\\/www.facebook.com\\\/cnewacanada\\\/\",\"https:\\\/\\\/x.com\\\/cnewac\",\"https:\\\/\\\/www.instagram.com\\\/cnewa1926\\\/\",\"https:\\\/\\\/www.youtube.com\\\/user\\\/TheCNEWA\"]}]}<\/script>\n<!-- \/ Yoast SEO Premium plugin. -->","yoast_head_json":{"title":"Prot\u00e9geons les chr\u00e9tiens du Moyen-Orient | CNEWA Canada","robots":{"index":"index","follow":"follow","max-snippet":"max-snippet:-1","max-image-preview":"max-image-preview:large","max-video-preview":"max-video-preview:-1"},"canonical":"https:\/\/cnewa.org\/fr\/notre-travail\/chretiens-au-moyen-orient\/","og_locale":"fr_CA","og_type":"article","og_title":"Prot\u00e9geons les chr\u00e9tiens du Moyen-Orient","og_description":"La vie des chr\u00e9tiens au Moyen-Orient n\u2019est pas facile. Plusieurs ont quitt\u00e9 leur patrie en qu\u00eate de paix et de s\u00e9curit\u00e9. La vie de ceux et celles qui sont rest\u00e9s est trop souvent marqu\u00e9e par la trag\u00e9die, les in\u00e9galit\u00e9s et la peur. Sana lutte toujours pour sa survie apr\u00e8s avoir connu des ann\u00e9es de guerre &hellip; Continued","og_site_name":"CNEWA Canada","article_publisher":"https:\/\/www.facebook.com\/cnewacanada\/","article_modified_time":"2024-06-17T14:32:01+00:00","og_image":[{"width":1800,"height":750,"url":"https:\/\/cnewa.org\/fr\/wp-content\/uploads\/sites\/3\/2023\/04\/skaff202204_014H-1800x750px.jpg","type":"image\/jpeg"}],"twitter_card":"summary_large_image","twitter_site":"@cnewac","twitter_misc":{"Estimation du temps de lecture":"1 minute"},"schema":{"@context":"https:\/\/schema.org","@graph":[{"@type":"WebPage","@id":"https:\/\/cnewa.org\/fr\/notre-travail\/chretiens-au-moyen-orient\/","url":"https:\/\/cnewa.org\/fr\/notre-travail\/chretiens-au-moyen-orient\/","name":"Prot\u00e9geons les chr\u00e9tiens du Moyen-Orient | CNEWA Canada","isPartOf":{"@id":"https:\/\/cnewa.org\/fr\/#website"},"primaryImageOfPage":{"@id":"https:\/\/cnewa.org\/fr\/notre-travail\/chretiens-au-moyen-orient\/#primaryimage"},"image":{"@id":"https:\/\/cnewa.org\/fr\/notre-travail\/chretiens-au-moyen-orient\/#primaryimage"},"thumbnailUrl":"https:\/\/cnewa.org\/fr\/wp-content\/uploads\/sites\/3\/2023\/04\/skaff202204_014H-1800x750px.jpg","datePublished":"2023-04-13T15:00:00+00:00","dateModified":"2024-06-17T14:32:01+00:00","breadcrumb":{"@id":"https:\/\/cnewa.org\/fr\/notre-travail\/chretiens-au-moyen-orient\/#breadcrumb"},"inLanguage":"fr-CA","potentialAction":[{"@type":"ReadAction","target":["https:\/\/cnewa.org\/fr\/notre-travail\/chretiens-au-moyen-orient\/"]}]},{"@type":"ImageObject","inLanguage":"fr-CA","@id":"https:\/\/cnewa.org\/fr\/notre-travail\/chretiens-au-moyen-orient\/#primaryimage","url":"https:\/\/cnewa.org\/fr\/wp-content\/uploads\/sites\/3\/2023\/04\/skaff202204_014H-1800x750px.jpg","contentUrl":"https:\/\/cnewa.org\/fr\/wp-content\/uploads\/sites\/3\/2023\/04\/skaff202204_014H-1800x750px.jpg","width":1800,"height":750},{"@type":"BreadcrumbList","@id":"https:\/\/cnewa.org\/fr\/notre-travail\/chretiens-au-moyen-orient\/#breadcrumb","itemListElement":[{"@type":"ListItem","position":1,"name":"Accueil","item":"https:\/\/cnewa.org\/fr\/"},{"@type":"ListItem","position":2,"name":"Campaigns","item":"https:\/\/cnewa.org\/fr\/notre-travail\/"},{"@type":"ListItem","position":3,"name":"Prot\u00e9geons les chr\u00e9tiens du Moyen-Orient"}]},{"@type":"WebSite","@id":"https:\/\/cnewa.org\/fr\/#website","url":"https:\/\/cnewa.org\/fr\/","name":"CNEWA Canada","description":"Association catholique d\u2019aide \u00e0 l\u2019Orient","publisher":{"@id":"https:\/\/cnewa.org\/fr\/#organization"},"potentialAction":[{"@type":"SearchAction","target":{"@type":"EntryPoint","urlTemplate":"https:\/\/cnewa.org\/fr\/?s={search_term_string}"},"query-input":{"@type":"PropertyValueSpecification","valueRequired":true,"valueName":"search_term_string"}}],"inLanguage":"fr-CA"},{"@type":"Organization","@id":"https:\/\/cnewa.org\/fr\/#organization","name":"CNEWA Canada","alternateName":"Association catholique d\u2019aide \u00e0 l\u2019Orient","url":"https:\/\/cnewa.org\/fr\/","logo":{"@type":"ImageObject","inLanguage":"fr-CA","@id":"https:\/\/cnewa.org\/fr\/#\/schema\/logo\/image\/","url":"https:\/\/cnewa.org\/fr\/wp-content\/uploads\/sites\/3\/2019\/11\/CNEWA-brand-logo.png","contentUrl":"https:\/\/cnewa.org\/fr\/wp-content\/uploads\/sites\/3\/2019\/11\/CNEWA-brand-logo.png","width":1000,"height":1000,"caption":"CNEWA Canada"},"image":{"@id":"https:\/\/cnewa.org\/fr\/#\/schema\/logo\/image\/"},"sameAs":["https:\/\/www.facebook.com\/cnewacanada\/","https:\/\/x.com\/cnewac","https:\/\/www.instagram.com\/cnewa1926\/","https:\/\/www.youtube.com\/user\/TheCNEWA"]}]}},"_links":{"self":[{"href":"https:\/\/cnewa.org\/fr\/wp-json\/wp\/v2\/campaigns\/694","targetHints":{"allow":["GET"]}}],"collection":[{"href":"https:\/\/cnewa.org\/fr\/wp-json\/wp\/v2\/campaigns"}],"about":[{"href":"https:\/\/cnewa.org\/fr\/wp-json\/wp\/v2\/types\/campaigns"}],"version-history":[{"count":0,"href":"https:\/\/cnewa.org\/fr\/wp-json\/wp\/v2\/campaigns\/694\/revisions"}],"wp:featuredmedia":[{"embeddable":true,"href":"https:\/\/cnewa.org\/fr\/wp-json\/wp\/v2\/media\/1454"}],"wp:attachment":[{"href":"https:\/\/cnewa.org\/fr\/wp-json\/wp\/v2\/media?parent=694"}],"wp:term":[{"taxonomy":"work-category","embeddable":true,"href":"https:\/\/cnewa.org\/fr\/wp-json\/wp\/v2\/work-category?post=694"}],"curies":[{"name":"wp","href":"https:\/\/api.w.org\/{rel}","templated":true}]}}