{"id":724,"date":"2021-05-21T10:14:02","date_gmt":"2021-05-21T14:14:02","guid":{"rendered":"https:\/\/cnewa.org\/fr\/?post_type=campaigns&#038;p=724"},"modified":"2024-06-17T10:36:03","modified_gmt":"2024-06-17T14:36:03","slug":"palestine","status":"publish","type":"campaigns","link":"https:\/\/cnewa.org\/fr\/notre-travail\/palestine\/","title":{"rendered":"Les familles de la Palestine ont besoin de votre aide"},"content":{"rendered":"\n<h2 class=\"wp-block-heading\" id=\"h-la-violence-n-engendre-que-la-violence-ca-suffit-avec-les-affrontements-dit-le-pape-francois-en-faisant-part-de-sa-preoccupation-face-a-l-escalade-du-conflit-en-terre-sainte\">\u00ab\u00a0La violence n&rsquo;engendre que la violence. \u00c7a suffit avec les affrontements\u00a0\u00bb, dit le pape Fran\u00e7ois en faisant part de sa pr\u00e9occupation face \u00e0 l\u2019escalade du conflit en Terre Sainte.<\/h2>\n\n\n\n<p>Malgr\u00e9 le cessez-le-feu, durant les 11 derniers jours, 232 personnes ont \u00e9t\u00e9 tu\u00e9es \u00e0 Gaza, dont 65 enfants et plus de 1 500 personnes ont \u00e9t\u00e9 bless\u00e9es suite aux attaques de l\u2019arm\u00e9e isra\u00e9lienne, alors que du c\u00f4t\u00e9 isra\u00e9lien, 12 personnes ont \u00e9t\u00e9 tu\u00e9es et des centaines d\u2019autres ont \u00e9t\u00e9 bless\u00e9es par les roquettes lanc\u00e9es par le Hamas sur des centres civils isra\u00e9liens.<\/p>\n\n\n\n<p>Des familles innocentes de tous genres, juifs isra\u00e9liens et chr\u00e9tiens arabes isra\u00e9liens, musulmans palestiniens et chr\u00e9tiens palestiniens sont sous le choc vivant dans la peur.<\/p>\n\n\n\n<p><strong>Ces familles ont besoin de votre aide. Vous pouvez leur aider \u00e0 garder espoir.<\/strong><\/p>\n\n\n\n<p>Malgr\u00e9 toutes ces difficult\u00e9s, les partenaires de CNEWA, les organisations catholiques pr\u00e9sentes en Palestine, continuent de fournir des soins de premi\u00e8re n\u00e9cessit\u00e9 aux familles dans le besoin en sant\u00e9, en \u00e9ducation, en aide d\u2019urgence, &nbsp;en formation professionnelle et dans la formation de jeunes leaders sur qui reviendra la responsabilit\u00e9 d\u2019am\u00e9liorer les choses dans l\u2019avenir.<\/p>\n\n\n\n<p>Aidez-nous \u00e0 garder vivant ce berceau du christianisme. Avec l&rsquo;amour du Christ tout est possible. &nbsp;Vos pri\u00e8res et vos dons contribueront grandement \u00e0 apporter de l&rsquo;espoir \u00e0 nos fr\u00e8res et s\u0153urs de la Palestine en ces temps difficiles. Merci de votre soutien.<\/p>\n\n\n  <div class=\"donate-button\" id=\"minor-fund-campaign\">\n    <button class=\"donate-modal-toggle\" data-minor-fund='16327' data-minor-fund-code='16327'>Cliquez ici pour faire un don<\/button>\n  <\/div>\n  ","protected":false},"featured_media":725,"template":"","work-category":[444],"class_list":["post-724","campaigns","type-campaigns","status-publish","has-post-thumbnail","hentry","work-category-remedier-aux-besoins-humanitaires"],"acf":[],"yoast_head":"<!-- This site is optimized with the Yoast SEO Premium plugin v27.4 (Yoast SEO v27.4) - https:\/\/yoast.com\/product\/yoast-seo-premium-wordpress\/ -->\n<title>Les familles de la Palestine ont besoin de votre aide | CNEWA Canada<\/title>\n<meta name=\"robots\" content=\"index, follow, max-snippet:-1, max-image-preview:large, max-video-preview:-1\" \/>\n<link rel=\"canonical\" href=\"https:\/\/cnewa.org\/fr\/notre-travail\/palestine\/\" \/>\n<meta property=\"og:locale\" content=\"fr_CA\" \/>\n<meta property=\"og:type\" content=\"article\" \/>\n<meta property=\"og:title\" content=\"Les familles de la Palestine ont besoin de votre aide\" \/>\n<meta property=\"og:description\" content=\"\u00ab\u00a0La violence n&rsquo;engendre que la violence. \u00c7a suffit avec les affrontements\u00a0\u00bb, dit le pape Fran\u00e7ois en faisant part de sa pr\u00e9occupation face \u00e0 l\u2019escalade du conflit en Terre Sainte. Malgr\u00e9 le cessez-le-feu, durant les 11 derniers jours, 232 personnes ont \u00e9t\u00e9 tu\u00e9es \u00e0 Gaza, dont 65 enfants et plus de 1 500 personnes ont \u00e9t\u00e9 &hellip; Continued\" \/>\n<meta property=\"og:site_name\" content=\"CNEWA Canada\" \/>\n<meta property=\"article:publisher\" content=\"https:\/\/www.facebook.com\/cnewacanada\/\" \/>\n<meta property=\"article:modified_time\" content=\"2024-06-17T14:36:03+00:00\" \/>\n<meta property=\"og:image\" content=\"https:\/\/cnewa.org\/fr\/wp-content\/uploads\/sites\/3\/2021\/05\/23149748884_3c525ff202_k-1800X750px.jpg\" \/>\n\t<meta property=\"og:image:width\" content=\"1800\" \/>\n\t<meta property=\"og:image:height\" content=\"750\" \/>\n\t<meta property=\"og:image:type\" content=\"image\/jpeg\" \/>\n<meta name=\"twitter:card\" content=\"summary_large_image\" \/>\n<meta name=\"twitter:site\" content=\"@cnewac\" \/>\n<meta name=\"twitter:label1\" content=\"Estimation du temps de lecture\" \/>\n\t<meta name=\"twitter:data1\" content=\"2 minutes\" \/>\n<script type=\"application\/ld+json\" class=\"yoast-schema-graph\">{\"@context\":\"https:\\\/\\\/schema.org\",\"@graph\":[{\"@type\":\"WebPage\",\"@id\":\"https:\\\/\\\/cnewa.org\\\/fr\\\/notre-travail\\\/palestine\\\/\",\"url\":\"https:\\\/\\\/cnewa.org\\\/fr\\\/notre-travail\\\/palestine\\\/\",\"name\":\"Les familles de la Palestine ont besoin de votre aide | CNEWA Canada\",\"isPartOf\":{\"@id\":\"https:\\\/\\\/cnewa.org\\\/fr\\\/#website\"},\"primaryImageOfPage\":{\"@id\":\"https:\\\/\\\/cnewa.org\\\/fr\\\/notre-travail\\\/palestine\\\/#primaryimage\"},\"image\":{\"@id\":\"https:\\\/\\\/cnewa.org\\\/fr\\\/notre-travail\\\/palestine\\\/#primaryimage\"},\"thumbnailUrl\":\"https:\\\/\\\/cnewa.org\\\/fr\\\/wp-content\\\/uploads\\\/sites\\\/3\\\/2021\\\/05\\\/23149748884_3c525ff202_k-1800X750px.jpg\",\"datePublished\":\"2021-05-21T14:14:02+00:00\",\"dateModified\":\"2024-06-17T14:36:03+00:00\",\"breadcrumb\":{\"@id\":\"https:\\\/\\\/cnewa.org\\\/fr\\\/notre-travail\\\/palestine\\\/#breadcrumb\"},\"inLanguage\":\"fr-CA\",\"potentialAction\":[{\"@type\":\"ReadAction\",\"target\":[\"https:\\\/\\\/cnewa.org\\\/fr\\\/notre-travail\\\/palestine\\\/\"]}]},{\"@type\":\"ImageObject\",\"inLanguage\":\"fr-CA\",\"@id\":\"https:\\\/\\\/cnewa.org\\\/fr\\\/notre-travail\\\/palestine\\\/#primaryimage\",\"url\":\"https:\\\/\\\/cnewa.org\\\/fr\\\/wp-content\\\/uploads\\\/sites\\\/3\\\/2021\\\/05\\\/23149748884_3c525ff202_k-1800X750px.jpg\",\"contentUrl\":\"https:\\\/\\\/cnewa.org\\\/fr\\\/wp-content\\\/uploads\\\/sites\\\/3\\\/2021\\\/05\\\/23149748884_3c525ff202_k-1800X750px.jpg\",\"width\":1800,\"height\":750},{\"@type\":\"BreadcrumbList\",\"@id\":\"https:\\\/\\\/cnewa.org\\\/fr\\\/notre-travail\\\/palestine\\\/#breadcrumb\",\"itemListElement\":[{\"@type\":\"ListItem\",\"position\":1,\"name\":\"Accueil\",\"item\":\"https:\\\/\\\/cnewa.org\\\/fr\\\/\"},{\"@type\":\"ListItem\",\"position\":2,\"name\":\"Campaigns\",\"item\":\"https:\\\/\\\/cnewa.org\\\/fr\\\/notre-travail\\\/\"},{\"@type\":\"ListItem\",\"position\":3,\"name\":\"Les familles de la Palestine ont besoin de votre aide\"}]},{\"@type\":\"WebSite\",\"@id\":\"https:\\\/\\\/cnewa.org\\\/fr\\\/#website\",\"url\":\"https:\\\/\\\/cnewa.org\\\/fr\\\/\",\"name\":\"CNEWA Canada\",\"description\":\"Association catholique d\u2019aide \u00e0 l\u2019Orient\",\"publisher\":{\"@id\":\"https:\\\/\\\/cnewa.org\\\/fr\\\/#organization\"},\"potentialAction\":[{\"@type\":\"SearchAction\",\"target\":{\"@type\":\"EntryPoint\",\"urlTemplate\":\"https:\\\/\\\/cnewa.org\\\/fr\\\/?s={search_term_string}\"},\"query-input\":{\"@type\":\"PropertyValueSpecification\",\"valueRequired\":true,\"valueName\":\"search_term_string\"}}],\"inLanguage\":\"fr-CA\"},{\"@type\":\"Organization\",\"@id\":\"https:\\\/\\\/cnewa.org\\\/fr\\\/#organization\",\"name\":\"CNEWA Canada\",\"alternateName\":\"Association catholique d\u2019aide \u00e0 l\u2019Orient\",\"url\":\"https:\\\/\\\/cnewa.org\\\/fr\\\/\",\"logo\":{\"@type\":\"ImageObject\",\"inLanguage\":\"fr-CA\",\"@id\":\"https:\\\/\\\/cnewa.org\\\/fr\\\/#\\\/schema\\\/logo\\\/image\\\/\",\"url\":\"https:\\\/\\\/cnewa.org\\\/fr\\\/wp-content\\\/uploads\\\/sites\\\/3\\\/2019\\\/11\\\/CNEWA-brand-logo.png\",\"contentUrl\":\"https:\\\/\\\/cnewa.org\\\/fr\\\/wp-content\\\/uploads\\\/sites\\\/3\\\/2019\\\/11\\\/CNEWA-brand-logo.png\",\"width\":1000,\"height\":1000,\"caption\":\"CNEWA Canada\"},\"image\":{\"@id\":\"https:\\\/\\\/cnewa.org\\\/fr\\\/#\\\/schema\\\/logo\\\/image\\\/\"},\"sameAs\":[\"https:\\\/\\\/www.facebook.com\\\/cnewacanada\\\/\",\"https:\\\/\\\/x.com\\\/cnewac\",\"https:\\\/\\\/www.instagram.com\\\/cnewa1926\\\/\",\"https:\\\/\\\/www.youtube.com\\\/user\\\/TheCNEWA\"]}]}<\/script>\n<!-- \/ Yoast SEO Premium plugin. -->","yoast_head_json":{"title":"Les familles de la Palestine ont besoin de votre aide | CNEWA Canada","robots":{"index":"index","follow":"follow","max-snippet":"max-snippet:-1","max-image-preview":"max-image-preview:large","max-video-preview":"max-video-preview:-1"},"canonical":"https:\/\/cnewa.org\/fr\/notre-travail\/palestine\/","og_locale":"fr_CA","og_type":"article","og_title":"Les familles de la Palestine ont besoin de votre aide","og_description":"\u00ab\u00a0La violence n&rsquo;engendre que la violence. \u00c7a suffit avec les affrontements\u00a0\u00bb, dit le pape Fran\u00e7ois en faisant part de sa pr\u00e9occupation face \u00e0 l\u2019escalade du conflit en Terre Sainte. Malgr\u00e9 le cessez-le-feu, durant les 11 derniers jours, 232 personnes ont \u00e9t\u00e9 tu\u00e9es \u00e0 Gaza, dont 65 enfants et plus de 1 500 personnes ont \u00e9t\u00e9 &hellip; Continued","og_site_name":"CNEWA Canada","article_publisher":"https:\/\/www.facebook.com\/cnewacanada\/","article_modified_time":"2024-06-17T14:36:03+00:00","og_image":[{"width":1800,"height":750,"url":"https:\/\/cnewa.org\/fr\/wp-content\/uploads\/sites\/3\/2021\/05\/23149748884_3c525ff202_k-1800X750px.jpg","type":"image\/jpeg"}],"twitter_card":"summary_large_image","twitter_site":"@cnewac","twitter_misc":{"Estimation du temps de lecture":"2 minutes"},"schema":{"@context":"https:\/\/schema.org","@graph":[{"@type":"WebPage","@id":"https:\/\/cnewa.org\/fr\/notre-travail\/palestine\/","url":"https:\/\/cnewa.org\/fr\/notre-travail\/palestine\/","name":"Les familles de la Palestine ont besoin de votre aide | CNEWA Canada","isPartOf":{"@id":"https:\/\/cnewa.org\/fr\/#website"},"primaryImageOfPage":{"@id":"https:\/\/cnewa.org\/fr\/notre-travail\/palestine\/#primaryimage"},"image":{"@id":"https:\/\/cnewa.org\/fr\/notre-travail\/palestine\/#primaryimage"},"thumbnailUrl":"https:\/\/cnewa.org\/fr\/wp-content\/uploads\/sites\/3\/2021\/05\/23149748884_3c525ff202_k-1800X750px.jpg","datePublished":"2021-05-21T14:14:02+00:00","dateModified":"2024-06-17T14:36:03+00:00","breadcrumb":{"@id":"https:\/\/cnewa.org\/fr\/notre-travail\/palestine\/#breadcrumb"},"inLanguage":"fr-CA","potentialAction":[{"@type":"ReadAction","target":["https:\/\/cnewa.org\/fr\/notre-travail\/palestine\/"]}]},{"@type":"ImageObject","inLanguage":"fr-CA","@id":"https:\/\/cnewa.org\/fr\/notre-travail\/palestine\/#primaryimage","url":"https:\/\/cnewa.org\/fr\/wp-content\/uploads\/sites\/3\/2021\/05\/23149748884_3c525ff202_k-1800X750px.jpg","contentUrl":"https:\/\/cnewa.org\/fr\/wp-content\/uploads\/sites\/3\/2021\/05\/23149748884_3c525ff202_k-1800X750px.jpg","width":1800,"height":750},{"@type":"BreadcrumbList","@id":"https:\/\/cnewa.org\/fr\/notre-travail\/palestine\/#breadcrumb","itemListElement":[{"@type":"ListItem","position":1,"name":"Accueil","item":"https:\/\/cnewa.org\/fr\/"},{"@type":"ListItem","position":2,"name":"Campaigns","item":"https:\/\/cnewa.org\/fr\/notre-travail\/"},{"@type":"ListItem","position":3,"name":"Les familles de la Palestine ont besoin de votre aide"}]},{"@type":"WebSite","@id":"https:\/\/cnewa.org\/fr\/#website","url":"https:\/\/cnewa.org\/fr\/","name":"CNEWA Canada","description":"Association catholique d\u2019aide \u00e0 l\u2019Orient","publisher":{"@id":"https:\/\/cnewa.org\/fr\/#organization"},"potentialAction":[{"@type":"SearchAction","target":{"@type":"EntryPoint","urlTemplate":"https:\/\/cnewa.org\/fr\/?s={search_term_string}"},"query-input":{"@type":"PropertyValueSpecification","valueRequired":true,"valueName":"search_term_string"}}],"inLanguage":"fr-CA"},{"@type":"Organization","@id":"https:\/\/cnewa.org\/fr\/#organization","name":"CNEWA Canada","alternateName":"Association catholique d\u2019aide \u00e0 l\u2019Orient","url":"https:\/\/cnewa.org\/fr\/","logo":{"@type":"ImageObject","inLanguage":"fr-CA","@id":"https:\/\/cnewa.org\/fr\/#\/schema\/logo\/image\/","url":"https:\/\/cnewa.org\/fr\/wp-content\/uploads\/sites\/3\/2019\/11\/CNEWA-brand-logo.png","contentUrl":"https:\/\/cnewa.org\/fr\/wp-content\/uploads\/sites\/3\/2019\/11\/CNEWA-brand-logo.png","width":1000,"height":1000,"caption":"CNEWA Canada"},"image":{"@id":"https:\/\/cnewa.org\/fr\/#\/schema\/logo\/image\/"},"sameAs":["https:\/\/www.facebook.com\/cnewacanada\/","https:\/\/x.com\/cnewac","https:\/\/www.instagram.com\/cnewa1926\/","https:\/\/www.youtube.com\/user\/TheCNEWA"]}]}},"_links":{"self":[{"href":"https:\/\/cnewa.org\/fr\/wp-json\/wp\/v2\/campaigns\/724","targetHints":{"allow":["GET"]}}],"collection":[{"href":"https:\/\/cnewa.org\/fr\/wp-json\/wp\/v2\/campaigns"}],"about":[{"href":"https:\/\/cnewa.org\/fr\/wp-json\/wp\/v2\/types\/campaigns"}],"version-history":[{"count":0,"href":"https:\/\/cnewa.org\/fr\/wp-json\/wp\/v2\/campaigns\/724\/revisions"}],"wp:featuredmedia":[{"embeddable":true,"href":"https:\/\/cnewa.org\/fr\/wp-json\/wp\/v2\/media\/725"}],"wp:attachment":[{"href":"https:\/\/cnewa.org\/fr\/wp-json\/wp\/v2\/media?parent=724"}],"wp:term":[{"taxonomy":"work-category","embeddable":true,"href":"https:\/\/cnewa.org\/fr\/wp-json\/wp\/v2\/work-category?post=724"}],"curies":[{"name":"wp","href":"https:\/\/api.w.org\/{rel}","templated":true}]}}